{"id":2439,"date":"2024-01-11T16:59:18","date_gmt":"2024-01-11T15:59:18","guid":{"rendered":"https:\/\/www.alusolar.com.tn\/?page_id=2439"},"modified":"2024-02-08T10:29:55","modified_gmt":"2024-02-08T09:29:55","slug":"separation-cloison-vitree","status":"publish","type":"page","link":"https:\/\/www.alusolar.com.tn\/fr\/nos-produits\/separation-cloison-vitree\/","title":{"rendered":"S\u00e9paration &#038; Cloison vitr\u00e9e"},"content":{"rendered":"\t\t<div data-elementor-type=\"wp-page\" data-elementor-id=\"2439\" class=\"elementor elementor-2439\">\n\t\t\t\t\t\t\t\t\t<section class=\"elementor-section elementor-top-section elementor-element elementor-element-ca96cdd elementor-section-boxed elementor-section-height-default elementor-section-height-default wpr-particle-no wpr-jarallax-no wpr-parallax-no wpr-sticky-section-no\" data-id=\"ca96cdd\" data-element_type=\"section\" data-settings=\"{&quot;background_background&quot;:&quot;classic&quot;}\">\n\t\t\t\t\t\t<div class=\"elementor-container elementor-column-gap-no\">\n\t\t\t\t\t<div class=\"aux-parallax-section elementor-column elementor-col-100 elementor-top-column elementor-element elementor-element-b0c5a6a\" data-id=\"b0c5a6a\" data-element_type=\"column\">\n\t\t\t<div class=\"elementor-widget-wrap elementor-element-populated\">\n\t\t\t\t\t\t\t\t<section class=\"elementor-section elementor-inner-section elementor-element elementor-element-318d61b elementor-section-content-middle elementor-section-boxed elementor-section-height-default elementor-section-height-default wpr-particle-no wpr-jarallax-no wpr-parallax-no wpr-sticky-section-no\" data-id=\"318d61b\" data-element_type=\"section\">\n\t\t\t\t\t\t<div class=\"elementor-container elementor-column-gap-no\">\n\t\t\t\t\t<div class=\"aux-parallax-section elementor-column elementor-col-100 elementor-inner-column elementor-element elementor-element-4bd2612\" data-id=\"4bd2612\" data-element_type=\"column\">\n\t\t\t<div class=\"elementor-widget-wrap elementor-element-populated\">\n\t\t\t\t\t\t\t\t<div class=\"elementor-element elementor-element-82bf8b8 aux-appear-watch-animation aux-scale-down-1 elementor-widget elementor-widget-aux_modern_heading\" data-id=\"82bf8b8\" data-element_type=\"widget\" data-widget_type=\"aux_modern_heading.default\">\n\t\t\t\t<div class=\"elementor-widget-container\">\n\t\t\t<section class=\"aux-widget-modern-heading\">\n            <div class=\"aux-widget-inner\"><h5 class=\"aux-modern-heading-primary\">D\u00e9couvrir <\/h5><h3 class=\"aux-modern-heading-secondary\"><span class=\"aux-head-before\">S\u00e9paration &amp; <\/span><span class=\"aux-head-highlight\">Cloison Vitr\u00e9e<\/span><\/h3><\/div>\n        <\/section>\t\t<\/div>\n\t\t\t\t<\/div>\n\t\t\t\t\t<\/div>\n\t\t<\/div>\n\t\t\t\t\t\t\t<\/div>\n\t\t<\/section>\n\t\t\t\t\t<\/div>\n\t\t<\/div>\n\t\t\t\t\t\t\t<\/div>\n\t\t<\/section>\n\t\t\t\t<section class=\"elementor-section elementor-top-section elementor-element elementor-element-77d9acd elementor-section-boxed elementor-section-height-default elementor-section-height-default wpr-particle-no wpr-jarallax-no wpr-parallax-no wpr-sticky-section-no\" data-id=\"77d9acd\" data-element_type=\"section\">\n\t\t\t\t\t\t<div class=\"elementor-container elementor-column-gap-default\">\n\t\t\t\t\t<div class=\"aux-parallax-section elementor-column elementor-col-100 elementor-top-column elementor-element elementor-element-7ef267f\" data-id=\"7ef267f\" data-element_type=\"column\">\n\t\t\t<div class=\"elementor-widget-wrap elementor-element-populated\">\n\t\t\t\t\t\t\t\t<div class=\"elementor-element elementor-element-48aaae5 aux-appear-watch-animation aux-fade-in-up elementor-widget elementor-widget-aux_recent_portfolios_grid\" data-id=\"48aaae5\" data-element_type=\"widget\" data-settings=\"{&quot;columns_tablet&quot;:&quot;2&quot;,&quot;columns&quot;:&quot;3&quot;,&quot;columns_mobile&quot;:&quot;3&quot;}\" data-widget_type=\"aux_recent_portfolios_grid.default\">\n\t\t\t\t<div class=\"elementor-widget-container\">\n\t\t\t<section class=\"widget-container aux-widget-recent-portfolios aux-parent-au2e06ddf8\" style=\"\" ><div id=\"69f371718e178\" data-element-id=\"au2e06ddf8\" class=\"aux-portfolio-columns aux-ajax-view aux-isotope-animated aux-isotope-layout aux-layout-grid aux-no-gutter aux-row aux-match-height aux-de-col3 aux-tb-col2 aux-mb-col3\" data-lazyload=\"true\" data-space=\"8\" data-pagination=\"true\" data-deeplink=\"true\" data-slug=\"\" data-perpage=\"9\" data-layout=\"fitRows\" data-reveal-transition-duration=\"600\" data-reveal-between-delay=\"60\" data-hide-transition-duration=\"600\" data-hide-between-delay=\"30\" data-num=\"16\" data-order=\"DESC\" data-orderby=\"date\" data-taxonomy=\"\" data-n=\"a0d98c0c85\"><div class=\"aux-items-loading aux-loading-hide\"><div class=\"aux-loading-loop\"><svg class=\"aux-circle\" width=\"100%\" height=\"100%\" viewBox=\"0 0 42 42\"><circle class=\"aux-stroke-bg\" r=\"20\" cx=\"21\" cy=\"21\" fill=\"none\"><\/circle><circle class=\"aux-progress\" r=\"20\" cx=\"21\" cy=\"21\" fill=\"none\" transform=\"rotate(-90 21 21)\"><\/circle><\/svg><\/div><\/div><div class=\"aux-iso-item aux-loading aux-col\">                        <article class=\"post-1554 portfolio type-portfolio status-publish has-post-thumbnail hentry\" >\n                            <div class=\"\">\n                                <div class=\"entry-media \">\n                                    <div class=\"aux-media-frame aux-media-image\"><a href=\"https:\/\/www.alusolar.com.tn\/fr\/portfolio\/vitrage-coulissant-sur-rails\/\"><img fetchpriority=\"high\" width=\"600\" height=\"779\" class=\"aux-attachment aux-featured-image attachment-600x779.17333333333 aux-attachment-id-1555 \" alt=\"Vitrage coulissant 5 Rails\" data-ratio=\"0.84\" data-original-w=\"600\" sizes=\"auto\" data-srcset=\"https:\/\/www.alusolar.com.tn\/wp-content\/uploads\/2024\/01\/banniere-coulissant-panoramique-glass-systems-fermeture-terrasse-pergola-balcon-150x180.jpg 150w,https:\/\/www.alusolar.com.tn\/wp-content\/uploads\/2024\/01\/banniere-coulissant-panoramique-glass-systems-fermeture-terrasse-pergola-balcon-300x359.jpg 300w,https:\/\/www.alusolar.com.tn\/wp-content\/uploads\/2024\/01\/banniere-coulissant-panoramique-glass-systems-fermeture-terrasse-pergola-balcon-651x779.jpg 600w,https:\/\/www.alusolar.com.tn\/wp-content\/uploads\/2024\/01\/banniere-coulissant-panoramique-glass-systems-fermeture-terrasse-pergola-balcon-590x706.jpg 590w\" data-src=\"https:\/\/www.alusolar.com.tn\/wp-content\/uploads\/2024\/01\/banniere-coulissant-panoramique-glass-systems-fermeture-terrasse-pergola-balcon-651x779.jpg\" \/><\/a><\/div>                                <\/div>\n\n                                                            <\/div>\n\n                                                     \n\t\t\t\t\t\t   <div class=\"blocgris\"> \n\t\t\t\t\t\t   <a href=\"https:\/\/www.alusolar.com.tn\/fr\/portfolio\/vitrage-coulissant-sur-rails\/\">\n\t\t\t\t\t\t      <div class=\"entry-main\">\n\t\t\t\t\t\t\t    \n                                                                <header class=\"entry-header\">\n                                    <h3 class=\"entry-title\">\n                                        \n                                            Vitrage Coulissant\u00a0sur\u00a0Rails                                       \n                                    <\/h3>\n                                <\/header>\n                                                                \t\t<div class=\"wpulike wpulike-heart aux-wpulike aux-wpulike-portfolio-widget\" ><div class=\"wp_ulike_general_class wp_ulike_is_not_liked\"><button type=\"button\"\n\t\t\t\t\taria-label=\"Like Button\"\n\t\t\t\t\tdata-ulike-id=\"1554\"\n\t\t\t\t\tdata-ulike-nonce=\"f09a7694bd\"\n\t\t\t\t\tdata-ulike-type=\"post\"\n\t\t\t\t\tdata-ulike-template=\"wpulike-heart\"\n\t\t\t\t\tdata-ulike-display-likers=\"0\"\n\t\t\t\t\tdata-ulike-likers-style=\"popover\"\n\t\t\t\t\tclass=\"wp_ulike_btn wp_ulike_put_image wp_post_btn_1554\"><\/button><span class=\"count-box wp_ulike_counter_up\" data-ulike-counter-value=\"0\"><\/span>\t\t\t<\/div><\/div>\n\t                                                                <div class=\"entry-info\">\n                                    <span class=\"entry-tax\">\n                                                                                S\u00e9paration &amp; Cloison vitr\u00e9e                                    <\/span>\n                                <\/div>\n                                                                \n\t\t\t\t\t\t\t\t\n\t\t\t\t\t\t\t\t<\/div>\n\t\t\t\t\t\t\t\t<\/a> \n                            <\/div>\n\t\t\t\t\t\t\t\n                            \n                        <\/article>\n<\/div><div class=\"aux-iso-item aux-loading aux-col\">                        <article class=\"post-1526 portfolio type-portfolio status-publish has-post-thumbnail hentry portfolio-tag-uncategorized portfolio-filter-uncategorized\" >\n                            <div class=\"\">\n                                <div class=\"entry-media \">\n                                    <div class=\"aux-media-frame aux-media-image\"><a href=\"https:\/\/www.alusolar.com.tn\/fr\/portfolio\/vitrage-accordeon\/\"><img width=\"600\" height=\"779\" class=\"aux-attachment aux-featured-image attachment-600x779.17333333333 aux-attachment-id-1527 \" alt=\"Vitrage accord\u00e9on\" data-ratio=\"0.84\" data-original-w=\"600\" sizes=\"auto\" data-srcset=\"https:\/\/www.alusolar.com.tn\/wp-content\/uploads\/2024\/01\/solarlux-gfw-highline-cero-iii-ref01731-2938-150x180.jpg 150w,https:\/\/www.alusolar.com.tn\/wp-content\/uploads\/2024\/01\/solarlux-gfw-highline-cero-iii-ref01731-2938-300x359.jpg 300w,https:\/\/www.alusolar.com.tn\/wp-content\/uploads\/2024\/01\/solarlux-gfw-highline-cero-iii-ref01731-2938-651x779.jpg 600w,https:\/\/www.alusolar.com.tn\/wp-content\/uploads\/2024\/01\/solarlux-gfw-highline-cero-iii-ref01731-2938-590x706.jpg 590w\" data-src=\"https:\/\/www.alusolar.com.tn\/wp-content\/uploads\/2024\/01\/solarlux-gfw-highline-cero-iii-ref01731-2938-651x779.jpg\" \/><\/a><\/div>                                <\/div>\n\n                                                            <\/div>\n\n                                                     \n\t\t\t\t\t\t   <div class=\"blocgris\"> \n\t\t\t\t\t\t   <a href=\"https:\/\/www.alusolar.com.tn\/fr\/portfolio\/vitrage-accordeon\/\">\n\t\t\t\t\t\t      <div class=\"entry-main\">\n\t\t\t\t\t\t\t    \n                                                                <header class=\"entry-header\">\n                                    <h3 class=\"entry-title\">\n                                        \n                                            Vitrage Accord\u00e9on                                       \n                                    <\/h3>\n                                <\/header>\n                                                                \t\t<div class=\"wpulike wpulike-heart aux-wpulike aux-wpulike-portfolio-widget\" ><div class=\"wp_ulike_general_class wp_ulike_is_not_liked\"><button type=\"button\"\n\t\t\t\t\taria-label=\"Like Button\"\n\t\t\t\t\tdata-ulike-id=\"1526\"\n\t\t\t\t\tdata-ulike-nonce=\"f16c6c358d\"\n\t\t\t\t\tdata-ulike-type=\"post\"\n\t\t\t\t\tdata-ulike-template=\"wpulike-heart\"\n\t\t\t\t\tdata-ulike-display-likers=\"0\"\n\t\t\t\t\tdata-ulike-likers-style=\"popover\"\n\t\t\t\t\tclass=\"wp_ulike_btn wp_ulike_put_image wp_post_btn_1526\"><\/button><span class=\"count-box wp_ulike_counter_up\" data-ulike-counter-value=\"0\"><\/span>\t\t\t<\/div><\/div>\n\t                                                                <div class=\"entry-info\">\n                                    <span class=\"entry-tax\">\n                                                                                S\u00e9paration &amp; Cloison vitr\u00e9e                                    <\/span>\n                                <\/div>\n                                                                \n\t\t\t\t\t\t\t\t\n\t\t\t\t\t\t\t\t<\/div>\n\t\t\t\t\t\t\t\t<\/a> \n                            <\/div>\n\t\t\t\t\t\t\t\n                            \n                        <\/article>\n<\/div><div class=\"aux-iso-item aux-loading aux-col\">                        <article class=\"post-1441 portfolio type-portfolio status-publish has-post-thumbnail hentry portfolio-tag-uncategorized\" >\n                            <div class=\"\">\n                                <div class=\"entry-media \">\n                                    <div class=\"aux-media-frame aux-media-image\"><a href=\"https:\/\/www.alusolar.com.tn\/fr\/portfolio\/cloison-vitre-fixe\/\"><img width=\"600\" height=\"779\" class=\"aux-attachment aux-featured-image attachment-600x779.17333333333 aux-attachment-id-1442 \" alt=\"Cloison Vitr\u00e9 Fixe\" data-ratio=\"0.84\" data-original-w=\"600\" sizes=\"auto\" data-srcset=\"https:\/\/www.alusolar.com.tn\/wp-content\/uploads\/2024\/01\/cloison_vitree_bord_a_bord_gamme_classic-150x180.jpg 150w,https:\/\/www.alusolar.com.tn\/wp-content\/uploads\/2024\/01\/cloison_vitree_bord_a_bord_gamme_classic-300x359.jpg 300w,https:\/\/www.alusolar.com.tn\/wp-content\/uploads\/2024\/01\/cloison_vitree_bord_a_bord_gamme_classic-651x779.jpg 600w,https:\/\/www.alusolar.com.tn\/wp-content\/uploads\/2024\/01\/cloison_vitree_bord_a_bord_gamme_classic-590x706.jpg 590w\" data-src=\"https:\/\/www.alusolar.com.tn\/wp-content\/uploads\/2024\/01\/cloison_vitree_bord_a_bord_gamme_classic-651x779.jpg\" \/><\/a><\/div>                                <\/div>\n\n                                                            <\/div>\n\n                                                     \n\t\t\t\t\t\t   <div class=\"blocgris\"> \n\t\t\t\t\t\t   <a href=\"https:\/\/www.alusolar.com.tn\/fr\/portfolio\/cloison-vitre-fixe\/\">\n\t\t\t\t\t\t      <div class=\"entry-main\">\n\t\t\t\t\t\t\t    \n                                                                <header class=\"entry-header\">\n                                    <h3 class=\"entry-title\">\n                                        \n                                            Cloison Vitr\u00e9e Fixe                                       \n                                    <\/h3>\n                                <\/header>\n                                                                \t\t<div class=\"wpulike wpulike-heart aux-wpulike aux-wpulike-portfolio-widget\" ><div class=\"wp_ulike_general_class wp_ulike_is_not_liked\"><button type=\"button\"\n\t\t\t\t\taria-label=\"Like Button\"\n\t\t\t\t\tdata-ulike-id=\"1441\"\n\t\t\t\t\tdata-ulike-nonce=\"35ab5db390\"\n\t\t\t\t\tdata-ulike-type=\"post\"\n\t\t\t\t\tdata-ulike-template=\"wpulike-heart\"\n\t\t\t\t\tdata-ulike-display-likers=\"0\"\n\t\t\t\t\tdata-ulike-likers-style=\"popover\"\n\t\t\t\t\tclass=\"wp_ulike_btn wp_ulike_put_image wp_post_btn_1441\"><\/button><span class=\"count-box wp_ulike_counter_up\" data-ulike-counter-value=\"0\"><\/span>\t\t\t<\/div><\/div>\n\t                                                                <div class=\"entry-info\">\n                                    <span class=\"entry-tax\">\n                                                                                S\u00e9paration &amp; Cloison vitr\u00e9e                                    <\/span>\n                                <\/div>\n                                                                \n\t\t\t\t\t\t\t\t\n\t\t\t\t\t\t\t\t<\/div>\n\t\t\t\t\t\t\t\t<\/a> \n                            <\/div>\n\t\t\t\t\t\t\t\n                            \n                        <\/article>\n<\/div><div class=\"aux-iso-item aux-loading aux-col\">                        <article class=\"post-1462 portfolio type-portfolio status-publish has-post-thumbnail hentry\" >\n                            <div class=\"\">\n                                <div class=\"entry-media \">\n                                    <div class=\"aux-media-frame aux-media-image\"><a href=\"https:\/\/www.alusolar.com.tn\/fr\/portfolio\/garde-corps-et-rampe-descalier\/\"><img loading=\"lazy\" width=\"600\" height=\"779\" class=\"aux-attachment aux-featured-image attachment-600x779.17333333333 aux-attachment-id-1463 \" alt=\"Garde corps et rampe d&#039;escalier\" data-ratio=\"0.84\" data-original-w=\"600\" sizes=\"auto\" data-srcset=\"https:\/\/www.alusolar.com.tn\/wp-content\/uploads\/2024\/01\/garde-corps-moderne-150x180.jpg 150w,https:\/\/www.alusolar.com.tn\/wp-content\/uploads\/2024\/01\/garde-corps-moderne-300x359.jpg 300w,https:\/\/www.alusolar.com.tn\/wp-content\/uploads\/2024\/01\/garde-corps-moderne-651x779.jpg 600w,https:\/\/www.alusolar.com.tn\/wp-content\/uploads\/2024\/01\/garde-corps-moderne-590x706.jpg 590w\" data-src=\"https:\/\/www.alusolar.com.tn\/wp-content\/uploads\/2024\/01\/garde-corps-moderne-651x779.jpg\" \/><\/a><\/div>                                <\/div>\n\n                                                            <\/div>\n\n                                                     \n\t\t\t\t\t\t   <div class=\"blocgris\"> \n\t\t\t\t\t\t   <a href=\"https:\/\/www.alusolar.com.tn\/fr\/portfolio\/garde-corps-et-rampe-descalier\/\">\n\t\t\t\t\t\t      <div class=\"entry-main\">\n\t\t\t\t\t\t\t    \n                                                                <header class=\"entry-header\">\n                                    <h3 class=\"entry-title\">\n                                        \n                                            Garde Corps &#038; Rampe d&rsquo;Escalier                                       \n                                    <\/h3>\n                                <\/header>\n                                                                \t\t<div class=\"wpulike wpulike-heart aux-wpulike aux-wpulike-portfolio-widget\" ><div class=\"wp_ulike_general_class wp_ulike_is_not_liked\"><button type=\"button\"\n\t\t\t\t\taria-label=\"Like Button\"\n\t\t\t\t\tdata-ulike-id=\"1462\"\n\t\t\t\t\tdata-ulike-nonce=\"0d2c46819b\"\n\t\t\t\t\tdata-ulike-type=\"post\"\n\t\t\t\t\tdata-ulike-template=\"wpulike-heart\"\n\t\t\t\t\tdata-ulike-display-likers=\"0\"\n\t\t\t\t\tdata-ulike-likers-style=\"popover\"\n\t\t\t\t\tclass=\"wp_ulike_btn wp_ulike_put_image wp_post_btn_1462\"><\/button><span class=\"count-box wp_ulike_counter_up\" data-ulike-counter-value=\"0\"><\/span>\t\t\t<\/div><\/div>\n\t                                                                <div class=\"entry-info\">\n                                    <span class=\"entry-tax\">\n                                                                                S\u00e9paration &amp; Cloison vitr\u00e9e                                    <\/span>\n                                <\/div>\n                                                                \n\t\t\t\t\t\t\t\t\n\t\t\t\t\t\t\t\t<\/div>\n\t\t\t\t\t\t\t\t<\/a> \n                            <\/div>\n\t\t\t\t\t\t\t\n                            \n                        <\/article>\n<\/div><div class=\"aux-iso-item aux-loading aux-col\">                        <article class=\"post-1498 portfolio type-portfolio status-publish has-post-thumbnail hentry portfolio-cat-separation-cloison-vitree portfolio-tag-uncategorized-fr portfolio-filter-uncategorized\" >\n                            <div class=\"\">\n                                <div class=\"entry-media \">\n                                    <div class=\"aux-media-frame aux-media-image\"><a href=\"https:\/\/www.alusolar.com.tn\/fr\/portfolio\/paroi-et-cabine-de-douche\/\"><img loading=\"lazy\" width=\"600\" height=\"779\" class=\"aux-attachment aux-featured-image attachment-600x779.17333333333 aux-attachment-id-8204 \" alt=\"600x800\" data-ratio=\"0.84\" data-original-w=\"600\" sizes=\"auto\" data-srcset=\"https:\/\/www.alusolar.com.tn\/wp-content\/uploads\/2024\/01\/600x800-150x180.jpg 150w,https:\/\/www.alusolar.com.tn\/wp-content\/uploads\/2024\/01\/600x800-300x359.jpg 300w,https:\/\/www.alusolar.com.tn\/wp-content\/uploads\/2024\/01\/600x800-651x779.jpg 600w,https:\/\/www.alusolar.com.tn\/wp-content\/uploads\/2024\/01\/600x800-590x706.jpg 590w\" data-src=\"https:\/\/www.alusolar.com.tn\/wp-content\/uploads\/2024\/01\/600x800-651x779.jpg\" \/><\/a><\/div>                                <\/div>\n\n                                                            <\/div>\n\n                                                     \n\t\t\t\t\t\t   <div class=\"blocgris\"> \n\t\t\t\t\t\t   <a href=\"https:\/\/www.alusolar.com.tn\/fr\/portfolio\/paroi-et-cabine-de-douche\/\">\n\t\t\t\t\t\t      <div class=\"entry-main\">\n\t\t\t\t\t\t\t    \n                                                                <header class=\"entry-header\">\n                                    <h3 class=\"entry-title\">\n                                        \n                                            Paroi &#038; Cabine de Douche                                       \n                                    <\/h3>\n                                <\/header>\n                                                                \t\t<div class=\"wpulike wpulike-heart aux-wpulike aux-wpulike-portfolio-widget\" ><div class=\"wp_ulike_general_class wp_ulike_is_not_liked\"><button type=\"button\"\n\t\t\t\t\taria-label=\"Like Button\"\n\t\t\t\t\tdata-ulike-id=\"1498\"\n\t\t\t\t\tdata-ulike-nonce=\"0ad039227f\"\n\t\t\t\t\tdata-ulike-type=\"post\"\n\t\t\t\t\tdata-ulike-template=\"wpulike-heart\"\n\t\t\t\t\tdata-ulike-display-likers=\"0\"\n\t\t\t\t\tdata-ulike-likers-style=\"popover\"\n\t\t\t\t\tclass=\"wp_ulike_btn wp_ulike_put_image wp_post_btn_1498\"><\/button><span class=\"count-box wp_ulike_counter_up\" data-ulike-counter-value=\"0\"><\/span>\t\t\t<\/div><\/div>\n\t                                                                <div class=\"entry-info\">\n                                    <span class=\"entry-tax\">\n                                                                                S\u00e9paration &amp; Cloison vitr\u00e9e                                    <\/span>\n                                <\/div>\n                                                                \n\t\t\t\t\t\t\t\t\n\t\t\t\t\t\t\t\t<\/div>\n\t\t\t\t\t\t\t\t<\/a> \n                            <\/div>\n\t\t\t\t\t\t\t\n                            \n                        <\/article>\n<\/div><\/div><script type=\"text\/javascript\">var au2e06ddf8AjaxConfig = {\"title\":\"\",\"cat\":[\"26\"],\"num\":16,\"only_posts__in\":\"\",\"include\":\"\",\"exclude\":\"\",\"posts_per_page\":-1,\"offset\":\"\",\"order_by\":\"date\",\"order\":\"DESC\",\"exclude_without_media\":\"\",\"display_like\":\"no\",\"deeplink\":\"no\",\"use_ajax\":\"no\",\"deeplink_slug\":null,\"show_filters\":\"\",\"filter_by\":null,\"filter_style\":null,\"filter_align\":null,\"reveal_transition_duration\":\"600\",\"reveal_between_delay\":\"60\",\"hide_transition_duration\":\"600\",\"hide_between_delay\":\"30\",\"item_style\":\"classic\",\"tile_style_pattern\":\"default\",\"tiles_item_style\":\"overlay\",\"entry_background_color\":\"\",\"entry_border_color\":\"\",\"paginate\":\"yes\",\"perpage\":\"9\",\"crop\":true,\"display_title\":\"yes\",\"show_info\":\"yes\",\"display_read_more\":false,\"image_aspect_ratio\":\"1.1975\",\"space\":8,\"desktop_cnum\":\"3\",\"tablet_cnum\":\"2\",\"phone_cnum\":\"3\",\"layout\":\"grid\",\"tag\":\"\",\"filter\":\"\",\"extra_classes\":\"\",\"extra_column_classes\":\"\",\"custom_el_id\":\"\",\"template_part_file\":\"recent-portfolio\",\"extra_template_path\":\"\\\/var\\\/www\\\/vhosts\\\/alusolar.com.tn\\\/httpdocs\\\/wp-content\\\/plugins\\\/auxin-portfolio\\\/public\\\/templates\\\/elements\",\"universal_id\":\"au2e06ddf8\",\"query_args\":[],\"term\":\"\",\"reset_query\":true,\"use_wp_query\":false,\"wp_query_args\":[],\"custom_wp_query\":\"\",\"loadmore_type\":null,\"loadmore_label\":null,\"loadmore_per_page\":16,\"term_field\":\"slug\",\"base\":\"aux_recent_portfolios_grid\",\"base_class\":\"aux-widget-recent-portfolios\",\"paged\":\"\",\"override_global_query\":false,\"content\":null,\"skip_wrappers\":false,\"content_width\":2000,\"inview_transition\":\"none\",\"inview_duration\":\"\",\"inview_delay\":\"\",\"inview_repeat\":\"no\",\"inview_offset\":\"\",\"called_from\":\"elementor\"};<\/script><\/section><!-- widget-container -->\t\t<\/div>\n\t\t\t\t<\/div>\n\t\t\t\t\t<\/div>\n\t\t<\/div>\n\t\t\t\t\t\t\t<\/div>\n\t\t<\/section>\n\t\t\t\t\t\t\t<\/div>\n\t\t","protected":false},"excerpt":{"rendered":"<p>D\u00e9couvrir S\u00e9paration &amp; Cloison Vitr\u00e9e \u0627\u0644\u0623\u0628\u0648\u0627\u0628 \u0627\u0644\u0632\u062c\u0627\u062c\u064a\u0629 \u0627\u0644\u0645\u0646\u0632\u0644\u0642\u0629 \u0639\u0644\u0649 \u062e\u0645\u0633\u0629 \u0645\u0633\u0627\u0631\u0627\u062a \u0627\u0644\u062d\u0648\u0627\u062c\u0632 \u0648\u0627\u0644\u0641\u0648\u0627\u0635\u0644 \u0627\u0644\u0632\u062c\u0627\u062c\u064a\u0629 \u0627\u0644\u0623\u0628\u0648\u0627\u0628 \u0627\u0644\u0632\u062c\u0627\u062c\u064a\u0629 \u0627\u0644\u0642\u0627\u0628\u0644\u0629 \u0644\u0644\u0637\u064a \u0627\u0644\u062d\u0648\u0627\u062c\u0632 \u0648\u0627\u0644\u0641\u0648\u0627\u0635\u0644 \u0627\u0644\u0632\u062c\u0627\u062c\u064a\u0629 \u0627\u0644\u062d\u0648\u0627\u062c\u0632 \u0648\u0627\u0644\u063a\u0631\u0641 \u0627\u0644\u0632\u062c\u0627\u062c\u064a\u0629 \u0627\u0644\u062d\u0648\u0627\u062c\u0632 \u0648\u0627\u0644\u0641\u0648\u0627\u0635\u0644 \u0627\u0644\u0632\u062c\u0627\u062c\u064a\u0629 \u062d\u0648\u0627\u062c\u0632 \u0627\u0644\u0633\u0644\u0627\u0645\u0629 \u0648\u0645\u0633\u0627\u0646\u062f \u0627\u0644\u062f\u0631\u062c \u0627\u0644\u062d\u0648\u0627\u062c\u0632 \u0648\u0627\u0644\u0641\u0648\u0627\u0635\u0644 \u0627\u0644\u0632\u062c\u0627\u062c\u064a\u0629 \u062d\u0648\u0627\u062c\u0632 \u0623\u062d\u0648\u0627\u0636 \u0648\u0643\u0627\u0628\u064a\u0646\u0627\u062a \u0627\u0644\u0627\u0633\u062a\u062d\u0645\u0627\u0645 \u0627\u0644\u062d\u0648\u0627\u062c\u0632 \u0648\u0627\u0644\u0641\u0648\u0627\u0635\u0644 \u0627\u0644\u0632\u062c\u0627\u062c\u064a\u0629<\/p>\n","protected":false},"author":1,"featured_media":0,"parent":1831,"menu_order":0,"comment_status":"closed","ping_status":"closed","template":"templates\/page-builder-content.php","meta":{"footnotes":""},"class_list":["post-2439","page","type-page","status-publish","hentry"],"yoast_head":"<!-- This site is optimized with the Yoast SEO plugin v21.9.1 - https:\/\/yoast.com\/wordpress\/plugins\/seo\/ -->\n<title>S\u00e9paration &amp; cloison vitr\u00e9e en Tunisie | Alu Solar<\/title>\n<meta name=\"description\" content=\"Optimisez votre lieu avec style gr\u00e2ce \u00e0 Alu Solar : leader en s\u00e9paration et cloison vitr\u00e9e en Tunisie. Profitez d&#039;un devis gratuit d\u00e8s aujourd&#039;hui !\" \/>\n<meta name=\"robots\" content=\"index, follow, max-snippet:-1, max-image-preview:large, max-video-preview:-1\" \/>\n<link rel=\"canonical\" href=\"https:\/\/www.alusolar.com.tn\/fr\/our-products\/glass-partition-divider\/\" \/>\n<meta property=\"og:locale\" content=\"fr_FR\" \/>\n<meta property=\"og:type\" content=\"article\" \/>\n<meta property=\"og:title\" content=\"S\u00e9paration &amp; cloison vitr\u00e9e en Tunisie | Alu Solar\" \/>\n<meta property=\"og:description\" content=\"Optimisez votre lieu avec style gr\u00e2ce \u00e0 Alu Solar : leader en s\u00e9paration et cloison vitr\u00e9e en Tunisie. Profitez d&#039;un devis gratuit d\u00e8s aujourd&#039;hui !\" \/>\n<meta property=\"og:url\" content=\"https:\/\/www.alusolar.com.tn\/our-products\/glass-partition-divider\/\" \/>\n<meta property=\"og:site_name\" content=\"Alu Solar Tunisie\" \/>\n<meta property=\"article:modified_time\" content=\"2024-02-08T09:29:55+00:00\" \/>\n<meta property=\"og:image\" content=\"https:\/\/www.alusolar.com.tn\/wp-content\/uploads\/2024\/01\/banniere-coulissant-panoramique-glass-systems-fermeture-terrasse-pergola-balcon-651x779.jpg\" \/>\n<meta name=\"twitter:card\" content=\"summary_large_image\" \/>\n<meta name=\"twitter:label1\" content=\"Dur\u00e9e de lecture estim\u00e9e\" \/>\n\t<meta name=\"twitter:data1\" content=\"2 minutes\" \/>\n<script type=\"application\/ld+json\" class=\"yoast-schema-graph\">{\"@context\":\"https:\/\/schema.org\",\"@graph\":[{\"@type\":\"WebPage\",\"@id\":\"https:\/\/www.alusolar.com.tn\/our-products\/glass-partition-divider\/\",\"url\":\"https:\/\/www.alusolar.com.tn\/our-products\/glass-partition-divider\/\",\"name\":\"S\u00e9paration & cloison vitr\u00e9e en Tunisie | Alu Solar\",\"isPartOf\":{\"@id\":\"https:\/\/www.alusolar.com.tn\/ar\/#website\"},\"datePublished\":\"2024-01-11T15:59:18+00:00\",\"dateModified\":\"2024-02-08T09:29:55+00:00\",\"description\":\"Optimisez votre lieu avec style gr\u00e2ce \u00e0 Alu Solar : leader en s\u00e9paration et cloison vitr\u00e9e en Tunisie. Profitez d'un devis gratuit d\u00e8s aujourd'hui !\",\"breadcrumb\":{\"@id\":\"https:\/\/www.alusolar.com.tn\/our-products\/glass-partition-divider\/#breadcrumb\"},\"inLanguage\":\"fr-FR\",\"potentialAction\":[{\"@type\":\"ReadAction\",\"target\":[\"https:\/\/www.alusolar.com.tn\/our-products\/glass-partition-divider\/\"]}]},{\"@type\":\"BreadcrumbList\",\"@id\":\"https:\/\/www.alusolar.com.tn\/our-products\/glass-partition-divider\/#breadcrumb\",\"itemListElement\":[{\"@type\":\"ListItem\",\"position\":1,\"name\":\"Accueil\",\"item\":\"https:\/\/www.alusolar.com.tn\/\"},{\"@type\":\"ListItem\",\"position\":2,\"name\":\"Nos Produits\",\"item\":\"https:\/\/www.alusolar.com.tn\/our-products\/\"},{\"@type\":\"ListItem\",\"position\":3,\"name\":\"S\u00e9paration &#038; Cloison vitr\u00e9e\"}]},{\"@type\":\"WebSite\",\"@id\":\"https:\/\/www.alusolar.com.tn\/ar\/#website\",\"url\":\"https:\/\/www.alusolar.com.tn\/ar\/\",\"name\":\"Alu Solar Tunisie\",\"description\":\"Cr\u00e9ateur de luxe\",\"publisher\":{\"@id\":\"https:\/\/www.alusolar.com.tn\/ar\/#organization\"},\"potentialAction\":[{\"@type\":\"SearchAction\",\"target\":{\"@type\":\"EntryPoint\",\"urlTemplate\":\"https:\/\/www.alusolar.com.tn\/ar\/?s={search_term_string}\"},\"query-input\":\"required name=search_term_string\"}],\"inLanguage\":\"fr-FR\"},{\"@type\":\"Organization\",\"@id\":\"https:\/\/www.alusolar.com.tn\/ar\/#organization\",\"name\":\"Alu Solar Tunisie\",\"url\":\"https:\/\/www.alusolar.com.tn\/ar\/\",\"logo\":{\"@type\":\"ImageObject\",\"inLanguage\":\"fr-FR\",\"@id\":\"https:\/\/www.alusolar.com.tn\/ar\/#\/schema\/logo\/image\/\",\"url\":\"https:\/\/www.alusolar.com.tn\/wp-content\/uploads\/2023\/12\/solar-svvg-01.svg\",\"contentUrl\":\"https:\/\/www.alusolar.com.tn\/wp-content\/uploads\/2023\/12\/solar-svvg-01.svg\",\"width\":232,\"height\":124,\"caption\":\"Alu Solar Tunisie\"},\"image\":{\"@id\":\"https:\/\/www.alusolar.com.tn\/ar\/#\/schema\/logo\/image\/\"}}]}<\/script>\n<!-- \/ Yoast SEO plugin. -->","yoast_head_json":{"title":"S\u00e9paration & cloison vitr\u00e9e en Tunisie | Alu Solar","description":"Optimisez votre lieu avec style gr\u00e2ce \u00e0 Alu Solar : leader en s\u00e9paration et cloison vitr\u00e9e en Tunisie. Profitez d'un devis gratuit d\u00e8s aujourd'hui !","robots":{"index":"index","follow":"follow","max-snippet":"max-snippet:-1","max-image-preview":"max-image-preview:large","max-video-preview":"max-video-preview:-1"},"canonical":"https:\/\/www.alusolar.com.tn\/fr\/our-products\/glass-partition-divider\/","og_locale":"fr_FR","og_type":"article","og_title":"S\u00e9paration & cloison vitr\u00e9e en Tunisie | Alu Solar","og_description":"Optimisez votre lieu avec style gr\u00e2ce \u00e0 Alu Solar : leader en s\u00e9paration et cloison vitr\u00e9e en Tunisie. Profitez d'un devis gratuit d\u00e8s aujourd'hui !","og_url":"https:\/\/www.alusolar.com.tn\/our-products\/glass-partition-divider\/","og_site_name":"Alu Solar Tunisie","article_modified_time":"2024-02-08T09:29:55+00:00","og_image":[{"url":"https:\/\/www.alusolar.com.tn\/wp-content\/uploads\/2024\/01\/banniere-coulissant-panoramique-glass-systems-fermeture-terrasse-pergola-balcon-651x779.jpg"}],"twitter_card":"summary_large_image","twitter_misc":{"Dur\u00e9e de lecture estim\u00e9e":"2 minutes"},"schema":{"@context":"https:\/\/schema.org","@graph":[{"@type":"WebPage","@id":"https:\/\/www.alusolar.com.tn\/our-products\/glass-partition-divider\/","url":"https:\/\/www.alusolar.com.tn\/our-products\/glass-partition-divider\/","name":"S\u00e9paration & cloison vitr\u00e9e en Tunisie | Alu Solar","isPartOf":{"@id":"https:\/\/www.alusolar.com.tn\/ar\/#website"},"datePublished":"2024-01-11T15:59:18+00:00","dateModified":"2024-02-08T09:29:55+00:00","description":"Optimisez votre lieu avec style gr\u00e2ce \u00e0 Alu Solar : leader en s\u00e9paration et cloison vitr\u00e9e en Tunisie. Profitez d'un devis gratuit d\u00e8s aujourd'hui !","breadcrumb":{"@id":"https:\/\/www.alusolar.com.tn\/our-products\/glass-partition-divider\/#breadcrumb"},"inLanguage":"fr-FR","potentialAction":[{"@type":"ReadAction","target":["https:\/\/www.alusolar.com.tn\/our-products\/glass-partition-divider\/"]}]},{"@type":"BreadcrumbList","@id":"https:\/\/www.alusolar.com.tn\/our-products\/glass-partition-divider\/#breadcrumb","itemListElement":[{"@type":"ListItem","position":1,"name":"Accueil","item":"https:\/\/www.alusolar.com.tn\/"},{"@type":"ListItem","position":2,"name":"Nos Produits","item":"https:\/\/www.alusolar.com.tn\/our-products\/"},{"@type":"ListItem","position":3,"name":"S\u00e9paration &#038; Cloison vitr\u00e9e"}]},{"@type":"WebSite","@id":"https:\/\/www.alusolar.com.tn\/ar\/#website","url":"https:\/\/www.alusolar.com.tn\/ar\/","name":"Alu Solar Tunisie","description":"Cr\u00e9ateur de luxe","publisher":{"@id":"https:\/\/www.alusolar.com.tn\/ar\/#organization"},"potentialAction":[{"@type":"SearchAction","target":{"@type":"EntryPoint","urlTemplate":"https:\/\/www.alusolar.com.tn\/ar\/?s={search_term_string}"},"query-input":"required name=search_term_string"}],"inLanguage":"fr-FR"},{"@type":"Organization","@id":"https:\/\/www.alusolar.com.tn\/ar\/#organization","name":"Alu Solar Tunisie","url":"https:\/\/www.alusolar.com.tn\/ar\/","logo":{"@type":"ImageObject","inLanguage":"fr-FR","@id":"https:\/\/www.alusolar.com.tn\/ar\/#\/schema\/logo\/image\/","url":"https:\/\/www.alusolar.com.tn\/wp-content\/uploads\/2023\/12\/solar-svvg-01.svg","contentUrl":"https:\/\/www.alusolar.com.tn\/wp-content\/uploads\/2023\/12\/solar-svvg-01.svg","width":232,"height":124,"caption":"Alu Solar Tunisie"},"image":{"@id":"https:\/\/www.alusolar.com.tn\/ar\/#\/schema\/logo\/image\/"}}]}},"_links":{"self":[{"href":"https:\/\/www.alusolar.com.tn\/fr\/wp-json\/wp\/v2\/pages\/2439","targetHints":{"allow":["GET"]}}],"collection":[{"href":"https:\/\/www.alusolar.com.tn\/fr\/wp-json\/wp\/v2\/pages"}],"about":[{"href":"https:\/\/www.alusolar.com.tn\/fr\/wp-json\/wp\/v2\/types\/page"}],"author":[{"embeddable":true,"href":"https:\/\/www.alusolar.com.tn\/fr\/wp-json\/wp\/v2\/users\/1"}],"replies":[{"embeddable":true,"href":"https:\/\/www.alusolar.com.tn\/fr\/wp-json\/wp\/v2\/comments?post=2439"}],"version-history":[{"count":25,"href":"https:\/\/www.alusolar.com.tn\/fr\/wp-json\/wp\/v2\/pages\/2439\/revisions"}],"predecessor-version":[{"id":5312,"href":"https:\/\/www.alusolar.com.tn\/fr\/wp-json\/wp\/v2\/pages\/2439\/revisions\/5312"}],"up":[{"embeddable":true,"href":"https:\/\/www.alusolar.com.tn\/fr\/wp-json\/wp\/v2\/pages\/1831"}],"wp:attachment":[{"href":"https:\/\/www.alusolar.com.tn\/fr\/wp-json\/wp\/v2\/media?parent=2439"}],"curies":[{"name":"wp","href":"https:\/\/api.w.org\/{rel}","templated":true}]}}