{"id":1396,"date":"2024-01-10T11:19:44","date_gmt":"2024-01-10T10:19:44","guid":{"rendered":"https:\/\/www.alusolar.com.tn\/?post_type=portfolio&#038;p=1396"},"modified":"2025-07-03T12:33:22","modified_gmt":"2025-07-03T10:33:22","slug":"pergola-bioclimatique","status":"publish","type":"portfolio","link":"https:\/\/www.alusolar.com.tn\/fr\/portfolio\/pergola-bioclimatique\/","title":{"rendered":"Pergola Bioclimatique"},"content":{"rendered":"\t\t<div data-elementor-type=\"wp-post\" data-elementor-id=\"1396\" class=\"elementor elementor-1396\">\n\t\t\t\t\t\t\t\t\t<section class=\"elementor-section elementor-top-section elementor-element elementor-element-4b2d77a elementor-section-full_width elementor-section-height-default elementor-section-height-default wpr-particle-no wpr-jarallax-no wpr-parallax-no wpr-sticky-section-no\" data-id=\"4b2d77a\" data-element_type=\"section\">\n\t\t\t\t\t\t<div class=\"elementor-container elementor-column-gap-no\">\n\t\t\t\t\t<div class=\"aux-parallax-section elementor-column elementor-col-100 elementor-top-column elementor-element elementor-element-5dc9b25\" data-id=\"5dc9b25\" data-element_type=\"column\">\n\t\t\t<div class=\"elementor-widget-wrap elementor-element-populated\">\n\t\t\t\t\t\t\t\t<div class=\"elementor-element elementor-element-9c839d1 aux-shpe-type-rectangle elementor-widget__width-auto aux-appear-watch-animation aux-fade-in-right-2 elementor-widget elementor-widget-aux_simple_shape\" data-id=\"9c839d1\" data-element_type=\"widget\" data-widget_type=\"aux_simple_shape.default\">\n\t\t\t\t<div class=\"elementor-widget-container\">\n\t\t\t    <div class=\"aux-widget-container aux-simple-shape-container\">\n        <div class=\"aux-widget-container-inner\">\n            <div class=\"aux-the-shape\"><\/div>\n        <\/div>\n    <\/div>\n    \t\t<\/div>\n\t\t\t\t<\/div>\n\t\t\t\t<div class=\"elementor-element elementor-element-e803765 aux-shpe-type-rectangle elementor-widget__width-auto aux-appear-watch-animation aux-fade-in-left-2 elementor-widget elementor-widget-aux_simple_shape\" data-id=\"e803765\" data-element_type=\"widget\" data-widget_type=\"aux_simple_shape.default\">\n\t\t\t\t<div class=\"elementor-widget-container\">\n\t\t\t    <div class=\"aux-widget-container aux-simple-shape-container\">\n        <div class=\"aux-widget-container-inner\">\n            <div class=\"aux-the-shape\"><\/div>\n        <\/div>\n    <\/div>\n    \t\t<\/div>\n\t\t\t\t<\/div>\n\t\t\t\t<section class=\"elementor-section elementor-inner-section elementor-element elementor-element-04c09ae elementor-section-content-middle elementor-reverse-mobile elementor-section-boxed elementor-section-height-default elementor-section-height-default wpr-particle-no wpr-jarallax-no wpr-parallax-no wpr-sticky-section-no\" data-id=\"04c09ae\" data-element_type=\"section\">\n\t\t\t\t\t\t<div class=\"elementor-container elementor-column-gap-no\">\n\t\t\t\t\t<div class=\"aux-parallax-section elementor-column elementor-col-50 elementor-inner-column elementor-element elementor-element-577acf7\" data-id=\"577acf7\" data-element_type=\"column\">\n\t\t\t<div class=\"elementor-widget-wrap elementor-element-populated\">\n\t\t\t\t\t\t\t\t<div class=\"elementor-element elementor-element-5584ac0 aux-appear-watch-animation aux-fade-in-up-1 elementor-widget elementor-widget-aux_modern_heading\" data-id=\"5584ac0\" data-element_type=\"widget\" data-widget_type=\"aux_modern_heading.default\">\n\t\t\t\t<div class=\"elementor-widget-container\">\n\t\t\t<section class=\"aux-widget-modern-heading\">\n            <div class=\"aux-widget-inner\"><h5 class=\"aux-modern-heading-primary\">Produit<\/h5><h3 class=\"aux-modern-heading-secondary\"><span class=\"aux-head-before\">Pergola <\/span><span class=\"aux-head-highlight\">Bioclimatique <\/span><\/h3><div class=\"aux-modern-heading-divider\"><\/div><div class=\"aux-modern-heading-description\"><p style=\"text-align: justify\">La Pergola bioclimatique est un mod\u00e8le exceptionnel gr\u00e2ce aux lames orientables qui vous permettent de r\u00e9guler la luminosit\u00e9 et la chaleur.<br \/>Les lames de la pergola bioclimatique se ferment en cas de pluie ou de vent fort pour vous b\u00e9n\u00e9ficier de rester\u00a0au\u00a0confort.<\/p><\/div><\/div>\n        <\/section>\t\t<\/div>\n\t\t\t\t<\/div>\n\t\t\t\t<div class=\"elementor-element elementor-element-1a0a363 elementor-widget elementor-widget-heading\" data-id=\"1a0a363\" data-element_type=\"widget\" data-widget_type=\"heading.default\">\n\t\t\t\t<div class=\"elementor-widget-container\">\n\t\t\t<h4 class=\"elementor-heading-title elementor-size-default\">Fiche Technique <\/h4>\t\t<\/div>\n\t\t\t\t<\/div>\n\t\t\t\t<div class=\"elementor-element elementor-element-6277805 elementor-widget elementor-widget-text-editor\" data-id=\"6277805\" data-element_type=\"widget\" data-widget_type=\"text-editor.default\">\n\t\t\t\t<div class=\"elementor-widget-container\">\n\t\t\t\t\t\t\t<table width=\"655\"><tbody><tr><td width=\"354\">Disponibilit\u00e9<\/td><td width=\"301\">\u25cf<\/td><\/tr><tr><td>Protection solaire<\/td><td>\u25cf<\/td><\/tr><tr><td>Evacuation des eaux<\/td><td>\u25cf<\/td><\/tr><tr><td>Couleur<\/td><td>Au choix<\/td><\/tr><tr><td>Mati\u00e8re de structure<\/td><td>Aluminium<\/td><\/tr><tr><td>Mati\u00e8re de toiture<\/td><td>Aluminium<\/td><\/tr><tr><td>Resistance chaud &#8211; froid<\/td><td>\u25cf<\/td><\/tr><tr><td>Resistance \u00e0 l&rsquo;humidit\u00e9<\/td><td>\u25cf<\/td><\/tr><tr><td>Resistance aux conditions climatiques extr\u00eames<\/td><td>\u25cf<\/td><\/tr><tr><td>Possibilit\u00e9 d&rsquo;int\u00e9gration domotique<\/td><td>\u25cf<\/td><\/tr><tr><td>Etanch\u00e9it\u00e9\u00a0<\/td><td>\u25cf<\/td><\/tr><tr><td>Motorisation\u00a0<\/td><td>\u25cf<\/td><\/tr><tr><td>Ouverture<\/td><td>\u00c0 distance<\/td><\/tr><tr><td>Ventilation naturelle<\/td><td>\u25cf<\/td><\/tr><tr><td>Orientation solaire<\/td><td>\u25cf<\/td><\/tr><tr><td>Sens d&rsquo;orientation des lames<\/td><td>R\u00e9glable<\/td><\/tr><tr><td>Garantie\u00a0<\/td><td>\u25cf<\/td><\/tr><\/tbody><\/table>\t\t\t\t\t\t<\/div>\n\t\t\t\t<\/div>\n\t\t\t\t<div class=\"elementor-element elementor-element-102740d elementor-widget elementor-widget-text-editor\" data-id=\"102740d\" data-element_type=\"widget\" data-widget_type=\"text-editor.default\">\n\t\t\t\t<div class=\"elementor-widget-container\">\n\t\t\t\t\t\t\t\t\t\t\t\t\t<\/div>\n\t\t\t\t<\/div>\n\t\t\t\t\t<\/div>\n\t\t<\/div>\n\t\t\t\t<div class=\"aux-parallax-section elementor-column elementor-col-50 elementor-inner-column elementor-element elementor-element-d7390f4\" data-id=\"d7390f4\" data-element_type=\"column\">\n\t\t\t<div class=\"elementor-widget-wrap elementor-element-populated\">\n\t\t\t\t\t\t\t\t<div class=\"elementor-element elementor-element-0ca2399 aux-appear-watch-animation aux-mask-from-left elementor-widget elementor-widget-aux_image\" data-id=\"0ca2399\" data-element_type=\"widget\" data-widget_type=\"aux_image.default\">\n\t\t\t\t<div class=\"elementor-widget-container\">\n\t\t\t<section class=\"widget-container aux-widget-image aux-alignnone aux-parent-au105e23e7\">\n    <div class=\"aux-media-hint-frame \">\n        <div class=\"aux-media-image \" >\n        \n            \n\n            \n            <img fetchpriority=\"high\" decoding=\"async\" width=\"600\" height=\"800\" src=\"https:\/\/www.alusolar.com.tn\/wp-content\/uploads\/2024\/01\/Pergola-biocliamtique-Tarbes-1-600x800.jpg\" class=\"aux-attachment aux-featured-image aux-attachment-id-6971\" alt=\"Pergola-biocliamtique-Tarbes\" srcset=\"https:\/\/www.alusolar.com.tn\/wp-content\/uploads\/2024\/01\/Pergola-biocliamtique-Tarbes-1-150x200.jpg 150w,https:\/\/www.alusolar.com.tn\/wp-content\/uploads\/2024\/01\/Pergola-biocliamtique-Tarbes-1-300x400.jpg 300w,https:\/\/www.alusolar.com.tn\/wp-content\/uploads\/2024\/01\/Pergola-biocliamtique-Tarbes-1-768x1024.jpg 768w,https:\/\/www.alusolar.com.tn\/wp-content\/uploads\/2024\/01\/Pergola-biocliamtique-Tarbes-1-1024x1365.jpg 1024w,https:\/\/www.alusolar.com.tn\/wp-content\/uploads\/2024\/01\/Pergola-biocliamtique-Tarbes-1-600x800.jpg 600w\" data-ratio=\"0.75\" data-original-w=\"1200\" sizes=\"(max-width:479px) 480px,(max-width:767px) 768px,(max-width:1023px) 1024px,600px\" \/>            \n                <\/div>\n    <\/div>\n\n<\/section><!-- widget-container -->\t\t<\/div>\n\t\t\t\t<\/div>\n\t\t\t\t\t<\/div>\n\t\t<\/div>\n\t\t\t\t\t\t\t<\/div>\n\t\t<\/section>\n\t\t\t\t\t<\/div>\n\t\t<\/div>\n\t\t\t\t\t\t\t<\/div>\n\t\t<\/section>\n\t\t\t\t<section class=\"elementor-section elementor-top-section elementor-element elementor-element-312e1c7 elementor-section-boxed elementor-section-height-default elementor-section-height-default wpr-particle-no wpr-jarallax-no wpr-parallax-no wpr-sticky-section-no\" data-id=\"312e1c7\" data-element_type=\"section\">\n\t\t\t\t\t\t<div class=\"elementor-container elementor-column-gap-default\">\n\t\t\t\t\t<div class=\"aux-parallax-section elementor-column elementor-col-100 elementor-top-column elementor-element elementor-element-e542e7a\" data-id=\"e542e7a\" data-element_type=\"column\">\n\t\t\t<div class=\"elementor-widget-wrap elementor-element-populated\">\n\t\t\t\t\t\t\t\t<div class=\"elementor-element elementor-element-a2fcfae gallery-spacing-custom elementor-widget__width-initial elementor-widget elementor-widget-image-gallery\" data-id=\"a2fcfae\" data-element_type=\"widget\" data-widget_type=\"image-gallery.default\">\n\t\t\t\t<div class=\"elementor-widget-container\">\n\t\t\t\t\t<div class=\"elementor-image-gallery\">\n\t\t\t<div id='gallery-1' class='gallery galleryid-1396 gallery-columns-3 gallery-size-medium_large'><figure class='gallery-item'>\n\t\t\t<div class='gallery-icon portrait'>\n\t\t\t\t<a data-elementor-open-lightbox=\"yes\" data-elementor-lightbox-slideshow=\"a2fcfae\" data-elementor-lightbox-title=\"Pergola bioclimatique r\u00e9tractable\" data-e-action-hash=\"#elementor-action%3Aaction%3Dlightbox%26settings%3DeyJpZCI6MTQwMywidXJsIjoiaHR0cHM6XC9cL3d3dy5hbHVzb2xhci5jb20udG5cL3dwLWNvbnRlbnRcL3VwbG9hZHNcLzIwMjRcLzAxXC83LWZicy1wZXJnb2xhLWJpb2NsaW1hdGlxdWUuanBnIiwic2xpZGVzaG93IjoiYTJmY2ZhZSJ9\" href='https:\/\/www.alusolar.com.tn\/wp-content\/uploads\/2024\/01\/7-fbs-pergola-bioclimatique.jpg'><img decoding=\"async\" width=\"600\" height=\"768\" src=\"https:\/\/www.alusolar.com.tn\/wp-content\/uploads\/2024\/01\/7-fbs-pergola-bioclimatique-600x768.jpg\" class=\"attachment-medium_large size-medium_large\" alt=\"Pergola bioclimatique r\u00e9tractable\" \/><\/a>\n\t\t\t<\/div><\/figure><figure class='gallery-item'>\n\t\t\t<div class='gallery-icon portrait'>\n\t\t\t\t<a data-elementor-open-lightbox=\"yes\" data-elementor-lightbox-slideshow=\"a2fcfae\" data-elementor-lightbox-title=\"Pergola bioclimatique r\u00e9tractable\" data-e-action-hash=\"#elementor-action%3Aaction%3Dlightbox%26settings%3DeyJpZCI6MTQxNiwidXJsIjoiaHR0cHM6XC9cL3d3dy5hbHVzb2xhci5jb20udG5cL3dwLWNvbnRlbnRcL3VwbG9hZHNcLzIwMjRcLzAxXC9wZXJnb2xhLWJpb2NsaW1hdGlxdWUtYXV0b3BvcnRhbnRlLWxhbWVzLW9yaWVudGFibGVzLTg0LW0tNTY5NTk0MC00OTY1OTY2ODJfNjY4Ml8xMjAweDEyMDAuanBnIiwic2xpZGVzaG93IjoiYTJmY2ZhZSJ9\" href='https:\/\/www.alusolar.com.tn\/wp-content\/uploads\/2024\/01\/pergola-bioclimatique-autoportante-lames-orientables-84-m-5695940-496596682_6682_1200x1200.jpg'><img decoding=\"async\" width=\"600\" height=\"768\" src=\"https:\/\/www.alusolar.com.tn\/wp-content\/uploads\/2024\/01\/pergola-bioclimatique-autoportante-lames-orientables-84-m-5695940-496596682_6682_1200x1200-600x768.jpg\" class=\"attachment-medium_large size-medium_large\" alt=\"Pergola bioclimatique r\u00e9tractable\" \/><\/a>\n\t\t\t<\/div><\/figure><figure class='gallery-item'>\n\t\t\t<div class='gallery-icon portrait'>\n\t\t\t\t<a data-elementor-open-lightbox=\"yes\" data-elementor-lightbox-slideshow=\"a2fcfae\" data-elementor-lightbox-title=\"Pergola bioclimatique r\u00e9tractable\" data-e-action-hash=\"#elementor-action%3Aaction%3Dlightbox%26settings%3DeyJpZCI6MTQwNCwidXJsIjoiaHR0cHM6XC9cL3d3dy5hbHVzb2xhci5jb20udG5cL3dwLWNvbnRlbnRcL3VwbG9hZHNcLzIwMjRcLzAxXC96aXB0ZWNoLTYuanBnIiwic2xpZGVzaG93IjoiYTJmY2ZhZSJ9\" href='https:\/\/www.alusolar.com.tn\/wp-content\/uploads\/2024\/01\/ziptech-6.jpg'><img loading=\"lazy\" decoding=\"async\" width=\"600\" height=\"768\" src=\"https:\/\/www.alusolar.com.tn\/wp-content\/uploads\/2024\/01\/ziptech-6-600x768.jpg\" class=\"attachment-medium_large size-medium_large\" alt=\"Pergola bioclimatique r\u00e9tractable\" \/><\/a>\n\t\t\t<\/div><\/figure><figure class='gallery-item'>\n\t\t\t<div class='gallery-icon portrait'>\n\t\t\t\t<a data-elementor-open-lightbox=\"yes\" data-elementor-lightbox-slideshow=\"a2fcfae\" data-elementor-lightbox-title=\"Pergola bioclimatique r\u00e9tractable\" data-e-action-hash=\"#elementor-action%3Aaction%3Dlightbox%26settings%3DeyJpZCI6MTQxMCwidXJsIjoiaHR0cHM6XC9cL3d3dy5hbHVzb2xhci5jb20udG5cL3dwLWNvbnRlbnRcL3VwbG9hZHNcLzIwMjRcLzAxXC9wZXJnb2xhLWJpb2NsaW1hdGlxdWUtc2t5bGluZS1hdXRvcG9ydGVlLmpwZyIsInNsaWRlc2hvdyI6ImEyZmNmYWUifQ%3D%3D\" href='https:\/\/www.alusolar.com.tn\/wp-content\/uploads\/2024\/01\/pergola-bioclimatique-skyline-autoportee.jpg'><img loading=\"lazy\" decoding=\"async\" width=\"600\" height=\"768\" src=\"https:\/\/www.alusolar.com.tn\/wp-content\/uploads\/2024\/01\/pergola-bioclimatique-skyline-autoportee-600x768.jpg\" class=\"attachment-medium_large size-medium_large\" alt=\"Pergola bioclimatique r\u00e9tractable\" \/><\/a>\n\t\t\t<\/div><\/figure><figure class='gallery-item'>\n\t\t\t<div class='gallery-icon portrait'>\n\t\t\t\t<a data-elementor-open-lightbox=\"yes\" data-elementor-lightbox-slideshow=\"a2fcfae\" data-elementor-lightbox-title=\"Pergola bioclimatique r\u00e9tractable\" data-e-action-hash=\"#elementor-action%3Aaction%3Dlightbox%26settings%3DeyJpZCI6MTQxNCwidXJsIjoiaHR0cHM6XC9cL3d3dy5hbHVzb2xhci5jb20udG5cL3dwLWNvbnRlbnRcL3VwbG9hZHNcLzIwMjRcLzAxXC9wZXJnb2xhcy00LmpwZyIsInNsaWRlc2hvdyI6ImEyZmNmYWUifQ%3D%3D\" href='https:\/\/www.alusolar.com.tn\/wp-content\/uploads\/2024\/01\/pergolas-4.jpg'><img loading=\"lazy\" decoding=\"async\" width=\"600\" height=\"768\" src=\"https:\/\/www.alusolar.com.tn\/wp-content\/uploads\/2024\/01\/pergolas-4-600x768.jpg\" class=\"attachment-medium_large size-medium_large\" alt=\"Pergola bioclimatique r\u00e9tractable\" \/><\/a>\n\t\t\t<\/div><\/figure><figure class='gallery-item'>\n\t\t\t<div class='gallery-icon portrait'>\n\t\t\t\t<a data-elementor-open-lightbox=\"yes\" data-elementor-lightbox-slideshow=\"a2fcfae\" data-elementor-lightbox-title=\"Pergola bioclimatique r\u00e9tractable\" data-e-action-hash=\"#elementor-action%3Aaction%3Dlightbox%26settings%3DeyJpZCI6MTQwMCwidXJsIjoiaHR0cHM6XC9cL3d3dy5hbHVzb2xhci5jb20udG5cL3dwLWNvbnRlbnRcL3VwbG9hZHNcLzIwMjRcLzAxXC8zMDY1OTY1Mi1wcml4LXBlcmdvbGEtYmlvY2xpbWF0aXF1ZS5qcGciLCJzbGlkZXNob3ciOiJhMmZjZmFlIn0%3D\" href='https:\/\/www.alusolar.com.tn\/wp-content\/uploads\/2024\/01\/30659652-prix-pergola-bioclimatique.jpg'><img loading=\"lazy\" decoding=\"async\" width=\"600\" height=\"768\" src=\"https:\/\/www.alusolar.com.tn\/wp-content\/uploads\/2024\/01\/30659652-prix-pergola-bioclimatique-600x768.jpg\" class=\"attachment-medium_large size-medium_large\" alt=\"Pergola bioclimatique r\u00e9tractable\" \/><\/a>\n\t\t\t<\/div><\/figure><figure class='gallery-item'>\n\t\t\t<div class='gallery-icon portrait'>\n\t\t\t\t<a data-elementor-open-lightbox=\"yes\" data-elementor-lightbox-slideshow=\"a2fcfae\" data-elementor-lightbox-title=\"Pergola bioclimatique r\u00e9tractable\" data-e-action-hash=\"#elementor-action%3Aaction%3Dlightbox%26settings%3DeyJpZCI6MTQwMSwidXJsIjoiaHR0cHM6XC9cL3d3dy5hbHVzb2xhci5jb20udG5cL3dwLWNvbnRlbnRcL3VwbG9hZHNcLzIwMjRcLzAxXC9CQU5ERUFVWF9MRURfQkxBTkMuanBnIiwic2xpZGVzaG93IjoiYTJmY2ZhZSJ9\" href='https:\/\/www.alusolar.com.tn\/wp-content\/uploads\/2024\/01\/BANDEAUX_LED_BLANC.jpg'><img loading=\"lazy\" decoding=\"async\" width=\"600\" height=\"768\" src=\"https:\/\/www.alusolar.com.tn\/wp-content\/uploads\/2024\/01\/BANDEAUX_LED_BLANC-600x768.jpg\" class=\"attachment-medium_large size-medium_large\" alt=\"Pergola bioclimatique r\u00e9tractable\" \/><\/a>\n\t\t\t<\/div><\/figure><figure class='gallery-item'>\n\t\t\t<div class='gallery-icon portrait'>\n\t\t\t\t<a data-elementor-open-lightbox=\"yes\" data-elementor-lightbox-slideshow=\"a2fcfae\" data-elementor-lightbox-title=\"Pergola bioclimatique r\u00e9tractable\" data-e-action-hash=\"#elementor-action%3Aaction%3Dlightbox%26settings%3DeyJpZCI6MTQwNSwidXJsIjoiaHR0cHM6XC9cL3d3dy5hbHVzb2xhci5jb20udG5cL3dwLWNvbnRlbnRcL3VwbG9hZHNcLzIwMjRcLzAxXC9cdTAzOTJcdTAzOTlcdTAzOWZcdTAzOWFcdTAzOWJcdTAzOTlcdTAzOWNcdTAzOTFcdTAzYTRcdTAzOTlcdTAzOWFcdTAzOTdfXHUwM2EwXHUwMzk1XHUwM2ExXHUwMzkzXHUwMzlhXHUwMzlmXHUwMzliXHUwMzkxXzMuanBnIiwic2xpZGVzaG93IjoiYTJmY2ZhZSJ9\" href='https:\/\/www.alusolar.com.tn\/wp-content\/uploads\/2024\/01\/\u0392\u0399\u039f\u039a\u039b\u0399\u039c\u0391\u03a4\u0399\u039a\u0397_\u03a0\u0395\u03a1\u0393\u039a\u039f\u039b\u0391_3.jpg'><img loading=\"lazy\" decoding=\"async\" width=\"600\" height=\"768\" src=\"https:\/\/www.alusolar.com.tn\/wp-content\/uploads\/2024\/01\/\u0392\u0399\u039f\u039a\u039b\u0399\u039c\u0391\u03a4\u0399\u039a\u0397_\u03a0\u0395\u03a1\u0393\u039a\u039f\u039b\u0391_3-600x768.jpg\" class=\"attachment-medium_large size-medium_large\" alt=\"Pergola bioclimatique r\u00e9tractable\" \/><\/a>\n\t\t\t<\/div><\/figure><figure class='gallery-item'>\n\t\t\t<div class='gallery-icon portrait'>\n\t\t\t\t<a data-elementor-open-lightbox=\"yes\" data-elementor-lightbox-slideshow=\"a2fcfae\" data-elementor-lightbox-title=\"Pergola bioclimatique r\u00e9tractable\" data-e-action-hash=\"#elementor-action%3Aaction%3Dlightbox%26settings%3DeyJpZCI6MTQwNiwidXJsIjoiaHR0cHM6XC9cL3d3dy5hbHVzb2xhci5jb20udG5cL3dwLWNvbnRlbnRcL3VwbG9hZHNcLzIwMjRcLzAxXC9QaG90b3MtQklPQ0xJTUFUSVFVRS0yMDE0LTctQ29waWVyLTEuanBnIiwic2xpZGVzaG93IjoiYTJmY2ZhZSJ9\" href='https:\/\/www.alusolar.com.tn\/wp-content\/uploads\/2024\/01\/Photos-BIOCLIMATIQUE-2014-7-Copier-1.jpg'><img loading=\"lazy\" decoding=\"async\" width=\"600\" height=\"768\" src=\"https:\/\/www.alusolar.com.tn\/wp-content\/uploads\/2024\/01\/Photos-BIOCLIMATIQUE-2014-7-Copier-1-600x768.jpg\" class=\"attachment-medium_large size-medium_large\" alt=\"Pergola bioclimatique r\u00e9tractable\" \/><\/a>\n\t\t\t<\/div><\/figure><figure class='gallery-item'>\n\t\t\t<div class='gallery-icon portrait'>\n\t\t\t\t<a data-elementor-open-lightbox=\"yes\" data-elementor-lightbox-slideshow=\"a2fcfae\" data-elementor-lightbox-title=\"Pergola bioclimatique r\u00e9tractable\" data-e-action-hash=\"#elementor-action%3Aaction%3Dlightbox%26settings%3DeyJpZCI6MTQwNywidXJsIjoiaHR0cHM6XC9cL3d3dy5hbHVzb2xhci5jb20udG5cL3dwLWNvbnRlbnRcL3VwbG9hZHNcLzIwMjRcLzAxXC9wb2RiaWcyLmpwZyIsInNsaWRlc2hvdyI6ImEyZmNmYWUifQ%3D%3D\" href='https:\/\/www.alusolar.com.tn\/wp-content\/uploads\/2024\/01\/podbig2.jpg'><img loading=\"lazy\" decoding=\"async\" width=\"600\" height=\"768\" src=\"https:\/\/www.alusolar.com.tn\/wp-content\/uploads\/2024\/01\/podbig2-600x768.jpg\" class=\"attachment-medium_large size-medium_large\" alt=\"Pergola bioclimatique r\u00e9tractable\" \/><\/a>\n\t\t\t<\/div><\/figure><figure class='gallery-item'>\n\t\t\t<div class='gallery-icon portrait'>\n\t\t\t\t<a data-elementor-open-lightbox=\"yes\" data-elementor-lightbox-slideshow=\"a2fcfae\" data-elementor-lightbox-title=\"Pergola bioclimatique r\u00e9tractable\" data-e-action-hash=\"#elementor-action%3Aaction%3Dlightbox%26settings%3DeyJpZCI6MTQwOSwidXJsIjoiaHR0cHM6XC9cL3d3dy5hbHVzb2xhci5jb20udG5cL3dwLWNvbnRlbnRcL3VwbG9hZHNcLzIwMjRcLzAxXC9RdWVsbGUtZXN0LWxhLWRpZmZlcmVuY2UtZW50cmUtdW5lLXBlcmdvbGEtYmlvLXRoZXJtaXF1ZS1ldC11bmUtcGVyZ29sYS1iaW9jbGltYXRpcXVlLTEtc2NhbGVkLTEuanBnIiwic2xpZGVzaG93IjoiYTJmY2ZhZSJ9\" href='https:\/\/www.alusolar.com.tn\/wp-content\/uploads\/2024\/01\/Quelle-est-la-difference-entre-une-pergola-bio-thermique-et-une-pergola-bioclimatique-1-scaled-1.jpg'><img loading=\"lazy\" decoding=\"async\" width=\"600\" height=\"768\" src=\"https:\/\/www.alusolar.com.tn\/wp-content\/uploads\/2024\/01\/Quelle-est-la-difference-entre-une-pergola-bio-thermique-et-une-pergola-bioclimatique-1-scaled-1-600x768.jpg\" class=\"attachment-medium_large size-medium_large\" alt=\"Pergola bioclimatique r\u00e9tractable\" \/><\/a>\n\t\t\t<\/div><\/figure><figure class='gallery-item'>\n\t\t\t<div class='gallery-icon portrait'>\n\t\t\t\t<a data-elementor-open-lightbox=\"yes\" data-elementor-lightbox-slideshow=\"a2fcfae\" data-elementor-lightbox-title=\"Pergola bioclimatique r\u00e9tractable\" data-e-action-hash=\"#elementor-action%3Aaction%3Dlightbox%26settings%3DeyJpZCI6MTQxMSwidXJsIjoiaHR0cHM6XC9cL3d3dy5hbHVzb2xhci5jb20udG5cL3dwLWNvbnRlbnRcL3VwbG9hZHNcLzIwMjRcLzAxXC9QZXJnb2xhYmlvY2xpbWF0aXF1ZXN1cmJhbGNvbkNsZXJtb250RmVycmFuZDZqcGdfNjI3M2UzOTFhMmFiZS5qcGciLCJzbGlkZXNob3ciOiJhMmZjZmFlIn0%3D\" href='https:\/\/www.alusolar.com.tn\/wp-content\/uploads\/2024\/01\/PergolabioclimatiquesurbalconClermontFerrand6jpg_6273e391a2abe.jpg'><img loading=\"lazy\" decoding=\"async\" width=\"600\" height=\"768\" src=\"https:\/\/www.alusolar.com.tn\/wp-content\/uploads\/2024\/01\/PergolabioclimatiquesurbalconClermontFerrand6jpg_6273e391a2abe-600x768.jpg\" class=\"attachment-medium_large size-medium_large\" alt=\"Pergola bioclimatique r\u00e9tractable\" \/><\/a>\n\t\t\t<\/div><\/figure><figure class='gallery-item'>\n\t\t\t<div class='gallery-icon portrait'>\n\t\t\t\t<a data-elementor-open-lightbox=\"yes\" data-elementor-lightbox-slideshow=\"a2fcfae\" data-elementor-lightbox-title=\"Pergola bioclimatique r\u00e9tractable\" data-e-action-hash=\"#elementor-action%3Aaction%3Dlightbox%26settings%3DeyJpZCI6MTQxMiwidXJsIjoiaHR0cHM6XC9cL3d3dy5hbHVzb2xhci5jb20udG5cL3dwLWNvbnRlbnRcL3VwbG9hZHNcLzIwMjRcLzAxXC9QZXJnb2xhLU1lZC1Ud2lzdC5qcGciLCJzbGlkZXNob3ciOiJhMmZjZmFlIn0%3D\" href='https:\/\/www.alusolar.com.tn\/wp-content\/uploads\/2024\/01\/Pergola-Med-Twist.jpg'><img loading=\"lazy\" decoding=\"async\" width=\"600\" height=\"768\" src=\"https:\/\/www.alusolar.com.tn\/wp-content\/uploads\/2024\/01\/Pergola-Med-Twist-600x768.jpg\" class=\"attachment-medium_large size-medium_large\" alt=\"Pergola bioclimatique r\u00e9tractable\" \/><\/a>\n\t\t\t<\/div><\/figure><figure class='gallery-item'>\n\t\t\t<div class='gallery-icon portrait'>\n\t\t\t\t<a data-elementor-open-lightbox=\"yes\" data-elementor-lightbox-slideshow=\"a2fcfae\" data-elementor-lightbox-title=\"Pergola bioclimatique r\u00e9tractable\" data-e-action-hash=\"#elementor-action%3Aaction%3Dlightbox%26settings%3DeyJpZCI6MTQxMywidXJsIjoiaHR0cHM6XC9cL3d3dy5hbHVzb2xhci5jb20udG5cL3dwLWNvbnRlbnRcL3VwbG9hZHNcLzIwMjRcLzAxXC9QZXJnb2xhLU1vZHVsYWlyZTItNU1ULTEuanBnIiwic2xpZGVzaG93IjoiYTJmY2ZhZSJ9\" href='https:\/\/www.alusolar.com.tn\/wp-content\/uploads\/2024\/01\/Pergola-Modulaire2-5MT-1.jpg'><img loading=\"lazy\" decoding=\"async\" width=\"600\" height=\"768\" src=\"https:\/\/www.alusolar.com.tn\/wp-content\/uploads\/2024\/01\/Pergola-Modulaire2-5MT-1-600x768.jpg\" class=\"attachment-medium_large size-medium_large\" alt=\"Pergola bioclimatique r\u00e9tractable\" \/><\/a>\n\t\t\t<\/div><\/figure><figure class='gallery-item'>\n\t\t\t<div class='gallery-icon portrait'>\n\t\t\t\t<a data-elementor-open-lightbox=\"yes\" data-elementor-lightbox-slideshow=\"a2fcfae\" data-elementor-lightbox-title=\"Pergola bioclimatique r\u00e9tractable\" data-e-action-hash=\"#elementor-action%3Aaction%3Dlightbox%26settings%3DeyJpZCI6MTQxNSwidXJsIjoiaHR0cHM6XC9cL3d3dy5hbHVzb2xhci5jb20udG5cL3dwLWNvbnRlbnRcL3VwbG9hZHNcLzIwMjRcLzAxXC9wZXJnb2xhLWJpb2NsaW1hdGljYS5qcGciLCJzbGlkZXNob3ciOiJhMmZjZmFlIn0%3D\" href='https:\/\/www.alusolar.com.tn\/wp-content\/uploads\/2024\/01\/pergola-bioclimatica.jpg'><img loading=\"lazy\" decoding=\"async\" width=\"600\" height=\"768\" src=\"https:\/\/www.alusolar.com.tn\/wp-content\/uploads\/2024\/01\/pergola-bioclimatica-600x768.jpg\" class=\"attachment-medium_large size-medium_large\" alt=\"Pergola bioclimatique r\u00e9tractable\" \/><\/a>\n\t\t\t<\/div><\/figure><figure class='gallery-item'>\n\t\t\t<div class='gallery-icon portrait'>\n\t\t\t\t<a data-elementor-open-lightbox=\"yes\" data-elementor-lightbox-slideshow=\"a2fcfae\" data-elementor-lightbox-title=\"Pergola bioclimatique r\u00e9tractable\" data-e-action-hash=\"#elementor-action%3Aaction%3Dlightbox%26settings%3DeyJpZCI6MTQxNywidXJsIjoiaHR0cHM6XC9cL3d3dy5hbHVzb2xhci5jb20udG5cL3dwLWNvbnRlbnRcL3VwbG9hZHNcLzIwMjRcLzAxXC9wZXJnb2xhLWJpb2NsaW1hdGlxdWUtYXV0b3BvcnRlZS0zLTV4My01LmpwZyIsInNsaWRlc2hvdyI6ImEyZmNmYWUifQ%3D%3D\" href='https:\/\/www.alusolar.com.tn\/wp-content\/uploads\/2024\/01\/pergola-bioclimatique-autoportee-3-5x3-5.jpg'><img loading=\"lazy\" decoding=\"async\" width=\"600\" height=\"768\" src=\"https:\/\/www.alusolar.com.tn\/wp-content\/uploads\/2024\/01\/pergola-bioclimatique-autoportee-3-5x3-5-600x768.jpg\" class=\"attachment-medium_large size-medium_large\" alt=\"Pergola bioclimatique r\u00e9tractable\" \/><\/a>\n\t\t\t<\/div><\/figure><figure class='gallery-item'>\n\t\t\t<div class='gallery-icon portrait'>\n\t\t\t\t<a data-elementor-open-lightbox=\"yes\" data-elementor-lightbox-slideshow=\"a2fcfae\" data-elementor-lightbox-title=\"Pergola bioclimatique r\u00e9tractable\" data-e-action-hash=\"#elementor-action%3Aaction%3Dlightbox%26settings%3DeyJpZCI6MTQxOCwidXJsIjoiaHR0cHM6XC9cL3d3dy5hbHVzb2xhci5jb20udG5cL3dwLWNvbnRlbnRcL3VwbG9hZHNcLzIwMjRcLzAxXC9wZXJnb2xhLWJpb2NsaW1hdGlxdWUtc2t5bGluZS1hZG9zc2VlLmpwZyIsInNsaWRlc2hvdyI6ImEyZmNmYWUifQ%3D%3D\" href='https:\/\/www.alusolar.com.tn\/wp-content\/uploads\/2024\/01\/pergola-bioclimatique-skyline-adossee.jpg'><img loading=\"lazy\" decoding=\"async\" width=\"600\" height=\"768\" src=\"https:\/\/www.alusolar.com.tn\/wp-content\/uploads\/2024\/01\/pergola-bioclimatique-skyline-adossee-600x768.jpg\" class=\"attachment-medium_large size-medium_large\" alt=\"Pergola bioclimatique r\u00e9tractable\" \/><\/a>\n\t\t\t<\/div><\/figure><figure class='gallery-item'>\n\t\t\t<div class='gallery-icon portrait'>\n\t\t\t\t<a data-elementor-open-lightbox=\"yes\" data-elementor-lightbox-slideshow=\"a2fcfae\" data-elementor-lightbox-title=\"Pergola bioclimatique r\u00e9tractable\" data-e-action-hash=\"#elementor-action%3Aaction%3Dlightbox%26settings%3DeyJpZCI6MTQxOSwidXJsIjoiaHR0cHM6XC9cL3d3dy5hbHVzb2xhci5jb20udG5cL3dwLWNvbnRlbnRcL3VwbG9hZHNcLzIwMjRcLzAxXC9wZXJnb2xhYmlvMDgtMS5qcGciLCJzbGlkZXNob3ciOiJhMmZjZmFlIn0%3D\" href='https:\/\/www.alusolar.com.tn\/wp-content\/uploads\/2024\/01\/pergolabio08-1.jpg'><img loading=\"lazy\" decoding=\"async\" width=\"600\" height=\"768\" src=\"https:\/\/www.alusolar.com.tn\/wp-content\/uploads\/2024\/01\/pergolabio08-1-600x768.jpg\" class=\"attachment-medium_large size-medium_large\" alt=\"Pergola bioclimatique r\u00e9tractable\" \/><\/a>\n\t\t\t<\/div><\/figure><figure class='gallery-item'>\n\t\t\t<div class='gallery-icon portrait'>\n\t\t\t\t<a data-elementor-open-lightbox=\"yes\" data-elementor-lightbox-slideshow=\"a2fcfae\" data-elementor-lightbox-title=\"Pergola bioclimatique r\u00e9tractable\" data-e-action-hash=\"#elementor-action%3Aaction%3Dlightbox%26settings%3DeyJpZCI6MTQyMSwidXJsIjoiaHR0cHM6XC9cL3d3dy5hbHVzb2xhci5jb20udG5cL3dwLWNvbnRlbnRcL3VwbG9hZHNcLzIwMjRcLzAxXC9wZXJnb2xhX2Jpb2NsaW1hdGljYV93aW5kX3NjcmVlbl9zYXh1bl9ib2FkaWxsYV82XzEuanBnIiwic2xpZGVzaG93IjoiYTJmY2ZhZSJ9\" href='https:\/\/www.alusolar.com.tn\/wp-content\/uploads\/2024\/01\/pergola_bioclimatica_wind_screen_saxun_boadilla_6_1.jpg'><img loading=\"lazy\" decoding=\"async\" width=\"600\" height=\"768\" src=\"https:\/\/www.alusolar.com.tn\/wp-content\/uploads\/2024\/01\/pergola_bioclimatica_wind_screen_saxun_boadilla_6_1-600x768.jpg\" class=\"attachment-medium_large size-medium_large\" alt=\"Pergola bioclimatique r\u00e9tractable\" \/><\/a>\n\t\t\t<\/div><\/figure><figure class='gallery-item'>\n\t\t\t<div class='gallery-icon portrait'>\n\t\t\t\t<a data-elementor-open-lightbox=\"yes\" data-elementor-lightbox-slideshow=\"a2fcfae\" data-elementor-lightbox-title=\"Pergola bioclimatique r\u00e9tractable\" data-e-action-hash=\"#elementor-action%3Aaction%3Dlightbox%26settings%3DeyJpZCI6MTQyMiwidXJsIjoiaHR0cHM6XC9cL3d3dy5hbHVzb2xhci5jb20udG5cL3dwLWNvbnRlbnRcL3VwbG9hZHNcLzIwMjRcLzAxXC9wZXJnb2xhLTEuanBnIiwic2xpZGVzaG93IjoiYTJmY2ZhZSJ9\" href='https:\/\/www.alusolar.com.tn\/wp-content\/uploads\/2024\/01\/pergola-1.jpg'><img loading=\"lazy\" decoding=\"async\" width=\"600\" height=\"768\" src=\"https:\/\/www.alusolar.com.tn\/wp-content\/uploads\/2024\/01\/pergola-1-600x768.jpg\" class=\"attachment-medium_large size-medium_large\" alt=\"Pergola bioclimatique r\u00e9tractable\" \/><\/a>\n\t\t\t<\/div><\/figure><figure class='gallery-item'>\n\t\t\t<div class='gallery-icon portrait'>\n\t\t\t\t<a data-elementor-open-lightbox=\"yes\" data-elementor-lightbox-slideshow=\"a2fcfae\" data-elementor-lightbox-title=\"Pergola bioclimatique r\u00e9tractable\" data-e-action-hash=\"#elementor-action%3Aaction%3Dlightbox%26settings%3DeyJpZCI6MTQyNSwidXJsIjoiaHR0cHM6XC9cL3d3dy5hbHVzb2xhci5jb20udG5cL3dwLWNvbnRlbnRcL3VwbG9hZHNcLzIwMjRcLzAxXC9tZW51aXNlcmllLXBlcmdvbGFzLWF1Y2gtMS5qcGciLCJzbGlkZXNob3ciOiJhMmZjZmFlIn0%3D\" href='https:\/\/www.alusolar.com.tn\/wp-content\/uploads\/2024\/01\/menuiserie-pergolas-auch-1.jpg'><img loading=\"lazy\" decoding=\"async\" width=\"600\" height=\"768\" src=\"https:\/\/www.alusolar.com.tn\/wp-content\/uploads\/2024\/01\/menuiserie-pergolas-auch-1-600x768.jpg\" class=\"attachment-medium_large size-medium_large\" alt=\"Pergola bioclimatique r\u00e9tractable\" \/><\/a>\n\t\t\t<\/div><\/figure><figure class='gallery-item'>\n\t\t\t<div class='gallery-icon portrait'>\n\t\t\t\t<a data-elementor-open-lightbox=\"yes\" data-elementor-lightbox-slideshow=\"a2fcfae\" data-elementor-lightbox-title=\"Pergola bioclimatique r\u00e9tractable\" data-e-action-hash=\"#elementor-action%3Aaction%3Dlightbox%26settings%3DeyJpZCI6MTQyNiwidXJsIjoiaHR0cHM6XC9cL3d3dy5hbHVzb2xhci5jb20udG5cL3dwLWNvbnRlbnRcL3VwbG9hZHNcLzIwMjRcLzAxXC9DSF9CdWxsZV8wOS0yMF8wMzRfcmVkaW1lbnNpb25uZXIuanBnIiwic2xpZGVzaG93IjoiYTJmY2ZhZSJ9\" href='https:\/\/www.alusolar.com.tn\/wp-content\/uploads\/2024\/01\/CH_Bulle_09-20_034_redimensionner.jpg'><img loading=\"lazy\" decoding=\"async\" width=\"600\" height=\"768\" src=\"https:\/\/www.alusolar.com.tn\/wp-content\/uploads\/2024\/01\/CH_Bulle_09-20_034_redimensionner-600x768.jpg\" class=\"attachment-medium_large size-medium_large\" alt=\"Pergola bioclimatique r\u00e9tractable\" \/><\/a>\n\t\t\t<\/div><\/figure><figure class='gallery-item'>\n\t\t\t<div class='gallery-icon portrait'>\n\t\t\t\t<a data-elementor-open-lightbox=\"yes\" data-elementor-lightbox-slideshow=\"a2fcfae\" data-elementor-lightbox-title=\"Pergola bioclimatique r\u00e9tractable\" data-e-action-hash=\"#elementor-action%3Aaction%3Dlightbox%26settings%3DeyJpZCI6MTQyNywidXJsIjoiaHR0cHM6XC9cL3d3dy5hbHVzb2xhci5jb20udG5cL3dwLWNvbnRlbnRcL3VwbG9hZHNcLzIwMjRcLzAxXC82OV9DaGFwb25vc3RfLV8wNl8yMF8zNF9yZWRpbWVuc2lvbm5lci5qcGciLCJzbGlkZXNob3ciOiJhMmZjZmFlIn0%3D\" href='https:\/\/www.alusolar.com.tn\/wp-content\/uploads\/2024\/01\/69_Chaponost_-_06_20_34_redimensionner.jpg'><img loading=\"lazy\" decoding=\"async\" width=\"600\" height=\"768\" src=\"https:\/\/www.alusolar.com.tn\/wp-content\/uploads\/2024\/01\/69_Chaponost_-_06_20_34_redimensionner-600x768.jpg\" class=\"attachment-medium_large size-medium_large\" alt=\"Pergola bioclimatique r\u00e9tractable\" \/><\/a>\n\t\t\t<\/div><\/figure><figure class='gallery-item'>\n\t\t\t<div class='gallery-icon portrait'>\n\t\t\t\t<a data-elementor-open-lightbox=\"yes\" data-elementor-lightbox-slideshow=\"a2fcfae\" data-elementor-lightbox-title=\"Pergola bioclimatique r\u00e9tractable\" data-e-action-hash=\"#elementor-action%3Aaction%3Dlightbox%26settings%3DeyJpZCI6MTQyOCwidXJsIjoiaHR0cHM6XC9cL3d3dy5hbHVzb2xhci5jb20udG5cL3dwLWNvbnRlbnRcL3VwbG9hZHNcLzIwMjRcLzAxXC8yMDIxXzA3X1BJQ09ULTIuanBnIiwic2xpZGVzaG93IjoiYTJmY2ZhZSJ9\" href='https:\/\/www.alusolar.com.tn\/wp-content\/uploads\/2024\/01\/2021_07_PICOT-2.jpg'><img loading=\"lazy\" decoding=\"async\" width=\"600\" height=\"768\" src=\"https:\/\/www.alusolar.com.tn\/wp-content\/uploads\/2024\/01\/2021_07_PICOT-2-600x768.jpg\" class=\"attachment-medium_large size-medium_large\" alt=\"Pergola bioclimatique r\u00e9tractable\" \/><\/a>\n\t\t\t<\/div><\/figure>\n\t\t<\/div>\n\t\t<\/div>\n\t\t\t\t<\/div>\n\t\t\t\t<\/div>\n\t\t\t\t\t<\/div>\n\t\t<\/div>\n\t\t\t\t\t\t\t<\/div>\n\t\t<\/section>\n\t\t\t\t\t\t\t<\/div>\n\t\t","protected":false},"excerpt":{"rendered":"<p>Produit Pergola Bioclimatique La Pergola bioclimatique est un mod\u00e8le exceptionnel gr\u00e2ce aux lames orientables qui vous permettent de r\u00e9guler la luminosit\u00e9 et la chaleur.Les lames de la pergola bioclimatique se ferment en cas de pluie ou de vent fort pour vous b\u00e9n\u00e9ficier de rester\u00a0au\u00a0confort. Fiche Technique Disponibilit\u00e9 \u25cf Protection solaire \u25cf Evacuation des eaux \u25cf [&hellip;]<\/p>\n","protected":false},"featured_media":8316,"menu_order":7,"template":"elementor_header_footer","meta":{"footnotes":""},"portfolio-cat":[22],"portfolio-tag":[5],"portfolio-filter":[6],"class_list":["post-1396","portfolio","type-portfolio","status-publish","has-post-thumbnail","hentry","portfolio-cat-pergola","portfolio-tag-uncategorized","portfolio-filter-uncategorized"],"yoast_head":"<!-- This site is optimized with the Yoast SEO plugin v21.9.1 - https:\/\/yoast.com\/wordpress\/plugins\/seo\/ -->\n<title>Pergola Bioclimatique | Alu Solar Tunisie<\/title>\n<meta name=\"description\" content=\"ProduitPergola Bioclimatique La Pergola bioclimatique est un mod\u00e8le exceptionnel gr\u00e2ce aux lames orientables qui vous permettent de r\u00e9guler la luminosit\u00e9\" \/>\n<meta name=\"robots\" content=\"index, follow, max-snippet:-1, max-image-preview:large, max-video-preview:-1\" \/>\n<link rel=\"canonical\" href=\"https:\/\/www.alusolar.com.tn\/fr\/portfolio\/pergola-bioclimatique\/\" \/>\n<meta property=\"og:locale\" content=\"fr_FR\" \/>\n<meta property=\"og:type\" content=\"article\" \/>\n<meta property=\"og:title\" content=\"Pergola Bioclimatique | Alu Solar Tunisie\" \/>\n<meta property=\"og:description\" content=\"ProduitPergola Bioclimatique La Pergola bioclimatique est un mod\u00e8le exceptionnel gr\u00e2ce aux lames orientables qui vous permettent de r\u00e9guler la luminosit\u00e9\" \/>\n<meta property=\"og:url\" content=\"https:\/\/www.alusolar.com.tn\/fr\/portfolio\/pergola-bioclimatique\/\" \/>\n<meta property=\"og:site_name\" content=\"Alu Solar Tunisie\" \/>\n<meta property=\"article:modified_time\" content=\"2025-07-03T10:33:22+00:00\" \/>\n<meta property=\"og:image\" content=\"https:\/\/www.alusolar.com.tn\/wp-content\/uploads\/2024\/01\/Pergola-biocliamtique-Tarbes-3.jpg\" \/>\n\t<meta property=\"og:image:width\" content=\"600\" \/>\n\t<meta property=\"og:image:height\" content=\"800\" \/>\n\t<meta property=\"og:image:type\" content=\"image\/jpeg\" \/>\n<meta name=\"twitter:card\" content=\"summary_large_image\" \/>\n<meta name=\"twitter:label1\" content=\"Dur\u00e9e de lecture estim\u00e9e\" \/>\n\t<meta name=\"twitter:data1\" content=\"6 minutes\" \/>\n<script type=\"application\/ld+json\" class=\"yoast-schema-graph\">{\"@context\":\"https:\/\/schema.org\",\"@graph\":[{\"@type\":\"WebPage\",\"@id\":\"https:\/\/www.alusolar.com.tn\/fr\/portfolio\/pergola-bioclimatique\/\",\"url\":\"https:\/\/www.alusolar.com.tn\/fr\/portfolio\/pergola-bioclimatique\/\",\"name\":\"Pergola Bioclimatique | Alu Solar Tunisie\",\"isPartOf\":{\"@id\":\"https:\/\/www.alusolar.com.tn\/ar\/#website\"},\"datePublished\":\"2024-01-10T10:19:44+00:00\",\"dateModified\":\"2025-07-03T10:33:22+00:00\",\"description\":\"ProduitPergola Bioclimatique La Pergola bioclimatique est un mod\u00e8le exceptionnel gr\u00e2ce aux lames orientables qui vous permettent de r\u00e9guler la luminosit\u00e9\",\"breadcrumb\":{\"@id\":\"https:\/\/www.alusolar.com.tn\/fr\/portfolio\/pergola-bioclimatique\/#breadcrumb\"},\"inLanguage\":\"fr-FR\",\"potentialAction\":[{\"@type\":\"ReadAction\",\"target\":[\"https:\/\/www.alusolar.com.tn\/fr\/portfolio\/pergola-bioclimatique\/\"]}]},{\"@type\":\"BreadcrumbList\",\"@id\":\"https:\/\/www.alusolar.com.tn\/fr\/portfolio\/pergola-bioclimatique\/#breadcrumb\",\"itemListElement\":[{\"@type\":\"ListItem\",\"position\":1,\"name\":\"Accueil\",\"item\":\"https:\/\/www.alusolar.com.tn\/\"},{\"@type\":\"ListItem\",\"position\":2,\"name\":\"Portfolios\",\"item\":\"https:\/\/www.alusolar.com.tn\/portfolio\/all\/\"},{\"@type\":\"ListItem\",\"position\":3,\"name\":\"Pergola Bioclimatique\"}]},{\"@type\":\"WebSite\",\"@id\":\"https:\/\/www.alusolar.com.tn\/ar\/#website\",\"url\":\"https:\/\/www.alusolar.com.tn\/ar\/\",\"name\":\"Alu Solar Tunisie\",\"description\":\"Cr\u00e9ateur de luxe\",\"publisher\":{\"@id\":\"https:\/\/www.alusolar.com.tn\/ar\/#organization\"},\"potentialAction\":[{\"@type\":\"SearchAction\",\"target\":{\"@type\":\"EntryPoint\",\"urlTemplate\":\"https:\/\/www.alusolar.com.tn\/ar\/?s={search_term_string}\"},\"query-input\":\"required name=search_term_string\"}],\"inLanguage\":\"fr-FR\"},{\"@type\":\"Organization\",\"@id\":\"https:\/\/www.alusolar.com.tn\/ar\/#organization\",\"name\":\"Alu Solar Tunisie\",\"url\":\"https:\/\/www.alusolar.com.tn\/ar\/\",\"logo\":{\"@type\":\"ImageObject\",\"inLanguage\":\"fr-FR\",\"@id\":\"https:\/\/www.alusolar.com.tn\/ar\/#\/schema\/logo\/image\/\",\"url\":\"https:\/\/www.alusolar.com.tn\/wp-content\/uploads\/2023\/12\/solar-svvg-01.svg\",\"contentUrl\":\"https:\/\/www.alusolar.com.tn\/wp-content\/uploads\/2023\/12\/solar-svvg-01.svg\",\"width\":232,\"height\":124,\"caption\":\"Alu Solar Tunisie\"},\"image\":{\"@id\":\"https:\/\/www.alusolar.com.tn\/ar\/#\/schema\/logo\/image\/\"}}]}<\/script>\n<!-- \/ Yoast SEO plugin. -->","yoast_head_json":{"title":"Pergola Bioclimatique | Alu Solar Tunisie","description":"ProduitPergola Bioclimatique La Pergola bioclimatique est un mod\u00e8le exceptionnel gr\u00e2ce aux lames orientables qui vous permettent de r\u00e9guler la luminosit\u00e9","robots":{"index":"index","follow":"follow","max-snippet":"max-snippet:-1","max-image-preview":"max-image-preview:large","max-video-preview":"max-video-preview:-1"},"canonical":"https:\/\/www.alusolar.com.tn\/fr\/portfolio\/pergola-bioclimatique\/","og_locale":"fr_FR","og_type":"article","og_title":"Pergola Bioclimatique | Alu Solar Tunisie","og_description":"ProduitPergola Bioclimatique La Pergola bioclimatique est un mod\u00e8le exceptionnel gr\u00e2ce aux lames orientables qui vous permettent de r\u00e9guler la luminosit\u00e9","og_url":"https:\/\/www.alusolar.com.tn\/fr\/portfolio\/pergola-bioclimatique\/","og_site_name":"Alu Solar Tunisie","article_modified_time":"2025-07-03T10:33:22+00:00","og_image":[{"width":600,"height":800,"url":"https:\/\/www.alusolar.com.tn\/wp-content\/uploads\/2024\/01\/Pergola-biocliamtique-Tarbes-3.jpg","type":"image\/jpeg"}],"twitter_card":"summary_large_image","twitter_misc":{"Dur\u00e9e de lecture estim\u00e9e":"6 minutes"},"schema":{"@context":"https:\/\/schema.org","@graph":[{"@type":"WebPage","@id":"https:\/\/www.alusolar.com.tn\/fr\/portfolio\/pergola-bioclimatique\/","url":"https:\/\/www.alusolar.com.tn\/fr\/portfolio\/pergola-bioclimatique\/","name":"Pergola Bioclimatique | Alu Solar Tunisie","isPartOf":{"@id":"https:\/\/www.alusolar.com.tn\/ar\/#website"},"datePublished":"2024-01-10T10:19:44+00:00","dateModified":"2025-07-03T10:33:22+00:00","description":"ProduitPergola Bioclimatique La Pergola bioclimatique est un mod\u00e8le exceptionnel gr\u00e2ce aux lames orientables qui vous permettent de r\u00e9guler la luminosit\u00e9","breadcrumb":{"@id":"https:\/\/www.alusolar.com.tn\/fr\/portfolio\/pergola-bioclimatique\/#breadcrumb"},"inLanguage":"fr-FR","potentialAction":[{"@type":"ReadAction","target":["https:\/\/www.alusolar.com.tn\/fr\/portfolio\/pergola-bioclimatique\/"]}]},{"@type":"BreadcrumbList","@id":"https:\/\/www.alusolar.com.tn\/fr\/portfolio\/pergola-bioclimatique\/#breadcrumb","itemListElement":[{"@type":"ListItem","position":1,"name":"Accueil","item":"https:\/\/www.alusolar.com.tn\/"},{"@type":"ListItem","position":2,"name":"Portfolios","item":"https:\/\/www.alusolar.com.tn\/portfolio\/all\/"},{"@type":"ListItem","position":3,"name":"Pergola Bioclimatique"}]},{"@type":"WebSite","@id":"https:\/\/www.alusolar.com.tn\/ar\/#website","url":"https:\/\/www.alusolar.com.tn\/ar\/","name":"Alu Solar Tunisie","description":"Cr\u00e9ateur de luxe","publisher":{"@id":"https:\/\/www.alusolar.com.tn\/ar\/#organization"},"potentialAction":[{"@type":"SearchAction","target":{"@type":"EntryPoint","urlTemplate":"https:\/\/www.alusolar.com.tn\/ar\/?s={search_term_string}"},"query-input":"required name=search_term_string"}],"inLanguage":"fr-FR"},{"@type":"Organization","@id":"https:\/\/www.alusolar.com.tn\/ar\/#organization","name":"Alu Solar Tunisie","url":"https:\/\/www.alusolar.com.tn\/ar\/","logo":{"@type":"ImageObject","inLanguage":"fr-FR","@id":"https:\/\/www.alusolar.com.tn\/ar\/#\/schema\/logo\/image\/","url":"https:\/\/www.alusolar.com.tn\/wp-content\/uploads\/2023\/12\/solar-svvg-01.svg","contentUrl":"https:\/\/www.alusolar.com.tn\/wp-content\/uploads\/2023\/12\/solar-svvg-01.svg","width":232,"height":124,"caption":"Alu Solar Tunisie"},"image":{"@id":"https:\/\/www.alusolar.com.tn\/ar\/#\/schema\/logo\/image\/"}}]}},"_links":{"self":[{"href":"https:\/\/www.alusolar.com.tn\/fr\/wp-json\/wp\/v2\/portfolio\/1396","targetHints":{"allow":["GET"]}}],"collection":[{"href":"https:\/\/www.alusolar.com.tn\/fr\/wp-json\/wp\/v2\/portfolio"}],"about":[{"href":"https:\/\/www.alusolar.com.tn\/fr\/wp-json\/wp\/v2\/types\/portfolio"}],"version-history":[{"count":36,"href":"https:\/\/www.alusolar.com.tn\/fr\/wp-json\/wp\/v2\/portfolio\/1396\/revisions"}],"predecessor-version":[{"id":8330,"href":"https:\/\/www.alusolar.com.tn\/fr\/wp-json\/wp\/v2\/portfolio\/1396\/revisions\/8330"}],"wp:featuredmedia":[{"embeddable":true,"href":"https:\/\/www.alusolar.com.tn\/fr\/wp-json\/wp\/v2\/media\/8316"}],"wp:attachment":[{"href":"https:\/\/www.alusolar.com.tn\/fr\/wp-json\/wp\/v2\/media?parent=1396"}],"wp:term":[{"taxonomy":"portfolio-cat","embeddable":true,"href":"https:\/\/www.alusolar.com.tn\/fr\/wp-json\/wp\/v2\/portfolio-cat?post=1396"},{"taxonomy":"portfolio-tag","embeddable":true,"href":"https:\/\/www.alusolar.com.tn\/fr\/wp-json\/wp\/v2\/portfolio-tag?post=1396"},{"taxonomy":"portfolio-filter","embeddable":true,"href":"https:\/\/www.alusolar.com.tn\/fr\/wp-json\/wp\/v2\/portfolio-filter?post=1396"}],"curies":[{"name":"wp","href":"https:\/\/api.w.org\/{rel}","templated":true}]}}