{"id":1441,"date":"2024-01-10T11:37:15","date_gmt":"2024-01-10T10:37:15","guid":{"rendered":"https:\/\/www.alusolar.com.tn\/?post_type=portfolio&#038;p=1441"},"modified":"2025-06-04T17:11:45","modified_gmt":"2025-06-04T15:11:45","slug":"cloison-vitre-fixe","status":"publish","type":"portfolio","link":"https:\/\/www.alusolar.com.tn\/fr\/portfolio\/cloison-vitre-fixe\/","title":{"rendered":"Cloison Vitr\u00e9e Fixe"},"content":{"rendered":"\t\t<div data-elementor-type=\"wp-post\" data-elementor-id=\"1441\" class=\"elementor elementor-1441\">\n\t\t\t\t\t\t\t\t\t<section class=\"elementor-section elementor-top-section elementor-element elementor-element-b96e2c6 elementor-section-full_width elementor-section-height-default elementor-section-height-default wpr-particle-no wpr-jarallax-no wpr-parallax-no wpr-sticky-section-no\" data-id=\"b96e2c6\" data-element_type=\"section\">\n\t\t\t\t\t\t<div class=\"elementor-container elementor-column-gap-no\">\n\t\t\t\t\t<div class=\"aux-parallax-section elementor-column elementor-col-100 elementor-top-column elementor-element elementor-element-965185f\" data-id=\"965185f\" data-element_type=\"column\">\n\t\t\t<div class=\"elementor-widget-wrap elementor-element-populated\">\n\t\t\t\t\t\t\t\t<div class=\"elementor-element elementor-element-122b247 aux-shpe-type-rectangle elementor-widget__width-auto aux-appear-watch-animation aux-fade-in-right-2 elementor-widget elementor-widget-aux_simple_shape\" data-id=\"122b247\" data-element_type=\"widget\" data-widget_type=\"aux_simple_shape.default\">\n\t\t\t\t<div class=\"elementor-widget-container\">\n\t\t\t    <div class=\"aux-widget-container aux-simple-shape-container\">\n        <div class=\"aux-widget-container-inner\">\n            <div class=\"aux-the-shape\"><\/div>\n        <\/div>\n    <\/div>\n    \t\t<\/div>\n\t\t\t\t<\/div>\n\t\t\t\t<div class=\"elementor-element elementor-element-c6e00e8 aux-shpe-type-rectangle elementor-widget__width-auto aux-appear-watch-animation aux-fade-in-left-2 elementor-widget elementor-widget-aux_simple_shape\" data-id=\"c6e00e8\" data-element_type=\"widget\" data-widget_type=\"aux_simple_shape.default\">\n\t\t\t\t<div class=\"elementor-widget-container\">\n\t\t\t    <div class=\"aux-widget-container aux-simple-shape-container\">\n        <div class=\"aux-widget-container-inner\">\n            <div class=\"aux-the-shape\"><\/div>\n        <\/div>\n    <\/div>\n    \t\t<\/div>\n\t\t\t\t<\/div>\n\t\t\t\t<section class=\"elementor-section elementor-inner-section elementor-element elementor-element-b9269cd elementor-section-content-middle elementor-reverse-mobile elementor-section-boxed elementor-section-height-default elementor-section-height-default wpr-particle-no wpr-jarallax-no wpr-parallax-no wpr-sticky-section-no\" data-id=\"b9269cd\" data-element_type=\"section\">\n\t\t\t\t\t\t<div class=\"elementor-container elementor-column-gap-no\">\n\t\t\t\t\t<div class=\"aux-parallax-section elementor-column elementor-col-50 elementor-inner-column elementor-element elementor-element-a471ebb\" data-id=\"a471ebb\" data-element_type=\"column\">\n\t\t\t<div class=\"elementor-widget-wrap elementor-element-populated\">\n\t\t\t\t\t\t\t\t<div class=\"elementor-element elementor-element-b9bc254 aux-appear-watch-animation aux-fade-in-up-1 elementor-widget elementor-widget-aux_modern_heading\" data-id=\"b9bc254\" data-element_type=\"widget\" data-widget_type=\"aux_modern_heading.default\">\n\t\t\t\t<div class=\"elementor-widget-container\">\n\t\t\t<section class=\"aux-widget-modern-heading\">\n            <div class=\"aux-widget-inner\"><h5 class=\"aux-modern-heading-primary\">Produit<\/h5><h3 class=\"aux-modern-heading-secondary\"><span class=\"aux-head-before\">Cloison <\/span><span class=\"aux-head-highlight\">vitr\u00e9e fixe<\/span><\/h3><div class=\"aux-modern-heading-divider\"><\/div><div class=\"aux-modern-heading-description\"><p style=\"text-align: justify\">Pour une solution esth\u00e9tique et pratique, les cloisons et les s\u00e9parations vitr\u00e9es s'imposent toujours pour un espace int\u00e9rieur lumineux et spacieux. Cette conception vous donne une sensation de grandeur d'espace.<br \/>La solution des s\u00e9parations en cloisons vitr\u00e9es vous garantit le volet s\u00e9curit\u00e9 et aussi le cot\u00e9 intimit\u00e9.<\/p><\/div><\/div>\n        <\/section>\t\t<\/div>\n\t\t\t\t<\/div>\n\t\t\t\t<div class=\"elementor-element elementor-element-d501939 elementor-widget elementor-widget-heading\" data-id=\"d501939\" data-element_type=\"widget\" data-widget_type=\"heading.default\">\n\t\t\t\t<div class=\"elementor-widget-container\">\n\t\t\t<h4 class=\"elementor-heading-title elementor-size-default\">Fiche Technique <\/h4>\t\t<\/div>\n\t\t\t\t<\/div>\n\t\t\t\t<div class=\"elementor-element elementor-element-f5b1113 elementor-widget elementor-widget-text-editor\" data-id=\"f5b1113\" data-element_type=\"widget\" data-widget_type=\"text-editor.default\">\n\t\t\t\t<div class=\"elementor-widget-container\">\n\t\t\t\t\t\t\t<table width=\"567\"><tbody><tr><td width=\"264\">Disponibilit\u00e9<\/td><td width=\"303\">\u25cf<\/td><\/tr><tr><td>Couleur<\/td><td>Au choix<\/td><\/tr><tr><td>Mati\u00e8re de structure<\/td><td>Aluminium<\/td><\/tr><tr><td>Resistance chaud &#8211; froid<\/td><td>\u25cf<\/td><\/tr><tr><td>Resistance \u00e0 l&rsquo;humidit\u00e9<\/td><td>\u25cf<\/td><\/tr><tr><td><p>Resistance aux\u00a0conditions climatiques extr\u00eames<\/p><\/td><td>\u25cf<\/td><\/tr><tr><td>Etanch\u00e9it\u00e9\u00a0<\/td><td>\u25cf<\/td><\/tr><tr><td>Verre Securit<\/td><td>Au choix<\/td><\/tr><tr><td>Ouverture \u00e0 la fran\u00e7aise<\/td><td>\u25cf<\/td><\/tr><tr><td>Ouverture coulissante<\/td><td>\u25cf<\/td><\/tr><tr><td>Garantie\u00a0<\/td><td>\u25cf<\/td><\/tr><\/tbody><\/table>\t\t\t\t\t\t<\/div>\n\t\t\t\t<\/div>\n\t\t\t\t<div class=\"elementor-element elementor-element-976b436 elementor-widget elementor-widget-text-editor\" data-id=\"976b436\" data-element_type=\"widget\" data-widget_type=\"text-editor.default\">\n\t\t\t\t<div class=\"elementor-widget-container\">\n\t\t\t\t\t\t\t\t\t\t\t\t\t<\/div>\n\t\t\t\t<\/div>\n\t\t\t\t\t<\/div>\n\t\t<\/div>\n\t\t\t\t<div class=\"aux-parallax-section elementor-column elementor-col-50 elementor-inner-column elementor-element elementor-element-625a8e0\" data-id=\"625a8e0\" data-element_type=\"column\">\n\t\t\t<div class=\"elementor-widget-wrap elementor-element-populated\">\n\t\t\t\t\t\t\t\t<div class=\"elementor-element elementor-element-6392212 aux-appear-watch-animation aux-mask-from-left elementor-widget elementor-widget-aux_image\" data-id=\"6392212\" data-element_type=\"widget\" data-widget_type=\"aux_image.default\">\n\t\t\t\t<div class=\"elementor-widget-container\">\n\t\t\t<section class=\"widget-container aux-widget-image aux-alignnone aux-parent-au75be9f99\">\n    <div class=\"aux-media-hint-frame \">\n        <div class=\"aux-media-image \" >\n        \n            \n\n            \n            <img fetchpriority=\"high\" decoding=\"async\" width=\"600\" height=\"800\" src=\"https:\/\/www.alusolar.com.tn\/wp-content\/uploads\/2024\/01\/cloison_vitree_bord_a_bord_gamme_classic-600x800.jpg\" class=\"aux-attachment aux-featured-image aux-attachment-id-1442\" alt=\"Cloison Vitr\u00e9 Fixe\" srcset=\"https:\/\/www.alusolar.com.tn\/wp-content\/uploads\/2024\/01\/cloison_vitree_bord_a_bord_gamme_classic-150x200.jpg 150w,https:\/\/www.alusolar.com.tn\/wp-content\/uploads\/2024\/01\/cloison_vitree_bord_a_bord_gamme_classic-300x400.jpg 300w,https:\/\/www.alusolar.com.tn\/wp-content\/uploads\/2024\/01\/cloison_vitree_bord_a_bord_gamme_classic-600x800.jpg 600w\" data-ratio=\"0.75\" data-original-w=\"600\" sizes=\"(max-width:479px) 480px,(max-width:767px) 768px,(max-width:1023px) 1024px,600px\" \/>            \n                <\/div>\n    <\/div>\n\n<\/section><!-- widget-container -->\t\t<\/div>\n\t\t\t\t<\/div>\n\t\t\t\t\t<\/div>\n\t\t<\/div>\n\t\t\t\t\t\t\t<\/div>\n\t\t<\/section>\n\t\t\t\t\t<\/div>\n\t\t<\/div>\n\t\t\t\t\t\t\t<\/div>\n\t\t<\/section>\n\t\t\t\t<section class=\"elementor-section elementor-top-section elementor-element elementor-element-d2b6c97 elementor-section-boxed elementor-section-height-default elementor-section-height-default wpr-particle-no wpr-jarallax-no wpr-parallax-no wpr-sticky-section-no\" data-id=\"d2b6c97\" data-element_type=\"section\">\n\t\t\t\t\t\t<div class=\"elementor-container elementor-column-gap-default\">\n\t\t\t\t\t<div class=\"aux-parallax-section elementor-column elementor-col-100 elementor-top-column elementor-element elementor-element-2262adf\" data-id=\"2262adf\" data-element_type=\"column\">\n\t\t\t<div class=\"elementor-widget-wrap elementor-element-populated\">\n\t\t\t\t\t\t\t\t<div class=\"elementor-element elementor-element-4bbee57 gallery-spacing-custom elementor-widget__width-initial elementor-widget elementor-widget-image-gallery\" data-id=\"4bbee57\" data-element_type=\"widget\" data-widget_type=\"image-gallery.default\">\n\t\t\t\t<div class=\"elementor-widget-container\">\n\t\t\t\t\t<div class=\"elementor-image-gallery\">\n\t\t\t<div id='gallery-1' class='gallery galleryid-1441 gallery-columns-3 gallery-size-1536x1536'><figure class='gallery-item'>\n\t\t\t<div class='gallery-icon portrait'>\n\t\t\t\t<a data-elementor-open-lightbox=\"yes\" data-elementor-lightbox-slideshow=\"4bbee57\" data-elementor-lightbox-title=\"Cloison Vitr\u00e9 Fixe\" data-e-action-hash=\"#elementor-action%3Aaction%3Dlightbox%26settings%3DeyJpZCI6MTQ1NSwidXJsIjoiaHR0cHM6XC9cL3d3dy5hbHVzb2xhci5jb20udG5cL3dwLWNvbnRlbnRcL3VwbG9hZHNcLzIwMjRcLzAxXC8xNDc3NTAtOTc4MDc2NC5qcGciLCJzbGlkZXNob3ciOiI0YmJlZTU3In0%3D\" href='https:\/\/www.alusolar.com.tn\/wp-content\/uploads\/2024\/01\/147750-9780764.jpg'><img decoding=\"async\" width=\"600\" height=\"800\" src=\"https:\/\/www.alusolar.com.tn\/wp-content\/uploads\/2024\/01\/147750-9780764.jpg\" class=\"attachment-1536x1536 size-1536x1536\" alt=\"Cloison Vitr\u00e9 Fixe\" srcset=\"https:\/\/www.alusolar.com.tn\/wp-content\/uploads\/2024\/01\/147750-9780764.jpg 600w, https:\/\/www.alusolar.com.tn\/wp-content\/uploads\/2024\/01\/147750-9780764-200x267.jpg 200w\" sizes=\"(max-width: 600px) 100vw, 600px\" \/><\/a>\n\t\t\t<\/div><\/figure><figure class='gallery-item'>\n\t\t\t<div class='gallery-icon portrait'>\n\t\t\t\t<a data-elementor-open-lightbox=\"yes\" data-elementor-lightbox-slideshow=\"4bbee57\" data-elementor-lightbox-title=\"Cloison Vitr\u00e9 Fixe\" data-e-action-hash=\"#elementor-action%3Aaction%3Dlightbox%26settings%3DeyJpZCI6MTQ0OSwidXJsIjoiaHR0cHM6XC9cL3d3dy5hbHVzb2xhci5jb20udG5cL3dwLWNvbnRlbnRcL3VwbG9hZHNcLzIwMjRcLzAxXC9jbG9pc29uLXZpdHJlZS1hbGxlZ2UtcGxlaW5lLmpwZyIsInNsaWRlc2hvdyI6IjRiYmVlNTcifQ%3D%3D\" href='https:\/\/www.alusolar.com.tn\/wp-content\/uploads\/2024\/01\/cloison-vitree-allege-pleine.jpg'><img decoding=\"async\" width=\"600\" height=\"800\" src=\"https:\/\/www.alusolar.com.tn\/wp-content\/uploads\/2024\/01\/cloison-vitree-allege-pleine.jpg\" class=\"attachment-1536x1536 size-1536x1536\" alt=\"Cloison Vitr\u00e9 Fixe\" srcset=\"https:\/\/www.alusolar.com.tn\/wp-content\/uploads\/2024\/01\/cloison-vitree-allege-pleine.jpg 600w, https:\/\/www.alusolar.com.tn\/wp-content\/uploads\/2024\/01\/cloison-vitree-allege-pleine-200x267.jpg 200w\" sizes=\"(max-width: 600px) 100vw, 600px\" \/><\/a>\n\t\t\t<\/div><\/figure><figure class='gallery-item'>\n\t\t\t<div class='gallery-icon portrait'>\n\t\t\t\t<a data-elementor-open-lightbox=\"yes\" data-elementor-lightbox-slideshow=\"4bbee57\" data-elementor-lightbox-title=\"Cloison Vitr\u00e9 Fixe\" data-e-action-hash=\"#elementor-action%3Aaction%3Dlightbox%26settings%3DeyJpZCI6MTQ1MCwidXJsIjoiaHR0cHM6XC9cL3d3dy5hbHVzb2xhci5jb20udG5cL3dwLWNvbnRlbnRcL3VwbG9hZHNcLzIwMjRcLzAxXC9DbG9pc29uLXZpdHJlZS1hbHUtbm9pci1wb3J0ZS1jbGFyaXQtRXNwYWNlLWNsb2lzb25zLWFsdS01LmpwZyIsInNsaWRlc2hvdyI6IjRiYmVlNTcifQ%3D%3D\" href='https:\/\/www.alusolar.com.tn\/wp-content\/uploads\/2024\/01\/Cloison-vitree-alu-noir-porte-clarit-Espace-cloisons-alu-5.jpg'><img loading=\"lazy\" decoding=\"async\" width=\"600\" height=\"800\" src=\"https:\/\/www.alusolar.com.tn\/wp-content\/uploads\/2024\/01\/Cloison-vitree-alu-noir-porte-clarit-Espace-cloisons-alu-5.jpg\" class=\"attachment-1536x1536 size-1536x1536\" alt=\"Cloison Vitr\u00e9 Fixe\" srcset=\"https:\/\/www.alusolar.com.tn\/wp-content\/uploads\/2024\/01\/Cloison-vitree-alu-noir-porte-clarit-Espace-cloisons-alu-5.jpg 600w, https:\/\/www.alusolar.com.tn\/wp-content\/uploads\/2024\/01\/Cloison-vitree-alu-noir-porte-clarit-Espace-cloisons-alu-5-200x267.jpg 200w\" sizes=\"(max-width: 600px) 100vw, 600px\" \/><\/a>\n\t\t\t<\/div><\/figure><figure class='gallery-item'>\n\t\t\t<div class='gallery-icon portrait'>\n\t\t\t\t<a data-elementor-open-lightbox=\"yes\" data-elementor-lightbox-slideshow=\"4bbee57\" data-elementor-lightbox-title=\"Cloison Vitr\u00e9 Fixe\" data-e-action-hash=\"#elementor-action%3Aaction%3Dlightbox%26settings%3DeyJpZCI6MTQ0OCwidXJsIjoiaHR0cHM6XC9cL3d3dy5hbHVzb2xhci5jb20udG5cL3dwLWNvbnRlbnRcL3VwbG9hZHNcLzIwMjRcLzAxXC81MjBKUEdfNWRiNmM5MDc0OWVlOC5qcGciLCJzbGlkZXNob3ciOiI0YmJlZTU3In0%3D\" href='https:\/\/www.alusolar.com.tn\/wp-content\/uploads\/2024\/01\/520JPG_5db6c90749ee8.jpg'><img loading=\"lazy\" decoding=\"async\" width=\"600\" height=\"800\" src=\"https:\/\/www.alusolar.com.tn\/wp-content\/uploads\/2024\/01\/520JPG_5db6c90749ee8.jpg\" class=\"attachment-1536x1536 size-1536x1536\" alt=\"Cloison Vitr\u00e9 Fixe\" srcset=\"https:\/\/www.alusolar.com.tn\/wp-content\/uploads\/2024\/01\/520JPG_5db6c90749ee8.jpg 600w, https:\/\/www.alusolar.com.tn\/wp-content\/uploads\/2024\/01\/520JPG_5db6c90749ee8-200x267.jpg 200w\" sizes=\"(max-width: 600px) 100vw, 600px\" \/><\/a>\n\t\t\t<\/div><\/figure><figure class='gallery-item'>\n\t\t\t<div class='gallery-icon portrait'>\n\t\t\t\t<a data-elementor-open-lightbox=\"yes\" data-elementor-lightbox-slideshow=\"4bbee57\" data-elementor-lightbox-title=\"Cloison Vitr\u00e9 Fixe\" data-e-action-hash=\"#elementor-action%3Aaction%3Dlightbox%26settings%3DeyJpZCI6MTQ1MiwidXJsIjoiaHR0cHM6XC9cL3d3dy5hbHVzb2xhci5jb20udG5cL3dwLWNvbnRlbnRcL3VwbG9hZHNcLzIwMjRcLzAxXC9KYWxlZWQtY3VmbWlsYW5vMy5qcGciLCJzbGlkZXNob3ciOiI0YmJlZTU3In0%3D\" href='https:\/\/www.alusolar.com.tn\/wp-content\/uploads\/2024\/01\/Jaleed-cufmilano3.jpg'><img loading=\"lazy\" decoding=\"async\" width=\"600\" height=\"800\" src=\"https:\/\/www.alusolar.com.tn\/wp-content\/uploads\/2024\/01\/Jaleed-cufmilano3.jpg\" class=\"attachment-1536x1536 size-1536x1536\" alt=\"Cloison Vitr\u00e9 Fixe\" srcset=\"https:\/\/www.alusolar.com.tn\/wp-content\/uploads\/2024\/01\/Jaleed-cufmilano3.jpg 600w, https:\/\/www.alusolar.com.tn\/wp-content\/uploads\/2024\/01\/Jaleed-cufmilano3-200x267.jpg 200w\" sizes=\"(max-width: 600px) 100vw, 600px\" \/><\/a>\n\t\t\t<\/div><\/figure><figure class='gallery-item'>\n\t\t\t<div class='gallery-icon portrait'>\n\t\t\t\t<a data-elementor-open-lightbox=\"yes\" data-elementor-lightbox-slideshow=\"4bbee57\" data-elementor-lightbox-title=\"Cloison Vitr\u00e9 Fixe\" data-e-action-hash=\"#elementor-action%3Aaction%3Dlightbox%26settings%3DeyJpZCI6MTQ0NywidXJsIjoiaHR0cHM6XC9cL3d3dy5hbHVzb2xhci5jb20udG5cL3dwLWNvbnRlbnRcL3VwbG9hZHNcLzIwMjRcLzAxXC9jbG9pc29ucy12aXRyZWVzLWVuLWNhc3NldHRlLmpwZyIsInNsaWRlc2hvdyI6IjRiYmVlNTcifQ%3D%3D\" href='https:\/\/www.alusolar.com.tn\/wp-content\/uploads\/2024\/01\/cloisons-vitrees-en-cassette.jpg'><img loading=\"lazy\" decoding=\"async\" width=\"600\" height=\"800\" src=\"https:\/\/www.alusolar.com.tn\/wp-content\/uploads\/2024\/01\/cloisons-vitrees-en-cassette.jpg\" class=\"attachment-1536x1536 size-1536x1536\" alt=\"Cloison Vitr\u00e9 Fixe\" srcset=\"https:\/\/www.alusolar.com.tn\/wp-content\/uploads\/2024\/01\/cloisons-vitrees-en-cassette.jpg 600w, https:\/\/www.alusolar.com.tn\/wp-content\/uploads\/2024\/01\/cloisons-vitrees-en-cassette-200x267.jpg 200w\" sizes=\"(max-width: 600px) 100vw, 600px\" \/><\/a>\n\t\t\t<\/div><\/figure><figure class='gallery-item'>\n\t\t\t<div class='gallery-icon portrait'>\n\t\t\t\t<a data-elementor-open-lightbox=\"yes\" data-elementor-lightbox-slideshow=\"4bbee57\" data-elementor-lightbox-title=\"Cloison Vitr\u00e9 Fixe\" data-e-action-hash=\"#elementor-action%3Aaction%3Dlightbox%26settings%3DeyJpZCI6MTQ1MywidXJsIjoiaHR0cHM6XC9cL3d3dy5hbHVzb2xhci5jb20udG5cL3dwLWNvbnRlbnRcL3VwbG9hZHNcLzIwMjRcLzAxXC9vZmZpY2VfMTgxMTIwMjAuanBnIiwic2xpZGVzaG93IjoiNGJiZWU1NyJ9\" href='https:\/\/www.alusolar.com.tn\/wp-content\/uploads\/2024\/01\/office_18112020.jpg'><img loading=\"lazy\" decoding=\"async\" width=\"600\" height=\"800\" src=\"https:\/\/www.alusolar.com.tn\/wp-content\/uploads\/2024\/01\/office_18112020.jpg\" class=\"attachment-1536x1536 size-1536x1536\" alt=\"Cloison Vitr\u00e9 Fixe\" srcset=\"https:\/\/www.alusolar.com.tn\/wp-content\/uploads\/2024\/01\/office_18112020.jpg 600w, https:\/\/www.alusolar.com.tn\/wp-content\/uploads\/2024\/01\/office_18112020-200x267.jpg 200w\" sizes=\"(max-width: 600px) 100vw, 600px\" \/><\/a>\n\t\t\t<\/div><\/figure><figure class='gallery-item'>\n\t\t\t<div class='gallery-icon portrait'>\n\t\t\t\t<a data-elementor-open-lightbox=\"yes\" data-elementor-lightbox-slideshow=\"4bbee57\" data-elementor-lightbox-title=\"Cloison Vitr\u00e9 Fixe\" data-e-action-hash=\"#elementor-action%3Aaction%3Dlightbox%26settings%3DeyJpZCI6MTQ1NCwidXJsIjoiaHR0cHM6XC9cL3d3dy5hbHVzb2xhci5jb20udG5cL3dwLWNvbnRlbnRcL3VwbG9hZHNcLzIwMjRcLzAxXC9wcm9kb3R0aS0xNTY3OTgtcmVsY2NjZjJiOTkwZTMyNDU0ZGI3Yzg4ZWNiNmU2MWE0MjMuanBnIiwic2xpZGVzaG93IjoiNGJiZWU1NyJ9\" href='https:\/\/www.alusolar.com.tn\/wp-content\/uploads\/2024\/01\/prodotti-156798-relcccf2b990e32454db7c88ecb6e61a423.jpg'><img loading=\"lazy\" decoding=\"async\" width=\"600\" height=\"800\" src=\"https:\/\/www.alusolar.com.tn\/wp-content\/uploads\/2024\/01\/prodotti-156798-relcccf2b990e32454db7c88ecb6e61a423.jpg\" class=\"attachment-1536x1536 size-1536x1536\" alt=\"Cloison Vitr\u00e9 Fixe\" srcset=\"https:\/\/www.alusolar.com.tn\/wp-content\/uploads\/2024\/01\/prodotti-156798-relcccf2b990e32454db7c88ecb6e61a423.jpg 600w, https:\/\/www.alusolar.com.tn\/wp-content\/uploads\/2024\/01\/prodotti-156798-relcccf2b990e32454db7c88ecb6e61a423-200x267.jpg 200w\" sizes=\"(max-width: 600px) 100vw, 600px\" \/><\/a>\n\t\t\t<\/div><\/figure><figure class='gallery-item'>\n\t\t\t<div class='gallery-icon portrait'>\n\t\t\t\t<a data-elementor-open-lightbox=\"yes\" data-elementor-lightbox-slideshow=\"4bbee57\" data-elementor-lightbox-title=\"Cloison Vitr\u00e9 Fixe\" data-e-action-hash=\"#elementor-action%3Aaction%3Dlightbox%26settings%3DeyJpZCI6MTQ1MSwidXJsIjoiaHR0cHM6XC9cL3d3dy5hbHVzb2xhci5jb20udG5cL3dwLWNvbnRlbnRcL3VwbG9hZHNcLzIwMjRcLzAxXC9jbG9pc29udml0cmVlTmltZXNqcGdfNjA5OGVmNGZkZmZlYi5qcGciLCJzbGlkZXNob3ciOiI0YmJlZTU3In0%3D\" href='https:\/\/www.alusolar.com.tn\/wp-content\/uploads\/2024\/01\/cloisonvitreeNimesjpg_6098ef4fdffeb.jpg'><img loading=\"lazy\" decoding=\"async\" width=\"600\" height=\"800\" src=\"https:\/\/www.alusolar.com.tn\/wp-content\/uploads\/2024\/01\/cloisonvitreeNimesjpg_6098ef4fdffeb.jpg\" class=\"attachment-1536x1536 size-1536x1536\" alt=\"Cloison Vitr\u00e9 Fixe\" srcset=\"https:\/\/www.alusolar.com.tn\/wp-content\/uploads\/2024\/01\/cloisonvitreeNimesjpg_6098ef4fdffeb.jpg 600w, https:\/\/www.alusolar.com.tn\/wp-content\/uploads\/2024\/01\/cloisonvitreeNimesjpg_6098ef4fdffeb-200x267.jpg 200w\" sizes=\"(max-width: 600px) 100vw, 600px\" \/><\/a>\n\t\t\t<\/div><\/figure><figure class='gallery-item'>\n\t\t\t<div class='gallery-icon portrait'>\n\t\t\t\t<a data-elementor-open-lightbox=\"yes\" data-elementor-lightbox-slideshow=\"4bbee57\" data-elementor-lightbox-title=\"Cloison Vitr\u00e9 Fixe\" data-e-action-hash=\"#elementor-action%3Aaction%3Dlightbox%26settings%3DeyJpZCI6MTQ0NCwidXJsIjoiaHR0cHM6XC9cL3d3dy5hbHVzb2xhci5jb20udG5cL3dwLWNvbnRlbnRcL3VwbG9hZHNcLzIwMjRcLzAxXC9DbG9pc29ucy1BdGVsaWVyLU5vaXItR3JhbmRlLUhhdXRldXItRXNwYWNlLUNsb2lzb25zLTI0LmpwZyIsInNsaWRlc2hvdyI6IjRiYmVlNTcifQ%3D%3D\" href='https:\/\/www.alusolar.com.tn\/wp-content\/uploads\/2024\/01\/Cloisons-Atelier-Noir-Grande-Hauteur-Espace-Cloisons-24.jpg'><img loading=\"lazy\" decoding=\"async\" width=\"600\" height=\"800\" src=\"https:\/\/www.alusolar.com.tn\/wp-content\/uploads\/2024\/01\/Cloisons-Atelier-Noir-Grande-Hauteur-Espace-Cloisons-24.jpg\" class=\"attachment-1536x1536 size-1536x1536\" alt=\"Cloison Vitr\u00e9 Fixe\" srcset=\"https:\/\/www.alusolar.com.tn\/wp-content\/uploads\/2024\/01\/Cloisons-Atelier-Noir-Grande-Hauteur-Espace-Cloisons-24.jpg 600w, https:\/\/www.alusolar.com.tn\/wp-content\/uploads\/2024\/01\/Cloisons-Atelier-Noir-Grande-Hauteur-Espace-Cloisons-24-200x267.jpg 200w\" sizes=\"(max-width: 600px) 100vw, 600px\" \/><\/a>\n\t\t\t<\/div><\/figure><figure class='gallery-item'>\n\t\t\t<div class='gallery-icon portrait'>\n\t\t\t\t<a data-elementor-open-lightbox=\"yes\" data-elementor-lightbox-slideshow=\"4bbee57\" data-elementor-lightbox-title=\"Cloison Vitr\u00e9 Fixe\" data-e-action-hash=\"#elementor-action%3Aaction%3Dlightbox%26settings%3DeyJpZCI6MTQ0NiwidXJsIjoiaHR0cHM6XC9cL3d3dy5hbHVzb2xhci5jb20udG5cL3dwLWNvbnRlbnRcL3VwbG9hZHNcLzIwMjRcLzAxXC9DbG9pc29ucy12aXRyZWVzLWJvcmQtYS1ib3JkLWF2ZWMtdml0cm9waGFuaWUuanBnIiwic2xpZGVzaG93IjoiNGJiZWU1NyJ9\" href='https:\/\/www.alusolar.com.tn\/wp-content\/uploads\/2024\/01\/Cloisons-vitrees-bord-a-bord-avec-vitrophanie.jpg'><img loading=\"lazy\" decoding=\"async\" width=\"600\" height=\"800\" src=\"https:\/\/www.alusolar.com.tn\/wp-content\/uploads\/2024\/01\/Cloisons-vitrees-bord-a-bord-avec-vitrophanie.jpg\" class=\"attachment-1536x1536 size-1536x1536\" alt=\"Cloison Vitr\u00e9 Fixe\" srcset=\"https:\/\/www.alusolar.com.tn\/wp-content\/uploads\/2024\/01\/Cloisons-vitrees-bord-a-bord-avec-vitrophanie.jpg 600w, https:\/\/www.alusolar.com.tn\/wp-content\/uploads\/2024\/01\/Cloisons-vitrees-bord-a-bord-avec-vitrophanie-200x267.jpg 200w\" sizes=\"(max-width: 600px) 100vw, 600px\" \/><\/a>\n\t\t\t<\/div><\/figure><figure class='gallery-item'>\n\t\t\t<div class='gallery-icon portrait'>\n\t\t\t\t<a data-elementor-open-lightbox=\"yes\" data-elementor-lightbox-slideshow=\"4bbee57\" data-elementor-lightbox-title=\"Cloison Vitr\u00e9 Fixe\" data-e-action-hash=\"#elementor-action%3Aaction%3Dlightbox%26settings%3DeyJpZCI6MTQ0NSwidXJsIjoiaHR0cHM6XC9cL3d3dy5hbHVzb2xhci5jb20udG5cL3dwLWNvbnRlbnRcL3VwbG9hZHNcLzIwMjRcLzAxXC9DbG9pc29uLXNlbWktdml0cmVlLmpwZyIsInNsaWRlc2hvdyI6IjRiYmVlNTcifQ%3D%3D\" href='https:\/\/www.alusolar.com.tn\/wp-content\/uploads\/2024\/01\/Cloison-semi-vitree.jpg'><img loading=\"lazy\" decoding=\"async\" width=\"600\" height=\"800\" src=\"https:\/\/www.alusolar.com.tn\/wp-content\/uploads\/2024\/01\/Cloison-semi-vitree.jpg\" class=\"attachment-1536x1536 size-1536x1536\" alt=\"Cloison Vitr\u00e9 Fixe\" srcset=\"https:\/\/www.alusolar.com.tn\/wp-content\/uploads\/2024\/01\/Cloison-semi-vitree.jpg 600w, https:\/\/www.alusolar.com.tn\/wp-content\/uploads\/2024\/01\/Cloison-semi-vitree-200x267.jpg 200w\" sizes=\"(max-width: 600px) 100vw, 600px\" \/><\/a>\n\t\t\t<\/div><\/figure><figure class='gallery-item'>\n\t\t\t<div class='gallery-icon portrait'>\n\t\t\t\t<a data-elementor-open-lightbox=\"yes\" data-elementor-lightbox-slideshow=\"4bbee57\" data-elementor-lightbox-title=\"Cloison Vitr\u00e9 Fixe\" data-e-action-hash=\"#elementor-action%3Aaction%3Dlightbox%26settings%3DeyJpZCI6MTQ1NiwidXJsIjoiaHR0cHM6XC9cL3d3dy5hbHVzb2xhci5jb20udG5cL3dwLWNvbnRlbnRcL3VwbG9hZHNcLzIwMjRcLzAxXC9DbG9pc29ucy1BdGVsaWVyLU5vaXItR3JhbmRlLUhhdXRldXItRXNwYWNlLUNsb2lzb25zLTIxLmpwZyIsInNsaWRlc2hvdyI6IjRiYmVlNTcifQ%3D%3D\" href='https:\/\/www.alusolar.com.tn\/wp-content\/uploads\/2024\/01\/Cloisons-Atelier-Noir-Grande-Hauteur-Espace-Cloisons-21.jpg'><img loading=\"lazy\" decoding=\"async\" width=\"600\" height=\"800\" src=\"https:\/\/www.alusolar.com.tn\/wp-content\/uploads\/2024\/01\/Cloisons-Atelier-Noir-Grande-Hauteur-Espace-Cloisons-21.jpg\" class=\"attachment-1536x1536 size-1536x1536\" alt=\"Cloison Vitr\u00e9 Fixe\" srcset=\"https:\/\/www.alusolar.com.tn\/wp-content\/uploads\/2024\/01\/Cloisons-Atelier-Noir-Grande-Hauteur-Espace-Cloisons-21.jpg 600w, https:\/\/www.alusolar.com.tn\/wp-content\/uploads\/2024\/01\/Cloisons-Atelier-Noir-Grande-Hauteur-Espace-Cloisons-21-200x267.jpg 200w\" sizes=\"(max-width: 600px) 100vw, 600px\" \/><\/a>\n\t\t\t<\/div><\/figure>\n\t\t<\/div>\n\t\t<\/div>\n\t\t\t\t<\/div>\n\t\t\t\t<\/div>\n\t\t\t\t\t<\/div>\n\t\t<\/div>\n\t\t\t\t\t\t\t<\/div>\n\t\t<\/section>\n\t\t\t\t\t\t\t<\/div>\n\t\t","protected":false},"excerpt":{"rendered":"<p>Produit Cloison vitr\u00e9e fixe Pour une solution esth\u00e9tique et pratique, les cloisons et les s\u00e9parations vitr\u00e9es s&rsquo;imposent toujours pour un espace int\u00e9rieur lumineux et spacieux. Cette conception vous donne une sensation de grandeur d&rsquo;espace.La solution des s\u00e9parations en cloisons vitr\u00e9es vous garantit le volet s\u00e9curit\u00e9 et aussi le cot\u00e9 intimit\u00e9. Fiche Technique Disponibilit\u00e9 \u25cf Couleur [&hellip;]<\/p>\n","protected":false},"featured_media":1442,"menu_order":12,"template":"elementor_header_footer","meta":{"footnotes":""},"portfolio-cat":[26],"portfolio-tag":[5],"portfolio-filter":[6],"class_list":["post-1441","portfolio","type-portfolio","status-publish","has-post-thumbnail","hentry","portfolio-cat-separation-cloison-vitree","portfolio-tag-uncategorized","portfolio-filter-uncategorized"],"yoast_head":"<!-- This site is optimized with the Yoast SEO plugin v21.9.1 - https:\/\/yoast.com\/wordpress\/plugins\/seo\/ -->\n<title>Cloison Vitr\u00e9e Fixe | Alu Solar Tunisie<\/title>\n<meta name=\"description\" content=\"ProduitCloison vitr\u00e9e fixePour une solution esth\u00e9tique et pratique, les cloisons et les s\u00e9parations vitr\u00e9es s&#039;imposent toujours pour un espace int\u00e9rieur\" \/>\n<meta name=\"robots\" content=\"index, follow, max-snippet:-1, max-image-preview:large, max-video-preview:-1\" \/>\n<link rel=\"canonical\" href=\"https:\/\/www.alusolar.com.tn\/fr\/portfolio\/fixed-glass-partition\/\" \/>\n<meta property=\"og:locale\" content=\"fr_FR\" \/>\n<meta property=\"og:type\" content=\"article\" \/>\n<meta property=\"og:title\" content=\"Cloison Vitr\u00e9e Fixe | Alu Solar Tunisie\" \/>\n<meta property=\"og:description\" content=\"ProduitCloison vitr\u00e9e fixePour une solution esth\u00e9tique et pratique, les cloisons et les s\u00e9parations vitr\u00e9es s&#039;imposent toujours pour un espace int\u00e9rieur\" \/>\n<meta property=\"og:url\" content=\"https:\/\/www.alusolar.com.tn\/portfolio\/fixed-glass-partition\/\" \/>\n<meta property=\"og:site_name\" content=\"Alu Solar Tunisie\" \/>\n<meta property=\"article:modified_time\" content=\"2025-06-04T15:11:45+00:00\" \/>\n<meta property=\"og:image\" content=\"https:\/\/www.alusolar.com.tn\/wp-content\/uploads\/2024\/01\/cloison_vitree_bord_a_bord_gamme_classic.jpg\" \/>\n\t<meta property=\"og:image:width\" content=\"600\" \/>\n\t<meta property=\"og:image:height\" content=\"800\" \/>\n\t<meta property=\"og:image:type\" content=\"image\/jpeg\" \/>\n<meta name=\"twitter:card\" content=\"summary_large_image\" \/>\n<meta name=\"twitter:label1\" content=\"Dur\u00e9e de lecture estim\u00e9e\" \/>\n\t<meta name=\"twitter:data1\" content=\"4 minutes\" \/>\n<script type=\"application\/ld+json\" class=\"yoast-schema-graph\">{\"@context\":\"https:\/\/schema.org\",\"@graph\":[{\"@type\":\"WebPage\",\"@id\":\"https:\/\/www.alusolar.com.tn\/portfolio\/fixed-glass-partition\/\",\"url\":\"https:\/\/www.alusolar.com.tn\/portfolio\/fixed-glass-partition\/\",\"name\":\"Cloison Vitr\u00e9e Fixe | Alu Solar Tunisie\",\"isPartOf\":{\"@id\":\"https:\/\/www.alusolar.com.tn\/ar\/#website\"},\"datePublished\":\"2024-01-10T10:37:15+00:00\",\"dateModified\":\"2025-06-04T15:11:45+00:00\",\"description\":\"ProduitCloison vitr\u00e9e fixePour une solution esth\u00e9tique et pratique, les cloisons et les s\u00e9parations vitr\u00e9es s'imposent toujours pour un espace int\u00e9rieur\",\"breadcrumb\":{\"@id\":\"https:\/\/www.alusolar.com.tn\/portfolio\/fixed-glass-partition\/#breadcrumb\"},\"inLanguage\":\"fr-FR\",\"potentialAction\":[{\"@type\":\"ReadAction\",\"target\":[\"https:\/\/www.alusolar.com.tn\/portfolio\/fixed-glass-partition\/\"]}]},{\"@type\":\"BreadcrumbList\",\"@id\":\"https:\/\/www.alusolar.com.tn\/portfolio\/fixed-glass-partition\/#breadcrumb\",\"itemListElement\":[{\"@type\":\"ListItem\",\"position\":1,\"name\":\"Accueil\",\"item\":\"https:\/\/www.alusolar.com.tn\/\"},{\"@type\":\"ListItem\",\"position\":2,\"name\":\"Portfolios\",\"item\":\"https:\/\/www.alusolar.com.tn\/portfolio\/all\/\"},{\"@type\":\"ListItem\",\"position\":3,\"name\":\"Cloison Vitr\u00e9e Fixe\"}]},{\"@type\":\"WebSite\",\"@id\":\"https:\/\/www.alusolar.com.tn\/ar\/#website\",\"url\":\"https:\/\/www.alusolar.com.tn\/ar\/\",\"name\":\"Alu Solar Tunisie\",\"description\":\"Cr\u00e9ateur de luxe\",\"publisher\":{\"@id\":\"https:\/\/www.alusolar.com.tn\/ar\/#organization\"},\"potentialAction\":[{\"@type\":\"SearchAction\",\"target\":{\"@type\":\"EntryPoint\",\"urlTemplate\":\"https:\/\/www.alusolar.com.tn\/ar\/?s={search_term_string}\"},\"query-input\":\"required name=search_term_string\"}],\"inLanguage\":\"fr-FR\"},{\"@type\":\"Organization\",\"@id\":\"https:\/\/www.alusolar.com.tn\/ar\/#organization\",\"name\":\"Alu Solar Tunisie\",\"url\":\"https:\/\/www.alusolar.com.tn\/ar\/\",\"logo\":{\"@type\":\"ImageObject\",\"inLanguage\":\"fr-FR\",\"@id\":\"https:\/\/www.alusolar.com.tn\/ar\/#\/schema\/logo\/image\/\",\"url\":\"https:\/\/www.alusolar.com.tn\/wp-content\/uploads\/2023\/12\/solar-svvg-01.svg\",\"contentUrl\":\"https:\/\/www.alusolar.com.tn\/wp-content\/uploads\/2023\/12\/solar-svvg-01.svg\",\"width\":232,\"height\":124,\"caption\":\"Alu Solar Tunisie\"},\"image\":{\"@id\":\"https:\/\/www.alusolar.com.tn\/ar\/#\/schema\/logo\/image\/\"}}]}<\/script>\n<!-- \/ Yoast SEO plugin. -->","yoast_head_json":{"title":"Cloison Vitr\u00e9e Fixe | Alu Solar Tunisie","description":"ProduitCloison vitr\u00e9e fixePour une solution esth\u00e9tique et pratique, les cloisons et les s\u00e9parations vitr\u00e9es s'imposent toujours pour un espace int\u00e9rieur","robots":{"index":"index","follow":"follow","max-snippet":"max-snippet:-1","max-image-preview":"max-image-preview:large","max-video-preview":"max-video-preview:-1"},"canonical":"https:\/\/www.alusolar.com.tn\/fr\/portfolio\/fixed-glass-partition\/","og_locale":"fr_FR","og_type":"article","og_title":"Cloison Vitr\u00e9e Fixe | Alu Solar Tunisie","og_description":"ProduitCloison vitr\u00e9e fixePour une solution esth\u00e9tique et pratique, les cloisons et les s\u00e9parations vitr\u00e9es s'imposent toujours pour un espace int\u00e9rieur","og_url":"https:\/\/www.alusolar.com.tn\/portfolio\/fixed-glass-partition\/","og_site_name":"Alu Solar Tunisie","article_modified_time":"2025-06-04T15:11:45+00:00","og_image":[{"width":600,"height":800,"url":"https:\/\/www.alusolar.com.tn\/wp-content\/uploads\/2024\/01\/cloison_vitree_bord_a_bord_gamme_classic.jpg","type":"image\/jpeg"}],"twitter_card":"summary_large_image","twitter_misc":{"Dur\u00e9e de lecture estim\u00e9e":"4 minutes"},"schema":{"@context":"https:\/\/schema.org","@graph":[{"@type":"WebPage","@id":"https:\/\/www.alusolar.com.tn\/portfolio\/fixed-glass-partition\/","url":"https:\/\/www.alusolar.com.tn\/portfolio\/fixed-glass-partition\/","name":"Cloison Vitr\u00e9e Fixe | Alu Solar Tunisie","isPartOf":{"@id":"https:\/\/www.alusolar.com.tn\/ar\/#website"},"datePublished":"2024-01-10T10:37:15+00:00","dateModified":"2025-06-04T15:11:45+00:00","description":"ProduitCloison vitr\u00e9e fixePour une solution esth\u00e9tique et pratique, les cloisons et les s\u00e9parations vitr\u00e9es s'imposent toujours pour un espace int\u00e9rieur","breadcrumb":{"@id":"https:\/\/www.alusolar.com.tn\/portfolio\/fixed-glass-partition\/#breadcrumb"},"inLanguage":"fr-FR","potentialAction":[{"@type":"ReadAction","target":["https:\/\/www.alusolar.com.tn\/portfolio\/fixed-glass-partition\/"]}]},{"@type":"BreadcrumbList","@id":"https:\/\/www.alusolar.com.tn\/portfolio\/fixed-glass-partition\/#breadcrumb","itemListElement":[{"@type":"ListItem","position":1,"name":"Accueil","item":"https:\/\/www.alusolar.com.tn\/"},{"@type":"ListItem","position":2,"name":"Portfolios","item":"https:\/\/www.alusolar.com.tn\/portfolio\/all\/"},{"@type":"ListItem","position":3,"name":"Cloison Vitr\u00e9e Fixe"}]},{"@type":"WebSite","@id":"https:\/\/www.alusolar.com.tn\/ar\/#website","url":"https:\/\/www.alusolar.com.tn\/ar\/","name":"Alu Solar Tunisie","description":"Cr\u00e9ateur de luxe","publisher":{"@id":"https:\/\/www.alusolar.com.tn\/ar\/#organization"},"potentialAction":[{"@type":"SearchAction","target":{"@type":"EntryPoint","urlTemplate":"https:\/\/www.alusolar.com.tn\/ar\/?s={search_term_string}"},"query-input":"required name=search_term_string"}],"inLanguage":"fr-FR"},{"@type":"Organization","@id":"https:\/\/www.alusolar.com.tn\/ar\/#organization","name":"Alu Solar Tunisie","url":"https:\/\/www.alusolar.com.tn\/ar\/","logo":{"@type":"ImageObject","inLanguage":"fr-FR","@id":"https:\/\/www.alusolar.com.tn\/ar\/#\/schema\/logo\/image\/","url":"https:\/\/www.alusolar.com.tn\/wp-content\/uploads\/2023\/12\/solar-svvg-01.svg","contentUrl":"https:\/\/www.alusolar.com.tn\/wp-content\/uploads\/2023\/12\/solar-svvg-01.svg","width":232,"height":124,"caption":"Alu Solar Tunisie"},"image":{"@id":"https:\/\/www.alusolar.com.tn\/ar\/#\/schema\/logo\/image\/"}}]}},"_links":{"self":[{"href":"https:\/\/www.alusolar.com.tn\/fr\/wp-json\/wp\/v2\/portfolio\/1441","targetHints":{"allow":["GET"]}}],"collection":[{"href":"https:\/\/www.alusolar.com.tn\/fr\/wp-json\/wp\/v2\/portfolio"}],"about":[{"href":"https:\/\/www.alusolar.com.tn\/fr\/wp-json\/wp\/v2\/types\/portfolio"}],"version-history":[{"count":15,"href":"https:\/\/www.alusolar.com.tn\/fr\/wp-json\/wp\/v2\/portfolio\/1441\/revisions"}],"predecessor-version":[{"id":7281,"href":"https:\/\/www.alusolar.com.tn\/fr\/wp-json\/wp\/v2\/portfolio\/1441\/revisions\/7281"}],"wp:featuredmedia":[{"embeddable":true,"href":"https:\/\/www.alusolar.com.tn\/fr\/wp-json\/wp\/v2\/media\/1442"}],"wp:attachment":[{"href":"https:\/\/www.alusolar.com.tn\/fr\/wp-json\/wp\/v2\/media?parent=1441"}],"wp:term":[{"taxonomy":"portfolio-cat","embeddable":true,"href":"https:\/\/www.alusolar.com.tn\/fr\/wp-json\/wp\/v2\/portfolio-cat?post=1441"},{"taxonomy":"portfolio-tag","embeddable":true,"href":"https:\/\/www.alusolar.com.tn\/fr\/wp-json\/wp\/v2\/portfolio-tag?post=1441"},{"taxonomy":"portfolio-filter","embeddable":true,"href":"https:\/\/www.alusolar.com.tn\/fr\/wp-json\/wp\/v2\/portfolio-filter?post=1441"}],"curies":[{"name":"wp","href":"https:\/\/api.w.org\/{rel}","templated":true}]}}