{"id":1462,"date":"2024-01-10T11:44:55","date_gmt":"2024-01-10T10:44:55","guid":{"rendered":"https:\/\/www.alusolar.com.tn\/?post_type=portfolio&#038;p=1462"},"modified":"2025-06-04T17:13:05","modified_gmt":"2025-06-04T15:13:05","slug":"garde-corps-et-rampe-descalier","status":"publish","type":"portfolio","link":"https:\/\/www.alusolar.com.tn\/fr\/portfolio\/garde-corps-et-rampe-descalier\/","title":{"rendered":"Garde Corps &#038; Rampe d&rsquo;Escalier"},"content":{"rendered":"\t\t<div data-elementor-type=\"wp-post\" data-elementor-id=\"1462\" class=\"elementor elementor-1462\">\n\t\t\t\t\t\t\t\t\t<section class=\"elementor-section elementor-top-section elementor-element elementor-element-79be15a elementor-section-full_width elementor-section-height-default elementor-section-height-default wpr-particle-no wpr-jarallax-no wpr-parallax-no wpr-sticky-section-no\" data-id=\"79be15a\" data-element_type=\"section\">\n\t\t\t\t\t\t<div class=\"elementor-container elementor-column-gap-no\">\n\t\t\t\t\t<div class=\"aux-parallax-section elementor-column elementor-col-100 elementor-top-column elementor-element elementor-element-61ab0ac\" data-id=\"61ab0ac\" data-element_type=\"column\">\n\t\t\t<div class=\"elementor-widget-wrap elementor-element-populated\">\n\t\t\t\t\t\t\t\t<div class=\"elementor-element elementor-element-9b07310 aux-shpe-type-rectangle elementor-widget__width-auto aux-appear-watch-animation aux-fade-in-right-2 elementor-widget elementor-widget-aux_simple_shape\" data-id=\"9b07310\" data-element_type=\"widget\" data-widget_type=\"aux_simple_shape.default\">\n\t\t\t\t<div class=\"elementor-widget-container\">\n\t\t\t    <div class=\"aux-widget-container aux-simple-shape-container\">\n        <div class=\"aux-widget-container-inner\">\n            <div class=\"aux-the-shape\"><\/div>\n        <\/div>\n    <\/div>\n    \t\t<\/div>\n\t\t\t\t<\/div>\n\t\t\t\t<div class=\"elementor-element elementor-element-74d0f71 aux-shpe-type-rectangle elementor-widget__width-auto aux-appear-watch-animation aux-fade-in-left-2 elementor-widget elementor-widget-aux_simple_shape\" data-id=\"74d0f71\" data-element_type=\"widget\" data-widget_type=\"aux_simple_shape.default\">\n\t\t\t\t<div class=\"elementor-widget-container\">\n\t\t\t    <div class=\"aux-widget-container aux-simple-shape-container\">\n        <div class=\"aux-widget-container-inner\">\n            <div class=\"aux-the-shape\"><\/div>\n        <\/div>\n    <\/div>\n    \t\t<\/div>\n\t\t\t\t<\/div>\n\t\t\t\t<section class=\"elementor-section elementor-inner-section elementor-element elementor-element-07e307d elementor-section-content-middle elementor-reverse-mobile elementor-section-boxed elementor-section-height-default elementor-section-height-default wpr-particle-no wpr-jarallax-no wpr-parallax-no wpr-sticky-section-no\" data-id=\"07e307d\" data-element_type=\"section\">\n\t\t\t\t\t\t<div class=\"elementor-container elementor-column-gap-no\">\n\t\t\t\t\t<div class=\"aux-parallax-section elementor-column elementor-col-50 elementor-inner-column elementor-element elementor-element-fdcbfb1\" data-id=\"fdcbfb1\" data-element_type=\"column\">\n\t\t\t<div class=\"elementor-widget-wrap elementor-element-populated\">\n\t\t\t\t\t\t\t\t<div class=\"elementor-element elementor-element-5750c35 aux-appear-watch-animation aux-fade-in-up-1 elementor-widget elementor-widget-aux_modern_heading\" data-id=\"5750c35\" data-element_type=\"widget\" data-widget_type=\"aux_modern_heading.default\">\n\t\t\t\t<div class=\"elementor-widget-container\">\n\t\t\t<section class=\"aux-widget-modern-heading\">\n            <div class=\"aux-widget-inner\"><h5 class=\"aux-modern-heading-primary\">Produit<\/h5><h3 class=\"aux-modern-heading-secondary\"><span class=\"aux-head-before\">Garde corps <\/span><span class=\"aux-head-highlight\">et rampe d'escalier<\/span><\/h3><div class=\"aux-modern-heading-divider\"><\/div><div class=\"aux-modern-heading-description\"><p style=\"text-align: justify\">Un garde corps ou une rampe d'escalier bien con\u00e7ue refl\u00e8te le luxe de votre espace.<br \/>Nous vous proposons une gamme agr\u00e9able luxueuse de garde corps et de rampe d'escalier en aluminium, inox ou en verre.<\/p><\/div><\/div>\n        <\/section>\t\t<\/div>\n\t\t\t\t<\/div>\n\t\t\t\t<div class=\"elementor-element elementor-element-865d425 elementor-widget elementor-widget-heading\" data-id=\"865d425\" data-element_type=\"widget\" data-widget_type=\"heading.default\">\n\t\t\t\t<div class=\"elementor-widget-container\">\n\t\t\t<h4 class=\"elementor-heading-title elementor-size-default\">Fiche Technique <\/h4>\t\t<\/div>\n\t\t\t\t<\/div>\n\t\t\t\t<div class=\"elementor-element elementor-element-582b451 elementor-widget elementor-widget-text-editor\" data-id=\"582b451\" data-element_type=\"widget\" data-widget_type=\"text-editor.default\">\n\t\t\t\t<div class=\"elementor-widget-container\">\n\t\t\t\t\t\t\t<table width=\"567\"><tbody><tr><td width=\"264\">Disponibilit\u00e9<\/td><td width=\"303\">\u25cf<\/td><\/tr><tr><td>Couleur<\/td><td>Au choix<\/td><\/tr><tr><td>Mati\u00e8re de structure\u00a0<\/td><td>Aluminium &#8211; Inox &#8211; Verre<\/td><\/tr><tr><td>Resistance chaud &#8211; froid<\/td><td>\u25cf<\/td><\/tr><tr><td>Resistance \u00e0 l&rsquo;humidit\u00e9<\/td><td>\u25cf<\/td><\/tr><tr><td>Resistance aux conditions climatiques extr\u00eames<\/td><td>\u25cf<\/td><\/tr><tr><td>Verre Securit<\/td><td>Au choix<\/td><\/tr><tr><td>Garantie\u00a0<\/td><td>\u25cf<\/td><\/tr><\/tbody><\/table>\t\t\t\t\t\t<\/div>\n\t\t\t\t<\/div>\n\t\t\t\t<div class=\"elementor-element elementor-element-9b8fda8 elementor-widget elementor-widget-text-editor\" data-id=\"9b8fda8\" data-element_type=\"widget\" data-widget_type=\"text-editor.default\">\n\t\t\t\t<div class=\"elementor-widget-container\">\n\t\t\t\t\t\t\t\t\t\t\t\t\t<\/div>\n\t\t\t\t<\/div>\n\t\t\t\t\t<\/div>\n\t\t<\/div>\n\t\t\t\t<div class=\"aux-parallax-section elementor-column elementor-col-50 elementor-inner-column elementor-element elementor-element-d47a402\" data-id=\"d47a402\" data-element_type=\"column\">\n\t\t\t<div class=\"elementor-widget-wrap elementor-element-populated\">\n\t\t\t\t\t\t\t\t<div class=\"elementor-element elementor-element-dec7632 aux-appear-watch-animation aux-mask-from-left elementor-widget elementor-widget-aux_image\" data-id=\"dec7632\" data-element_type=\"widget\" data-widget_type=\"aux_image.default\">\n\t\t\t\t<div class=\"elementor-widget-container\">\n\t\t\t<section class=\"widget-container aux-widget-image aux-alignnone aux-parent-au52df182a\">\n    <div class=\"aux-media-hint-frame \">\n        <div class=\"aux-media-image \" >\n        \n            \n\n            \n            <img fetchpriority=\"high\" decoding=\"async\" width=\"600\" height=\"800\" src=\"https:\/\/www.alusolar.com.tn\/wp-content\/uploads\/2024\/01\/garde-corps-moderne-600x800.jpg\" class=\"aux-attachment aux-featured-image aux-attachment-id-1463\" alt=\"Garde corps et rampe d&#039;escalier\" srcset=\"https:\/\/www.alusolar.com.tn\/wp-content\/uploads\/2024\/01\/garde-corps-moderne-150x200.jpg 150w,https:\/\/www.alusolar.com.tn\/wp-content\/uploads\/2024\/01\/garde-corps-moderne-300x400.jpg 300w,https:\/\/www.alusolar.com.tn\/wp-content\/uploads\/2024\/01\/garde-corps-moderne-600x800.jpg 600w\" data-ratio=\"0.75\" data-original-w=\"600\" sizes=\"(max-width:479px) 480px,(max-width:767px) 768px,(max-width:1023px) 1024px,600px\" \/>            \n                <\/div>\n    <\/div>\n\n<\/section><!-- widget-container -->\t\t<\/div>\n\t\t\t\t<\/div>\n\t\t\t\t\t<\/div>\n\t\t<\/div>\n\t\t\t\t\t\t\t<\/div>\n\t\t<\/section>\n\t\t\t\t\t<\/div>\n\t\t<\/div>\n\t\t\t\t\t\t\t<\/div>\n\t\t<\/section>\n\t\t\t\t<section class=\"elementor-section elementor-top-section elementor-element elementor-element-dda08d2 elementor-section-boxed elementor-section-height-default elementor-section-height-default wpr-particle-no wpr-jarallax-no wpr-parallax-no wpr-sticky-section-no\" data-id=\"dda08d2\" data-element_type=\"section\">\n\t\t\t\t\t\t<div class=\"elementor-container elementor-column-gap-default\">\n\t\t\t\t\t<div class=\"aux-parallax-section elementor-column elementor-col-100 elementor-top-column elementor-element elementor-element-7441587\" data-id=\"7441587\" data-element_type=\"column\">\n\t\t\t<div class=\"elementor-widget-wrap elementor-element-populated\">\n\t\t\t\t\t\t\t\t<div class=\"elementor-element elementor-element-91a9fe7 gallery-spacing-custom elementor-widget__width-initial elementor-widget elementor-widget-image-gallery\" data-id=\"91a9fe7\" data-element_type=\"widget\" data-widget_type=\"image-gallery.default\">\n\t\t\t\t<div class=\"elementor-widget-container\">\n\t\t\t\t\t<div class=\"elementor-image-gallery\">\n\t\t\t<div id='gallery-1' class='gallery galleryid-1462 gallery-columns-3 gallery-size-large'><figure class='gallery-item'>\n\t\t\t<div class='gallery-icon portrait'>\n\t\t\t\t<a data-elementor-open-lightbox=\"yes\" data-elementor-lightbox-slideshow=\"91a9fe7\" data-elementor-lightbox-title=\"Garde corps et rampe d&#039;escalier\" data-e-action-hash=\"#elementor-action%3Aaction%3Dlightbox%26settings%3DeyJpZCI6MTQ4MSwidXJsIjoiaHR0cHM6XC9cL3d3dy5hbHVzb2xhci5jb20udG5cL3dwLWNvbnRlbnRcL3VwbG9hZHNcLzIwMjRcLzAxXC84OTMwNDE5MzI2NDY3NTY2Mjg4ODkxNjM2OTg5MTczNDQxNTMwMTY3Mjk2b2pwZ182MDZmMTc5YTkwZjA1LmpwZyIsInNsaWRlc2hvdyI6IjkxYTlmZTcifQ%3D%3D\" href='https:\/\/www.alusolar.com.tn\/wp-content\/uploads\/2024\/01\/8930419326467566288891636989173441530167296ojpg_606f179a90f05.jpg'><img decoding=\"async\" width=\"600\" height=\"800\" src=\"https:\/\/www.alusolar.com.tn\/wp-content\/uploads\/2024\/01\/8930419326467566288891636989173441530167296ojpg_606f179a90f05.jpg\" class=\"attachment-large size-large\" alt=\"Garde corps et rampe d&#039;escalier\" srcset=\"https:\/\/www.alusolar.com.tn\/wp-content\/uploads\/2024\/01\/8930419326467566288891636989173441530167296ojpg_606f179a90f05.jpg 600w, https:\/\/www.alusolar.com.tn\/wp-content\/uploads\/2024\/01\/8930419326467566288891636989173441530167296ojpg_606f179a90f05-200x267.jpg 200w\" sizes=\"(max-width: 600px) 100vw, 600px\" \/><\/a>\n\t\t\t<\/div><\/figure><figure class='gallery-item'>\n\t\t\t<div class='gallery-icon portrait'>\n\t\t\t\t<a data-elementor-open-lightbox=\"yes\" data-elementor-lightbox-slideshow=\"91a9fe7\" data-elementor-lightbox-title=\"Garde corps et rampe d&#039;escalier\" data-e-action-hash=\"#elementor-action%3Aaction%3Dlightbox%26settings%3DeyJpZCI6MTQ5MCwidXJsIjoiaHR0cHM6XC9cL3d3dy5hbHVzb2xhci5jb20udG5cL3dwLWNvbnRlbnRcL3VwbG9hZHNcLzIwMjRcLzAxXC9nYXJkZS1jb3Jwcy10ZXJyYXNzZS1zY2FsZWQtMS5qcGciLCJzbGlkZXNob3ciOiI5MWE5ZmU3In0%3D\" href='https:\/\/www.alusolar.com.tn\/wp-content\/uploads\/2024\/01\/garde-corps-terrasse-scaled-1.jpg'><img decoding=\"async\" width=\"600\" height=\"800\" src=\"https:\/\/www.alusolar.com.tn\/wp-content\/uploads\/2024\/01\/garde-corps-terrasse-scaled-1.jpg\" class=\"attachment-large size-large\" alt=\"Garde corps et rampe d&#039;escalier\" srcset=\"https:\/\/www.alusolar.com.tn\/wp-content\/uploads\/2024\/01\/garde-corps-terrasse-scaled-1.jpg 600w, https:\/\/www.alusolar.com.tn\/wp-content\/uploads\/2024\/01\/garde-corps-terrasse-scaled-1-200x267.jpg 200w\" sizes=\"(max-width: 600px) 100vw, 600px\" \/><\/a>\n\t\t\t<\/div><\/figure><figure class='gallery-item'>\n\t\t\t<div class='gallery-icon portrait'>\n\t\t\t\t<a data-elementor-open-lightbox=\"yes\" data-elementor-lightbox-slideshow=\"91a9fe7\" data-elementor-lightbox-title=\"Garde corps et rampe d&#039;escalier\" data-e-action-hash=\"#elementor-action%3Aaction%3Dlightbox%26settings%3DeyJpZCI6MTQ4OSwidXJsIjoiaHR0cHM6XC9cL3d3dy5hbHVzb2xhci5jb20udG5cL3dwLWNvbnRlbnRcL3VwbG9hZHNcLzIwMjRcLzAxXC9nYXJkZS1jb3Jwcy1pbm94LXRlcnJhc3NlLXJhbWJhcmRlLVBsb3Vlc2NhdC1CcmVzdC1GaW5pc3RlcmUuanBnIiwic2xpZGVzaG93IjoiOTFhOWZlNyJ9\" href='https:\/\/www.alusolar.com.tn\/wp-content\/uploads\/2024\/01\/garde-corps-inox-terrasse-rambarde-Plouescat-Brest-Finistere.jpg'><img loading=\"lazy\" decoding=\"async\" width=\"600\" height=\"800\" src=\"https:\/\/www.alusolar.com.tn\/wp-content\/uploads\/2024\/01\/garde-corps-inox-terrasse-rambarde-Plouescat-Brest-Finistere.jpg\" class=\"attachment-large size-large\" alt=\"Garde corps et rampe d&#039;escalier\" srcset=\"https:\/\/www.alusolar.com.tn\/wp-content\/uploads\/2024\/01\/garde-corps-inox-terrasse-rambarde-Plouescat-Brest-Finistere.jpg 600w, https:\/\/www.alusolar.com.tn\/wp-content\/uploads\/2024\/01\/garde-corps-inox-terrasse-rambarde-Plouescat-Brest-Finistere-200x267.jpg 200w\" sizes=\"(max-width: 600px) 100vw, 600px\" \/><\/a>\n\t\t\t<\/div><\/figure><figure class='gallery-item'>\n\t\t\t<div class='gallery-icon portrait'>\n\t\t\t\t<a data-elementor-open-lightbox=\"yes\" data-elementor-lightbox-slideshow=\"91a9fe7\" data-elementor-lightbox-title=\"Garde corps et rampe d&#039;escalier\" data-e-action-hash=\"#elementor-action%3Aaction%3Dlightbox%26settings%3DeyJpZCI6MTQ3NCwidXJsIjoiaHR0cHM6XC9cL3d3dy5hbHVzb2xhci5jb20udG5cL3dwLWNvbnRlbnRcL3VwbG9hZHNcLzIwMjRcLzAxXC9nYXJkZS1jb3Jwcy1lbi12ZXJyZS0yNC5qcGciLCJzbGlkZXNob3ciOiI5MWE5ZmU3In0%3D\" href='https:\/\/www.alusolar.com.tn\/wp-content\/uploads\/2024\/01\/garde-corps-en-verre-24.jpg'><img loading=\"lazy\" decoding=\"async\" width=\"600\" height=\"800\" src=\"https:\/\/www.alusolar.com.tn\/wp-content\/uploads\/2024\/01\/garde-corps-en-verre-24.jpg\" class=\"attachment-large size-large\" alt=\"Garde corps et rampe d&#039;escalier\" srcset=\"https:\/\/www.alusolar.com.tn\/wp-content\/uploads\/2024\/01\/garde-corps-en-verre-24.jpg 600w, https:\/\/www.alusolar.com.tn\/wp-content\/uploads\/2024\/01\/garde-corps-en-verre-24-200x267.jpg 200w\" sizes=\"(max-width: 600px) 100vw, 600px\" \/><\/a>\n\t\t\t<\/div><\/figure><figure class='gallery-item'>\n\t\t\t<div class='gallery-icon portrait'>\n\t\t\t\t<a data-elementor-open-lightbox=\"yes\" data-elementor-lightbox-slideshow=\"91a9fe7\" data-elementor-lightbox-title=\"Garde corps et rampe d&#039;escalier\" data-e-action-hash=\"#elementor-action%3Aaction%3Dlightbox%26settings%3DeyJpZCI6MTQ2OCwidXJsIjoiaHR0cHM6XC9cL3d3dy5hbHVzb2xhci5jb20udG5cL3dwLWNvbnRlbnRcL3VwbG9hZHNcLzIwMjRcLzAxXC9iMGYyYmYyNmQyMzdmZmE4YjFkYTRjMjljYjhkMTE5NS5qcGciLCJzbGlkZXNob3ciOiI5MWE5ZmU3In0%3D\" href='https:\/\/www.alusolar.com.tn\/wp-content\/uploads\/2024\/01\/b0f2bf26d237ffa8b1da4c29cb8d1195.jpg'><img loading=\"lazy\" decoding=\"async\" width=\"600\" height=\"800\" src=\"https:\/\/www.alusolar.com.tn\/wp-content\/uploads\/2024\/01\/b0f2bf26d237ffa8b1da4c29cb8d1195.jpg\" class=\"attachment-large size-large\" alt=\"Garde corps et rampe d&#039;escalier\" srcset=\"https:\/\/www.alusolar.com.tn\/wp-content\/uploads\/2024\/01\/b0f2bf26d237ffa8b1da4c29cb8d1195.jpg 600w, https:\/\/www.alusolar.com.tn\/wp-content\/uploads\/2024\/01\/b0f2bf26d237ffa8b1da4c29cb8d1195-200x267.jpg 200w\" sizes=\"(max-width: 600px) 100vw, 600px\" \/><\/a>\n\t\t\t<\/div><\/figure><figure class='gallery-item'>\n\t\t\t<div class='gallery-icon portrait'>\n\t\t\t\t<a data-elementor-open-lightbox=\"yes\" data-elementor-lightbox-slideshow=\"91a9fe7\" data-elementor-lightbox-title=\"Garde corps et rampe d&#039;escalier\" data-e-action-hash=\"#elementor-action%3Aaction%3Dlightbox%26settings%3DeyJpZCI6MTQ2NiwidXJsIjoiaHR0cHM6XC9cL3d3dy5hbHVzb2xhci5jb20udG5cL3dwLWNvbnRlbnRcL3VwbG9hZHNcLzIwMjRcLzAxXC9nYXJkZS1jb3Jwcy12aXRyZV85MDdfM2QzYi5qcGciLCJzbGlkZXNob3ciOiI5MWE5ZmU3In0%3D\" href='https:\/\/www.alusolar.com.tn\/wp-content\/uploads\/2024\/01\/garde-corps-vitre_907_3d3b.jpg'><img loading=\"lazy\" decoding=\"async\" width=\"600\" height=\"800\" src=\"https:\/\/www.alusolar.com.tn\/wp-content\/uploads\/2024\/01\/garde-corps-vitre_907_3d3b.jpg\" class=\"attachment-large size-large\" alt=\"Garde corps et rampe d&#039;escalier\" srcset=\"https:\/\/www.alusolar.com.tn\/wp-content\/uploads\/2024\/01\/garde-corps-vitre_907_3d3b.jpg 600w, https:\/\/www.alusolar.com.tn\/wp-content\/uploads\/2024\/01\/garde-corps-vitre_907_3d3b-200x267.jpg 200w\" sizes=\"(max-width: 600px) 100vw, 600px\" \/><\/a>\n\t\t\t<\/div><\/figure><figure class='gallery-item'>\n\t\t\t<div class='gallery-icon portrait'>\n\t\t\t\t<a data-elementor-open-lightbox=\"yes\" data-elementor-lightbox-slideshow=\"91a9fe7\" data-elementor-lightbox-title=\"Garde corps et rampe d&#039;escalier\" data-e-action-hash=\"#elementor-action%3Aaction%3Dlightbox%26settings%3DeyJpZCI6MTQ3OSwidXJsIjoiaHR0cHM6XC9cL3d3dy5hbHVzb2xhci5jb20udG5cL3dwLWNvbnRlbnRcL3VwbG9hZHNcLzIwMjRcLzAxXC8xMDE4X2UzYWIuanBnIiwic2xpZGVzaG93IjoiOTFhOWZlNyJ9\" href='https:\/\/www.alusolar.com.tn\/wp-content\/uploads\/2024\/01\/1018_e3ab.jpg'><img loading=\"lazy\" decoding=\"async\" width=\"600\" height=\"800\" src=\"https:\/\/www.alusolar.com.tn\/wp-content\/uploads\/2024\/01\/1018_e3ab.jpg\" class=\"attachment-large size-large\" alt=\"Garde corps et rampe d&#039;escalier\" srcset=\"https:\/\/www.alusolar.com.tn\/wp-content\/uploads\/2024\/01\/1018_e3ab.jpg 600w, https:\/\/www.alusolar.com.tn\/wp-content\/uploads\/2024\/01\/1018_e3ab-200x267.jpg 200w\" sizes=\"(max-width: 600px) 100vw, 600px\" \/><\/a>\n\t\t\t<\/div><\/figure><figure class='gallery-item'>\n\t\t\t<div class='gallery-icon portrait'>\n\t\t\t\t<a data-elementor-open-lightbox=\"yes\" data-elementor-lightbox-slideshow=\"91a9fe7\" data-elementor-lightbox-title=\"Garde corps et rampe d&#039;escalier\" data-e-action-hash=\"#elementor-action%3Aaction%3Dlightbox%26settings%3DeyJpZCI6MTQ4NCwidXJsIjoiaHR0cHM6XC9cL3d3dy5hbHVzb2xhci5jb20udG5cL3dwLWNvbnRlbnRcL3VwbG9hZHNcLzIwMjRcLzAxXC9JTUdfMjYwNi0xMDI0eDc2OC0xLmpwZyIsInNsaWRlc2hvdyI6IjkxYTlmZTcifQ%3D%3D\" href='https:\/\/www.alusolar.com.tn\/wp-content\/uploads\/2024\/01\/IMG_2606-1024x768-1.jpg'><img loading=\"lazy\" decoding=\"async\" width=\"600\" height=\"800\" src=\"https:\/\/www.alusolar.com.tn\/wp-content\/uploads\/2024\/01\/IMG_2606-1024x768-1.jpg\" class=\"attachment-large size-large\" alt=\"Garde corps et rampe d&#039;escalier\" srcset=\"https:\/\/www.alusolar.com.tn\/wp-content\/uploads\/2024\/01\/IMG_2606-1024x768-1.jpg 600w, https:\/\/www.alusolar.com.tn\/wp-content\/uploads\/2024\/01\/IMG_2606-1024x768-1-200x267.jpg 200w\" sizes=\"(max-width: 600px) 100vw, 600px\" \/><\/a>\n\t\t\t<\/div><\/figure><figure class='gallery-item'>\n\t\t\t<div class='gallery-icon portrait'>\n\t\t\t\t<a data-elementor-open-lightbox=\"yes\" data-elementor-lightbox-slideshow=\"91a9fe7\" data-elementor-lightbox-title=\"Garde corps et rampe d&#039;escalier\" data-e-action-hash=\"#elementor-action%3Aaction%3Dlightbox%26settings%3DeyJpZCI6MTQ3NSwidXJsIjoiaHR0cHM6XC9cL3d3dy5hbHVzb2xhci5jb20udG5cL3dwLWNvbnRlbnRcL3VwbG9hZHNcLzIwMjRcLzAxXC9HYXJkZS1jb3Jwcy1lbi12ZXJyZS1hamFjY2lvXy1zY2FsZWQtMS5qcGciLCJzbGlkZXNob3ciOiI5MWE5ZmU3In0%3D\" href='https:\/\/www.alusolar.com.tn\/wp-content\/uploads\/2024\/01\/Garde-corps-en-verre-ajaccio_-scaled-1.jpg'><img loading=\"lazy\" decoding=\"async\" width=\"600\" height=\"800\" src=\"https:\/\/www.alusolar.com.tn\/wp-content\/uploads\/2024\/01\/Garde-corps-en-verre-ajaccio_-scaled-1.jpg\" class=\"attachment-large size-large\" alt=\"Garde corps et rampe d&#039;escalier\" srcset=\"https:\/\/www.alusolar.com.tn\/wp-content\/uploads\/2024\/01\/Garde-corps-en-verre-ajaccio_-scaled-1.jpg 600w, https:\/\/www.alusolar.com.tn\/wp-content\/uploads\/2024\/01\/Garde-corps-en-verre-ajaccio_-scaled-1-200x267.jpg 200w\" sizes=\"(max-width: 600px) 100vw, 600px\" \/><\/a>\n\t\t\t<\/div><\/figure><figure class='gallery-item'>\n\t\t\t<div class='gallery-icon portrait'>\n\t\t\t\t<a data-elementor-open-lightbox=\"yes\" data-elementor-lightbox-slideshow=\"91a9fe7\" data-elementor-lightbox-title=\"Garde corps et rampe d&#039;escalier\" data-e-action-hash=\"#elementor-action%3Aaction%3Dlightbox%26settings%3DeyJpZCI6MTQ4MiwidXJsIjoiaHR0cHM6XC9cL3d3dy5hbHVzb2xhci5jb20udG5cL3dwLWNvbnRlbnRcL3VwbG9hZHNcLzIwMjRcLzAxXC9yYW1iYXJkZS1lc2NhbGllci0xLmpwZyIsInNsaWRlc2hvdyI6IjkxYTlmZTcifQ%3D%3D\" href='https:\/\/www.alusolar.com.tn\/wp-content\/uploads\/2024\/01\/rambarde-escalier-1.jpg'><img loading=\"lazy\" decoding=\"async\" width=\"600\" height=\"800\" src=\"https:\/\/www.alusolar.com.tn\/wp-content\/uploads\/2024\/01\/rambarde-escalier-1.jpg\" class=\"attachment-large size-large\" alt=\"Garde corps et rampe d&#039;escalier\" srcset=\"https:\/\/www.alusolar.com.tn\/wp-content\/uploads\/2024\/01\/rambarde-escalier-1.jpg 600w, https:\/\/www.alusolar.com.tn\/wp-content\/uploads\/2024\/01\/rambarde-escalier-1-200x267.jpg 200w\" sizes=\"(max-width: 600px) 100vw, 600px\" \/><\/a>\n\t\t\t<\/div><\/figure><figure class='gallery-item'>\n\t\t\t<div class='gallery-icon portrait'>\n\t\t\t\t<a data-elementor-open-lightbox=\"yes\" data-elementor-lightbox-slideshow=\"91a9fe7\" data-elementor-lightbox-title=\"Garde corps et rampe d&#039;escalier\" data-e-action-hash=\"#elementor-action%3Aaction%3Dlightbox%26settings%3DeyJpZCI6MTQ3MiwidXJsIjoiaHR0cHM6XC9cL3d3dy5hbHVzb2xhci5jb20udG5cL3dwLWNvbnRlbnRcL3VwbG9hZHNcLzIwMjRcLzAxXC9nYXJkZS1jb3Jwcy1lbi1pbm94LWVuLXZlcnJlLWQtdW4tZXNjYWxpZXItYS1wYWlsbGFzc2UtZW4tYmV0b24tcG91ci11bi1wYXJ0aWN1bGllcjU3My1zY2FsZWQtMS5qcGciLCJzbGlkZXNob3ciOiI5MWE5ZmU3In0%3D\" href='https:\/\/www.alusolar.com.tn\/wp-content\/uploads\/2024\/01\/garde-corps-en-inox-en-verre-d-un-escalier-a-paillasse-en-beton-pour-un-particulier573-scaled-1.jpg'><img loading=\"lazy\" decoding=\"async\" width=\"600\" height=\"800\" src=\"https:\/\/www.alusolar.com.tn\/wp-content\/uploads\/2024\/01\/garde-corps-en-inox-en-verre-d-un-escalier-a-paillasse-en-beton-pour-un-particulier573-scaled-1.jpg\" class=\"attachment-large size-large\" alt=\"Garde corps et rampe d&#039;escalier\" srcset=\"https:\/\/www.alusolar.com.tn\/wp-content\/uploads\/2024\/01\/garde-corps-en-inox-en-verre-d-un-escalier-a-paillasse-en-beton-pour-un-particulier573-scaled-1.jpg 600w, https:\/\/www.alusolar.com.tn\/wp-content\/uploads\/2024\/01\/garde-corps-en-inox-en-verre-d-un-escalier-a-paillasse-en-beton-pour-un-particulier573-scaled-1-200x267.jpg 200w\" sizes=\"(max-width: 600px) 100vw, 600px\" \/><\/a>\n\t\t\t<\/div><\/figure><figure class='gallery-item'>\n\t\t\t<div class='gallery-icon portrait'>\n\t\t\t\t<a data-elementor-open-lightbox=\"yes\" data-elementor-lightbox-slideshow=\"91a9fe7\" data-elementor-lightbox-title=\"Garde corps et rampe d&#039;escalier\" data-e-action-hash=\"#elementor-action%3Aaction%3Dlightbox%26settings%3DeyJpZCI6MTQ3NiwidXJsIjoiaHR0cHM6XC9cL3d3dy5hbHVzb2xhci5jb20udG5cL3dwLWNvbnRlbnRcL3VwbG9hZHNcLzIwMjRcLzAxXC9HYXJkZS1jb3Jwcy1lbi12ZXJyZS1lc2NhbGllci1ldC1tZXp6YW5pbmUtUm91ZW4tQ2VudHJlLTIuanBnIiwic2xpZGVzaG93IjoiOTFhOWZlNyJ9\" href='https:\/\/www.alusolar.com.tn\/wp-content\/uploads\/2024\/01\/Garde-corps-en-verre-escalier-et-mezzanine-Rouen-Centre-2.jpg'><img loading=\"lazy\" decoding=\"async\" width=\"600\" height=\"800\" src=\"https:\/\/www.alusolar.com.tn\/wp-content\/uploads\/2024\/01\/Garde-corps-en-verre-escalier-et-mezzanine-Rouen-Centre-2.jpg\" class=\"attachment-large size-large\" alt=\"Garde corps et rampe d&#039;escalier\" srcset=\"https:\/\/www.alusolar.com.tn\/wp-content\/uploads\/2024\/01\/Garde-corps-en-verre-escalier-et-mezzanine-Rouen-Centre-2.jpg 600w, https:\/\/www.alusolar.com.tn\/wp-content\/uploads\/2024\/01\/Garde-corps-en-verre-escalier-et-mezzanine-Rouen-Centre-2-200x267.jpg 200w\" sizes=\"(max-width: 600px) 100vw, 600px\" \/><\/a>\n\t\t\t<\/div><\/figure><figure class='gallery-item'>\n\t\t\t<div class='gallery-icon portrait'>\n\t\t\t\t<a data-elementor-open-lightbox=\"yes\" data-elementor-lightbox-slideshow=\"91a9fe7\" data-elementor-lightbox-title=\"Garde corps et rampe d&#039;escalier\" data-e-action-hash=\"#elementor-action%3Aaction%3Dlightbox%26settings%3DeyJpZCI6MTQ3NywidXJsIjoiaHR0cHM6XC9cL3d3dy5hbHVzb2xhci5jb20udG5cL3dwLWNvbnRlbnRcL3VwbG9hZHNcLzIwMjRcLzAxXC82NS5qcGciLCJzbGlkZXNob3ciOiI5MWE5ZmU3In0%3D\" href='https:\/\/www.alusolar.com.tn\/wp-content\/uploads\/2024\/01\/65.jpg'><img loading=\"lazy\" decoding=\"async\" width=\"600\" height=\"800\" src=\"https:\/\/www.alusolar.com.tn\/wp-content\/uploads\/2024\/01\/65.jpg\" class=\"attachment-large size-large\" alt=\"Garde corps et rampe d&#039;escalier\" srcset=\"https:\/\/www.alusolar.com.tn\/wp-content\/uploads\/2024\/01\/65.jpg 600w, https:\/\/www.alusolar.com.tn\/wp-content\/uploads\/2024\/01\/65-200x267.jpg 200w\" sizes=\"(max-width: 600px) 100vw, 600px\" \/><\/a>\n\t\t\t<\/div><\/figure><figure class='gallery-item'>\n\t\t\t<div class='gallery-icon portrait'>\n\t\t\t\t<a data-elementor-open-lightbox=\"yes\" data-elementor-lightbox-slideshow=\"91a9fe7\" data-elementor-lightbox-title=\"Garde corps et rampe d&#039;escalier\" data-e-action-hash=\"#elementor-action%3Aaction%3Dlightbox%26settings%3DeyJpZCI6MTQ4NSwidXJsIjoiaHR0cHM6XC9cL3d3dy5hbHVzb2xhci5jb20udG5cL3dwLWNvbnRlbnRcL3VwbG9hZHNcLzIwMjRcLzAxXC9qcGVnLmpwZyIsInNsaWRlc2hvdyI6IjkxYTlmZTcifQ%3D%3D\" href='https:\/\/www.alusolar.com.tn\/wp-content\/uploads\/2024\/01\/jpeg.jpg'><img loading=\"lazy\" decoding=\"async\" width=\"600\" height=\"800\" src=\"https:\/\/www.alusolar.com.tn\/wp-content\/uploads\/2024\/01\/jpeg.jpg\" class=\"attachment-large size-large\" alt=\"Garde corps et rampe d&#039;escalier\" srcset=\"https:\/\/www.alusolar.com.tn\/wp-content\/uploads\/2024\/01\/jpeg.jpg 600w, https:\/\/www.alusolar.com.tn\/wp-content\/uploads\/2024\/01\/jpeg-200x267.jpg 200w\" sizes=\"(max-width: 600px) 100vw, 600px\" \/><\/a>\n\t\t\t<\/div><\/figure><figure class='gallery-item'>\n\t\t\t<div class='gallery-icon portrait'>\n\t\t\t\t<a data-elementor-open-lightbox=\"yes\" data-elementor-lightbox-slideshow=\"91a9fe7\" data-elementor-lightbox-title=\"Garde corps et rampe d&#039;escalier\" data-e-action-hash=\"#elementor-action%3Aaction%3Dlightbox%26settings%3DeyJpZCI6MTQ4MCwidXJsIjoiaHR0cHM6XC9cL3d3dy5hbHVzb2xhci5jb20udG5cL3dwLWNvbnRlbnRcL3VwbG9hZHNcLzIwMjRcLzAxXC85OTAwODU3N18zODQ1MjAwNTkyMjE3MDk5XzI0NDY5ODgxMzcyMTAwNTI2MDhfby5qcGciLCJzbGlkZXNob3ciOiI5MWE5ZmU3In0%3D\" href='https:\/\/www.alusolar.com.tn\/wp-content\/uploads\/2024\/01\/99008577_3845200592217099_2446988137210052608_o.jpg'><img loading=\"lazy\" decoding=\"async\" width=\"600\" height=\"800\" src=\"https:\/\/www.alusolar.com.tn\/wp-content\/uploads\/2024\/01\/99008577_3845200592217099_2446988137210052608_o.jpg\" class=\"attachment-large size-large\" alt=\"Garde corps et rampe d&#039;escalier\" srcset=\"https:\/\/www.alusolar.com.tn\/wp-content\/uploads\/2024\/01\/99008577_3845200592217099_2446988137210052608_o.jpg 600w, https:\/\/www.alusolar.com.tn\/wp-content\/uploads\/2024\/01\/99008577_3845200592217099_2446988137210052608_o-200x267.jpg 200w\" sizes=\"(max-width: 600px) 100vw, 600px\" \/><\/a>\n\t\t\t<\/div><\/figure><figure class='gallery-item'>\n\t\t\t<div class='gallery-icon portrait'>\n\t\t\t\t<a data-elementor-open-lightbox=\"yes\" data-elementor-lightbox-slideshow=\"91a9fe7\" data-elementor-lightbox-title=\"Garde corps et rampe d&#039;escalier\" data-e-action-hash=\"#elementor-action%3Aaction%3Dlightbox%26settings%3DeyJpZCI6MTQ4MywidXJsIjoiaHR0cHM6XC9cL3d3dy5hbHVzb2xhci5jb20udG5cL3dwLWNvbnRlbnRcL3VwbG9hZHNcLzIwMjRcLzAxXC9HQ3BpZXJyZTItdGlueS5qcGciLCJzbGlkZXNob3ciOiI5MWE5ZmU3In0%3D\" href='https:\/\/www.alusolar.com.tn\/wp-content\/uploads\/2024\/01\/GCpierre2-tiny.jpg'><img loading=\"lazy\" decoding=\"async\" width=\"600\" height=\"800\" src=\"https:\/\/www.alusolar.com.tn\/wp-content\/uploads\/2024\/01\/GCpierre2-tiny.jpg\" class=\"attachment-large size-large\" alt=\"Garde corps et rampe d&#039;escalier\" srcset=\"https:\/\/www.alusolar.com.tn\/wp-content\/uploads\/2024\/01\/GCpierre2-tiny.jpg 600w, https:\/\/www.alusolar.com.tn\/wp-content\/uploads\/2024\/01\/GCpierre2-tiny-200x267.jpg 200w\" sizes=\"(max-width: 600px) 100vw, 600px\" \/><\/a>\n\t\t\t<\/div><\/figure><figure class='gallery-item'>\n\t\t\t<div class='gallery-icon portrait'>\n\t\t\t\t<a data-elementor-open-lightbox=\"yes\" data-elementor-lightbox-slideshow=\"91a9fe7\" data-elementor-lightbox-title=\"Garde corps et rampe d&#039;escalier\" data-e-action-hash=\"#elementor-action%3Aaction%3Dlightbox%26settings%3DeyJpZCI6MTQ3MywidXJsIjoiaHR0cHM6XC9cL3d3dy5hbHVzb2xhci5jb20udG5cL3dwLWNvbnRlbnRcL3VwbG9hZHNcLzIwMjRcLzAxXC9nYXJkZS1jb3Jwcy1lbi12ZXJyZS0xMy5qcGciLCJzbGlkZXNob3ciOiI5MWE5ZmU3In0%3D\" href='https:\/\/www.alusolar.com.tn\/wp-content\/uploads\/2024\/01\/garde-corps-en-verre-13.jpg'><img loading=\"lazy\" decoding=\"async\" width=\"600\" height=\"800\" src=\"https:\/\/www.alusolar.com.tn\/wp-content\/uploads\/2024\/01\/garde-corps-en-verre-13.jpg\" class=\"attachment-large size-large\" alt=\"Garde corps et rampe d&#039;escalier\" srcset=\"https:\/\/www.alusolar.com.tn\/wp-content\/uploads\/2024\/01\/garde-corps-en-verre-13.jpg 600w, https:\/\/www.alusolar.com.tn\/wp-content\/uploads\/2024\/01\/garde-corps-en-verre-13-200x267.jpg 200w\" sizes=\"(max-width: 600px) 100vw, 600px\" \/><\/a>\n\t\t\t<\/div><\/figure><figure class='gallery-item'>\n\t\t\t<div class='gallery-icon portrait'>\n\t\t\t\t<a data-elementor-open-lightbox=\"yes\" data-elementor-lightbox-slideshow=\"91a9fe7\" data-elementor-lightbox-title=\"Garde corps et rampe d&#039;escalier\" data-e-action-hash=\"#elementor-action%3Aaction%3Dlightbox%26settings%3DeyJpZCI6MTQ2NywidXJsIjoiaHR0cHM6XC9cL3d3dy5hbHVzb2xhci5jb20udG5cL3dwLWNvbnRlbnRcL3VwbG9hZHNcLzIwMjRcLzAxXC9hNjIwMmI2OGQyM2EuanBnIiwic2xpZGVzaG93IjoiOTFhOWZlNyJ9\" href='https:\/\/www.alusolar.com.tn\/wp-content\/uploads\/2024\/01\/a6202b68d23a.jpg'><img loading=\"lazy\" decoding=\"async\" width=\"600\" height=\"800\" src=\"https:\/\/www.alusolar.com.tn\/wp-content\/uploads\/2024\/01\/a6202b68d23a.jpg\" class=\"attachment-large size-large\" alt=\"Garde corps et rampe d&#039;escalier\" srcset=\"https:\/\/www.alusolar.com.tn\/wp-content\/uploads\/2024\/01\/a6202b68d23a.jpg 600w, https:\/\/www.alusolar.com.tn\/wp-content\/uploads\/2024\/01\/a6202b68d23a-200x267.jpg 200w\" sizes=\"(max-width: 600px) 100vw, 600px\" \/><\/a>\n\t\t\t<\/div><\/figure><figure class='gallery-item'>\n\t\t\t<div class='gallery-icon portrait'>\n\t\t\t\t<a data-elementor-open-lightbox=\"yes\" data-elementor-lightbox-slideshow=\"91a9fe7\" data-elementor-lightbox-title=\"Garde corps et rampe d&#039;escalier\" data-e-action-hash=\"#elementor-action%3Aaction%3Dlightbox%26settings%3DeyJpZCI6MTQ2NSwidXJsIjoiaHR0cHM6XC9cL3d3dy5hbHVzb2xhci5jb20udG5cL3dwLWNvbnRlbnRcL3VwbG9hZHNcLzIwMjRcLzAxXC9nYXJkZS1jb3Jwcy12ZXJyZS1lc2NhbGllci1zdXItbWVzdXJlLWNvdGUtdmVycmUtMS5qcGciLCJzbGlkZXNob3ciOiI5MWE5ZmU3In0%3D\" href='https:\/\/www.alusolar.com.tn\/wp-content\/uploads\/2024\/01\/garde-corps-verre-escalier-sur-mesure-cote-verre-1.jpg'><img loading=\"lazy\" decoding=\"async\" width=\"600\" height=\"800\" src=\"https:\/\/www.alusolar.com.tn\/wp-content\/uploads\/2024\/01\/garde-corps-verre-escalier-sur-mesure-cote-verre-1.jpg\" class=\"attachment-large size-large\" alt=\"Garde corps et rampe d&#039;escalier\" srcset=\"https:\/\/www.alusolar.com.tn\/wp-content\/uploads\/2024\/01\/garde-corps-verre-escalier-sur-mesure-cote-verre-1.jpg 600w, https:\/\/www.alusolar.com.tn\/wp-content\/uploads\/2024\/01\/garde-corps-verre-escalier-sur-mesure-cote-verre-1-200x267.jpg 200w\" sizes=\"(max-width: 600px) 100vw, 600px\" \/><\/a>\n\t\t\t<\/div><\/figure><figure class='gallery-item'>\n\t\t\t<div class='gallery-icon portrait'>\n\t\t\t\t<a data-elementor-open-lightbox=\"yes\" data-elementor-lightbox-slideshow=\"91a9fe7\" data-elementor-lightbox-title=\"Garde corps et rampe d&#039;escalier\" data-e-action-hash=\"#elementor-action%3Aaction%3Dlightbox%26settings%3DeyJpZCI6MTQ3MSwidXJsIjoiaHR0cHM6XC9cL3d3dy5hbHVzb2xhci5jb20udG5cL3dwLWNvbnRlbnRcL3VwbG9hZHNcLzIwMjRcLzAxXC9Fc2NhbGllci1lbi1ib2lzLWF2ZWMtZ2FyZGUtY29ycHMtZW4tdmVycmUtc3VyLW1lc3VyZS1hLUNoZW5leC1wcmVzLWRlLUdlbmV2ZS0yLmpwZyIsInNsaWRlc2hvdyI6IjkxYTlmZTcifQ%3D%3D\" href='https:\/\/www.alusolar.com.tn\/wp-content\/uploads\/2024\/01\/Escalier-en-bois-avec-garde-corps-en-verre-sur-mesure-a-Chenex-pres-de-Geneve-2.jpg'><img loading=\"lazy\" decoding=\"async\" width=\"600\" height=\"800\" src=\"https:\/\/www.alusolar.com.tn\/wp-content\/uploads\/2024\/01\/Escalier-en-bois-avec-garde-corps-en-verre-sur-mesure-a-Chenex-pres-de-Geneve-2.jpg\" class=\"attachment-large size-large\" alt=\"Garde corps et rampe d&#039;escalier\" srcset=\"https:\/\/www.alusolar.com.tn\/wp-content\/uploads\/2024\/01\/Escalier-en-bois-avec-garde-corps-en-verre-sur-mesure-a-Chenex-pres-de-Geneve-2.jpg 600w, https:\/\/www.alusolar.com.tn\/wp-content\/uploads\/2024\/01\/Escalier-en-bois-avec-garde-corps-en-verre-sur-mesure-a-Chenex-pres-de-Geneve-2-200x267.jpg 200w\" sizes=\"(max-width: 600px) 100vw, 600px\" \/><\/a>\n\t\t\t<\/div><\/figure><figure class='gallery-item'>\n\t\t\t<div class='gallery-icon portrait'>\n\t\t\t\t<a data-elementor-open-lightbox=\"yes\" data-elementor-lightbox-slideshow=\"91a9fe7\" data-elementor-lightbox-title=\"Garde corps et rampe d&#039;escalier\" data-e-action-hash=\"#elementor-action%3Aaction%3Dlightbox%26settings%3DeyJpZCI6MTQ2OSwidXJsIjoiaHR0cHM6XC9cL3d3dy5hbHVzb2xhci5jb20udG5cL3dwLWNvbnRlbnRcL3VwbG9hZHNcLzIwMjRcLzAxXC9idi1nYXJkZS1jb3Jwcy1wb3RlYXV4LTAwMi1lMTU4NDYyNDI2Mzc1NS5qcGciLCJzbGlkZXNob3ciOiI5MWE5ZmU3In0%3D\" href='https:\/\/www.alusolar.com.tn\/wp-content\/uploads\/2024\/01\/bv-garde-corps-poteaux-002-e1584624263755.jpg'><img loading=\"lazy\" decoding=\"async\" width=\"600\" height=\"800\" src=\"https:\/\/www.alusolar.com.tn\/wp-content\/uploads\/2024\/01\/bv-garde-corps-poteaux-002-e1584624263755.jpg\" class=\"attachment-large size-large\" alt=\"Garde corps et rampe d&#039;escalier\" srcset=\"https:\/\/www.alusolar.com.tn\/wp-content\/uploads\/2024\/01\/bv-garde-corps-poteaux-002-e1584624263755.jpg 600w, https:\/\/www.alusolar.com.tn\/wp-content\/uploads\/2024\/01\/bv-garde-corps-poteaux-002-e1584624263755-200x267.jpg 200w\" sizes=\"(max-width: 600px) 100vw, 600px\" \/><\/a>\n\t\t\t<\/div><\/figure><figure class='gallery-item'>\n\t\t\t<div class='gallery-icon portrait'>\n\t\t\t\t<a data-elementor-open-lightbox=\"yes\" data-elementor-lightbox-slideshow=\"91a9fe7\" data-elementor-lightbox-title=\"Garde corps et rampe d&#039;escalier\" data-e-action-hash=\"#elementor-action%3Aaction%3Dlightbox%26settings%3DeyJpZCI6MTQ3MCwidXJsIjoiaHR0cHM6XC9cL3d3dy5hbHVzb2xhci5jb20udG5cL3dwLWNvbnRlbnRcL3VwbG9hZHNcLzIwMjRcLzAxXC9DYXB0dXJlLWRlY3Jhbi0yMDIyLTAxLTEwLWEtMDkuMjEuanBnIiwic2xpZGVzaG93IjoiOTFhOWZlNyJ9\" href='https:\/\/www.alusolar.com.tn\/wp-content\/uploads\/2024\/01\/Capture-decran-2022-01-10-a-09.21.jpg'><img loading=\"lazy\" decoding=\"async\" width=\"600\" height=\"800\" src=\"https:\/\/www.alusolar.com.tn\/wp-content\/uploads\/2024\/01\/Capture-decran-2022-01-10-a-09.21.jpg\" class=\"attachment-large size-large\" alt=\"Garde corps et rampe d&#039;escalier\" srcset=\"https:\/\/www.alusolar.com.tn\/wp-content\/uploads\/2024\/01\/Capture-decran-2022-01-10-a-09.21.jpg 600w, https:\/\/www.alusolar.com.tn\/wp-content\/uploads\/2024\/01\/Capture-decran-2022-01-10-a-09.21-200x267.jpg 200w\" sizes=\"(max-width: 600px) 100vw, 600px\" \/><\/a>\n\t\t\t<\/div><\/figure><figure class='gallery-item'>\n\t\t\t<div class='gallery-icon portrait'>\n\t\t\t\t<a data-elementor-open-lightbox=\"yes\" data-elementor-lightbox-slideshow=\"91a9fe7\" data-elementor-lightbox-title=\"Garde corps et rampe d&#039;escalier\" data-e-action-hash=\"#elementor-action%3Aaction%3Dlightbox%26settings%3DeyJpZCI6MTQ3OCwidXJsIjoiaHR0cHM6XC9cL3d3dy5hbHVzb2xhci5jb20udG5cL3dwLWNvbnRlbnRcL3VwbG9hZHNcLzIwMjRcLzAxXC83Ny5qcGciLCJzbGlkZXNob3ciOiI5MWE5ZmU3In0%3D\" href='https:\/\/www.alusolar.com.tn\/wp-content\/uploads\/2024\/01\/77.jpg'><img loading=\"lazy\" decoding=\"async\" width=\"600\" height=\"800\" src=\"https:\/\/www.alusolar.com.tn\/wp-content\/uploads\/2024\/01\/77.jpg\" class=\"attachment-large size-large\" alt=\"Garde corps et rampe d&#039;escalier\" srcset=\"https:\/\/www.alusolar.com.tn\/wp-content\/uploads\/2024\/01\/77.jpg 600w, https:\/\/www.alusolar.com.tn\/wp-content\/uploads\/2024\/01\/77-200x267.jpg 200w\" sizes=\"(max-width: 600px) 100vw, 600px\" \/><\/a>\n\t\t\t<\/div><\/figure><figure class='gallery-item'>\n\t\t\t<div class='gallery-icon portrait'>\n\t\t\t\t<a data-elementor-open-lightbox=\"yes\" data-elementor-lightbox-slideshow=\"91a9fe7\" data-elementor-lightbox-title=\"Garde corps et rampe d&#039;escalier\" data-e-action-hash=\"#elementor-action%3Aaction%3Dlightbox%26settings%3DeyJpZCI6MTQ4NiwidXJsIjoiaHR0cHM6XC9cL3d3dy5hbHVzb2xhci5jb20udG5cL3dwLWNvbnRlbnRcL3VwbG9hZHNcLzIwMjRcLzAxXC9sYS1sb2ktY29uY2VybmF0LWwtaW5zdGFsbGF0aW9uLWQtdW4tZ2FyZGUtY29ycHMtZGUtdGVycmFzc2UtamFyZGluLXZlcnJlLXZlcmR1cmUuanBnIiwic2xpZGVzaG93IjoiOTFhOWZlNyJ9\" href='https:\/\/www.alusolar.com.tn\/wp-content\/uploads\/2024\/01\/la-loi-concernat-l-installation-d-un-garde-corps-de-terrasse-jardin-verre-verdure.jpg'><img loading=\"lazy\" decoding=\"async\" width=\"600\" height=\"800\" src=\"https:\/\/www.alusolar.com.tn\/wp-content\/uploads\/2024\/01\/la-loi-concernat-l-installation-d-un-garde-corps-de-terrasse-jardin-verre-verdure.jpg\" class=\"attachment-large size-large\" alt=\"Garde corps et rampe d&#039;escalier\" srcset=\"https:\/\/www.alusolar.com.tn\/wp-content\/uploads\/2024\/01\/la-loi-concernat-l-installation-d-un-garde-corps-de-terrasse-jardin-verre-verdure.jpg 600w, https:\/\/www.alusolar.com.tn\/wp-content\/uploads\/2024\/01\/la-loi-concernat-l-installation-d-un-garde-corps-de-terrasse-jardin-verre-verdure-200x267.jpg 200w\" sizes=\"(max-width: 600px) 100vw, 600px\" \/><\/a>\n\t\t\t<\/div><\/figure><figure class='gallery-item'>\n\t\t\t<div class='gallery-icon portrait'>\n\t\t\t\t<a data-elementor-open-lightbox=\"yes\" data-elementor-lightbox-slideshow=\"91a9fe7\" data-elementor-lightbox-title=\"Garde corps et rampe d&#039;escalier\" data-e-action-hash=\"#elementor-action%3Aaction%3Dlightbox%26settings%3DeyJpZCI6MTQ4NywidXJsIjoiaHR0cHM6XC9cL3d3dy5hbHVzb2xhci5jb20udG5cL3dwLWNvbnRlbnRcL3VwbG9hZHNcLzIwMjRcLzAxXC9NaXJvaXRlcmllLURlZ2l2cnlfVG91bG9uLVZhcl9HYXJkZS1jb3Jwcy12ZXJyZS1lc2NhbGllci1xdWFydC10b3VybmFudC05MDB4MTA4MC0xLmpwZyIsInNsaWRlc2hvdyI6IjkxYTlmZTcifQ%3D%3D\" href='https:\/\/www.alusolar.com.tn\/wp-content\/uploads\/2024\/01\/Miroiterie-Degivry_Toulon-Var_Garde-corps-verre-escalier-quart-tournant-900x1080-1.jpg'><img loading=\"lazy\" decoding=\"async\" width=\"600\" height=\"800\" src=\"https:\/\/www.alusolar.com.tn\/wp-content\/uploads\/2024\/01\/Miroiterie-Degivry_Toulon-Var_Garde-corps-verre-escalier-quart-tournant-900x1080-1.jpg\" class=\"attachment-large size-large\" alt=\"Garde corps et rampe d&#039;escalier\" srcset=\"https:\/\/www.alusolar.com.tn\/wp-content\/uploads\/2024\/01\/Miroiterie-Degivry_Toulon-Var_Garde-corps-verre-escalier-quart-tournant-900x1080-1.jpg 600w, https:\/\/www.alusolar.com.tn\/wp-content\/uploads\/2024\/01\/Miroiterie-Degivry_Toulon-Var_Garde-corps-verre-escalier-quart-tournant-900x1080-1-200x267.jpg 200w\" sizes=\"(max-width: 600px) 100vw, 600px\" \/><\/a>\n\t\t\t<\/div><\/figure><figure class='gallery-item'>\n\t\t\t<div class='gallery-icon portrait'>\n\t\t\t\t<a data-elementor-open-lightbox=\"yes\" data-elementor-lightbox-slideshow=\"91a9fe7\" data-elementor-lightbox-title=\"Garde corps et rampe d&#039;escalier\" data-e-action-hash=\"#elementor-action%3Aaction%3Dlightbox%26settings%3DeyJpZCI6MTQ4OCwidXJsIjoiaHR0cHM6XC9cL3d3dy5hbHVzb2xhci5jb20udG5cL3dwLWNvbnRlbnRcL3VwbG9hZHNcLzIwMjRcLzAxXC9nYXJkZS1jb3Jwcy1pbm94LW1hcnNlaWxsZS0xLmpwZyIsInNsaWRlc2hvdyI6IjkxYTlmZTcifQ%3D%3D\" href='https:\/\/www.alusolar.com.tn\/wp-content\/uploads\/2024\/01\/garde-corps-inox-marseille-1.jpg'><img loading=\"lazy\" decoding=\"async\" width=\"600\" height=\"800\" src=\"https:\/\/www.alusolar.com.tn\/wp-content\/uploads\/2024\/01\/garde-corps-inox-marseille-1.jpg\" class=\"attachment-large size-large\" alt=\"Garde corps et rampe d&#039;escalier\" srcset=\"https:\/\/www.alusolar.com.tn\/wp-content\/uploads\/2024\/01\/garde-corps-inox-marseille-1.jpg 600w, https:\/\/www.alusolar.com.tn\/wp-content\/uploads\/2024\/01\/garde-corps-inox-marseille-1-200x267.jpg 200w\" sizes=\"(max-width: 600px) 100vw, 600px\" \/><\/a>\n\t\t\t<\/div><\/figure>\n\t\t<\/div>\n\t\t<\/div>\n\t\t\t\t<\/div>\n\t\t\t\t<\/div>\n\t\t\t\t\t<\/div>\n\t\t<\/div>\n\t\t\t\t\t\t\t<\/div>\n\t\t<\/section>\n\t\t\t\t\t\t\t<\/div>\n\t\t","protected":false},"excerpt":{"rendered":"<p>Produit Garde corps et rampe d&rsquo;escalier Un garde corps ou une rampe d&rsquo;escalier bien con\u00e7ue refl\u00e8te le luxe de votre espace.Nous vous proposons une gamme agr\u00e9able luxueuse de garde corps et de rampe d&rsquo;escalier en aluminium, inox ou en verre. Fiche Technique Disponibilit\u00e9 \u25cf Couleur Au choix Mati\u00e8re de structure\u00a0 Aluminium &#8211; Inox &#8211; Verre [&hellip;]<\/p>\n","protected":false},"featured_media":1463,"menu_order":13,"template":"elementor_header_footer","meta":{"footnotes":""},"portfolio-cat":[26],"portfolio-tag":[5],"portfolio-filter":[6],"class_list":["post-1462","portfolio","type-portfolio","status-publish","has-post-thumbnail","hentry","portfolio-cat-separation-cloison-vitree","portfolio-tag-uncategorized","portfolio-filter-uncategorized"],"yoast_head":"<!-- This site is optimized with the Yoast SEO plugin v21.9.1 - https:\/\/yoast.com\/wordpress\/plugins\/seo\/ -->\n<title>Garde Corps &amp; Rampe d&#039;Escalier | Alu Solar Tunisie<\/title>\n<meta name=\"description\" content=\"ProduitGarde corps et rampe d&#039;escalierUn garde corps ou une rampe d&#039;escalier bien con\u00e7ue refl\u00e8te le luxe de votre espace.Nous vous proposons une gamme\" \/>\n<meta name=\"robots\" content=\"index, follow, max-snippet:-1, max-image-preview:large, max-video-preview:-1\" \/>\n<link rel=\"canonical\" href=\"https:\/\/www.alusolar.com.tn\/fr\/portfolio\/glass-guardrails-and-stair-railings\/\" \/>\n<meta property=\"og:locale\" content=\"fr_FR\" \/>\n<meta property=\"og:type\" content=\"article\" \/>\n<meta property=\"og:title\" content=\"Garde Corps &amp; Rampe d&#039;Escalier | Alu Solar Tunisie\" \/>\n<meta property=\"og:description\" content=\"ProduitGarde corps et rampe d&#039;escalierUn garde corps ou une rampe d&#039;escalier bien con\u00e7ue refl\u00e8te le luxe de votre espace.Nous vous proposons une gamme\" \/>\n<meta property=\"og:url\" content=\"https:\/\/www.alusolar.com.tn\/portfolio\/glass-guardrails-and-stair-railings\/\" \/>\n<meta property=\"og:site_name\" content=\"Alu Solar Tunisie\" \/>\n<meta property=\"article:modified_time\" content=\"2025-06-04T15:13:05+00:00\" \/>\n<meta property=\"og:image\" content=\"https:\/\/www.alusolar.com.tn\/wp-content\/uploads\/2024\/01\/garde-corps-moderne.jpg\" \/>\n\t<meta property=\"og:image:width\" content=\"600\" \/>\n\t<meta property=\"og:image:height\" content=\"800\" \/>\n\t<meta property=\"og:image:type\" content=\"image\/jpeg\" \/>\n<meta name=\"twitter:card\" content=\"summary_large_image\" \/>\n<meta name=\"twitter:label1\" content=\"Dur\u00e9e de lecture estim\u00e9e\" \/>\n\t<meta name=\"twitter:data1\" content=\"6 minutes\" \/>\n<script type=\"application\/ld+json\" class=\"yoast-schema-graph\">{\"@context\":\"https:\/\/schema.org\",\"@graph\":[{\"@type\":\"WebPage\",\"@id\":\"https:\/\/www.alusolar.com.tn\/portfolio\/glass-guardrails-and-stair-railings\/\",\"url\":\"https:\/\/www.alusolar.com.tn\/portfolio\/glass-guardrails-and-stair-railings\/\",\"name\":\"Garde Corps & Rampe d'Escalier | Alu Solar Tunisie\",\"isPartOf\":{\"@id\":\"https:\/\/www.alusolar.com.tn\/ar\/#website\"},\"datePublished\":\"2024-01-10T10:44:55+00:00\",\"dateModified\":\"2025-06-04T15:13:05+00:00\",\"description\":\"ProduitGarde corps et rampe d'escalierUn garde corps ou une rampe d'escalier bien con\u00e7ue refl\u00e8te le luxe de votre espace.Nous vous proposons une gamme\",\"breadcrumb\":{\"@id\":\"https:\/\/www.alusolar.com.tn\/portfolio\/glass-guardrails-and-stair-railings\/#breadcrumb\"},\"inLanguage\":\"fr-FR\",\"potentialAction\":[{\"@type\":\"ReadAction\",\"target\":[\"https:\/\/www.alusolar.com.tn\/portfolio\/glass-guardrails-and-stair-railings\/\"]}]},{\"@type\":\"BreadcrumbList\",\"@id\":\"https:\/\/www.alusolar.com.tn\/portfolio\/glass-guardrails-and-stair-railings\/#breadcrumb\",\"itemListElement\":[{\"@type\":\"ListItem\",\"position\":1,\"name\":\"Accueil\",\"item\":\"https:\/\/www.alusolar.com.tn\/\"},{\"@type\":\"ListItem\",\"position\":2,\"name\":\"Portfolios\",\"item\":\"https:\/\/www.alusolar.com.tn\/portfolio\/all\/\"},{\"@type\":\"ListItem\",\"position\":3,\"name\":\"Garde Corps &#038; Rampe d&#8217;Escalier\"}]},{\"@type\":\"WebSite\",\"@id\":\"https:\/\/www.alusolar.com.tn\/ar\/#website\",\"url\":\"https:\/\/www.alusolar.com.tn\/ar\/\",\"name\":\"Alu Solar Tunisie\",\"description\":\"Cr\u00e9ateur de luxe\",\"publisher\":{\"@id\":\"https:\/\/www.alusolar.com.tn\/ar\/#organization\"},\"potentialAction\":[{\"@type\":\"SearchAction\",\"target\":{\"@type\":\"EntryPoint\",\"urlTemplate\":\"https:\/\/www.alusolar.com.tn\/ar\/?s={search_term_string}\"},\"query-input\":\"required name=search_term_string\"}],\"inLanguage\":\"fr-FR\"},{\"@type\":\"Organization\",\"@id\":\"https:\/\/www.alusolar.com.tn\/ar\/#organization\",\"name\":\"Alu Solar Tunisie\",\"url\":\"https:\/\/www.alusolar.com.tn\/ar\/\",\"logo\":{\"@type\":\"ImageObject\",\"inLanguage\":\"fr-FR\",\"@id\":\"https:\/\/www.alusolar.com.tn\/ar\/#\/schema\/logo\/image\/\",\"url\":\"https:\/\/www.alusolar.com.tn\/wp-content\/uploads\/2023\/12\/solar-svvg-01.svg\",\"contentUrl\":\"https:\/\/www.alusolar.com.tn\/wp-content\/uploads\/2023\/12\/solar-svvg-01.svg\",\"width\":232,\"height\":124,\"caption\":\"Alu Solar Tunisie\"},\"image\":{\"@id\":\"https:\/\/www.alusolar.com.tn\/ar\/#\/schema\/logo\/image\/\"}}]}<\/script>\n<!-- \/ Yoast SEO plugin. -->","yoast_head_json":{"title":"Garde Corps & Rampe d'Escalier | Alu Solar Tunisie","description":"ProduitGarde corps et rampe d'escalierUn garde corps ou une rampe d'escalier bien con\u00e7ue refl\u00e8te le luxe de votre espace.Nous vous proposons une gamme","robots":{"index":"index","follow":"follow","max-snippet":"max-snippet:-1","max-image-preview":"max-image-preview:large","max-video-preview":"max-video-preview:-1"},"canonical":"https:\/\/www.alusolar.com.tn\/fr\/portfolio\/glass-guardrails-and-stair-railings\/","og_locale":"fr_FR","og_type":"article","og_title":"Garde Corps & Rampe d'Escalier | Alu Solar Tunisie","og_description":"ProduitGarde corps et rampe d'escalierUn garde corps ou une rampe d'escalier bien con\u00e7ue refl\u00e8te le luxe de votre espace.Nous vous proposons une gamme","og_url":"https:\/\/www.alusolar.com.tn\/portfolio\/glass-guardrails-and-stair-railings\/","og_site_name":"Alu Solar Tunisie","article_modified_time":"2025-06-04T15:13:05+00:00","og_image":[{"width":600,"height":800,"url":"https:\/\/www.alusolar.com.tn\/wp-content\/uploads\/2024\/01\/garde-corps-moderne.jpg","type":"image\/jpeg"}],"twitter_card":"summary_large_image","twitter_misc":{"Dur\u00e9e de lecture estim\u00e9e":"6 minutes"},"schema":{"@context":"https:\/\/schema.org","@graph":[{"@type":"WebPage","@id":"https:\/\/www.alusolar.com.tn\/portfolio\/glass-guardrails-and-stair-railings\/","url":"https:\/\/www.alusolar.com.tn\/portfolio\/glass-guardrails-and-stair-railings\/","name":"Garde Corps & Rampe d'Escalier | Alu Solar Tunisie","isPartOf":{"@id":"https:\/\/www.alusolar.com.tn\/ar\/#website"},"datePublished":"2024-01-10T10:44:55+00:00","dateModified":"2025-06-04T15:13:05+00:00","description":"ProduitGarde corps et rampe d'escalierUn garde corps ou une rampe d'escalier bien con\u00e7ue refl\u00e8te le luxe de votre espace.Nous vous proposons une gamme","breadcrumb":{"@id":"https:\/\/www.alusolar.com.tn\/portfolio\/glass-guardrails-and-stair-railings\/#breadcrumb"},"inLanguage":"fr-FR","potentialAction":[{"@type":"ReadAction","target":["https:\/\/www.alusolar.com.tn\/portfolio\/glass-guardrails-and-stair-railings\/"]}]},{"@type":"BreadcrumbList","@id":"https:\/\/www.alusolar.com.tn\/portfolio\/glass-guardrails-and-stair-railings\/#breadcrumb","itemListElement":[{"@type":"ListItem","position":1,"name":"Accueil","item":"https:\/\/www.alusolar.com.tn\/"},{"@type":"ListItem","position":2,"name":"Portfolios","item":"https:\/\/www.alusolar.com.tn\/portfolio\/all\/"},{"@type":"ListItem","position":3,"name":"Garde Corps &#038; Rampe d&#8217;Escalier"}]},{"@type":"WebSite","@id":"https:\/\/www.alusolar.com.tn\/ar\/#website","url":"https:\/\/www.alusolar.com.tn\/ar\/","name":"Alu Solar Tunisie","description":"Cr\u00e9ateur de luxe","publisher":{"@id":"https:\/\/www.alusolar.com.tn\/ar\/#organization"},"potentialAction":[{"@type":"SearchAction","target":{"@type":"EntryPoint","urlTemplate":"https:\/\/www.alusolar.com.tn\/ar\/?s={search_term_string}"},"query-input":"required name=search_term_string"}],"inLanguage":"fr-FR"},{"@type":"Organization","@id":"https:\/\/www.alusolar.com.tn\/ar\/#organization","name":"Alu Solar Tunisie","url":"https:\/\/www.alusolar.com.tn\/ar\/","logo":{"@type":"ImageObject","inLanguage":"fr-FR","@id":"https:\/\/www.alusolar.com.tn\/ar\/#\/schema\/logo\/image\/","url":"https:\/\/www.alusolar.com.tn\/wp-content\/uploads\/2023\/12\/solar-svvg-01.svg","contentUrl":"https:\/\/www.alusolar.com.tn\/wp-content\/uploads\/2023\/12\/solar-svvg-01.svg","width":232,"height":124,"caption":"Alu Solar Tunisie"},"image":{"@id":"https:\/\/www.alusolar.com.tn\/ar\/#\/schema\/logo\/image\/"}}]}},"_links":{"self":[{"href":"https:\/\/www.alusolar.com.tn\/fr\/wp-json\/wp\/v2\/portfolio\/1462","targetHints":{"allow":["GET"]}}],"collection":[{"href":"https:\/\/www.alusolar.com.tn\/fr\/wp-json\/wp\/v2\/portfolio"}],"about":[{"href":"https:\/\/www.alusolar.com.tn\/fr\/wp-json\/wp\/v2\/types\/portfolio"}],"version-history":[{"count":14,"href":"https:\/\/www.alusolar.com.tn\/fr\/wp-json\/wp\/v2\/portfolio\/1462\/revisions"}],"predecessor-version":[{"id":7287,"href":"https:\/\/www.alusolar.com.tn\/fr\/wp-json\/wp\/v2\/portfolio\/1462\/revisions\/7287"}],"wp:featuredmedia":[{"embeddable":true,"href":"https:\/\/www.alusolar.com.tn\/fr\/wp-json\/wp\/v2\/media\/1463"}],"wp:attachment":[{"href":"https:\/\/www.alusolar.com.tn\/fr\/wp-json\/wp\/v2\/media?parent=1462"}],"wp:term":[{"taxonomy":"portfolio-cat","embeddable":true,"href":"https:\/\/www.alusolar.com.tn\/fr\/wp-json\/wp\/v2\/portfolio-cat?post=1462"},{"taxonomy":"portfolio-tag","embeddable":true,"href":"https:\/\/www.alusolar.com.tn\/fr\/wp-json\/wp\/v2\/portfolio-tag?post=1462"},{"taxonomy":"portfolio-filter","embeddable":true,"href":"https:\/\/www.alusolar.com.tn\/fr\/wp-json\/wp\/v2\/portfolio-filter?post=1462"}],"curies":[{"name":"wp","href":"https:\/\/api.w.org\/{rel}","templated":true}]}}