{"id":1526,"date":"2024-01-10T12:04:48","date_gmt":"2024-01-10T11:04:48","guid":{"rendered":"https:\/\/www.alusolar.com.tn\/?post_type=portfolio&#038;p=1526"},"modified":"2025-06-04T17:09:03","modified_gmt":"2025-06-04T15:09:03","slug":"vitrage-accordeon","status":"publish","type":"portfolio","link":"https:\/\/www.alusolar.com.tn\/fr\/portfolio\/vitrage-accordeon\/","title":{"rendered":"Vitrage Accord\u00e9on"},"content":{"rendered":"\t\t<div data-elementor-type=\"wp-post\" data-elementor-id=\"1526\" class=\"elementor elementor-1526\">\n\t\t\t\t\t\t\t\t\t<section class=\"elementor-section elementor-top-section elementor-element elementor-element-f7eb618 elementor-section-full_width elementor-section-height-default elementor-section-height-default wpr-particle-no wpr-jarallax-no wpr-parallax-no wpr-sticky-section-no\" data-id=\"f7eb618\" data-element_type=\"section\">\n\t\t\t\t\t\t<div class=\"elementor-container elementor-column-gap-no\">\n\t\t\t\t\t<div class=\"aux-parallax-section elementor-column elementor-col-100 elementor-top-column elementor-element elementor-element-ea07ff3\" data-id=\"ea07ff3\" data-element_type=\"column\">\n\t\t\t<div class=\"elementor-widget-wrap elementor-element-populated\">\n\t\t\t\t\t\t\t\t<div class=\"elementor-element elementor-element-e8696be aux-shpe-type-rectangle elementor-widget__width-auto aux-appear-watch-animation aux-fade-in-right-2 elementor-widget elementor-widget-aux_simple_shape\" data-id=\"e8696be\" data-element_type=\"widget\" data-widget_type=\"aux_simple_shape.default\">\n\t\t\t\t<div class=\"elementor-widget-container\">\n\t\t\t    <div class=\"aux-widget-container aux-simple-shape-container\">\n        <div class=\"aux-widget-container-inner\">\n            <div class=\"aux-the-shape\"><\/div>\n        <\/div>\n    <\/div>\n    \t\t<\/div>\n\t\t\t\t<\/div>\n\t\t\t\t<div class=\"elementor-element elementor-element-9fdb893 aux-shpe-type-rectangle elementor-widget__width-auto aux-appear-watch-animation aux-fade-in-left-2 elementor-widget elementor-widget-aux_simple_shape\" data-id=\"9fdb893\" data-element_type=\"widget\" data-widget_type=\"aux_simple_shape.default\">\n\t\t\t\t<div class=\"elementor-widget-container\">\n\t\t\t    <div class=\"aux-widget-container aux-simple-shape-container\">\n        <div class=\"aux-widget-container-inner\">\n            <div class=\"aux-the-shape\"><\/div>\n        <\/div>\n    <\/div>\n    \t\t<\/div>\n\t\t\t\t<\/div>\n\t\t\t\t<section class=\"elementor-section elementor-inner-section elementor-element elementor-element-125244c elementor-section-content-middle elementor-reverse-mobile elementor-section-boxed elementor-section-height-default elementor-section-height-default wpr-particle-no wpr-jarallax-no wpr-parallax-no wpr-sticky-section-no\" data-id=\"125244c\" data-element_type=\"section\">\n\t\t\t\t\t\t<div class=\"elementor-container elementor-column-gap-no\">\n\t\t\t\t\t<div class=\"aux-parallax-section elementor-column elementor-col-50 elementor-inner-column elementor-element elementor-element-c4bece9\" data-id=\"c4bece9\" data-element_type=\"column\">\n\t\t\t<div class=\"elementor-widget-wrap elementor-element-populated\">\n\t\t\t\t\t\t\t\t<div class=\"elementor-element elementor-element-4d74e73 aux-appear-watch-animation aux-fade-in-up-1 elementor-widget elementor-widget-aux_modern_heading\" data-id=\"4d74e73\" data-element_type=\"widget\" data-widget_type=\"aux_modern_heading.default\">\n\t\t\t\t<div class=\"elementor-widget-container\">\n\t\t\t<section class=\"aux-widget-modern-heading\">\n            <div class=\"aux-widget-inner\"><h5 class=\"aux-modern-heading-primary\">Produit<\/h5><h3 class=\"aux-modern-heading-secondary\"><span class=\"aux-head-before\">Vitrage <\/span><span class=\"aux-head-highlight\">Accord\u00e9on <\/span><\/h3><div class=\"aux-modern-heading-divider\"><\/div><div class=\"aux-modern-heading-description\"><p style=\"text-align: justify\">Nous vous proposons une agr\u00e9able gamme de vitrage accord\u00e9on qui vous permet essentiellement de plus de luminosit\u00e9 et d'espace tout en garantissant la robustesse et la durabilit\u00e9.<\/div><\/div>\n        <\/section>\t\t<\/div>\n\t\t\t\t<\/div>\n\t\t\t\t<div class=\"elementor-element elementor-element-f02b26f elementor-widget elementor-widget-heading\" data-id=\"f02b26f\" data-element_type=\"widget\" data-widget_type=\"heading.default\">\n\t\t\t\t<div class=\"elementor-widget-container\">\n\t\t\t<h4 class=\"elementor-heading-title elementor-size-default\">Fiche Technique <\/h4>\t\t<\/div>\n\t\t\t\t<\/div>\n\t\t\t\t<div class=\"elementor-element elementor-element-5b9ce3c elementor-widget elementor-widget-text-editor\" data-id=\"5b9ce3c\" data-element_type=\"widget\" data-widget_type=\"text-editor.default\">\n\t\t\t\t<div class=\"elementor-widget-container\">\n\t\t\t\t\t\t\t<table width=\"567\"><tbody><tr><td width=\"264\">Disponibilit\u00e9<\/td><td width=\"303\">\u25cf<\/td><\/tr><tr><td>Evacuation des eaux<\/td><td>\u25cf<\/td><\/tr><tr><td>Couleur<\/td><td>Au choix<\/td><\/tr><tr><td>Mati\u00e8re de structure<\/td><td>Aluminium &#8211; Verre<\/td><\/tr><tr><td>Resistance chaud &#8211; froid<\/td><td>\u25cf<\/td><\/tr><tr><td>Resistance \u00e0 l&rsquo;humidit\u00e9<\/td><td>\u25cf<\/td><\/tr><tr><td>Resistance aux conditions climatiques extr\u00eames<\/td><td>\u25cf<\/td><\/tr><tr><td>Verre Securit<\/td><td>\u25cf<\/td><\/tr><tr><td>Ouverture\u00a0<\/td><td>Coulissante\u00a0<\/td><\/tr><tr><td>Garantie\u00a0<\/td><td>\u25cf<\/td><\/tr><\/tbody><\/table>\t\t\t\t\t\t<\/div>\n\t\t\t\t<\/div>\n\t\t\t\t<div class=\"elementor-element elementor-element-1e9cc76 elementor-widget elementor-widget-text-editor\" data-id=\"1e9cc76\" data-element_type=\"widget\" data-widget_type=\"text-editor.default\">\n\t\t\t\t<div class=\"elementor-widget-container\">\n\t\t\t\t\t\t\t\t\t\t\t\t\t<\/div>\n\t\t\t\t<\/div>\n\t\t\t\t\t<\/div>\n\t\t<\/div>\n\t\t\t\t<div class=\"aux-parallax-section elementor-column elementor-col-50 elementor-inner-column elementor-element elementor-element-acd7fdd\" data-id=\"acd7fdd\" data-element_type=\"column\">\n\t\t\t<div class=\"elementor-widget-wrap elementor-element-populated\">\n\t\t\t\t\t\t\t\t<div class=\"elementor-element elementor-element-6e139db aux-appear-watch-animation aux-mask-from-left elementor-widget elementor-widget-aux_image\" data-id=\"6e139db\" data-element_type=\"widget\" data-widget_type=\"aux_image.default\">\n\t\t\t\t<div class=\"elementor-widget-container\">\n\t\t\t<section class=\"widget-container aux-widget-image aux-alignnone aux-parent-auadfcc66d\">\n    <div class=\"aux-media-hint-frame \">\n        <div class=\"aux-media-image \" >\n        \n            \n\n            \n            <img fetchpriority=\"high\" decoding=\"async\" width=\"600\" height=\"800\" src=\"https:\/\/www.alusolar.com.tn\/wp-content\/uploads\/2024\/01\/solarlux-gfw-highline-cero-iii-ref01731-2938-600x800.jpg\" class=\"aux-attachment aux-featured-image aux-attachment-id-1527\" alt=\"Vitrage accord\u00e9on\" srcset=\"https:\/\/www.alusolar.com.tn\/wp-content\/uploads\/2024\/01\/solarlux-gfw-highline-cero-iii-ref01731-2938-150x200.jpg 150w,https:\/\/www.alusolar.com.tn\/wp-content\/uploads\/2024\/01\/solarlux-gfw-highline-cero-iii-ref01731-2938-300x400.jpg 300w,https:\/\/www.alusolar.com.tn\/wp-content\/uploads\/2024\/01\/solarlux-gfw-highline-cero-iii-ref01731-2938-600x800.jpg 600w\" data-ratio=\"0.75\" data-original-w=\"600\" sizes=\"(max-width:479px) 480px,(max-width:767px) 768px,(max-width:1023px) 1024px,600px\" \/>            \n                <\/div>\n    <\/div>\n\n<\/section><!-- widget-container -->\t\t<\/div>\n\t\t\t\t<\/div>\n\t\t\t\t\t<\/div>\n\t\t<\/div>\n\t\t\t\t\t\t\t<\/div>\n\t\t<\/section>\n\t\t\t\t\t<\/div>\n\t\t<\/div>\n\t\t\t\t\t\t\t<\/div>\n\t\t<\/section>\n\t\t\t\t<section class=\"elementor-section elementor-top-section elementor-element elementor-element-9878d59 elementor-section-boxed elementor-section-height-default elementor-section-height-default wpr-particle-no wpr-jarallax-no wpr-parallax-no wpr-sticky-section-no\" data-id=\"9878d59\" data-element_type=\"section\">\n\t\t\t\t\t\t<div class=\"elementor-container elementor-column-gap-default\">\n\t\t\t\t\t<div class=\"aux-parallax-section elementor-column elementor-col-100 elementor-top-column elementor-element elementor-element-ebf47a9\" data-id=\"ebf47a9\" data-element_type=\"column\">\n\t\t\t<div class=\"elementor-widget-wrap elementor-element-populated\">\n\t\t\t\t\t\t\t\t<div class=\"elementor-element elementor-element-5238f84 gallery-spacing-custom elementor-widget__width-initial elementor-widget elementor-widget-image-gallery\" data-id=\"5238f84\" data-element_type=\"widget\" data-widget_type=\"image-gallery.default\">\n\t\t\t\t<div class=\"elementor-widget-container\">\n\t\t\t\t\t<div class=\"elementor-image-gallery\">\n\t\t\t<div id='gallery-1' class='gallery galleryid-1526 gallery-columns-3 gallery-size-large'><figure class='gallery-item'>\n\t\t\t<div class='gallery-icon portrait'>\n\t\t\t\t<a data-elementor-open-lightbox=\"yes\" data-elementor-lightbox-slideshow=\"5238f84\" data-elementor-lightbox-title=\"Vitrage accord\u00e9on\" data-e-action-hash=\"#elementor-action%3Aaction%3Dlightbox%26settings%3DeyJpZCI6MTUzNiwidXJsIjoiaHR0cHM6XC9cL3d3dy5hbHVzb2xhci5jb20udG5cL3dwLWNvbnRlbnRcL3VwbG9hZHNcLzIwMjRcLzAxXC8wNVZldHJhdGFNYXJlX3Jlcy5qcGciLCJzbGlkZXNob3ciOiI1MjM4Zjg0In0%3D\" href='https:\/\/www.alusolar.com.tn\/wp-content\/uploads\/2024\/01\/05VetrataMare_res.jpg'><img decoding=\"async\" width=\"600\" height=\"800\" src=\"https:\/\/www.alusolar.com.tn\/wp-content\/uploads\/2024\/01\/05VetrataMare_res.jpg\" class=\"attachment-large size-large\" alt=\"Vitrage accord\u00e9on\" srcset=\"https:\/\/www.alusolar.com.tn\/wp-content\/uploads\/2024\/01\/05VetrataMare_res.jpg 600w, https:\/\/www.alusolar.com.tn\/wp-content\/uploads\/2024\/01\/05VetrataMare_res-200x267.jpg 200w\" sizes=\"(max-width: 600px) 100vw, 600px\" \/><\/a>\n\t\t\t<\/div><\/figure><figure class='gallery-item'>\n\t\t\t<div class='gallery-icon portrait'>\n\t\t\t\t<a data-elementor-open-lightbox=\"yes\" data-elementor-lightbox-slideshow=\"5238f84\" data-elementor-lightbox-title=\"Vitrage accord\u00e9on\" data-e-action-hash=\"#elementor-action%3Aaction%3Dlightbox%26settings%3DeyJpZCI6MTUzNywidXJsIjoiaHR0cHM6XC9cL3d3dy5hbHVzb2xhci5jb20udG5cL3dwLWNvbnRlbnRcL3VwbG9hZHNcLzIwMjRcLzAxXC8xNjQyODMtMTUzOTgzNTAuanBnIiwic2xpZGVzaG93IjoiNTIzOGY4NCJ9\" href='https:\/\/www.alusolar.com.tn\/wp-content\/uploads\/2024\/01\/164283-15398350.jpg'><img decoding=\"async\" width=\"600\" height=\"800\" src=\"https:\/\/www.alusolar.com.tn\/wp-content\/uploads\/2024\/01\/164283-15398350.jpg\" class=\"attachment-large size-large\" alt=\"Vitrage accord\u00e9on\" srcset=\"https:\/\/www.alusolar.com.tn\/wp-content\/uploads\/2024\/01\/164283-15398350.jpg 600w, https:\/\/www.alusolar.com.tn\/wp-content\/uploads\/2024\/01\/164283-15398350-200x267.jpg 200w\" sizes=\"(max-width: 600px) 100vw, 600px\" \/><\/a>\n\t\t\t<\/div><\/figure><figure class='gallery-item'>\n\t\t\t<div class='gallery-icon portrait'>\n\t\t\t\t<a data-elementor-open-lightbox=\"yes\" data-elementor-lightbox-slideshow=\"5238f84\" data-elementor-lightbox-title=\"Vitrage accord\u00e9on\" data-e-action-hash=\"#elementor-action%3Aaction%3Dlightbox%26settings%3DeyJpZCI6MTU0MSwidXJsIjoiaHR0cHM6XC9cL3d3dy5hbHVzb2xhci5jb20udG5cL3dwLWNvbnRlbnRcL3VwbG9hZHNcLzIwMjRcLzAxXC9TVU5ST09NX1RFU1RBVEFfOTYwWDEyMDBfUzYwVFQuanBnIiwic2xpZGVzaG93IjoiNTIzOGY4NCJ9\" href='https:\/\/www.alusolar.com.tn\/wp-content\/uploads\/2024\/01\/SUNROOM_TESTATA_960X1200_S60TT.jpg'><img loading=\"lazy\" decoding=\"async\" width=\"600\" height=\"800\" src=\"https:\/\/www.alusolar.com.tn\/wp-content\/uploads\/2024\/01\/SUNROOM_TESTATA_960X1200_S60TT.jpg\" class=\"attachment-large size-large\" alt=\"Vitrage accord\u00e9on\" srcset=\"https:\/\/www.alusolar.com.tn\/wp-content\/uploads\/2024\/01\/SUNROOM_TESTATA_960X1200_S60TT.jpg 600w, https:\/\/www.alusolar.com.tn\/wp-content\/uploads\/2024\/01\/SUNROOM_TESTATA_960X1200_S60TT-200x267.jpg 200w\" sizes=\"(max-width: 600px) 100vw, 600px\" \/><\/a>\n\t\t\t<\/div><\/figure><figure class='gallery-item'>\n\t\t\t<div class='gallery-icon portrait'>\n\t\t\t\t<a data-elementor-open-lightbox=\"yes\" data-elementor-lightbox-slideshow=\"5238f84\" data-elementor-lightbox-title=\"Vitrage accord\u00e9on\" data-e-action-hash=\"#elementor-action%3Aaction%3Dlightbox%26settings%3DeyJpZCI6MTU0NSwidXJsIjoiaHR0cHM6XC9cL3d3dy5hbHVzb2xhci5jb20udG5cL3dwLWNvbnRlbnRcL3VwbG9hZHNcLzIwMjRcLzAxXC9pbWFnZS5qcGciLCJzbGlkZXNob3ciOiI1MjM4Zjg0In0%3D\" href='https:\/\/www.alusolar.com.tn\/wp-content\/uploads\/2024\/01\/image.jpg'><img loading=\"lazy\" decoding=\"async\" width=\"600\" height=\"800\" src=\"https:\/\/www.alusolar.com.tn\/wp-content\/uploads\/2024\/01\/image.jpg\" class=\"attachment-large size-large\" alt=\"Vitrage accord\u00e9on\" srcset=\"https:\/\/www.alusolar.com.tn\/wp-content\/uploads\/2024\/01\/image.jpg 600w, https:\/\/www.alusolar.com.tn\/wp-content\/uploads\/2024\/01\/image-200x267.jpg 200w\" sizes=\"(max-width: 600px) 100vw, 600px\" \/><\/a>\n\t\t\t<\/div><\/figure><figure class='gallery-item'>\n\t\t\t<div class='gallery-icon portrait'>\n\t\t\t\t<a data-elementor-open-lightbox=\"yes\" data-elementor-lightbox-slideshow=\"5238f84\" data-elementor-lightbox-title=\"Vitrage accord\u00e9on\" data-e-action-hash=\"#elementor-action%3Aaction%3Dlightbox%26settings%3DeyJpZCI6MTUzMywidXJsIjoiaHR0cHM6XC9cL3d3dy5hbHVzb2xhci5jb20udG5cL3dwLWNvbnRlbnRcL3VwbG9hZHNcLzIwMjRcLzAxXC9iYWllLXZpdHJlZS1hY2NvcmRlb24uanBnIiwic2xpZGVzaG93IjoiNTIzOGY4NCJ9\" href='https:\/\/www.alusolar.com.tn\/wp-content\/uploads\/2024\/01\/baie-vitree-accordeon.jpg'><img loading=\"lazy\" decoding=\"async\" width=\"600\" height=\"800\" src=\"https:\/\/www.alusolar.com.tn\/wp-content\/uploads\/2024\/01\/baie-vitree-accordeon.jpg\" class=\"attachment-large size-large\" alt=\"Vitrage accord\u00e9on\" srcset=\"https:\/\/www.alusolar.com.tn\/wp-content\/uploads\/2024\/01\/baie-vitree-accordeon.jpg 600w, https:\/\/www.alusolar.com.tn\/wp-content\/uploads\/2024\/01\/baie-vitree-accordeon-200x267.jpg 200w\" sizes=\"(max-width: 600px) 100vw, 600px\" \/><\/a>\n\t\t\t<\/div><\/figure><figure class='gallery-item'>\n\t\t\t<div class='gallery-icon portrait'>\n\t\t\t\t<a data-elementor-open-lightbox=\"yes\" data-elementor-lightbox-slideshow=\"5238f84\" data-elementor-lightbox-title=\"Vitrage accord\u00e9on\" data-e-action-hash=\"#elementor-action%3Aaction%3Dlightbox%26settings%3DeyJpZCI6MTU0OSwidXJsIjoiaHR0cHM6XC9cL3d3dy5hbHVzb2xhci5jb20udG5cL3dwLWNvbnRlbnRcL3VwbG9hZHNcLzIwMjRcLzAxXC9lMDI3YWFhZTZmMTQyOTkzMDcwMzA5MTgwYThjZWIzMC5qcGciLCJzbGlkZXNob3ciOiI1MjM4Zjg0In0%3D\" href='https:\/\/www.alusolar.com.tn\/wp-content\/uploads\/2024\/01\/e027aaae6f142993070309180a8ceb30.jpg'><img loading=\"lazy\" decoding=\"async\" width=\"600\" height=\"800\" src=\"https:\/\/www.alusolar.com.tn\/wp-content\/uploads\/2024\/01\/e027aaae6f142993070309180a8ceb30.jpg\" class=\"attachment-large size-large\" alt=\"Vitrage accord\u00e9on\" srcset=\"https:\/\/www.alusolar.com.tn\/wp-content\/uploads\/2024\/01\/e027aaae6f142993070309180a8ceb30.jpg 600w, https:\/\/www.alusolar.com.tn\/wp-content\/uploads\/2024\/01\/e027aaae6f142993070309180a8ceb30-200x267.jpg 200w\" sizes=\"(max-width: 600px) 100vw, 600px\" \/><\/a>\n\t\t\t<\/div><\/figure><figure class='gallery-item'>\n\t\t\t<div class='gallery-icon portrait'>\n\t\t\t\t<a data-elementor-open-lightbox=\"yes\" data-elementor-lightbox-slideshow=\"5238f84\" data-elementor-lightbox-title=\"Vitrage accord\u00e9on\" data-e-action-hash=\"#elementor-action%3Aaction%3Dlightbox%26settings%3DeyJpZCI6MTUyOSwidXJsIjoiaHR0cHM6XC9cL3d3dy5hbHVzb2xhci5jb20udG5cL3dwLWNvbnRlbnRcL3VwbG9hZHNcLzIwMjRcLzAxXC8xNjQyODMtMTUzOTg1MzcuanBnIiwic2xpZGVzaG93IjoiNTIzOGY4NCJ9\" href='https:\/\/www.alusolar.com.tn\/wp-content\/uploads\/2024\/01\/164283-15398537.jpg'><img loading=\"lazy\" decoding=\"async\" width=\"600\" height=\"800\" src=\"https:\/\/www.alusolar.com.tn\/wp-content\/uploads\/2024\/01\/164283-15398537.jpg\" class=\"attachment-large size-large\" alt=\"Vitrage accord\u00e9on\" srcset=\"https:\/\/www.alusolar.com.tn\/wp-content\/uploads\/2024\/01\/164283-15398537.jpg 600w, https:\/\/www.alusolar.com.tn\/wp-content\/uploads\/2024\/01\/164283-15398537-200x267.jpg 200w\" sizes=\"(max-width: 600px) 100vw, 600px\" \/><\/a>\n\t\t\t<\/div><\/figure><figure class='gallery-item'>\n\t\t\t<div class='gallery-icon portrait'>\n\t\t\t\t<a data-elementor-open-lightbox=\"yes\" data-elementor-lightbox-slideshow=\"5238f84\" data-elementor-lightbox-title=\"Vitrage accord\u00e9on\" data-e-action-hash=\"#elementor-action%3Aaction%3Dlightbox%26settings%3DeyJpZCI6MTU0NCwidXJsIjoiaHR0cHM6XC9cL3d3dy5hbHVzb2xhci5jb20udG5cL3dwLWNvbnRlbnRcL3VwbG9hZHNcLzIwMjRcLzAxXC9mZW5ldHJlLWFjY29yZGVvbi5qcGciLCJzbGlkZXNob3ciOiI1MjM4Zjg0In0%3D\" href='https:\/\/www.alusolar.com.tn\/wp-content\/uploads\/2024\/01\/fenetre-accordeon.jpg'><img loading=\"lazy\" decoding=\"async\" width=\"600\" height=\"800\" src=\"https:\/\/www.alusolar.com.tn\/wp-content\/uploads\/2024\/01\/fenetre-accordeon.jpg\" class=\"attachment-large size-large\" alt=\"Vitrage accord\u00e9on\" srcset=\"https:\/\/www.alusolar.com.tn\/wp-content\/uploads\/2024\/01\/fenetre-accordeon.jpg 600w, https:\/\/www.alusolar.com.tn\/wp-content\/uploads\/2024\/01\/fenetre-accordeon-200x267.jpg 200w\" sizes=\"(max-width: 600px) 100vw, 600px\" \/><\/a>\n\t\t\t<\/div><\/figure><figure class='gallery-item'>\n\t\t\t<div class='gallery-icon portrait'>\n\t\t\t\t<a data-elementor-open-lightbox=\"yes\" data-elementor-lightbox-slideshow=\"5238f84\" data-elementor-lightbox-title=\"Vitrage accord\u00e9on\" data-e-action-hash=\"#elementor-action%3Aaction%3Dlightbox%26settings%3DeyJpZCI6MTUzMiwidXJsIjoiaHR0cHM6XC9cL3d3dy5hbHVzb2xhci5jb20udG5cL3dwLWNvbnRlbnRcL3VwbG9hZHNcLzIwMjRcLzAxXC9CQUlFLUFDQ09SREVPTi5qcGciLCJzbGlkZXNob3ciOiI1MjM4Zjg0In0%3D\" href='https:\/\/www.alusolar.com.tn\/wp-content\/uploads\/2024\/01\/BAIE-ACCORDEON.jpg'><img loading=\"lazy\" decoding=\"async\" width=\"600\" height=\"800\" src=\"https:\/\/www.alusolar.com.tn\/wp-content\/uploads\/2024\/01\/BAIE-ACCORDEON.jpg\" class=\"attachment-large size-large\" alt=\"Vitrage accord\u00e9on\" srcset=\"https:\/\/www.alusolar.com.tn\/wp-content\/uploads\/2024\/01\/BAIE-ACCORDEON.jpg 600w, https:\/\/www.alusolar.com.tn\/wp-content\/uploads\/2024\/01\/BAIE-ACCORDEON-200x267.jpg 200w\" sizes=\"(max-width: 600px) 100vw, 600px\" \/><\/a>\n\t\t\t<\/div><\/figure><figure class='gallery-item'>\n\t\t\t<div class='gallery-icon portrait'>\n\t\t\t\t<a data-elementor-open-lightbox=\"yes\" data-elementor-lightbox-slideshow=\"5238f84\" data-elementor-lightbox-title=\"Vitrage accord\u00e9on\" data-e-action-hash=\"#elementor-action%3Aaction%3Dlightbox%26settings%3DeyJpZCI6MTUzOCwidXJsIjoiaHR0cHM6XC9cL3d3dy5hbHVzb2xhci5jb20udG5cL3dwLWNvbnRlbnRcL3VwbG9hZHNcLzIwMjRcLzAxXC8xNjQyODMtMTUzOTg0MDAuanBnIiwic2xpZGVzaG93IjoiNTIzOGY4NCJ9\" href='https:\/\/www.alusolar.com.tn\/wp-content\/uploads\/2024\/01\/164283-15398400.jpg'><img loading=\"lazy\" decoding=\"async\" width=\"600\" height=\"800\" src=\"https:\/\/www.alusolar.com.tn\/wp-content\/uploads\/2024\/01\/164283-15398400.jpg\" class=\"attachment-large size-large\" alt=\"Vitrage accord\u00e9on\" srcset=\"https:\/\/www.alusolar.com.tn\/wp-content\/uploads\/2024\/01\/164283-15398400.jpg 600w, https:\/\/www.alusolar.com.tn\/wp-content\/uploads\/2024\/01\/164283-15398400-200x267.jpg 200w\" sizes=\"(max-width: 600px) 100vw, 600px\" \/><\/a>\n\t\t\t<\/div><\/figure><figure class='gallery-item'>\n\t\t\t<div class='gallery-icon portrait'>\n\t\t\t\t<a data-elementor-open-lightbox=\"yes\" data-elementor-lightbox-slideshow=\"5238f84\" data-elementor-lightbox-title=\"Vitrage accord\u00e9on\" data-e-action-hash=\"#elementor-action%3Aaction%3Dlightbox%26settings%3DeyJpZCI6MTUzOSwidXJsIjoiaHR0cHM6XC9cL3d3dy5hbHVzb2xhci5jb20udG5cL3dwLWNvbnRlbnRcL3VwbG9hZHNcLzIwMjRcLzAxXC92aXRyYWdlLXBhbm9yYW1pcXVlLWNvdWxpc3NhbnQtYWNjb3JkZW9uLVRJTk9TLmpwZyIsInNsaWRlc2hvdyI6IjUyMzhmODQifQ%3D%3D\" href='https:\/\/www.alusolar.com.tn\/wp-content\/uploads\/2024\/01\/vitrage-panoramique-coulissant-accordeon-TINOS.jpg'><img loading=\"lazy\" decoding=\"async\" width=\"600\" height=\"800\" src=\"https:\/\/www.alusolar.com.tn\/wp-content\/uploads\/2024\/01\/vitrage-panoramique-coulissant-accordeon-TINOS.jpg\" class=\"attachment-large size-large\" alt=\"Vitrage accord\u00e9on\" srcset=\"https:\/\/www.alusolar.com.tn\/wp-content\/uploads\/2024\/01\/vitrage-panoramique-coulissant-accordeon-TINOS.jpg 600w, https:\/\/www.alusolar.com.tn\/wp-content\/uploads\/2024\/01\/vitrage-panoramique-coulissant-accordeon-TINOS-200x267.jpg 200w\" sizes=\"(max-width: 600px) 100vw, 600px\" \/><\/a>\n\t\t\t<\/div><\/figure><figure class='gallery-item'>\n\t\t\t<div class='gallery-icon portrait'>\n\t\t\t\t<a data-elementor-open-lightbox=\"yes\" data-elementor-lightbox-slideshow=\"5238f84\" data-elementor-lightbox-title=\"Vitrage accord\u00e9on\" data-e-action-hash=\"#elementor-action%3Aaction%3Dlightbox%26settings%3DeyJpZCI6MTU0NiwidXJsIjoiaHR0cHM6XC9cL3d3dy5hbHVzb2xhci5jb20udG5cL3dwLWNvbnRlbnRcL3VwbG9hZHNcLzIwMjRcLzAxXC9wb3J0ZS1yZXBsaWFibGUtYWNjb3JkZW9uLWFsdW1pbml1bS5qcGciLCJzbGlkZXNob3ciOiI1MjM4Zjg0In0%3D\" href='https:\/\/www.alusolar.com.tn\/wp-content\/uploads\/2024\/01\/porte-repliable-accordeon-aluminium.jpg'><img loading=\"lazy\" decoding=\"async\" width=\"600\" height=\"800\" src=\"https:\/\/www.alusolar.com.tn\/wp-content\/uploads\/2024\/01\/porte-repliable-accordeon-aluminium.jpg\" class=\"attachment-large size-large\" alt=\"Vitrage accord\u00e9on\" srcset=\"https:\/\/www.alusolar.com.tn\/wp-content\/uploads\/2024\/01\/porte-repliable-accordeon-aluminium.jpg 600w, https:\/\/www.alusolar.com.tn\/wp-content\/uploads\/2024\/01\/porte-repliable-accordeon-aluminium-200x267.jpg 200w\" sizes=\"(max-width: 600px) 100vw, 600px\" \/><\/a>\n\t\t\t<\/div><\/figure><figure class='gallery-item'>\n\t\t\t<div class='gallery-icon portrait'>\n\t\t\t\t<a data-elementor-open-lightbox=\"yes\" data-elementor-lightbox-slideshow=\"5238f84\" data-elementor-lightbox-title=\"Vitrage accord\u00e9on\" data-e-action-hash=\"#elementor-action%3Aaction%3Dlightbox%26settings%3DeyJpZCI6MTU0MCwidXJsIjoiaHR0cHM6XC9cL3d3dy5hbHVzb2xhci5jb20udG5cL3dwLWNvbnRlbnRcL3VwbG9hZHNcLzIwMjRcLzAxXC9TTF9FY29saW5lLUdsYXMtRmFsdHdhbmQtOC5qcGciLCJzbGlkZXNob3ciOiI1MjM4Zjg0In0%3D\" href='https:\/\/www.alusolar.com.tn\/wp-content\/uploads\/2024\/01\/SL_Ecoline-Glas-Faltwand-8.jpg'><img loading=\"lazy\" decoding=\"async\" width=\"600\" height=\"800\" src=\"https:\/\/www.alusolar.com.tn\/wp-content\/uploads\/2024\/01\/SL_Ecoline-Glas-Faltwand-8.jpg\" class=\"attachment-large size-large\" alt=\"Vitrage accord\u00e9on\" srcset=\"https:\/\/www.alusolar.com.tn\/wp-content\/uploads\/2024\/01\/SL_Ecoline-Glas-Faltwand-8.jpg 600w, https:\/\/www.alusolar.com.tn\/wp-content\/uploads\/2024\/01\/SL_Ecoline-Glas-Faltwand-8-200x267.jpg 200w\" sizes=\"(max-width: 600px) 100vw, 600px\" \/><\/a>\n\t\t\t<\/div><\/figure><figure class='gallery-item'>\n\t\t\t<div class='gallery-icon portrait'>\n\t\t\t\t<a data-elementor-open-lightbox=\"yes\" data-elementor-lightbox-slideshow=\"5238f84\" data-elementor-lightbox-title=\"Vitrage accord\u00e9on\" data-e-action-hash=\"#elementor-action%3Aaction%3Dlightbox%26settings%3DeyJpZCI6MTU0MiwidXJsIjoiaHR0cHM6XC9cL3d3dy5hbHVzb2xhci5jb20udG5cL3dwLWNvbnRlbnRcL3VwbG9hZHNcLzIwMjRcLzAxXC90aGVyd2lsXzAwNS5qcGciLCJzbGlkZXNob3ciOiI1MjM4Zjg0In0%3D\" href='https:\/\/www.alusolar.com.tn\/wp-content\/uploads\/2024\/01\/therwil_005.jpg'><img loading=\"lazy\" decoding=\"async\" width=\"600\" height=\"800\" src=\"https:\/\/www.alusolar.com.tn\/wp-content\/uploads\/2024\/01\/therwil_005.jpg\" class=\"attachment-large size-large\" alt=\"Vitrage accord\u00e9on\" srcset=\"https:\/\/www.alusolar.com.tn\/wp-content\/uploads\/2024\/01\/therwil_005.jpg 600w, https:\/\/www.alusolar.com.tn\/wp-content\/uploads\/2024\/01\/therwil_005-200x267.jpg 200w\" sizes=\"(max-width: 600px) 100vw, 600px\" \/><\/a>\n\t\t\t<\/div><\/figure><figure class='gallery-item'>\n\t\t\t<div class='gallery-icon portrait'>\n\t\t\t\t<a data-elementor-open-lightbox=\"yes\" data-elementor-lightbox-slideshow=\"5238f84\" data-elementor-lightbox-title=\"Vitrage accord\u00e9on\" data-e-action-hash=\"#elementor-action%3Aaction%3Dlightbox%26settings%3DeyJpZCI6MTU0MywidXJsIjoiaHR0cHM6XC9cL3d3dy5hbHVzb2xhci5jb20udG5cL3dwLWNvbnRlbnRcL3VwbG9hZHNcLzIwMjRcLzAxXC92aXRyYWdlLWNvdWxpc3NhbnQtYWNjb3JkZW9uLVRJTk9TLmpwZyIsInNsaWRlc2hvdyI6IjUyMzhmODQifQ%3D%3D\" href='https:\/\/www.alusolar.com.tn\/wp-content\/uploads\/2024\/01\/vitrage-coulissant-accordeon-TINOS.jpg'><img loading=\"lazy\" decoding=\"async\" width=\"600\" height=\"800\" src=\"https:\/\/www.alusolar.com.tn\/wp-content\/uploads\/2024\/01\/vitrage-coulissant-accordeon-TINOS.jpg\" class=\"attachment-large size-large\" alt=\"Vitrage accord\u00e9on\" srcset=\"https:\/\/www.alusolar.com.tn\/wp-content\/uploads\/2024\/01\/vitrage-coulissant-accordeon-TINOS.jpg 600w, https:\/\/www.alusolar.com.tn\/wp-content\/uploads\/2024\/01\/vitrage-coulissant-accordeon-TINOS-200x267.jpg 200w\" sizes=\"(max-width: 600px) 100vw, 600px\" \/><\/a>\n\t\t\t<\/div><\/figure><figure class='gallery-item'>\n\t\t\t<div class='gallery-icon portrait'>\n\t\t\t\t<a data-elementor-open-lightbox=\"yes\" data-elementor-lightbox-slideshow=\"5238f84\" data-elementor-lightbox-title=\"Vitrage accord\u00e9on\" data-e-action-hash=\"#elementor-action%3Aaction%3Dlightbox%26settings%3DeyJpZCI6MTUzNSwidXJsIjoiaHR0cHM6XC9cL3d3dy5hbHVzb2xhci5jb20udG5cL3dwLWNvbnRlbnRcL3VwbG9hZHNcLzIwMjRcLzAxXC8zZGE3OWE4MGFmZjk0OTQ2ODA3OTQwYmU2NmVhY2I1MUpQR182MzVhNzZmNDk3MTAwLmpwZyIsInNsaWRlc2hvdyI6IjUyMzhmODQifQ%3D%3D\" href='https:\/\/www.alusolar.com.tn\/wp-content\/uploads\/2024\/01\/3da79a80aff94946807940be66eacb51JPG_635a76f497100.jpg'><img loading=\"lazy\" decoding=\"async\" width=\"600\" height=\"800\" src=\"https:\/\/www.alusolar.com.tn\/wp-content\/uploads\/2024\/01\/3da79a80aff94946807940be66eacb51JPG_635a76f497100.jpg\" class=\"attachment-large size-large\" alt=\"Vitrage accord\u00e9on\" srcset=\"https:\/\/www.alusolar.com.tn\/wp-content\/uploads\/2024\/01\/3da79a80aff94946807940be66eacb51JPG_635a76f497100.jpg 600w, https:\/\/www.alusolar.com.tn\/wp-content\/uploads\/2024\/01\/3da79a80aff94946807940be66eacb51JPG_635a76f497100-200x267.jpg 200w\" sizes=\"(max-width: 600px) 100vw, 600px\" \/><\/a>\n\t\t\t<\/div><\/figure><figure class='gallery-item'>\n\t\t\t<div class='gallery-icon portrait'>\n\t\t\t\t<a data-elementor-open-lightbox=\"yes\" data-elementor-lightbox-slideshow=\"5238f84\" data-elementor-lightbox-title=\"Vitrage accord\u00e9on\" data-e-action-hash=\"#elementor-action%3Aaction%3Dlightbox%26settings%3DeyJpZCI6MTU0OCwidXJsIjoiaHR0cHM6XC9cL3d3dy5hbHVzb2xhci5jb20udG5cL3dwLWNvbnRlbnRcL3VwbG9hZHNcLzIwMjRcLzAxXC9jc21fVGVycmFzc2VuenVnYW5nX0FyY2hpdGVrdGVudmlsbGFfTW90aXYwM0FfZTkzOWU1YWViMy5qcGciLCJzbGlkZXNob3ciOiI1MjM4Zjg0In0%3D\" href='https:\/\/www.alusolar.com.tn\/wp-content\/uploads\/2024\/01\/csm_Terrassenzugang_Architektenvilla_Motiv03A_e939e5aeb3.jpg'><img loading=\"lazy\" decoding=\"async\" width=\"600\" height=\"800\" src=\"https:\/\/www.alusolar.com.tn\/wp-content\/uploads\/2024\/01\/csm_Terrassenzugang_Architektenvilla_Motiv03A_e939e5aeb3.jpg\" class=\"attachment-large size-large\" alt=\"Vitrage accord\u00e9on\" srcset=\"https:\/\/www.alusolar.com.tn\/wp-content\/uploads\/2024\/01\/csm_Terrassenzugang_Architektenvilla_Motiv03A_e939e5aeb3.jpg 600w, https:\/\/www.alusolar.com.tn\/wp-content\/uploads\/2024\/01\/csm_Terrassenzugang_Architektenvilla_Motiv03A_e939e5aeb3-200x267.jpg 200w\" sizes=\"(max-width: 600px) 100vw, 600px\" \/><\/a>\n\t\t\t<\/div><\/figure><figure class='gallery-item'>\n\t\t\t<div class='gallery-icon portrait'>\n\t\t\t\t<a data-elementor-open-lightbox=\"yes\" data-elementor-lightbox-slideshow=\"5238f84\" data-elementor-lightbox-title=\"Vitrage accord\u00e9on\" data-e-action-hash=\"#elementor-action%3Aaction%3Dlightbox%26settings%3DeyJpZCI6MTU0NywidXJsIjoiaHR0cHM6XC9cL3d3dy5hbHVzb2xhci5jb20udG5cL3dwLWNvbnRlbnRcL3VwbG9hZHNcLzIwMjRcLzAxXC9DaGFzc2lzLWVuLWFsdW1pbml1bS1Db3VsaXNzYW50LWVuLWFjY29yZGVvbi5qcGciLCJzbGlkZXNob3ciOiI1MjM4Zjg0In0%3D\" href='https:\/\/www.alusolar.com.tn\/wp-content\/uploads\/2024\/01\/Chassis-en-aluminium-Coulissant-en-accordeon.jpg'><img loading=\"lazy\" decoding=\"async\" width=\"600\" height=\"800\" src=\"https:\/\/www.alusolar.com.tn\/wp-content\/uploads\/2024\/01\/Chassis-en-aluminium-Coulissant-en-accordeon.jpg\" class=\"attachment-large size-large\" alt=\"Vitrage accord\u00e9on\" srcset=\"https:\/\/www.alusolar.com.tn\/wp-content\/uploads\/2024\/01\/Chassis-en-aluminium-Coulissant-en-accordeon.jpg 600w, https:\/\/www.alusolar.com.tn\/wp-content\/uploads\/2024\/01\/Chassis-en-aluminium-Coulissant-en-accordeon-200x267.jpg 200w\" sizes=\"(max-width: 600px) 100vw, 600px\" \/><\/a>\n\t\t\t<\/div><\/figure><figure class='gallery-item'>\n\t\t\t<div class='gallery-icon portrait'>\n\t\t\t\t<a data-elementor-open-lightbox=\"yes\" data-elementor-lightbox-slideshow=\"5238f84\" data-elementor-lightbox-title=\"Vitrage accord\u00e9on\" data-e-action-hash=\"#elementor-action%3Aaction%3Dlightbox%26settings%3DeyJpZCI6MTUzMCwidXJsIjoiaHR0cHM6XC9cL3d3dy5hbHVzb2xhci5jb20udG5cL3dwLWNvbnRlbnRcL3VwbG9hZHNcLzIwMjRcLzAxXC8xNjQyODMtMTUzOTg1MzguanBnIiwic2xpZGVzaG93IjoiNTIzOGY4NCJ9\" href='https:\/\/www.alusolar.com.tn\/wp-content\/uploads\/2024\/01\/164283-15398538.jpg'><img loading=\"lazy\" decoding=\"async\" width=\"600\" height=\"800\" src=\"https:\/\/www.alusolar.com.tn\/wp-content\/uploads\/2024\/01\/164283-15398538.jpg\" class=\"attachment-large size-large\" alt=\"Vitrage accord\u00e9on\" srcset=\"https:\/\/www.alusolar.com.tn\/wp-content\/uploads\/2024\/01\/164283-15398538.jpg 600w, https:\/\/www.alusolar.com.tn\/wp-content\/uploads\/2024\/01\/164283-15398538-200x267.jpg 200w\" sizes=\"(max-width: 600px) 100vw, 600px\" \/><\/a>\n\t\t\t<\/div><\/figure><figure class='gallery-item'>\n\t\t\t<div class='gallery-icon portrait'>\n\t\t\t\t<a data-elementor-open-lightbox=\"yes\" data-elementor-lightbox-slideshow=\"5238f84\" data-elementor-lightbox-title=\"Vitrage accord\u00e9on\" data-e-action-hash=\"#elementor-action%3Aaction%3Dlightbox%26settings%3DeyJpZCI6MTUzMSwidXJsIjoiaHR0cHM6XC9cL3d3dy5hbHVzb2xhci5jb20udG5cL3dwLWNvbnRlbnRcL3VwbG9hZHNcLzIwMjRcLzAxXC9hMGI5M2Q3NTU0ZWI0NmEwODY4ZDI0Y2JiNTI1ZGMxNUpQR182MzVhNzZmODFiZjk1LmpwZyIsInNsaWRlc2hvdyI6IjUyMzhmODQifQ%3D%3D\" href='https:\/\/www.alusolar.com.tn\/wp-content\/uploads\/2024\/01\/a0b93d7554eb46a0868d24cbb525dc15JPG_635a76f81bf95.jpg'><img loading=\"lazy\" decoding=\"async\" width=\"600\" height=\"800\" src=\"https:\/\/www.alusolar.com.tn\/wp-content\/uploads\/2024\/01\/a0b93d7554eb46a0868d24cbb525dc15JPG_635a76f81bf95.jpg\" class=\"attachment-large size-large\" alt=\"Vitrage accord\u00e9on\" srcset=\"https:\/\/www.alusolar.com.tn\/wp-content\/uploads\/2024\/01\/a0b93d7554eb46a0868d24cbb525dc15JPG_635a76f81bf95.jpg 600w, https:\/\/www.alusolar.com.tn\/wp-content\/uploads\/2024\/01\/a0b93d7554eb46a0868d24cbb525dc15JPG_635a76f81bf95-200x267.jpg 200w\" sizes=\"(max-width: 600px) 100vw, 600px\" \/><\/a>\n\t\t\t<\/div><\/figure>\n\t\t<\/div>\n\t\t<\/div>\n\t\t\t\t<\/div>\n\t\t\t\t<\/div>\n\t\t\t\t\t<\/div>\n\t\t<\/div>\n\t\t\t\t\t\t\t<\/div>\n\t\t<\/section>\n\t\t\t\t\t\t\t<\/div>\n\t\t","protected":false},"excerpt":{"rendered":"<p>Produit Vitrage Accord\u00e9on Nous vous proposons une agr\u00e9able gamme de vitrage accord\u00e9on qui vous permet essentiellement de plus de luminosit\u00e9 et d&rsquo;espace tout en garantissant la robustesse et la durabilit\u00e9. Fiche Technique Disponibilit\u00e9 \u25cf Evacuation des eaux \u25cf Couleur Au choix Mati\u00e8re de structure Aluminium &#8211; Verre Resistance chaud &#8211; froid \u25cf Resistance \u00e0 l&rsquo;humidit\u00e9 [&hellip;]<\/p>\n","protected":false},"featured_media":1527,"menu_order":11,"template":"elementor_header_footer","meta":{"footnotes":""},"portfolio-cat":[26],"portfolio-tag":[5],"portfolio-filter":[6],"class_list":["post-1526","portfolio","type-portfolio","status-publish","has-post-thumbnail","hentry","portfolio-cat-separation-cloison-vitree","portfolio-tag-uncategorized","portfolio-filter-uncategorized"],"yoast_head":"<!-- This site is optimized with the Yoast SEO plugin v21.9.1 - https:\/\/yoast.com\/wordpress\/plugins\/seo\/ -->\n<title>Vitrage Accord\u00e9on | Alu Solar Tunisie<\/title>\n<meta name=\"description\" content=\"ProduitVitrage Accord\u00e9on Nous vous proposons une agr\u00e9able gamme de vitrage accord\u00e9on qui vous permet essentiellement de plus de luminosit\u00e9 et d&#039;espace\" \/>\n<meta name=\"robots\" content=\"index, follow, max-snippet:-1, max-image-preview:large, max-video-preview:-1\" \/>\n<link rel=\"canonical\" href=\"https:\/\/www.alusolar.com.tn\/fr\/portfolio\/accordion-glazing\/\" \/>\n<meta property=\"og:locale\" content=\"fr_FR\" \/>\n<meta property=\"og:type\" content=\"article\" \/>\n<meta property=\"og:title\" content=\"Vitrage Accord\u00e9on | Alu Solar Tunisie\" \/>\n<meta property=\"og:description\" content=\"ProduitVitrage Accord\u00e9on Nous vous proposons une agr\u00e9able gamme de vitrage accord\u00e9on qui vous permet essentiellement de plus de luminosit\u00e9 et d&#039;espace\" \/>\n<meta property=\"og:url\" content=\"https:\/\/www.alusolar.com.tn\/portfolio\/accordion-glazing\/\" \/>\n<meta property=\"og:site_name\" content=\"Alu Solar Tunisie\" \/>\n<meta property=\"article:modified_time\" content=\"2025-06-04T15:09:03+00:00\" \/>\n<meta property=\"og:image\" content=\"https:\/\/www.alusolar.com.tn\/wp-content\/uploads\/2024\/01\/solarlux-gfw-highline-cero-iii-ref01731-2938.jpg\" \/>\n\t<meta property=\"og:image:width\" content=\"600\" \/>\n\t<meta property=\"og:image:height\" content=\"800\" \/>\n\t<meta property=\"og:image:type\" content=\"image\/jpeg\" \/>\n<meta name=\"twitter:card\" content=\"summary_large_image\" \/>\n<meta name=\"twitter:label1\" content=\"Dur\u00e9e de lecture estim\u00e9e\" \/>\n\t<meta name=\"twitter:data1\" content=\"5 minutes\" \/>\n<script type=\"application\/ld+json\" class=\"yoast-schema-graph\">{\"@context\":\"https:\/\/schema.org\",\"@graph\":[{\"@type\":\"WebPage\",\"@id\":\"https:\/\/www.alusolar.com.tn\/portfolio\/accordion-glazing\/\",\"url\":\"https:\/\/www.alusolar.com.tn\/portfolio\/accordion-glazing\/\",\"name\":\"Vitrage Accord\u00e9on | Alu Solar Tunisie\",\"isPartOf\":{\"@id\":\"https:\/\/www.alusolar.com.tn\/ar\/#website\"},\"datePublished\":\"2024-01-10T11:04:48+00:00\",\"dateModified\":\"2025-06-04T15:09:03+00:00\",\"description\":\"ProduitVitrage Accord\u00e9on Nous vous proposons une agr\u00e9able gamme de vitrage accord\u00e9on qui vous permet essentiellement de plus de luminosit\u00e9 et d'espace\",\"breadcrumb\":{\"@id\":\"https:\/\/www.alusolar.com.tn\/portfolio\/accordion-glazing\/#breadcrumb\"},\"inLanguage\":\"fr-FR\",\"potentialAction\":[{\"@type\":\"ReadAction\",\"target\":[\"https:\/\/www.alusolar.com.tn\/portfolio\/accordion-glazing\/\"]}]},{\"@type\":\"BreadcrumbList\",\"@id\":\"https:\/\/www.alusolar.com.tn\/portfolio\/accordion-glazing\/#breadcrumb\",\"itemListElement\":[{\"@type\":\"ListItem\",\"position\":1,\"name\":\"Accueil\",\"item\":\"https:\/\/www.alusolar.com.tn\/\"},{\"@type\":\"ListItem\",\"position\":2,\"name\":\"Portfolios\",\"item\":\"https:\/\/www.alusolar.com.tn\/portfolio\/all\/\"},{\"@type\":\"ListItem\",\"position\":3,\"name\":\"Vitrage Accord\u00e9on\"}]},{\"@type\":\"WebSite\",\"@id\":\"https:\/\/www.alusolar.com.tn\/ar\/#website\",\"url\":\"https:\/\/www.alusolar.com.tn\/ar\/\",\"name\":\"Alu Solar Tunisie\",\"description\":\"Cr\u00e9ateur de luxe\",\"publisher\":{\"@id\":\"https:\/\/www.alusolar.com.tn\/ar\/#organization\"},\"potentialAction\":[{\"@type\":\"SearchAction\",\"target\":{\"@type\":\"EntryPoint\",\"urlTemplate\":\"https:\/\/www.alusolar.com.tn\/ar\/?s={search_term_string}\"},\"query-input\":\"required name=search_term_string\"}],\"inLanguage\":\"fr-FR\"},{\"@type\":\"Organization\",\"@id\":\"https:\/\/www.alusolar.com.tn\/ar\/#organization\",\"name\":\"Alu Solar Tunisie\",\"url\":\"https:\/\/www.alusolar.com.tn\/ar\/\",\"logo\":{\"@type\":\"ImageObject\",\"inLanguage\":\"fr-FR\",\"@id\":\"https:\/\/www.alusolar.com.tn\/ar\/#\/schema\/logo\/image\/\",\"url\":\"https:\/\/www.alusolar.com.tn\/wp-content\/uploads\/2023\/12\/solar-svvg-01.svg\",\"contentUrl\":\"https:\/\/www.alusolar.com.tn\/wp-content\/uploads\/2023\/12\/solar-svvg-01.svg\",\"width\":232,\"height\":124,\"caption\":\"Alu Solar Tunisie\"},\"image\":{\"@id\":\"https:\/\/www.alusolar.com.tn\/ar\/#\/schema\/logo\/image\/\"}}]}<\/script>\n<!-- \/ Yoast SEO plugin. -->","yoast_head_json":{"title":"Vitrage Accord\u00e9on | Alu Solar Tunisie","description":"ProduitVitrage Accord\u00e9on Nous vous proposons une agr\u00e9able gamme de vitrage accord\u00e9on qui vous permet essentiellement de plus de luminosit\u00e9 et d'espace","robots":{"index":"index","follow":"follow","max-snippet":"max-snippet:-1","max-image-preview":"max-image-preview:large","max-video-preview":"max-video-preview:-1"},"canonical":"https:\/\/www.alusolar.com.tn\/fr\/portfolio\/accordion-glazing\/","og_locale":"fr_FR","og_type":"article","og_title":"Vitrage Accord\u00e9on | Alu Solar Tunisie","og_description":"ProduitVitrage Accord\u00e9on Nous vous proposons une agr\u00e9able gamme de vitrage accord\u00e9on qui vous permet essentiellement de plus de luminosit\u00e9 et d'espace","og_url":"https:\/\/www.alusolar.com.tn\/portfolio\/accordion-glazing\/","og_site_name":"Alu Solar Tunisie","article_modified_time":"2025-06-04T15:09:03+00:00","og_image":[{"width":600,"height":800,"url":"https:\/\/www.alusolar.com.tn\/wp-content\/uploads\/2024\/01\/solarlux-gfw-highline-cero-iii-ref01731-2938.jpg","type":"image\/jpeg"}],"twitter_card":"summary_large_image","twitter_misc":{"Dur\u00e9e de lecture estim\u00e9e":"5 minutes"},"schema":{"@context":"https:\/\/schema.org","@graph":[{"@type":"WebPage","@id":"https:\/\/www.alusolar.com.tn\/portfolio\/accordion-glazing\/","url":"https:\/\/www.alusolar.com.tn\/portfolio\/accordion-glazing\/","name":"Vitrage Accord\u00e9on | Alu Solar Tunisie","isPartOf":{"@id":"https:\/\/www.alusolar.com.tn\/ar\/#website"},"datePublished":"2024-01-10T11:04:48+00:00","dateModified":"2025-06-04T15:09:03+00:00","description":"ProduitVitrage Accord\u00e9on Nous vous proposons une agr\u00e9able gamme de vitrage accord\u00e9on qui vous permet essentiellement de plus de luminosit\u00e9 et d'espace","breadcrumb":{"@id":"https:\/\/www.alusolar.com.tn\/portfolio\/accordion-glazing\/#breadcrumb"},"inLanguage":"fr-FR","potentialAction":[{"@type":"ReadAction","target":["https:\/\/www.alusolar.com.tn\/portfolio\/accordion-glazing\/"]}]},{"@type":"BreadcrumbList","@id":"https:\/\/www.alusolar.com.tn\/portfolio\/accordion-glazing\/#breadcrumb","itemListElement":[{"@type":"ListItem","position":1,"name":"Accueil","item":"https:\/\/www.alusolar.com.tn\/"},{"@type":"ListItem","position":2,"name":"Portfolios","item":"https:\/\/www.alusolar.com.tn\/portfolio\/all\/"},{"@type":"ListItem","position":3,"name":"Vitrage Accord\u00e9on"}]},{"@type":"WebSite","@id":"https:\/\/www.alusolar.com.tn\/ar\/#website","url":"https:\/\/www.alusolar.com.tn\/ar\/","name":"Alu Solar Tunisie","description":"Cr\u00e9ateur de luxe","publisher":{"@id":"https:\/\/www.alusolar.com.tn\/ar\/#organization"},"potentialAction":[{"@type":"SearchAction","target":{"@type":"EntryPoint","urlTemplate":"https:\/\/www.alusolar.com.tn\/ar\/?s={search_term_string}"},"query-input":"required name=search_term_string"}],"inLanguage":"fr-FR"},{"@type":"Organization","@id":"https:\/\/www.alusolar.com.tn\/ar\/#organization","name":"Alu Solar Tunisie","url":"https:\/\/www.alusolar.com.tn\/ar\/","logo":{"@type":"ImageObject","inLanguage":"fr-FR","@id":"https:\/\/www.alusolar.com.tn\/ar\/#\/schema\/logo\/image\/","url":"https:\/\/www.alusolar.com.tn\/wp-content\/uploads\/2023\/12\/solar-svvg-01.svg","contentUrl":"https:\/\/www.alusolar.com.tn\/wp-content\/uploads\/2023\/12\/solar-svvg-01.svg","width":232,"height":124,"caption":"Alu Solar Tunisie"},"image":{"@id":"https:\/\/www.alusolar.com.tn\/ar\/#\/schema\/logo\/image\/"}}]}},"_links":{"self":[{"href":"https:\/\/www.alusolar.com.tn\/fr\/wp-json\/wp\/v2\/portfolio\/1526","targetHints":{"allow":["GET"]}}],"collection":[{"href":"https:\/\/www.alusolar.com.tn\/fr\/wp-json\/wp\/v2\/portfolio"}],"about":[{"href":"https:\/\/www.alusolar.com.tn\/fr\/wp-json\/wp\/v2\/types\/portfolio"}],"version-history":[{"count":14,"href":"https:\/\/www.alusolar.com.tn\/fr\/wp-json\/wp\/v2\/portfolio\/1526\/revisions"}],"predecessor-version":[{"id":7274,"href":"https:\/\/www.alusolar.com.tn\/fr\/wp-json\/wp\/v2\/portfolio\/1526\/revisions\/7274"}],"wp:featuredmedia":[{"embeddable":true,"href":"https:\/\/www.alusolar.com.tn\/fr\/wp-json\/wp\/v2\/media\/1527"}],"wp:attachment":[{"href":"https:\/\/www.alusolar.com.tn\/fr\/wp-json\/wp\/v2\/media?parent=1526"}],"wp:term":[{"taxonomy":"portfolio-cat","embeddable":true,"href":"https:\/\/www.alusolar.com.tn\/fr\/wp-json\/wp\/v2\/portfolio-cat?post=1526"},{"taxonomy":"portfolio-tag","embeddable":true,"href":"https:\/\/www.alusolar.com.tn\/fr\/wp-json\/wp\/v2\/portfolio-tag?post=1526"},{"taxonomy":"portfolio-filter","embeddable":true,"href":"https:\/\/www.alusolar.com.tn\/fr\/wp-json\/wp\/v2\/portfolio-filter?post=1526"}],"curies":[{"name":"wp","href":"https:\/\/api.w.org\/{rel}","templated":true}]}}