{"id":1571,"date":"2024-01-10T12:18:03","date_gmt":"2024-01-10T11:18:03","guid":{"rendered":"https:\/\/www.alusolar.com.tn\/?post_type=portfolio&#038;p=1571"},"modified":"2025-06-10T17:00:15","modified_gmt":"2025-06-10T15:00:15","slug":"abris-de-voiture","status":"publish","type":"portfolio","link":"https:\/\/www.alusolar.com.tn\/fr\/portfolio\/abris-de-voiture\/","title":{"rendered":"Abris de Voiture"},"content":{"rendered":"\t\t<div data-elementor-type=\"wp-post\" data-elementor-id=\"1571\" class=\"elementor elementor-1571\">\n\t\t\t\t\t\t\t\t\t<section class=\"elementor-section elementor-top-section elementor-element elementor-element-47571b8 elementor-section-full_width elementor-section-height-default elementor-section-height-default wpr-particle-no wpr-jarallax-no wpr-parallax-no wpr-sticky-section-no\" data-id=\"47571b8\" data-element_type=\"section\">\n\t\t\t\t\t\t<div class=\"elementor-container elementor-column-gap-no\">\n\t\t\t\t\t<div class=\"aux-parallax-section elementor-column elementor-col-100 elementor-top-column elementor-element elementor-element-66350e8\" data-id=\"66350e8\" data-element_type=\"column\">\n\t\t\t<div class=\"elementor-widget-wrap elementor-element-populated\">\n\t\t\t\t\t\t\t\t<div class=\"elementor-element elementor-element-fb4abb9 aux-shpe-type-rectangle elementor-widget__width-auto aux-appear-watch-animation aux-fade-in-left-2 elementor-widget elementor-widget-aux_simple_shape\" data-id=\"fb4abb9\" data-element_type=\"widget\" data-widget_type=\"aux_simple_shape.default\">\n\t\t\t\t<div class=\"elementor-widget-container\">\n\t\t\t    <div class=\"aux-widget-container aux-simple-shape-container\">\n        <div class=\"aux-widget-container-inner\">\n            <div class=\"aux-the-shape\"><\/div>\n        <\/div>\n    <\/div>\n    \t\t<\/div>\n\t\t\t\t<\/div>\n\t\t\t\t<section class=\"elementor-section elementor-inner-section elementor-element elementor-element-f525f6b elementor-section-content-middle elementor-reverse-mobile elementor-section-boxed elementor-section-height-default elementor-section-height-default wpr-particle-no wpr-jarallax-no wpr-parallax-no wpr-sticky-section-no\" data-id=\"f525f6b\" data-element_type=\"section\">\n\t\t\t\t\t\t<div class=\"elementor-container elementor-column-gap-no\">\n\t\t\t\t\t<div class=\"aux-parallax-section elementor-column elementor-col-50 elementor-inner-column elementor-element elementor-element-be71896\" data-id=\"be71896\" data-element_type=\"column\">\n\t\t\t<div class=\"elementor-widget-wrap elementor-element-populated\">\n\t\t\t\t\t\t\t\t<div class=\"elementor-element elementor-element-5279483 aux-appear-watch-animation aux-fade-in-up-1 elementor-widget elementor-widget-aux_modern_heading\" data-id=\"5279483\" data-element_type=\"widget\" data-widget_type=\"aux_modern_heading.default\">\n\t\t\t\t<div class=\"elementor-widget-container\">\n\t\t\t<section class=\"aux-widget-modern-heading\">\n            <div class=\"aux-widget-inner\"><h5 class=\"aux-modern-heading-primary\">Produit<\/h5><h3 class=\"aux-modern-heading-secondary\"><span class=\"aux-head-before\">Abris<\/span><span class=\"aux-head-highlight\"> de Voiture<\/span><\/h3><div class=\"aux-modern-heading-divider\"><\/div><div class=\"aux-modern-heading-description\"><p style=\"text-align: justify\">L'Abri de voiture ou de jardin est un \u00e9l\u00e9ment indispensable pour vous prot\u00e9ger vos v\u00e9hicules de la lumi\u00e8re de soleil et la chaleur excessive.<\/div><\/div>\n        <\/section>\t\t<\/div>\n\t\t\t\t<\/div>\n\t\t\t\t<div class=\"elementor-element elementor-element-0c59dfc elementor-widget elementor-widget-heading\" data-id=\"0c59dfc\" data-element_type=\"widget\" data-widget_type=\"heading.default\">\n\t\t\t\t<div class=\"elementor-widget-container\">\n\t\t\t<h4 class=\"elementor-heading-title elementor-size-default\">Fiche Technique <\/h4>\t\t<\/div>\n\t\t\t\t<\/div>\n\t\t\t\t<div class=\"elementor-element elementor-element-95ba419 elementor-widget elementor-widget-text-editor\" data-id=\"95ba419\" data-element_type=\"widget\" data-widget_type=\"text-editor.default\">\n\t\t\t\t<div class=\"elementor-widget-container\">\n\t\t\t\t\t\t\t<table width=\"567\"><tbody><tr><td width=\"262\">Disponibilit\u00e9<\/td><td width=\"305\">\u25cf<\/td><\/tr><tr><td>Protection solaire<\/td><td>\u25cf<\/td><\/tr><tr><td>Evacuation des eaux<\/td><td>\u25cf<\/td><\/tr><tr><td>Couleur<\/td><td>Au choix<\/td><\/tr><tr><td>Mati\u00e8re de structure\u00a0<\/td><td>M\u00e9tal &#8211; Aluminium<\/td><\/tr><tr><td>Mati\u00e8re de toiture<\/td><td>Bache &#8211; PVC &#8211; Plexiglass<\/td><\/tr><tr><td>Resistance chaud &#8211; froid<\/td><td>\u25cf<\/td><\/tr><tr><td>Resistance \u00e0 l&rsquo;humidit\u00e9<\/td><td>\u25cf<\/td><\/tr><tr><td>Resistance aux conditions climatiques extr\u00eames<\/td><td>\u25cf<\/td><\/tr><tr><td>Garantie\u00a0<\/td><td>\u25cf<\/td><\/tr><\/tbody><\/table>\t\t\t\t\t\t<\/div>\n\t\t\t\t<\/div>\n\t\t\t\t<div class=\"elementor-element elementor-element-59456b8 elementor-widget elementor-widget-text-editor\" data-id=\"59456b8\" data-element_type=\"widget\" data-widget_type=\"text-editor.default\">\n\t\t\t\t<div class=\"elementor-widget-container\">\n\t\t\t\t\t\t\t\t\t\t\t\t\t<\/div>\n\t\t\t\t<\/div>\n\t\t\t\t\t<\/div>\n\t\t<\/div>\n\t\t\t\t<div class=\"aux-parallax-section elementor-column elementor-col-50 elementor-inner-column elementor-element elementor-element-80bdbe9\" data-id=\"80bdbe9\" data-element_type=\"column\">\n\t\t\t<div class=\"elementor-widget-wrap elementor-element-populated\">\n\t\t\t\t\t\t\t\t<div class=\"elementor-element elementor-element-5593eee aux-shpe-type-rectangle elementor-widget__width-auto aux-appear-watch-animation aux-fade-in-right-2 elementor-widget elementor-widget-aux_simple_shape\" data-id=\"5593eee\" data-element_type=\"widget\" data-widget_type=\"aux_simple_shape.default\">\n\t\t\t\t<div class=\"elementor-widget-container\">\n\t\t\t    <div class=\"aux-widget-container aux-simple-shape-container\">\n        <div class=\"aux-widget-container-inner\">\n            <div class=\"aux-the-shape\"><\/div>\n        <\/div>\n    <\/div>\n    \t\t<\/div>\n\t\t\t\t<\/div>\n\t\t\t\t<div class=\"elementor-element elementor-element-9765f49 aux-appear-watch-animation aux-mask-from-left elementor-widget elementor-widget-aux_image\" data-id=\"9765f49\" data-element_type=\"widget\" data-widget_type=\"aux_image.default\">\n\t\t\t\t<div class=\"elementor-widget-container\">\n\t\t\t<section class=\"widget-container aux-widget-image aux-alignnone aux-parent-au5f7adb51\">\n    <div class=\"aux-media-hint-frame \">\n        <div class=\"aux-media-image \" >\n        \n            \n\n            \n            <img fetchpriority=\"high\" decoding=\"async\" width=\"600\" height=\"800\" src=\"https:\/\/www.alusolar.com.tn\/wp-content\/uploads\/2024\/01\/carpark1-min-1-600x800.jpg\" class=\"aux-attachment aux-featured-image aux-attachment-id-7023\" alt=\"carpark1-min\" srcset=\"https:\/\/www.alusolar.com.tn\/wp-content\/uploads\/2024\/01\/carpark1-min-1-150x200.jpg 150w,https:\/\/www.alusolar.com.tn\/wp-content\/uploads\/2024\/01\/carpark1-min-1-300x400.jpg 300w,https:\/\/www.alusolar.com.tn\/wp-content\/uploads\/2024\/01\/carpark1-min-1-768x1024.jpg 768w,https:\/\/www.alusolar.com.tn\/wp-content\/uploads\/2024\/01\/carpark1-min-1-1024x1365.jpg 1024w,https:\/\/www.alusolar.com.tn\/wp-content\/uploads\/2024\/01\/carpark1-min-1-600x800.jpg 600w\" data-ratio=\"0.75\" data-original-w=\"1200\" sizes=\"(max-width:479px) 480px,(max-width:767px) 768px,(max-width:1023px) 1024px,600px\" \/>            \n                <\/div>\n    <\/div>\n\n<\/section><!-- widget-container -->\t\t<\/div>\n\t\t\t\t<\/div>\n\t\t\t\t\t<\/div>\n\t\t<\/div>\n\t\t\t\t\t\t\t<\/div>\n\t\t<\/section>\n\t\t\t\t\t<\/div>\n\t\t<\/div>\n\t\t\t\t\t\t\t<\/div>\n\t\t<\/section>\n\t\t\t\t<section class=\"elementor-section elementor-top-section elementor-element elementor-element-ec58a52 elementor-section-boxed elementor-section-height-default elementor-section-height-default wpr-particle-no wpr-jarallax-no wpr-parallax-no wpr-sticky-section-no\" data-id=\"ec58a52\" data-element_type=\"section\">\n\t\t\t\t\t\t<div class=\"elementor-container elementor-column-gap-default\">\n\t\t\t\t\t<div class=\"aux-parallax-section elementor-column elementor-col-100 elementor-top-column elementor-element elementor-element-00723a0\" data-id=\"00723a0\" data-element_type=\"column\">\n\t\t\t<div class=\"elementor-widget-wrap elementor-element-populated\">\n\t\t\t\t\t\t\t\t<div class=\"elementor-element elementor-element-dfa30ea gallery-spacing-custom elementor-widget__width-initial elementor-widget elementor-widget-image-gallery\" data-id=\"dfa30ea\" data-element_type=\"widget\" data-widget_type=\"image-gallery.default\">\n\t\t\t\t<div class=\"elementor-widget-container\">\n\t\t\t\t\t<div class=\"elementor-image-gallery\">\n\t\t\t<div id='gallery-1' class='gallery galleryid-1571 gallery-columns-3 gallery-size-large'><figure class='gallery-item'>\n\t\t\t<div class='gallery-icon portrait'>\n\t\t\t\t<a data-elementor-open-lightbox=\"yes\" data-elementor-lightbox-slideshow=\"dfa30ea\" data-elementor-lightbox-title=\"abris de voiture 1\" data-e-action-hash=\"#elementor-action%3Aaction%3Dlightbox%26settings%3DeyJpZCI6NzMzMywidXJsIjoiaHR0cHM6XC9cL3d3dy5hbHVzb2xhci5jb20udG5cL3dwLWNvbnRlbnRcL3VwbG9hZHNcLzIwMjVcLzA2XC9hYnJpcy1kZS12b2l0dXJlLTEucG5nIiwic2xpZGVzaG93IjoiZGZhMzBlYSJ9\" href='https:\/\/www.alusolar.com.tn\/wp-content\/uploads\/2025\/06\/abris-de-voiture-1.png'><img decoding=\"async\" width=\"600\" height=\"800\" src=\"https:\/\/www.alusolar.com.tn\/wp-content\/uploads\/2025\/06\/abris-de-voiture-1.png\" class=\"attachment-large size-large\" alt=\"\" srcset=\"https:\/\/www.alusolar.com.tn\/wp-content\/uploads\/2025\/06\/abris-de-voiture-1.png 600w, https:\/\/www.alusolar.com.tn\/wp-content\/uploads\/2025\/06\/abris-de-voiture-1-200x267.png 200w\" sizes=\"(max-width: 600px) 100vw, 600px\" \/><\/a>\n\t\t\t<\/div><\/figure><figure class='gallery-item'>\n\t\t\t<div class='gallery-icon portrait'>\n\t\t\t\t<a data-elementor-open-lightbox=\"yes\" data-elementor-lightbox-slideshow=\"dfa30ea\" data-elementor-lightbox-title=\"abris de voiture 2\" data-e-action-hash=\"#elementor-action%3Aaction%3Dlightbox%26settings%3DeyJpZCI6NzMzNiwidXJsIjoiaHR0cHM6XC9cL3d3dy5hbHVzb2xhci5jb20udG5cL3dwLWNvbnRlbnRcL3VwbG9hZHNcLzIwMjVcLzA2XC9hYnJpcy1kZS12b2l0dXJlLTIucG5nIiwic2xpZGVzaG93IjoiZGZhMzBlYSJ9\" href='https:\/\/www.alusolar.com.tn\/wp-content\/uploads\/2025\/06\/abris-de-voiture-2.png'><img decoding=\"async\" width=\"600\" height=\"800\" src=\"https:\/\/www.alusolar.com.tn\/wp-content\/uploads\/2025\/06\/abris-de-voiture-2.png\" class=\"attachment-large size-large\" alt=\"\" srcset=\"https:\/\/www.alusolar.com.tn\/wp-content\/uploads\/2025\/06\/abris-de-voiture-2.png 600w, https:\/\/www.alusolar.com.tn\/wp-content\/uploads\/2025\/06\/abris-de-voiture-2-200x267.png 200w\" sizes=\"(max-width: 600px) 100vw, 600px\" \/><\/a>\n\t\t\t<\/div><\/figure><figure class='gallery-item'>\n\t\t\t<div class='gallery-icon portrait'>\n\t\t\t\t<a data-elementor-open-lightbox=\"yes\" data-elementor-lightbox-slideshow=\"dfa30ea\" data-elementor-lightbox-title=\"abris voiture 4\" data-e-action-hash=\"#elementor-action%3Aaction%3Dlightbox%26settings%3DeyJpZCI6NzM0NSwidXJsIjoiaHR0cHM6XC9cL3d3dy5hbHVzb2xhci5jb20udG5cL3dwLWNvbnRlbnRcL3VwbG9hZHNcLzIwMjVcLzA2XC9hYnJpcy12b2l0dXJlLTQucG5nIiwic2xpZGVzaG93IjoiZGZhMzBlYSJ9\" href='https:\/\/www.alusolar.com.tn\/wp-content\/uploads\/2025\/06\/abris-voiture-4.png'><img loading=\"lazy\" decoding=\"async\" width=\"600\" height=\"800\" src=\"https:\/\/www.alusolar.com.tn\/wp-content\/uploads\/2025\/06\/abris-voiture-4.png\" class=\"attachment-large size-large\" alt=\"\" srcset=\"https:\/\/www.alusolar.com.tn\/wp-content\/uploads\/2025\/06\/abris-voiture-4.png 600w, https:\/\/www.alusolar.com.tn\/wp-content\/uploads\/2025\/06\/abris-voiture-4-200x267.png 200w\" sizes=\"(max-width: 600px) 100vw, 600px\" \/><\/a>\n\t\t\t<\/div><\/figure><figure class='gallery-item'>\n\t\t\t<div class='gallery-icon portrait'>\n\t\t\t\t<a data-elementor-open-lightbox=\"yes\" data-elementor-lightbox-slideshow=\"dfa30ea\" data-elementor-lightbox-title=\"abris de voiture 5\" data-e-action-hash=\"#elementor-action%3Aaction%3Dlightbox%26settings%3DeyJpZCI6NzM0MiwidXJsIjoiaHR0cHM6XC9cL3d3dy5hbHVzb2xhci5jb20udG5cL3dwLWNvbnRlbnRcL3VwbG9hZHNcLzIwMjVcLzA2XC9hYnJpcy1kZS12b2l0dXJlLTUucG5nIiwic2xpZGVzaG93IjoiZGZhMzBlYSJ9\" href='https:\/\/www.alusolar.com.tn\/wp-content\/uploads\/2025\/06\/abris-de-voiture-5.png'><img loading=\"lazy\" decoding=\"async\" width=\"600\" height=\"800\" src=\"https:\/\/www.alusolar.com.tn\/wp-content\/uploads\/2025\/06\/abris-de-voiture-5.png\" class=\"attachment-large size-large\" alt=\"\" srcset=\"https:\/\/www.alusolar.com.tn\/wp-content\/uploads\/2025\/06\/abris-de-voiture-5.png 600w, https:\/\/www.alusolar.com.tn\/wp-content\/uploads\/2025\/06\/abris-de-voiture-5-200x267.png 200w\" sizes=\"(max-width: 600px) 100vw, 600px\" \/><\/a>\n\t\t\t<\/div><\/figure><figure class='gallery-item'>\n\t\t\t<div class='gallery-icon portrait'>\n\t\t\t\t<a data-elementor-open-lightbox=\"yes\" data-elementor-lightbox-slideshow=\"dfa30ea\" data-elementor-lightbox-title=\"carport-sur-mesure-en-aluminium-min\" data-e-action-hash=\"#elementor-action%3Aaction%3Dlightbox%26settings%3DeyJpZCI6Mjk2NCwidXJsIjoiaHR0cHM6XC9cL3d3dy5hbHVzb2xhci5jb20udG5cL3dwLWNvbnRlbnRcL3VwbG9hZHNcLzIwMjRcLzAxXC9jYXJwb3J0LXN1ci1tZXN1cmUtZW4tYWx1bWluaXVtLW1pbi5qcGciLCJzbGlkZXNob3ciOiJkZmEzMGVhIn0%3D\" href='https:\/\/www.alusolar.com.tn\/wp-content\/uploads\/2024\/01\/carport-sur-mesure-en-aluminium-min.jpg'><img loading=\"lazy\" decoding=\"async\" width=\"600\" height=\"800\" src=\"https:\/\/www.alusolar.com.tn\/wp-content\/uploads\/2024\/01\/carport-sur-mesure-en-aluminium-min.jpg\" class=\"attachment-large size-large\" alt=\"\" srcset=\"https:\/\/www.alusolar.com.tn\/wp-content\/uploads\/2024\/01\/carport-sur-mesure-en-aluminium-min.jpg 600w, https:\/\/www.alusolar.com.tn\/wp-content\/uploads\/2024\/01\/carport-sur-mesure-en-aluminium-min-200x267.jpg 200w\" sizes=\"(max-width: 600px) 100vw, 600px\" \/><\/a>\n\t\t\t<\/div><\/figure><figure class='gallery-item'>\n\t\t\t<div class='gallery-icon portrait'>\n\t\t\t\t<a data-elementor-open-lightbox=\"yes\" data-elementor-lightbox-slideshow=\"dfa30ea\" data-elementor-lightbox-title=\"Abris-de-voiture-4-7\" data-e-action-hash=\"#elementor-action%3Aaction%3Dlightbox%26settings%3DeyJpZCI6NjI2NiwidXJsIjoiaHR0cHM6XC9cL3d3dy5hbHVzb2xhci5jb20udG5cL3dwLWNvbnRlbnRcL3VwbG9hZHNcLzIwMjVcLzA1XC9BYnJpcy1kZS12b2l0dXJlLTQtNy5qcGciLCJzbGlkZXNob3ciOiJkZmEzMGVhIn0%3D\" href='https:\/\/www.alusolar.com.tn\/wp-content\/uploads\/2025\/05\/Abris-de-voiture-4-7.jpg'><img loading=\"lazy\" decoding=\"async\" width=\"600\" height=\"800\" src=\"https:\/\/www.alusolar.com.tn\/wp-content\/uploads\/2025\/05\/Abris-de-voiture-4-7.jpg\" class=\"attachment-large size-large\" alt=\"\" srcset=\"https:\/\/www.alusolar.com.tn\/wp-content\/uploads\/2025\/05\/Abris-de-voiture-4-7.jpg 600w, https:\/\/www.alusolar.com.tn\/wp-content\/uploads\/2025\/05\/Abris-de-voiture-4-7-200x267.jpg 200w\" sizes=\"(max-width: 600px) 100vw, 600px\" \/><\/a>\n\t\t\t<\/div><\/figure><figure class='gallery-item'>\n\t\t\t<div class='gallery-icon portrait'>\n\t\t\t\t<a data-elementor-open-lightbox=\"yes\" data-elementor-lightbox-slideshow=\"dfa30ea\" data-elementor-lightbox-title=\"Abris-de-voiture-5---1\" data-e-action-hash=\"#elementor-action%3Aaction%3Dlightbox%26settings%3DeyJpZCI6NjI2OSwidXJsIjoiaHR0cHM6XC9cL3d3dy5hbHVzb2xhci5jb20udG5cL3dwLWNvbnRlbnRcL3VwbG9hZHNcLzIwMjVcLzA1XC9BYnJpcy1kZS12b2l0dXJlLTUtMS5qcGciLCJzbGlkZXNob3ciOiJkZmEzMGVhIn0%3D\" href='https:\/\/www.alusolar.com.tn\/wp-content\/uploads\/2025\/05\/Abris-de-voiture-5-1.jpg'><img loading=\"lazy\" decoding=\"async\" width=\"600\" height=\"800\" src=\"https:\/\/www.alusolar.com.tn\/wp-content\/uploads\/2025\/05\/Abris-de-voiture-5-1.jpg\" class=\"attachment-large size-large\" alt=\"\" srcset=\"https:\/\/www.alusolar.com.tn\/wp-content\/uploads\/2025\/05\/Abris-de-voiture-5-1.jpg 600w, https:\/\/www.alusolar.com.tn\/wp-content\/uploads\/2025\/05\/Abris-de-voiture-5-1-200x267.jpg 200w\" sizes=\"(max-width: 600px) 100vw, 600px\" \/><\/a>\n\t\t\t<\/div><\/figure><figure class='gallery-item'>\n\t\t\t<div class='gallery-icon portrait'>\n\t\t\t\t<a data-elementor-open-lightbox=\"yes\" data-elementor-lightbox-slideshow=\"dfa30ea\" data-elementor-lightbox-title=\"Abris-de-voiture-5---2\" data-e-action-hash=\"#elementor-action%3Aaction%3Dlightbox%26settings%3DeyJpZCI6NjI3MiwidXJsIjoiaHR0cHM6XC9cL3d3dy5hbHVzb2xhci5jb20udG5cL3dwLWNvbnRlbnRcL3VwbG9hZHNcLzIwMjVcLzA1XC9BYnJpcy1kZS12b2l0dXJlLTUtMi5qcGciLCJzbGlkZXNob3ciOiJkZmEzMGVhIn0%3D\" href='https:\/\/www.alusolar.com.tn\/wp-content\/uploads\/2025\/05\/Abris-de-voiture-5-2.jpg'><img loading=\"lazy\" decoding=\"async\" width=\"600\" height=\"800\" src=\"https:\/\/www.alusolar.com.tn\/wp-content\/uploads\/2025\/05\/Abris-de-voiture-5-2.jpg\" class=\"attachment-large size-large\" alt=\"\" srcset=\"https:\/\/www.alusolar.com.tn\/wp-content\/uploads\/2025\/05\/Abris-de-voiture-5-2.jpg 600w, https:\/\/www.alusolar.com.tn\/wp-content\/uploads\/2025\/05\/Abris-de-voiture-5-2-200x267.jpg 200w\" sizes=\"(max-width: 600px) 100vw, 600px\" \/><\/a>\n\t\t\t<\/div><\/figure><figure class='gallery-item'>\n\t\t\t<div class='gallery-icon portrait'>\n\t\t\t\t<a data-elementor-open-lightbox=\"yes\" data-elementor-lightbox-slideshow=\"dfa30ea\" data-elementor-lightbox-title=\"Abris-de-voiture-5---3\" data-e-action-hash=\"#elementor-action%3Aaction%3Dlightbox%26settings%3DeyJpZCI6NjI3NSwidXJsIjoiaHR0cHM6XC9cL3d3dy5hbHVzb2xhci5jb20udG5cL3dwLWNvbnRlbnRcL3VwbG9hZHNcLzIwMjVcLzA1XC9BYnJpcy1kZS12b2l0dXJlLTUtMy5qcGciLCJzbGlkZXNob3ciOiJkZmEzMGVhIn0%3D\" href='https:\/\/www.alusolar.com.tn\/wp-content\/uploads\/2025\/05\/Abris-de-voiture-5-3.jpg'><img loading=\"lazy\" decoding=\"async\" width=\"600\" height=\"800\" src=\"https:\/\/www.alusolar.com.tn\/wp-content\/uploads\/2025\/05\/Abris-de-voiture-5-3.jpg\" class=\"attachment-large size-large\" alt=\"\" srcset=\"https:\/\/www.alusolar.com.tn\/wp-content\/uploads\/2025\/05\/Abris-de-voiture-5-3.jpg 600w, https:\/\/www.alusolar.com.tn\/wp-content\/uploads\/2025\/05\/Abris-de-voiture-5-3-200x267.jpg 200w\" sizes=\"(max-width: 600px) 100vw, 600px\" \/><\/a>\n\t\t\t<\/div><\/figure><figure class='gallery-item'>\n\t\t\t<div class='gallery-icon portrait'>\n\t\t\t\t<a data-elementor-open-lightbox=\"yes\" data-elementor-lightbox-slideshow=\"dfa30ea\" data-elementor-lightbox-title=\"Abris-de-voiture-5---4\" data-e-action-hash=\"#elementor-action%3Aaction%3Dlightbox%26settings%3DeyJpZCI6NjI3OCwidXJsIjoiaHR0cHM6XC9cL3d3dy5hbHVzb2xhci5jb20udG5cL3dwLWNvbnRlbnRcL3VwbG9hZHNcLzIwMjVcLzA1XC9BYnJpcy1kZS12b2l0dXJlLTUtNC5qcGciLCJzbGlkZXNob3ciOiJkZmEzMGVhIn0%3D\" href='https:\/\/www.alusolar.com.tn\/wp-content\/uploads\/2025\/05\/Abris-de-voiture-5-4.jpg'><img loading=\"lazy\" decoding=\"async\" width=\"600\" height=\"800\" src=\"https:\/\/www.alusolar.com.tn\/wp-content\/uploads\/2025\/05\/Abris-de-voiture-5-4.jpg\" class=\"attachment-large size-large\" alt=\"\" srcset=\"https:\/\/www.alusolar.com.tn\/wp-content\/uploads\/2025\/05\/Abris-de-voiture-5-4.jpg 600w, https:\/\/www.alusolar.com.tn\/wp-content\/uploads\/2025\/05\/Abris-de-voiture-5-4-200x267.jpg 200w\" sizes=\"(max-width: 600px) 100vw, 600px\" \/><\/a>\n\t\t\t<\/div><\/figure><figure class='gallery-item'>\n\t\t\t<div class='gallery-icon portrait'>\n\t\t\t\t<a data-elementor-open-lightbox=\"yes\" data-elementor-lightbox-slideshow=\"dfa30ea\" data-elementor-lightbox-title=\"Abris-de-voiture-5---5\" data-e-action-hash=\"#elementor-action%3Aaction%3Dlightbox%26settings%3DeyJpZCI6NjI4MSwidXJsIjoiaHR0cHM6XC9cL3d3dy5hbHVzb2xhci5jb20udG5cL3dwLWNvbnRlbnRcL3VwbG9hZHNcLzIwMjVcLzA1XC9BYnJpcy1kZS12b2l0dXJlLTUtNS5qcGciLCJzbGlkZXNob3ciOiJkZmEzMGVhIn0%3D\" href='https:\/\/www.alusolar.com.tn\/wp-content\/uploads\/2025\/05\/Abris-de-voiture-5-5.jpg'><img loading=\"lazy\" decoding=\"async\" width=\"600\" height=\"800\" src=\"https:\/\/www.alusolar.com.tn\/wp-content\/uploads\/2025\/05\/Abris-de-voiture-5-5.jpg\" class=\"attachment-large size-large\" alt=\"\" srcset=\"https:\/\/www.alusolar.com.tn\/wp-content\/uploads\/2025\/05\/Abris-de-voiture-5-5.jpg 600w, https:\/\/www.alusolar.com.tn\/wp-content\/uploads\/2025\/05\/Abris-de-voiture-5-5-200x267.jpg 200w\" sizes=\"(max-width: 600px) 100vw, 600px\" \/><\/a>\n\t\t\t<\/div><\/figure><figure class='gallery-item'>\n\t\t\t<div class='gallery-icon portrait'>\n\t\t\t\t<a data-elementor-open-lightbox=\"yes\" data-elementor-lightbox-slideshow=\"dfa30ea\" data-elementor-lightbox-title=\"Abris-de-Voiture-1-1\" data-e-action-hash=\"#elementor-action%3Aaction%3Dlightbox%26settings%3DeyJpZCI6NjI4NCwidXJsIjoiaHR0cHM6XC9cL3d3dy5hbHVzb2xhci5jb20udG5cL3dwLWNvbnRlbnRcL3VwbG9hZHNcLzIwMjVcLzA1XC9BYnJpcy1kZS1Wb2l0dXJlLTEtMS5qcGciLCJzbGlkZXNob3ciOiJkZmEzMGVhIn0%3D\" href='https:\/\/www.alusolar.com.tn\/wp-content\/uploads\/2025\/05\/Abris-de-Voiture-1-1.jpg'><img loading=\"lazy\" decoding=\"async\" width=\"600\" height=\"800\" src=\"https:\/\/www.alusolar.com.tn\/wp-content\/uploads\/2025\/05\/Abris-de-Voiture-1-1.jpg\" class=\"attachment-large size-large\" alt=\"\" srcset=\"https:\/\/www.alusolar.com.tn\/wp-content\/uploads\/2025\/05\/Abris-de-Voiture-1-1.jpg 600w, https:\/\/www.alusolar.com.tn\/wp-content\/uploads\/2025\/05\/Abris-de-Voiture-1-1-200x267.jpg 200w\" sizes=\"(max-width: 600px) 100vw, 600px\" \/><\/a>\n\t\t\t<\/div><\/figure><figure class='gallery-item'>\n\t\t\t<div class='gallery-icon portrait'>\n\t\t\t\t<a data-elementor-open-lightbox=\"yes\" data-elementor-lightbox-slideshow=\"dfa30ea\" data-elementor-lightbox-title=\"Abris-de-Voiture-1-3\" data-e-action-hash=\"#elementor-action%3Aaction%3Dlightbox%26settings%3DeyJpZCI6NjI5MCwidXJsIjoiaHR0cHM6XC9cL3d3dy5hbHVzb2xhci5jb20udG5cL3dwLWNvbnRlbnRcL3VwbG9hZHNcLzIwMjVcLzA1XC9BYnJpcy1kZS1Wb2l0dXJlLTEtMy5qcGciLCJzbGlkZXNob3ciOiJkZmEzMGVhIn0%3D\" href='https:\/\/www.alusolar.com.tn\/wp-content\/uploads\/2025\/05\/Abris-de-Voiture-1-3.jpg'><img loading=\"lazy\" decoding=\"async\" width=\"600\" height=\"800\" src=\"https:\/\/www.alusolar.com.tn\/wp-content\/uploads\/2025\/05\/Abris-de-Voiture-1-3.jpg\" class=\"attachment-large size-large\" alt=\"\" srcset=\"https:\/\/www.alusolar.com.tn\/wp-content\/uploads\/2025\/05\/Abris-de-Voiture-1-3.jpg 600w, https:\/\/www.alusolar.com.tn\/wp-content\/uploads\/2025\/05\/Abris-de-Voiture-1-3-200x267.jpg 200w\" sizes=\"(max-width: 600px) 100vw, 600px\" \/><\/a>\n\t\t\t<\/div><\/figure><figure class='gallery-item'>\n\t\t\t<div class='gallery-icon portrait'>\n\t\t\t\t<a data-elementor-open-lightbox=\"yes\" data-elementor-lightbox-slideshow=\"dfa30ea\" data-elementor-lightbox-title=\"Abris-de-Voiture-1-4\" data-e-action-hash=\"#elementor-action%3Aaction%3Dlightbox%26settings%3DeyJpZCI6NjI5MywidXJsIjoiaHR0cHM6XC9cL3d3dy5hbHVzb2xhci5jb20udG5cL3dwLWNvbnRlbnRcL3VwbG9hZHNcLzIwMjVcLzA1XC9BYnJpcy1kZS1Wb2l0dXJlLTEtNC5qcGciLCJzbGlkZXNob3ciOiJkZmEzMGVhIn0%3D\" href='https:\/\/www.alusolar.com.tn\/wp-content\/uploads\/2025\/05\/Abris-de-Voiture-1-4.jpg'><img loading=\"lazy\" decoding=\"async\" width=\"600\" height=\"800\" src=\"https:\/\/www.alusolar.com.tn\/wp-content\/uploads\/2025\/05\/Abris-de-Voiture-1-4.jpg\" class=\"attachment-large size-large\" alt=\"\" srcset=\"https:\/\/www.alusolar.com.tn\/wp-content\/uploads\/2025\/05\/Abris-de-Voiture-1-4.jpg 600w, https:\/\/www.alusolar.com.tn\/wp-content\/uploads\/2025\/05\/Abris-de-Voiture-1-4-200x267.jpg 200w\" sizes=\"(max-width: 600px) 100vw, 600px\" \/><\/a>\n\t\t\t<\/div><\/figure><figure class='gallery-item'>\n\t\t\t<div class='gallery-icon portrait'>\n\t\t\t\t<a data-elementor-open-lightbox=\"yes\" data-elementor-lightbox-slideshow=\"dfa30ea\" data-elementor-lightbox-title=\"Abris-de-voiture-2-1\" data-e-action-hash=\"#elementor-action%3Aaction%3Dlightbox%26settings%3DeyJpZCI6NjI5NiwidXJsIjoiaHR0cHM6XC9cL3d3dy5hbHVzb2xhci5jb20udG5cL3dwLWNvbnRlbnRcL3VwbG9hZHNcLzIwMjVcLzA1XC9BYnJpcy1kZS12b2l0dXJlLTItMS5qcGciLCJzbGlkZXNob3ciOiJkZmEzMGVhIn0%3D\" href='https:\/\/www.alusolar.com.tn\/wp-content\/uploads\/2025\/05\/Abris-de-voiture-2-1.jpg'><img loading=\"lazy\" decoding=\"async\" width=\"600\" height=\"800\" src=\"https:\/\/www.alusolar.com.tn\/wp-content\/uploads\/2025\/05\/Abris-de-voiture-2-1.jpg\" class=\"attachment-large size-large\" alt=\"\" srcset=\"https:\/\/www.alusolar.com.tn\/wp-content\/uploads\/2025\/05\/Abris-de-voiture-2-1.jpg 600w, https:\/\/www.alusolar.com.tn\/wp-content\/uploads\/2025\/05\/Abris-de-voiture-2-1-200x267.jpg 200w\" sizes=\"(max-width: 600px) 100vw, 600px\" \/><\/a>\n\t\t\t<\/div><\/figure><figure class='gallery-item'>\n\t\t\t<div class='gallery-icon portrait'>\n\t\t\t\t<a data-elementor-open-lightbox=\"yes\" data-elementor-lightbox-slideshow=\"dfa30ea\" data-elementor-lightbox-title=\"Abris-de-voiture-3-1\" data-e-action-hash=\"#elementor-action%3Aaction%3Dlightbox%26settings%3DeyJpZCI6NjI5OSwidXJsIjoiaHR0cHM6XC9cL3d3dy5hbHVzb2xhci5jb20udG5cL3dwLWNvbnRlbnRcL3VwbG9hZHNcLzIwMjVcLzA1XC9BYnJpcy1kZS12b2l0dXJlLTMtMS5qcGciLCJzbGlkZXNob3ciOiJkZmEzMGVhIn0%3D\" href='https:\/\/www.alusolar.com.tn\/wp-content\/uploads\/2025\/05\/Abris-de-voiture-3-1.jpg'><img loading=\"lazy\" decoding=\"async\" width=\"600\" height=\"800\" src=\"https:\/\/www.alusolar.com.tn\/wp-content\/uploads\/2025\/05\/Abris-de-voiture-3-1.jpg\" class=\"attachment-large size-large\" alt=\"\" srcset=\"https:\/\/www.alusolar.com.tn\/wp-content\/uploads\/2025\/05\/Abris-de-voiture-3-1.jpg 600w, https:\/\/www.alusolar.com.tn\/wp-content\/uploads\/2025\/05\/Abris-de-voiture-3-1-200x267.jpg 200w\" sizes=\"(max-width: 600px) 100vw, 600px\" \/><\/a>\n\t\t\t<\/div><\/figure><figure class='gallery-item'>\n\t\t\t<div class='gallery-icon portrait'>\n\t\t\t\t<a data-elementor-open-lightbox=\"yes\" data-elementor-lightbox-slideshow=\"dfa30ea\" data-elementor-lightbox-title=\"Abris-de-voiture-3-2\" data-e-action-hash=\"#elementor-action%3Aaction%3Dlightbox%26settings%3DeyJpZCI6NjMwMiwidXJsIjoiaHR0cHM6XC9cL3d3dy5hbHVzb2xhci5jb20udG5cL3dwLWNvbnRlbnRcL3VwbG9hZHNcLzIwMjVcLzA1XC9BYnJpcy1kZS12b2l0dXJlLTMtMi5qcGciLCJzbGlkZXNob3ciOiJkZmEzMGVhIn0%3D\" href='https:\/\/www.alusolar.com.tn\/wp-content\/uploads\/2025\/05\/Abris-de-voiture-3-2.jpg'><img loading=\"lazy\" decoding=\"async\" width=\"600\" height=\"800\" src=\"https:\/\/www.alusolar.com.tn\/wp-content\/uploads\/2025\/05\/Abris-de-voiture-3-2.jpg\" class=\"attachment-large size-large\" alt=\"\" srcset=\"https:\/\/www.alusolar.com.tn\/wp-content\/uploads\/2025\/05\/Abris-de-voiture-3-2.jpg 600w, https:\/\/www.alusolar.com.tn\/wp-content\/uploads\/2025\/05\/Abris-de-voiture-3-2-200x267.jpg 200w\" sizes=\"(max-width: 600px) 100vw, 600px\" \/><\/a>\n\t\t\t<\/div><\/figure><figure class='gallery-item'>\n\t\t\t<div class='gallery-icon portrait'>\n\t\t\t\t<a data-elementor-open-lightbox=\"yes\" data-elementor-lightbox-slideshow=\"dfa30ea\" data-elementor-lightbox-title=\"Abris-de-voiture-3-3\" data-e-action-hash=\"#elementor-action%3Aaction%3Dlightbox%26settings%3DeyJpZCI6NjMwNSwidXJsIjoiaHR0cHM6XC9cL3d3dy5hbHVzb2xhci5jb20udG5cL3dwLWNvbnRlbnRcL3VwbG9hZHNcLzIwMjVcLzA1XC9BYnJpcy1kZS12b2l0dXJlLTMtMy5qcGciLCJzbGlkZXNob3ciOiJkZmEzMGVhIn0%3D\" href='https:\/\/www.alusolar.com.tn\/wp-content\/uploads\/2025\/05\/Abris-de-voiture-3-3.jpg'><img loading=\"lazy\" decoding=\"async\" width=\"600\" height=\"800\" src=\"https:\/\/www.alusolar.com.tn\/wp-content\/uploads\/2025\/05\/Abris-de-voiture-3-3.jpg\" class=\"attachment-large size-large\" alt=\"\" srcset=\"https:\/\/www.alusolar.com.tn\/wp-content\/uploads\/2025\/05\/Abris-de-voiture-3-3.jpg 600w, https:\/\/www.alusolar.com.tn\/wp-content\/uploads\/2025\/05\/Abris-de-voiture-3-3-200x267.jpg 200w\" sizes=\"(max-width: 600px) 100vw, 600px\" \/><\/a>\n\t\t\t<\/div><\/figure><figure class='gallery-item'>\n\t\t\t<div class='gallery-icon portrait'>\n\t\t\t\t<a data-elementor-open-lightbox=\"yes\" data-elementor-lightbox-slideshow=\"dfa30ea\" data-elementor-lightbox-title=\"Abris-de-voiture-3-5\" data-e-action-hash=\"#elementor-action%3Aaction%3Dlightbox%26settings%3DeyJpZCI6NjMxMSwidXJsIjoiaHR0cHM6XC9cL3d3dy5hbHVzb2xhci5jb20udG5cL3dwLWNvbnRlbnRcL3VwbG9hZHNcLzIwMjVcLzA1XC9BYnJpcy1kZS12b2l0dXJlLTMtNS5qcGciLCJzbGlkZXNob3ciOiJkZmEzMGVhIn0%3D\" href='https:\/\/www.alusolar.com.tn\/wp-content\/uploads\/2025\/05\/Abris-de-voiture-3-5.jpg'><img loading=\"lazy\" decoding=\"async\" width=\"600\" height=\"800\" src=\"https:\/\/www.alusolar.com.tn\/wp-content\/uploads\/2025\/05\/Abris-de-voiture-3-5.jpg\" class=\"attachment-large size-large\" alt=\"\" srcset=\"https:\/\/www.alusolar.com.tn\/wp-content\/uploads\/2025\/05\/Abris-de-voiture-3-5.jpg 600w, https:\/\/www.alusolar.com.tn\/wp-content\/uploads\/2025\/05\/Abris-de-voiture-3-5-200x267.jpg 200w\" sizes=\"(max-width: 600px) 100vw, 600px\" \/><\/a>\n\t\t\t<\/div><\/figure><figure class='gallery-item'>\n\t\t\t<div class='gallery-icon portrait'>\n\t\t\t\t<a data-elementor-open-lightbox=\"yes\" data-elementor-lightbox-slideshow=\"dfa30ea\" data-elementor-lightbox-title=\"Abris-de-voiture-4-1\" data-e-action-hash=\"#elementor-action%3Aaction%3Dlightbox%26settings%3DeyJpZCI6NjMxNCwidXJsIjoiaHR0cHM6XC9cL3d3dy5hbHVzb2xhci5jb20udG5cL3dwLWNvbnRlbnRcL3VwbG9hZHNcLzIwMjVcLzA1XC9BYnJpcy1kZS12b2l0dXJlLTQtMS5qcGciLCJzbGlkZXNob3ciOiJkZmEzMGVhIn0%3D\" href='https:\/\/www.alusolar.com.tn\/wp-content\/uploads\/2025\/05\/Abris-de-voiture-4-1.jpg'><img loading=\"lazy\" decoding=\"async\" width=\"600\" height=\"800\" src=\"https:\/\/www.alusolar.com.tn\/wp-content\/uploads\/2025\/05\/Abris-de-voiture-4-1.jpg\" class=\"attachment-large size-large\" alt=\"\" srcset=\"https:\/\/www.alusolar.com.tn\/wp-content\/uploads\/2025\/05\/Abris-de-voiture-4-1.jpg 600w, https:\/\/www.alusolar.com.tn\/wp-content\/uploads\/2025\/05\/Abris-de-voiture-4-1-200x267.jpg 200w\" sizes=\"(max-width: 600px) 100vw, 600px\" \/><\/a>\n\t\t\t<\/div><\/figure><figure class='gallery-item'>\n\t\t\t<div class='gallery-icon portrait'>\n\t\t\t\t<a data-elementor-open-lightbox=\"yes\" data-elementor-lightbox-slideshow=\"dfa30ea\" data-elementor-lightbox-title=\"Abris-de-voiture-4-2\" data-e-action-hash=\"#elementor-action%3Aaction%3Dlightbox%26settings%3DeyJpZCI6NjMxNywidXJsIjoiaHR0cHM6XC9cL3d3dy5hbHVzb2xhci5jb20udG5cL3dwLWNvbnRlbnRcL3VwbG9hZHNcLzIwMjVcLzA1XC9BYnJpcy1kZS12b2l0dXJlLTQtMi5qcGciLCJzbGlkZXNob3ciOiJkZmEzMGVhIn0%3D\" href='https:\/\/www.alusolar.com.tn\/wp-content\/uploads\/2025\/05\/Abris-de-voiture-4-2.jpg'><img loading=\"lazy\" decoding=\"async\" width=\"600\" height=\"800\" src=\"https:\/\/www.alusolar.com.tn\/wp-content\/uploads\/2025\/05\/Abris-de-voiture-4-2.jpg\" class=\"attachment-large size-large\" alt=\"\" srcset=\"https:\/\/www.alusolar.com.tn\/wp-content\/uploads\/2025\/05\/Abris-de-voiture-4-2.jpg 600w, https:\/\/www.alusolar.com.tn\/wp-content\/uploads\/2025\/05\/Abris-de-voiture-4-2-200x267.jpg 200w\" sizes=\"(max-width: 600px) 100vw, 600px\" \/><\/a>\n\t\t\t<\/div><\/figure><figure class='gallery-item'>\n\t\t\t<div class='gallery-icon portrait'>\n\t\t\t\t<a data-elementor-open-lightbox=\"yes\" data-elementor-lightbox-slideshow=\"dfa30ea\" data-elementor-lightbox-title=\"Abris-de-voiture-4-3\" data-e-action-hash=\"#elementor-action%3Aaction%3Dlightbox%26settings%3DeyJpZCI6NjMyMCwidXJsIjoiaHR0cHM6XC9cL3d3dy5hbHVzb2xhci5jb20udG5cL3dwLWNvbnRlbnRcL3VwbG9hZHNcLzIwMjVcLzA1XC9BYnJpcy1kZS12b2l0dXJlLTQtMy5qcGciLCJzbGlkZXNob3ciOiJkZmEzMGVhIn0%3D\" href='https:\/\/www.alusolar.com.tn\/wp-content\/uploads\/2025\/05\/Abris-de-voiture-4-3.jpg'><img loading=\"lazy\" decoding=\"async\" width=\"600\" height=\"800\" src=\"https:\/\/www.alusolar.com.tn\/wp-content\/uploads\/2025\/05\/Abris-de-voiture-4-3.jpg\" class=\"attachment-large size-large\" alt=\"\" srcset=\"https:\/\/www.alusolar.com.tn\/wp-content\/uploads\/2025\/05\/Abris-de-voiture-4-3.jpg 600w, https:\/\/www.alusolar.com.tn\/wp-content\/uploads\/2025\/05\/Abris-de-voiture-4-3-200x267.jpg 200w\" sizes=\"(max-width: 600px) 100vw, 600px\" \/><\/a>\n\t\t\t<\/div><\/figure><figure class='gallery-item'>\n\t\t\t<div class='gallery-icon portrait'>\n\t\t\t\t<a data-elementor-open-lightbox=\"yes\" data-elementor-lightbox-slideshow=\"dfa30ea\" data-elementor-lightbox-title=\"Abris-de-voiture-4-4\" data-e-action-hash=\"#elementor-action%3Aaction%3Dlightbox%26settings%3DeyJpZCI6NjMyMywidXJsIjoiaHR0cHM6XC9cL3d3dy5hbHVzb2xhci5jb20udG5cL3dwLWNvbnRlbnRcL3VwbG9hZHNcLzIwMjVcLzA1XC9BYnJpcy1kZS12b2l0dXJlLTQtNC5qcGciLCJzbGlkZXNob3ciOiJkZmEzMGVhIn0%3D\" href='https:\/\/www.alusolar.com.tn\/wp-content\/uploads\/2025\/05\/Abris-de-voiture-4-4.jpg'><img loading=\"lazy\" decoding=\"async\" width=\"600\" height=\"800\" src=\"https:\/\/www.alusolar.com.tn\/wp-content\/uploads\/2025\/05\/Abris-de-voiture-4-4.jpg\" class=\"attachment-large size-large\" alt=\"\" srcset=\"https:\/\/www.alusolar.com.tn\/wp-content\/uploads\/2025\/05\/Abris-de-voiture-4-4.jpg 600w, https:\/\/www.alusolar.com.tn\/wp-content\/uploads\/2025\/05\/Abris-de-voiture-4-4-200x267.jpg 200w\" sizes=\"(max-width: 600px) 100vw, 600px\" \/><\/a>\n\t\t\t<\/div><\/figure><figure class='gallery-item'>\n\t\t\t<div class='gallery-icon portrait'>\n\t\t\t\t<a data-elementor-open-lightbox=\"yes\" data-elementor-lightbox-slideshow=\"dfa30ea\" data-elementor-lightbox-title=\"Abris-de-voiture-4-5\" data-e-action-hash=\"#elementor-action%3Aaction%3Dlightbox%26settings%3DeyJpZCI6NjMyNiwidXJsIjoiaHR0cHM6XC9cL3d3dy5hbHVzb2xhci5jb20udG5cL3dwLWNvbnRlbnRcL3VwbG9hZHNcLzIwMjVcLzA1XC9BYnJpcy1kZS12b2l0dXJlLTQtNS5qcGciLCJzbGlkZXNob3ciOiJkZmEzMGVhIn0%3D\" href='https:\/\/www.alusolar.com.tn\/wp-content\/uploads\/2025\/05\/Abris-de-voiture-4-5.jpg'><img loading=\"lazy\" decoding=\"async\" width=\"600\" height=\"800\" src=\"https:\/\/www.alusolar.com.tn\/wp-content\/uploads\/2025\/05\/Abris-de-voiture-4-5.jpg\" class=\"attachment-large size-large\" alt=\"\" srcset=\"https:\/\/www.alusolar.com.tn\/wp-content\/uploads\/2025\/05\/Abris-de-voiture-4-5.jpg 600w, https:\/\/www.alusolar.com.tn\/wp-content\/uploads\/2025\/05\/Abris-de-voiture-4-5-200x267.jpg 200w\" sizes=\"(max-width: 600px) 100vw, 600px\" \/><\/a>\n\t\t\t<\/div><\/figure>\n\t\t<\/div>\n\t\t<\/div>\n\t\t\t\t<\/div>\n\t\t\t\t<\/div>\n\t\t\t\t\t<\/div>\n\t\t<\/div>\n\t\t\t\t\t\t\t<\/div>\n\t\t<\/section>\n\t\t\t\t\t\t\t<\/div>\n\t\t","protected":false},"excerpt":{"rendered":"<p>Produit Abris de Voiture L&rsquo;Abri de voiture ou de jardin est un \u00e9l\u00e9ment indispensable pour vous prot\u00e9ger vos v\u00e9hicules de la lumi\u00e8re de soleil et la chaleur excessive. Fiche Technique Disponibilit\u00e9 \u25cf Protection solaire \u25cf Evacuation des eaux \u25cf Couleur Au choix Mati\u00e8re de structure M\u00e9tal &#8211; Aluminium Mati\u00e8re de toiture Bache &#8211; PVC &#8211; [&hellip;]<\/p>\n","protected":false},"featured_media":7339,"menu_order":20,"template":"elementor_header_footer","meta":{"footnotes":""},"portfolio-cat":[32],"portfolio-tag":[5],"portfolio-filter":[6],"class_list":["post-1571","portfolio","type-portfolio","status-publish","has-post-thumbnail","hentry","portfolio-cat-structure-exterieure","portfolio-tag-uncategorized","portfolio-filter-uncategorized"],"yoast_head":"<!-- This site is optimized with the Yoast SEO plugin v21.9.1 - https:\/\/yoast.com\/wordpress\/plugins\/seo\/ -->\n<title>Abris de Voiture | Alu Solar Tunisie<\/title>\n<meta name=\"description\" content=\"Produit Abris de Voiture L&#039;Abri de voiture ou de jardin est un \u00e9l\u00e9ment indispensable pour vous prot\u00e9ger vos v\u00e9hicules de la lumi\u00e8re de soleil et la\" \/>\n<meta name=\"robots\" content=\"index, follow, max-snippet:-1, max-image-preview:large, max-video-preview:-1\" \/>\n<link rel=\"canonical\" href=\"https:\/\/www.alusolar.com.tn\/fr\/portfolio\/car-shelter\/\" \/>\n<meta property=\"og:locale\" content=\"fr_FR\" \/>\n<meta property=\"og:type\" content=\"article\" \/>\n<meta property=\"og:title\" content=\"Abris de Voiture | Alu Solar Tunisie\" \/>\n<meta property=\"og:description\" content=\"Produit Abris de Voiture L&#039;Abri de voiture ou de jardin est un \u00e9l\u00e9ment indispensable pour vous prot\u00e9ger vos v\u00e9hicules de la lumi\u00e8re de soleil et la\" \/>\n<meta property=\"og:url\" content=\"https:\/\/www.alusolar.com.tn\/portfolio\/car-shelter\/\" \/>\n<meta property=\"og:site_name\" content=\"Alu Solar Tunisie\" \/>\n<meta property=\"article:modified_time\" content=\"2025-06-10T15:00:15+00:00\" \/>\n<meta property=\"og:image\" content=\"https:\/\/www.alusolar.com.tn\/wp-content\/uploads\/2025\/06\/abris-de-voiture-3.png\" \/>\n\t<meta property=\"og:image:width\" content=\"600\" \/>\n\t<meta property=\"og:image:height\" content=\"800\" \/>\n\t<meta property=\"og:image:type\" content=\"image\/png\" \/>\n<meta name=\"twitter:card\" content=\"summary_large_image\" \/>\n<meta name=\"twitter:label1\" content=\"Dur\u00e9e de lecture estim\u00e9e\" \/>\n\t<meta name=\"twitter:data1\" content=\"6 minutes\" \/>\n<script type=\"application\/ld+json\" class=\"yoast-schema-graph\">{\"@context\":\"https:\/\/schema.org\",\"@graph\":[{\"@type\":\"WebPage\",\"@id\":\"https:\/\/www.alusolar.com.tn\/portfolio\/car-shelter\/\",\"url\":\"https:\/\/www.alusolar.com.tn\/portfolio\/car-shelter\/\",\"name\":\"Abris de Voiture | Alu Solar Tunisie\",\"isPartOf\":{\"@id\":\"https:\/\/www.alusolar.com.tn\/ar\/#website\"},\"datePublished\":\"2024-01-10T11:18:03+00:00\",\"dateModified\":\"2025-06-10T15:00:15+00:00\",\"description\":\"Produit Abris de Voiture L'Abri de voiture ou de jardin est un \u00e9l\u00e9ment indispensable pour vous prot\u00e9ger vos v\u00e9hicules de la lumi\u00e8re de soleil et la\",\"breadcrumb\":{\"@id\":\"https:\/\/www.alusolar.com.tn\/portfolio\/car-shelter\/#breadcrumb\"},\"inLanguage\":\"fr-FR\",\"potentialAction\":[{\"@type\":\"ReadAction\",\"target\":[\"https:\/\/www.alusolar.com.tn\/portfolio\/car-shelter\/\"]}]},{\"@type\":\"BreadcrumbList\",\"@id\":\"https:\/\/www.alusolar.com.tn\/portfolio\/car-shelter\/#breadcrumb\",\"itemListElement\":[{\"@type\":\"ListItem\",\"position\":1,\"name\":\"Accueil\",\"item\":\"https:\/\/www.alusolar.com.tn\/\"},{\"@type\":\"ListItem\",\"position\":2,\"name\":\"Portfolios\",\"item\":\"https:\/\/www.alusolar.com.tn\/portfolio\/all\/\"},{\"@type\":\"ListItem\",\"position\":3,\"name\":\"Abris de Voiture\"}]},{\"@type\":\"WebSite\",\"@id\":\"https:\/\/www.alusolar.com.tn\/ar\/#website\",\"url\":\"https:\/\/www.alusolar.com.tn\/ar\/\",\"name\":\"Alu Solar Tunisie\",\"description\":\"Cr\u00e9ateur de luxe\",\"publisher\":{\"@id\":\"https:\/\/www.alusolar.com.tn\/ar\/#organization\"},\"potentialAction\":[{\"@type\":\"SearchAction\",\"target\":{\"@type\":\"EntryPoint\",\"urlTemplate\":\"https:\/\/www.alusolar.com.tn\/ar\/?s={search_term_string}\"},\"query-input\":\"required name=search_term_string\"}],\"inLanguage\":\"fr-FR\"},{\"@type\":\"Organization\",\"@id\":\"https:\/\/www.alusolar.com.tn\/ar\/#organization\",\"name\":\"Alu Solar Tunisie\",\"url\":\"https:\/\/www.alusolar.com.tn\/ar\/\",\"logo\":{\"@type\":\"ImageObject\",\"inLanguage\":\"fr-FR\",\"@id\":\"https:\/\/www.alusolar.com.tn\/ar\/#\/schema\/logo\/image\/\",\"url\":\"https:\/\/www.alusolar.com.tn\/wp-content\/uploads\/2023\/12\/solar-svvg-01.svg\",\"contentUrl\":\"https:\/\/www.alusolar.com.tn\/wp-content\/uploads\/2023\/12\/solar-svvg-01.svg\",\"width\":232,\"height\":124,\"caption\":\"Alu Solar Tunisie\"},\"image\":{\"@id\":\"https:\/\/www.alusolar.com.tn\/ar\/#\/schema\/logo\/image\/\"}}]}<\/script>\n<!-- \/ Yoast SEO plugin. -->","yoast_head_json":{"title":"Abris de Voiture | Alu Solar Tunisie","description":"Produit Abris de Voiture L'Abri de voiture ou de jardin est un \u00e9l\u00e9ment indispensable pour vous prot\u00e9ger vos v\u00e9hicules de la lumi\u00e8re de soleil et la","robots":{"index":"index","follow":"follow","max-snippet":"max-snippet:-1","max-image-preview":"max-image-preview:large","max-video-preview":"max-video-preview:-1"},"canonical":"https:\/\/www.alusolar.com.tn\/fr\/portfolio\/car-shelter\/","og_locale":"fr_FR","og_type":"article","og_title":"Abris de Voiture | Alu Solar Tunisie","og_description":"Produit Abris de Voiture L'Abri de voiture ou de jardin est un \u00e9l\u00e9ment indispensable pour vous prot\u00e9ger vos v\u00e9hicules de la lumi\u00e8re de soleil et la","og_url":"https:\/\/www.alusolar.com.tn\/portfolio\/car-shelter\/","og_site_name":"Alu Solar Tunisie","article_modified_time":"2025-06-10T15:00:15+00:00","og_image":[{"width":600,"height":800,"url":"https:\/\/www.alusolar.com.tn\/wp-content\/uploads\/2025\/06\/abris-de-voiture-3.png","type":"image\/png"}],"twitter_card":"summary_large_image","twitter_misc":{"Dur\u00e9e de lecture estim\u00e9e":"6 minutes"},"schema":{"@context":"https:\/\/schema.org","@graph":[{"@type":"WebPage","@id":"https:\/\/www.alusolar.com.tn\/portfolio\/car-shelter\/","url":"https:\/\/www.alusolar.com.tn\/portfolio\/car-shelter\/","name":"Abris de Voiture | Alu Solar Tunisie","isPartOf":{"@id":"https:\/\/www.alusolar.com.tn\/ar\/#website"},"datePublished":"2024-01-10T11:18:03+00:00","dateModified":"2025-06-10T15:00:15+00:00","description":"Produit Abris de Voiture L'Abri de voiture ou de jardin est un \u00e9l\u00e9ment indispensable pour vous prot\u00e9ger vos v\u00e9hicules de la lumi\u00e8re de soleil et la","breadcrumb":{"@id":"https:\/\/www.alusolar.com.tn\/portfolio\/car-shelter\/#breadcrumb"},"inLanguage":"fr-FR","potentialAction":[{"@type":"ReadAction","target":["https:\/\/www.alusolar.com.tn\/portfolio\/car-shelter\/"]}]},{"@type":"BreadcrumbList","@id":"https:\/\/www.alusolar.com.tn\/portfolio\/car-shelter\/#breadcrumb","itemListElement":[{"@type":"ListItem","position":1,"name":"Accueil","item":"https:\/\/www.alusolar.com.tn\/"},{"@type":"ListItem","position":2,"name":"Portfolios","item":"https:\/\/www.alusolar.com.tn\/portfolio\/all\/"},{"@type":"ListItem","position":3,"name":"Abris de Voiture"}]},{"@type":"WebSite","@id":"https:\/\/www.alusolar.com.tn\/ar\/#website","url":"https:\/\/www.alusolar.com.tn\/ar\/","name":"Alu Solar Tunisie","description":"Cr\u00e9ateur de luxe","publisher":{"@id":"https:\/\/www.alusolar.com.tn\/ar\/#organization"},"potentialAction":[{"@type":"SearchAction","target":{"@type":"EntryPoint","urlTemplate":"https:\/\/www.alusolar.com.tn\/ar\/?s={search_term_string}"},"query-input":"required name=search_term_string"}],"inLanguage":"fr-FR"},{"@type":"Organization","@id":"https:\/\/www.alusolar.com.tn\/ar\/#organization","name":"Alu Solar Tunisie","url":"https:\/\/www.alusolar.com.tn\/ar\/","logo":{"@type":"ImageObject","inLanguage":"fr-FR","@id":"https:\/\/www.alusolar.com.tn\/ar\/#\/schema\/logo\/image\/","url":"https:\/\/www.alusolar.com.tn\/wp-content\/uploads\/2023\/12\/solar-svvg-01.svg","contentUrl":"https:\/\/www.alusolar.com.tn\/wp-content\/uploads\/2023\/12\/solar-svvg-01.svg","width":232,"height":124,"caption":"Alu Solar Tunisie"},"image":{"@id":"https:\/\/www.alusolar.com.tn\/ar\/#\/schema\/logo\/image\/"}}]}},"_links":{"self":[{"href":"https:\/\/www.alusolar.com.tn\/fr\/wp-json\/wp\/v2\/portfolio\/1571","targetHints":{"allow":["GET"]}}],"collection":[{"href":"https:\/\/www.alusolar.com.tn\/fr\/wp-json\/wp\/v2\/portfolio"}],"about":[{"href":"https:\/\/www.alusolar.com.tn\/fr\/wp-json\/wp\/v2\/types\/portfolio"}],"version-history":[{"count":42,"href":"https:\/\/www.alusolar.com.tn\/fr\/wp-json\/wp\/v2\/portfolio\/1571\/revisions"}],"predecessor-version":[{"id":7408,"href":"https:\/\/www.alusolar.com.tn\/fr\/wp-json\/wp\/v2\/portfolio\/1571\/revisions\/7408"}],"wp:featuredmedia":[{"embeddable":true,"href":"https:\/\/www.alusolar.com.tn\/fr\/wp-json\/wp\/v2\/media\/7339"}],"wp:attachment":[{"href":"https:\/\/www.alusolar.com.tn\/fr\/wp-json\/wp\/v2\/media?parent=1571"}],"wp:term":[{"taxonomy":"portfolio-cat","embeddable":true,"href":"https:\/\/www.alusolar.com.tn\/fr\/wp-json\/wp\/v2\/portfolio-cat?post=1571"},{"taxonomy":"portfolio-tag","embeddable":true,"href":"https:\/\/www.alusolar.com.tn\/fr\/wp-json\/wp\/v2\/portfolio-tag?post=1571"},{"taxonomy":"portfolio-filter","embeddable":true,"href":"https:\/\/www.alusolar.com.tn\/fr\/wp-json\/wp\/v2\/portfolio-filter?post=1571"}],"curies":[{"name":"wp","href":"https:\/\/api.w.org\/{rel}","templated":true}]}}