{"id":1644,"date":"2024-01-10T14:19:00","date_gmt":"2024-01-10T13:19:00","guid":{"rendered":"https:\/\/www.alusolar.com.tn\/?post_type=portfolio&#038;p=1644"},"modified":"2025-06-04T17:19:38","modified_gmt":"2025-06-04T15:19:38","slug":"porte-radar","status":"publish","type":"portfolio","link":"https:\/\/www.alusolar.com.tn\/fr\/portfolio\/porte-radar\/","title":{"rendered":"Porte Radar"},"content":{"rendered":"\t\t<div data-elementor-type=\"wp-post\" data-elementor-id=\"1644\" class=\"elementor elementor-1644\">\n\t\t\t\t\t\t\t\t\t<section class=\"elementor-section elementor-top-section elementor-element elementor-element-6eeebc6 elementor-section-full_width elementor-section-height-default elementor-section-height-default wpr-particle-no wpr-jarallax-no wpr-parallax-no wpr-sticky-section-no\" data-id=\"6eeebc6\" data-element_type=\"section\">\n\t\t\t\t\t\t<div class=\"elementor-container elementor-column-gap-no\">\n\t\t\t\t\t<div class=\"aux-parallax-section elementor-column elementor-col-100 elementor-top-column elementor-element elementor-element-b5c00c3\" data-id=\"b5c00c3\" data-element_type=\"column\">\n\t\t\t<div class=\"elementor-widget-wrap elementor-element-populated\">\n\t\t\t\t\t\t\t\t<div class=\"elementor-element elementor-element-79637d4 aux-shpe-type-rectangle elementor-widget__width-auto aux-appear-watch-animation aux-fade-in-right-2 elementor-widget elementor-widget-aux_simple_shape\" data-id=\"79637d4\" data-element_type=\"widget\" data-widget_type=\"aux_simple_shape.default\">\n\t\t\t\t<div class=\"elementor-widget-container\">\n\t\t\t    <div class=\"aux-widget-container aux-simple-shape-container\">\n        <div class=\"aux-widget-container-inner\">\n            <div class=\"aux-the-shape\"><\/div>\n        <\/div>\n    <\/div>\n    \t\t<\/div>\n\t\t\t\t<\/div>\n\t\t\t\t<div class=\"elementor-element elementor-element-8593f49 aux-shpe-type-rectangle elementor-widget__width-auto aux-appear-watch-animation aux-fade-in-left-2 elementor-widget elementor-widget-aux_simple_shape\" data-id=\"8593f49\" data-element_type=\"widget\" data-widget_type=\"aux_simple_shape.default\">\n\t\t\t\t<div class=\"elementor-widget-container\">\n\t\t\t    <div class=\"aux-widget-container aux-simple-shape-container\">\n        <div class=\"aux-widget-container-inner\">\n            <div class=\"aux-the-shape\"><\/div>\n        <\/div>\n    <\/div>\n    \t\t<\/div>\n\t\t\t\t<\/div>\n\t\t\t\t<section class=\"elementor-section elementor-inner-section elementor-element elementor-element-085b69e elementor-section-content-middle elementor-reverse-mobile elementor-section-boxed elementor-section-height-default elementor-section-height-default wpr-particle-no wpr-jarallax-no wpr-parallax-no wpr-sticky-section-no\" data-id=\"085b69e\" data-element_type=\"section\">\n\t\t\t\t\t\t<div class=\"elementor-container elementor-column-gap-no\">\n\t\t\t\t\t<div class=\"aux-parallax-section elementor-column elementor-col-50 elementor-inner-column elementor-element elementor-element-9266ec3\" data-id=\"9266ec3\" data-element_type=\"column\">\n\t\t\t<div class=\"elementor-widget-wrap elementor-element-populated\">\n\t\t\t\t\t\t\t\t<div class=\"elementor-element elementor-element-437107b aux-appear-watch-animation aux-fade-in-up-1 elementor-widget elementor-widget-aux_modern_heading\" data-id=\"437107b\" data-element_type=\"widget\" data-widget_type=\"aux_modern_heading.default\">\n\t\t\t\t<div class=\"elementor-widget-container\">\n\t\t\t<section class=\"aux-widget-modern-heading\">\n            <div class=\"aux-widget-inner\"><h5 class=\"aux-modern-heading-primary\">Produit<\/h5><h3 class=\"aux-modern-heading-secondary\"><span class=\"aux-head-before\">Porte<\/span><span class=\"aux-head-highlight\">Radar<\/span><\/h3><div class=\"aux-modern-heading-divider\"><\/div><div class=\"aux-modern-heading-description\"><p style=\"text-align: justify\">La porte radar est une porte prestigieuse et tr\u00e8s pratique dans la vie quotidienne des entreprises, administrations et dans les espaces publics.\n\nLa porte radar vous garantit la s\u00e9curit\u00e9, le confort d'utilisation, la robustesse et la durabilit\u00e9. Il permet de gagner beaucoup d'espace gr\u00e2ce \u00e0 son ouverture coulissante.<\/div><\/div>\n        <\/section>\t\t<\/div>\n\t\t\t\t<\/div>\n\t\t\t\t<div class=\"elementor-element elementor-element-842a1ea elementor-widget elementor-widget-heading\" data-id=\"842a1ea\" data-element_type=\"widget\" data-widget_type=\"heading.default\">\n\t\t\t\t<div class=\"elementor-widget-container\">\n\t\t\t<h4 class=\"elementor-heading-title elementor-size-default\">Fiche Technique <\/h4>\t\t<\/div>\n\t\t\t\t<\/div>\n\t\t\t\t<div class=\"elementor-element elementor-element-9c5d4eb elementor-widget elementor-widget-text-editor\" data-id=\"9c5d4eb\" data-element_type=\"widget\" data-widget_type=\"text-editor.default\">\n\t\t\t\t<div class=\"elementor-widget-container\">\n\t\t\t\t\t\t\t<table width=\"581\"><tbody><tr><td width=\"269\">Disponibilit\u00e9<\/td><td width=\"312\">\u25cf<\/td><\/tr><tr><td>Couleur<\/td><td>Au choix<\/td><\/tr><tr><td>Mati\u00e8re\u00a0<\/td><td>Aluminium<\/td><\/tr><tr><td>Verre securit<\/td><td>\u25cf<\/td><\/tr><tr><td>Resistance chaud &#8211; froid<\/td><td>\u25cf<\/td><\/tr><tr><td>Resistance \u00e0 l&rsquo;humidit\u00e9<\/td><td>\u25cf<\/td><\/tr><tr><td>Resistance aux conditions climatiques extr\u00eames<\/td><td>\u25cf<\/td><\/tr><tr><td>Possibilit\u00e9 d&rsquo;int\u00e9gration domotique<\/td><td>\u25cf<\/td><\/tr><tr><td>Etanch\u00e9it\u00e9\u00a0<\/td><td>\u25cf<\/td><\/tr><tr><td>Motorisation\u00a0<\/td><td>\u25cf<\/td><\/tr><tr><td>Ouverture automatique<\/td><td>\u25cf<\/td><\/tr><tr><td>D\u00e9tecteur de mouvement &#8211; radar<\/td><td>\u25cf<\/td><\/tr><tr><td>Garantie\u00a0<\/td><td>\u25cf<\/td><\/tr><\/tbody><\/table>\t\t\t\t\t\t<\/div>\n\t\t\t\t<\/div>\n\t\t\t\t<div class=\"elementor-element elementor-element-25cd9c7 elementor-widget elementor-widget-text-editor\" data-id=\"25cd9c7\" data-element_type=\"widget\" data-widget_type=\"text-editor.default\">\n\t\t\t\t<div class=\"elementor-widget-container\">\n\t\t\t\t\t\t\t\t\t\t\t\t\t<\/div>\n\t\t\t\t<\/div>\n\t\t\t\t\t<\/div>\n\t\t<\/div>\n\t\t\t\t<div class=\"aux-parallax-section elementor-column elementor-col-50 elementor-inner-column elementor-element elementor-element-dd414ac\" data-id=\"dd414ac\" data-element_type=\"column\">\n\t\t\t<div class=\"elementor-widget-wrap elementor-element-populated\">\n\t\t\t\t\t\t\t\t<div class=\"elementor-element elementor-element-10b2b7d aux-appear-watch-animation aux-mask-from-left elementor-widget elementor-widget-aux_image\" data-id=\"10b2b7d\" data-element_type=\"widget\" data-widget_type=\"aux_image.default\">\n\t\t\t\t<div class=\"elementor-widget-container\">\n\t\t\t<section class=\"widget-container aux-widget-image aux-alignnone aux-parent-aud4bff954\">\n    <div class=\"aux-media-hint-frame \">\n        <div class=\"aux-media-image \" >\n        \n            \n\n            \n            <img fetchpriority=\"high\" decoding=\"async\" width=\"600\" height=\"800\" src=\"https:\/\/www.alusolar.com.tn\/wp-content\/uploads\/2024\/01\/cout-porte-automatique-min-1-600x800.jpg\" class=\"aux-attachment aux-featured-image aux-attachment-id-1657\" alt=\"Porte Radar\" srcset=\"https:\/\/www.alusolar.com.tn\/wp-content\/uploads\/2024\/01\/cout-porte-automatique-min-1-150x200.jpg 150w,https:\/\/www.alusolar.com.tn\/wp-content\/uploads\/2024\/01\/cout-porte-automatique-min-1-300x400.jpg 300w,https:\/\/www.alusolar.com.tn\/wp-content\/uploads\/2024\/01\/cout-porte-automatique-min-1-600x800.jpg 600w\" data-ratio=\"0.75\" data-original-w=\"600\" sizes=\"(max-width:479px) 480px,(max-width:767px) 768px,(max-width:1023px) 1024px,600px\" \/>            \n                <\/div>\n    <\/div>\n\n<\/section><!-- widget-container -->\t\t<\/div>\n\t\t\t\t<\/div>\n\t\t\t\t\t<\/div>\n\t\t<\/div>\n\t\t\t\t\t\t\t<\/div>\n\t\t<\/section>\n\t\t\t\t\t<\/div>\n\t\t<\/div>\n\t\t\t\t\t\t\t<\/div>\n\t\t<\/section>\n\t\t\t\t<section class=\"elementor-section elementor-top-section elementor-element elementor-element-13c2385 elementor-section-boxed elementor-section-height-default elementor-section-height-default wpr-particle-no wpr-jarallax-no wpr-parallax-no wpr-sticky-section-no\" data-id=\"13c2385\" data-element_type=\"section\">\n\t\t\t\t\t\t<div class=\"elementor-container elementor-column-gap-default\">\n\t\t\t\t\t<div class=\"aux-parallax-section elementor-column elementor-col-100 elementor-top-column elementor-element elementor-element-e4411bb\" data-id=\"e4411bb\" data-element_type=\"column\">\n\t\t\t<div class=\"elementor-widget-wrap elementor-element-populated\">\n\t\t\t\t\t\t\t\t<div class=\"elementor-element elementor-element-854cd2e gallery-spacing-custom elementor-widget__width-initial elementor-widget elementor-widget-image-gallery\" data-id=\"854cd2e\" data-element_type=\"widget\" data-widget_type=\"image-gallery.default\">\n\t\t\t\t<div class=\"elementor-widget-container\">\n\t\t\t\t\t<div class=\"elementor-image-gallery\">\n\t\t\t<div id='gallery-1' class='gallery galleryid-1644 gallery-columns-3 gallery-size-large'><figure class='gallery-item'>\n\t\t\t<div class='gallery-icon portrait'>\n\t\t\t\t<a data-elementor-open-lightbox=\"yes\" data-elementor-lightbox-slideshow=\"854cd2e\" data-elementor-lightbox-title=\"ambiance_porte_coulissante_vitree_et_2_vantaux_lat\u00e9raux_fixes_vitrees_issue_de_secours_hall_immeuble_avec_sas-min\" data-e-action-hash=\"#elementor-action%3Aaction%3Dlightbox%26settings%3DeyJpZCI6MzAxNSwidXJsIjoiaHR0cHM6XC9cL3d3dy5hbHVzb2xhci5jb20udG5cL3dwLWNvbnRlbnRcL3VwbG9hZHNcLzIwMjRcLzAxXC9hbWJpYW5jZV9wb3J0ZV9jb3VsaXNzYW50ZV92aXRyZWVfZXRfMl92YW50YXV4X2xhdGVyYXV4X2ZpeGVzX3ZpdHJlZXNfaXNzdWVfZGVfc2Vjb3Vyc19oYWxsX2ltbWV1YmxlX2F2ZWNfc2FzLW1pbi0xLmpwZyIsInNsaWRlc2hvdyI6Ijg1NGNkMmUifQ%3D%3D\" href='https:\/\/www.alusolar.com.tn\/wp-content\/uploads\/2024\/01\/ambiance_porte_coulissante_vitree_et_2_vantaux_lateraux_fixes_vitrees_issue_de_secours_hall_immeuble_avec_sas-min-1.jpg'><img decoding=\"async\" width=\"600\" height=\"800\" src=\"https:\/\/www.alusolar.com.tn\/wp-content\/uploads\/2024\/01\/ambiance_porte_coulissante_vitree_et_2_vantaux_lateraux_fixes_vitrees_issue_de_secours_hall_immeuble_avec_sas-min-1.jpg\" class=\"attachment-large size-large\" alt=\"\" srcset=\"https:\/\/www.alusolar.com.tn\/wp-content\/uploads\/2024\/01\/ambiance_porte_coulissante_vitree_et_2_vantaux_lateraux_fixes_vitrees_issue_de_secours_hall_immeuble_avec_sas-min-1.jpg 600w, https:\/\/www.alusolar.com.tn\/wp-content\/uploads\/2024\/01\/ambiance_porte_coulissante_vitree_et_2_vantaux_lateraux_fixes_vitrees_issue_de_secours_hall_immeuble_avec_sas-min-1-200x267.jpg 200w\" sizes=\"(max-width: 600px) 100vw, 600px\" \/><\/a>\n\t\t\t<\/div><\/figure><figure class='gallery-item'>\n\t\t\t<div class='gallery-icon portrait'>\n\t\t\t\t<a data-elementor-open-lightbox=\"yes\" data-elementor-lightbox-slideshow=\"854cd2e\" data-elementor-lightbox-title=\"AXED-Porte-Coulissante-article-de-blog-min\" data-e-action-hash=\"#elementor-action%3Aaction%3Dlightbox%26settings%3DeyJpZCI6MzAxNiwidXJsIjoiaHR0cHM6XC9cL3d3dy5hbHVzb2xhci5jb20udG5cL3dwLWNvbnRlbnRcL3VwbG9hZHNcLzIwMjRcLzAxXC9BWEVELVBvcnRlLUNvdWxpc3NhbnRlLWFydGljbGUtZGUtYmxvZy1taW4tMS5qcGciLCJzbGlkZXNob3ciOiI4NTRjZDJlIn0%3D\" href='https:\/\/www.alusolar.com.tn\/wp-content\/uploads\/2024\/01\/AXED-Porte-Coulissante-article-de-blog-min-1.jpg'><img decoding=\"async\" width=\"600\" height=\"800\" src=\"https:\/\/www.alusolar.com.tn\/wp-content\/uploads\/2024\/01\/AXED-Porte-Coulissante-article-de-blog-min-1.jpg\" class=\"attachment-large size-large\" alt=\"\" srcset=\"https:\/\/www.alusolar.com.tn\/wp-content\/uploads\/2024\/01\/AXED-Porte-Coulissante-article-de-blog-min-1.jpg 600w, https:\/\/www.alusolar.com.tn\/wp-content\/uploads\/2024\/01\/AXED-Porte-Coulissante-article-de-blog-min-1-200x267.jpg 200w\" sizes=\"(max-width: 600px) 100vw, 600px\" \/><\/a>\n\t\t\t<\/div><\/figure><figure class='gallery-item'>\n\t\t\t<div class='gallery-icon portrait'>\n\t\t\t\t<a data-elementor-open-lightbox=\"yes\" data-elementor-lightbox-slideshow=\"854cd2e\" data-elementor-lightbox-title=\"Des-min\" data-e-action-hash=\"#elementor-action%3Aaction%3Dlightbox%26settings%3DeyJpZCI6MzAxOCwidXJsIjoiaHR0cHM6XC9cL3d3dy5hbHVzb2xhci5jb20udG5cL3dwLWNvbnRlbnRcL3VwbG9hZHNcLzIwMjRcLzAxXC9EZXMtbWluLTEuanBnIiwic2xpZGVzaG93IjoiODU0Y2QyZSJ9\" href='https:\/\/www.alusolar.com.tn\/wp-content\/uploads\/2024\/01\/Des-min-1.jpg'><img loading=\"lazy\" decoding=\"async\" width=\"600\" height=\"800\" src=\"https:\/\/www.alusolar.com.tn\/wp-content\/uploads\/2024\/01\/Des-min-1.jpg\" class=\"attachment-large size-large\" alt=\"\" srcset=\"https:\/\/www.alusolar.com.tn\/wp-content\/uploads\/2024\/01\/Des-min-1.jpg 600w, https:\/\/www.alusolar.com.tn\/wp-content\/uploads\/2024\/01\/Des-min-1-200x267.jpg 200w\" sizes=\"(max-width: 600px) 100vw, 600px\" \/><\/a>\n\t\t\t<\/div><\/figure><figure class='gallery-item'>\n\t\t\t<div class='gallery-icon portrait'>\n\t\t\t\t<a data-elementor-open-lightbox=\"yes\" data-elementor-lightbox-slideshow=\"854cd2e\" data-elementor-lightbox-title=\"H3be6b9d46aa04e338b3d5f965143518fy-min\" data-e-action-hash=\"#elementor-action%3Aaction%3Dlightbox%26settings%3DeyJpZCI6MzAxOSwidXJsIjoiaHR0cHM6XC9cL3d3dy5hbHVzb2xhci5jb20udG5cL3dwLWNvbnRlbnRcL3VwbG9hZHNcLzIwMjRcLzAxXC9IM2JlNmI5ZDQ2YWEwNGUzMzhiM2Q1Zjk2NTE0MzUxOGZ5LW1pbi0xLmpwZyIsInNsaWRlc2hvdyI6Ijg1NGNkMmUifQ%3D%3D\" href='https:\/\/www.alusolar.com.tn\/wp-content\/uploads\/2024\/01\/H3be6b9d46aa04e338b3d5f965143518fy-min-1.jpg'><img loading=\"lazy\" decoding=\"async\" width=\"600\" height=\"800\" src=\"https:\/\/www.alusolar.com.tn\/wp-content\/uploads\/2024\/01\/H3be6b9d46aa04e338b3d5f965143518fy-min-1.jpg\" class=\"attachment-large size-large\" alt=\"\" srcset=\"https:\/\/www.alusolar.com.tn\/wp-content\/uploads\/2024\/01\/H3be6b9d46aa04e338b3d5f965143518fy-min-1.jpg 600w, https:\/\/www.alusolar.com.tn\/wp-content\/uploads\/2024\/01\/H3be6b9d46aa04e338b3d5f965143518fy-min-1-200x267.jpg 200w\" sizes=\"(max-width: 600px) 100vw, 600px\" \/><\/a>\n\t\t\t<\/div><\/figure><figure class='gallery-item'>\n\t\t\t<div class='gallery-icon portrait'>\n\t\t\t\t<a data-elementor-open-lightbox=\"yes\" data-elementor-lightbox-slideshow=\"854cd2e\" data-elementor-lightbox-title=\"portalp-rs-coulissante-min\" data-e-action-hash=\"#elementor-action%3Aaction%3Dlightbox%26settings%3DeyJpZCI6MzAyMCwidXJsIjoiaHR0cHM6XC9cL3d3dy5hbHVzb2xhci5jb20udG5cL3dwLWNvbnRlbnRcL3VwbG9hZHNcLzIwMjRcLzAxXC9wb3J0YWxwLXJzLWNvdWxpc3NhbnRlLW1pbi0xLmpwZyIsInNsaWRlc2hvdyI6Ijg1NGNkMmUifQ%3D%3D\" href='https:\/\/www.alusolar.com.tn\/wp-content\/uploads\/2024\/01\/portalp-rs-coulissante-min-1.jpg'><img loading=\"lazy\" decoding=\"async\" width=\"600\" height=\"800\" src=\"https:\/\/www.alusolar.com.tn\/wp-content\/uploads\/2024\/01\/portalp-rs-coulissante-min-1.jpg\" class=\"attachment-large size-large\" alt=\"\" srcset=\"https:\/\/www.alusolar.com.tn\/wp-content\/uploads\/2024\/01\/portalp-rs-coulissante-min-1.jpg 600w, https:\/\/www.alusolar.com.tn\/wp-content\/uploads\/2024\/01\/portalp-rs-coulissante-min-1-200x267.jpg 200w\" sizes=\"(max-width: 600px) 100vw, 600px\" \/><\/a>\n\t\t\t<\/div><\/figure><figure class='gallery-item'>\n\t\t\t<div class='gallery-icon portrait'>\n\t\t\t\t<a data-elementor-open-lightbox=\"yes\" data-elementor-lightbox-slideshow=\"854cd2e\" data-elementor-lightbox-title=\"001-MBN-Group-porte-coulissante-1-min\" data-e-action-hash=\"#elementor-action%3Aaction%3Dlightbox%26settings%3DeyJpZCI6MzAyMSwidXJsIjoiaHR0cHM6XC9cL3d3dy5hbHVzb2xhci5jb20udG5cL3dwLWNvbnRlbnRcL3VwbG9hZHNcLzIwMjRcLzAxXC8wMDEtTUJOLUdyb3VwLXBvcnRlLWNvdWxpc3NhbnRlLTEtbWluLTEuanBnIiwic2xpZGVzaG93IjoiODU0Y2QyZSJ9\" href='https:\/\/www.alusolar.com.tn\/wp-content\/uploads\/2024\/01\/001-MBN-Group-porte-coulissante-1-min-1.jpg'><img loading=\"lazy\" decoding=\"async\" width=\"600\" height=\"800\" src=\"https:\/\/www.alusolar.com.tn\/wp-content\/uploads\/2024\/01\/001-MBN-Group-porte-coulissante-1-min-1.jpg\" class=\"attachment-large size-large\" alt=\"\" srcset=\"https:\/\/www.alusolar.com.tn\/wp-content\/uploads\/2024\/01\/001-MBN-Group-porte-coulissante-1-min-1.jpg 600w, https:\/\/www.alusolar.com.tn\/wp-content\/uploads\/2024\/01\/001-MBN-Group-porte-coulissante-1-min-1-200x267.jpg 200w\" sizes=\"(max-width: 600px) 100vw, 600px\" \/><\/a>\n\t\t\t<\/div><\/figure><figure class='gallery-item'>\n\t\t\t<div class='gallery-icon portrait'>\n\t\t\t\t<a data-elementor-open-lightbox=\"yes\" data-elementor-lightbox-slideshow=\"854cd2e\" data-elementor-lightbox-title=\"portes-automatique-pour-amenagement-commerce-et-lieux-publics-jkglass-vitrerie-jean-keutgens-min\" data-e-action-hash=\"#elementor-action%3Aaction%3Dlightbox%26settings%3DeyJpZCI6MzAyMiwidXJsIjoiaHR0cHM6XC9cL3d3dy5hbHVzb2xhci5jb20udG5cL3dwLWNvbnRlbnRcL3VwbG9hZHNcLzIwMjRcLzAxXC9wb3J0ZXMtYXV0b21hdGlxdWUtcG91ci1hbWVuYWdlbWVudC1jb21tZXJjZS1ldC1saWV1eC1wdWJsaWNzLWprZ2xhc3Mtdml0cmVyaWUtamVhbi1rZXV0Z2Vucy1taW4tMS5qcGciLCJzbGlkZXNob3ciOiI4NTRjZDJlIn0%3D\" href='https:\/\/www.alusolar.com.tn\/wp-content\/uploads\/2024\/01\/portes-automatique-pour-amenagement-commerce-et-lieux-publics-jkglass-vitrerie-jean-keutgens-min-1.jpg'><img loading=\"lazy\" decoding=\"async\" width=\"600\" height=\"800\" src=\"https:\/\/www.alusolar.com.tn\/wp-content\/uploads\/2024\/01\/portes-automatique-pour-amenagement-commerce-et-lieux-publics-jkglass-vitrerie-jean-keutgens-min-1.jpg\" class=\"attachment-large size-large\" alt=\"\" srcset=\"https:\/\/www.alusolar.com.tn\/wp-content\/uploads\/2024\/01\/portes-automatique-pour-amenagement-commerce-et-lieux-publics-jkglass-vitrerie-jean-keutgens-min-1.jpg 600w, https:\/\/www.alusolar.com.tn\/wp-content\/uploads\/2024\/01\/portes-automatique-pour-amenagement-commerce-et-lieux-publics-jkglass-vitrerie-jean-keutgens-min-1-200x267.jpg 200w\" sizes=\"(max-width: 600px) 100vw, 600px\" \/><\/a>\n\t\t\t<\/div><\/figure><figure class='gallery-item'>\n\t\t\t<div class='gallery-icon portrait'>\n\t\t\t\t<a data-elementor-open-lightbox=\"yes\" data-elementor-lightbox-slideshow=\"854cd2e\" data-elementor-lightbox-title=\"cout-porte-automatique-min\" data-e-action-hash=\"#elementor-action%3Aaction%3Dlightbox%26settings%3DeyJpZCI6MzAxNywidXJsIjoiaHR0cHM6XC9cL3d3dy5hbHVzb2xhci5jb20udG5cL3dwLWNvbnRlbnRcL3VwbG9hZHNcLzIwMjRcLzAxXC9jb3V0LXBvcnRlLWF1dG9tYXRpcXVlLW1pbi0yLmpwZyIsInNsaWRlc2hvdyI6Ijg1NGNkMmUifQ%3D%3D\" href='https:\/\/www.alusolar.com.tn\/wp-content\/uploads\/2024\/01\/cout-porte-automatique-min-2.jpg'><img loading=\"lazy\" decoding=\"async\" width=\"600\" height=\"800\" src=\"https:\/\/www.alusolar.com.tn\/wp-content\/uploads\/2024\/01\/cout-porte-automatique-min-2.jpg\" class=\"attachment-large size-large\" alt=\"\" srcset=\"https:\/\/www.alusolar.com.tn\/wp-content\/uploads\/2024\/01\/cout-porte-automatique-min-2.jpg 600w, https:\/\/www.alusolar.com.tn\/wp-content\/uploads\/2024\/01\/cout-porte-automatique-min-2-200x267.jpg 200w\" sizes=\"(max-width: 600px) 100vw, 600px\" \/><\/a>\n\t\t\t<\/div><\/figure>\n\t\t<\/div>\n\t\t<\/div>\n\t\t\t\t<\/div>\n\t\t\t\t<\/div>\n\t\t\t\t\t<\/div>\n\t\t<\/div>\n\t\t\t\t\t\t\t<\/div>\n\t\t<\/section>\n\t\t\t\t\t\t\t<\/div>\n\t\t","protected":false},"excerpt":{"rendered":"<p>Produit PorteRadar La porte radar est une porte prestigieuse et tr\u00e8s pratique dans la vie quotidienne des entreprises, administrations et dans les espaces publics. La porte radar vous garantit la s\u00e9curit\u00e9, le confort d&rsquo;utilisation, la robustesse et la durabilit\u00e9. Il permet de gagner beaucoup d&rsquo;espace gr\u00e2ce \u00e0 son ouverture coulissante. Fiche Technique Disponibilit\u00e9 \u25cf Couleur [&hellip;]<\/p>\n","protected":false},"featured_media":1646,"menu_order":17,"template":"elementor_header_footer","meta":{"footnotes":""},"portfolio-cat":[43],"portfolio-tag":[76],"portfolio-filter":[6],"class_list":["post-1644","portfolio","type-portfolio","status-publish","has-post-thumbnail","hentry","portfolio-cat-systemes-automatises","portfolio-tag-uncategorized-fr","portfolio-filter-uncategorized"],"yoast_head":"<!-- This site is optimized with the Yoast SEO plugin v21.9.1 - https:\/\/yoast.com\/wordpress\/plugins\/seo\/ -->\n<title>Porte Radar | Alu Solar Tunisie<\/title>\n<meta name=\"description\" content=\"ProduitPorteRadarLa porte radar est une porte prestigieuse et tr\u00e8s pratique dans la vie quotidienne des entreprises, administrations et dans les espaces\" \/>\n<meta name=\"robots\" content=\"index, follow, max-snippet:-1, max-image-preview:large, max-video-preview:-1\" \/>\n<link rel=\"canonical\" href=\"https:\/\/www.alusolar.com.tn\/fr\/portfolio\/radar-door\/\" \/>\n<meta property=\"og:locale\" content=\"fr_FR\" \/>\n<meta property=\"og:type\" content=\"article\" \/>\n<meta property=\"og:title\" content=\"Porte Radar | Alu Solar Tunisie\" \/>\n<meta property=\"og:description\" content=\"ProduitPorteRadarLa porte radar est une porte prestigieuse et tr\u00e8s pratique dans la vie quotidienne des entreprises, administrations et dans les espaces\" \/>\n<meta property=\"og:url\" content=\"https:\/\/www.alusolar.com.tn\/portfolio\/radar-door\/\" \/>\n<meta property=\"og:site_name\" content=\"Alu Solar Tunisie\" \/>\n<meta property=\"article:modified_time\" content=\"2025-06-04T15:19:38+00:00\" \/>\n<meta property=\"og:image\" content=\"https:\/\/www.alusolar.com.tn\/wp-content\/uploads\/2024\/01\/cout-porte-automatique-min.jpg\" \/>\n\t<meta property=\"og:image:width\" content=\"800\" \/>\n\t<meta property=\"og:image:height\" content=\"600\" \/>\n\t<meta property=\"og:image:type\" content=\"image\/jpeg\" \/>\n<meta name=\"twitter:card\" content=\"summary_large_image\" \/>\n<meta name=\"twitter:label1\" content=\"Dur\u00e9e de lecture estim\u00e9e\" \/>\n\t<meta name=\"twitter:data1\" content=\"3 minutes\" \/>\n<script type=\"application\/ld+json\" class=\"yoast-schema-graph\">{\"@context\":\"https:\/\/schema.org\",\"@graph\":[{\"@type\":\"WebPage\",\"@id\":\"https:\/\/www.alusolar.com.tn\/portfolio\/radar-door\/\",\"url\":\"https:\/\/www.alusolar.com.tn\/portfolio\/radar-door\/\",\"name\":\"Porte Radar | Alu Solar Tunisie\",\"isPartOf\":{\"@id\":\"https:\/\/www.alusolar.com.tn\/ar\/#website\"},\"datePublished\":\"2024-01-10T13:19:00+00:00\",\"dateModified\":\"2025-06-04T15:19:38+00:00\",\"description\":\"ProduitPorteRadarLa porte radar est une porte prestigieuse et tr\u00e8s pratique dans la vie quotidienne des entreprises, administrations et dans les espaces\",\"breadcrumb\":{\"@id\":\"https:\/\/www.alusolar.com.tn\/portfolio\/radar-door\/#breadcrumb\"},\"inLanguage\":\"fr-FR\",\"potentialAction\":[{\"@type\":\"ReadAction\",\"target\":[\"https:\/\/www.alusolar.com.tn\/portfolio\/radar-door\/\"]}]},{\"@type\":\"BreadcrumbList\",\"@id\":\"https:\/\/www.alusolar.com.tn\/portfolio\/radar-door\/#breadcrumb\",\"itemListElement\":[{\"@type\":\"ListItem\",\"position\":1,\"name\":\"Accueil\",\"item\":\"https:\/\/www.alusolar.com.tn\/\"},{\"@type\":\"ListItem\",\"position\":2,\"name\":\"Portfolios\",\"item\":\"https:\/\/www.alusolar.com.tn\/portfolio\/all\/\"},{\"@type\":\"ListItem\",\"position\":3,\"name\":\"Porte Radar\"}]},{\"@type\":\"WebSite\",\"@id\":\"https:\/\/www.alusolar.com.tn\/ar\/#website\",\"url\":\"https:\/\/www.alusolar.com.tn\/ar\/\",\"name\":\"Alu Solar Tunisie\",\"description\":\"Cr\u00e9ateur de luxe\",\"publisher\":{\"@id\":\"https:\/\/www.alusolar.com.tn\/ar\/#organization\"},\"potentialAction\":[{\"@type\":\"SearchAction\",\"target\":{\"@type\":\"EntryPoint\",\"urlTemplate\":\"https:\/\/www.alusolar.com.tn\/ar\/?s={search_term_string}\"},\"query-input\":\"required name=search_term_string\"}],\"inLanguage\":\"fr-FR\"},{\"@type\":\"Organization\",\"@id\":\"https:\/\/www.alusolar.com.tn\/ar\/#organization\",\"name\":\"Alu Solar Tunisie\",\"url\":\"https:\/\/www.alusolar.com.tn\/ar\/\",\"logo\":{\"@type\":\"ImageObject\",\"inLanguage\":\"fr-FR\",\"@id\":\"https:\/\/www.alusolar.com.tn\/ar\/#\/schema\/logo\/image\/\",\"url\":\"https:\/\/www.alusolar.com.tn\/wp-content\/uploads\/2023\/12\/solar-svvg-01.svg\",\"contentUrl\":\"https:\/\/www.alusolar.com.tn\/wp-content\/uploads\/2023\/12\/solar-svvg-01.svg\",\"width\":232,\"height\":124,\"caption\":\"Alu Solar Tunisie\"},\"image\":{\"@id\":\"https:\/\/www.alusolar.com.tn\/ar\/#\/schema\/logo\/image\/\"}}]}<\/script>\n<!-- \/ Yoast SEO plugin. -->","yoast_head_json":{"title":"Porte Radar | Alu Solar Tunisie","description":"ProduitPorteRadarLa porte radar est une porte prestigieuse et tr\u00e8s pratique dans la vie quotidienne des entreprises, administrations et dans les espaces","robots":{"index":"index","follow":"follow","max-snippet":"max-snippet:-1","max-image-preview":"max-image-preview:large","max-video-preview":"max-video-preview:-1"},"canonical":"https:\/\/www.alusolar.com.tn\/fr\/portfolio\/radar-door\/","og_locale":"fr_FR","og_type":"article","og_title":"Porte Radar | Alu Solar Tunisie","og_description":"ProduitPorteRadarLa porte radar est une porte prestigieuse et tr\u00e8s pratique dans la vie quotidienne des entreprises, administrations et dans les espaces","og_url":"https:\/\/www.alusolar.com.tn\/portfolio\/radar-door\/","og_site_name":"Alu Solar Tunisie","article_modified_time":"2025-06-04T15:19:38+00:00","og_image":[{"width":800,"height":600,"url":"https:\/\/www.alusolar.com.tn\/wp-content\/uploads\/2024\/01\/cout-porte-automatique-min.jpg","type":"image\/jpeg"}],"twitter_card":"summary_large_image","twitter_misc":{"Dur\u00e9e de lecture estim\u00e9e":"3 minutes"},"schema":{"@context":"https:\/\/schema.org","@graph":[{"@type":"WebPage","@id":"https:\/\/www.alusolar.com.tn\/portfolio\/radar-door\/","url":"https:\/\/www.alusolar.com.tn\/portfolio\/radar-door\/","name":"Porte Radar | Alu Solar Tunisie","isPartOf":{"@id":"https:\/\/www.alusolar.com.tn\/ar\/#website"},"datePublished":"2024-01-10T13:19:00+00:00","dateModified":"2025-06-04T15:19:38+00:00","description":"ProduitPorteRadarLa porte radar est une porte prestigieuse et tr\u00e8s pratique dans la vie quotidienne des entreprises, administrations et dans les espaces","breadcrumb":{"@id":"https:\/\/www.alusolar.com.tn\/portfolio\/radar-door\/#breadcrumb"},"inLanguage":"fr-FR","potentialAction":[{"@type":"ReadAction","target":["https:\/\/www.alusolar.com.tn\/portfolio\/radar-door\/"]}]},{"@type":"BreadcrumbList","@id":"https:\/\/www.alusolar.com.tn\/portfolio\/radar-door\/#breadcrumb","itemListElement":[{"@type":"ListItem","position":1,"name":"Accueil","item":"https:\/\/www.alusolar.com.tn\/"},{"@type":"ListItem","position":2,"name":"Portfolios","item":"https:\/\/www.alusolar.com.tn\/portfolio\/all\/"},{"@type":"ListItem","position":3,"name":"Porte Radar"}]},{"@type":"WebSite","@id":"https:\/\/www.alusolar.com.tn\/ar\/#website","url":"https:\/\/www.alusolar.com.tn\/ar\/","name":"Alu Solar Tunisie","description":"Cr\u00e9ateur de luxe","publisher":{"@id":"https:\/\/www.alusolar.com.tn\/ar\/#organization"},"potentialAction":[{"@type":"SearchAction","target":{"@type":"EntryPoint","urlTemplate":"https:\/\/www.alusolar.com.tn\/ar\/?s={search_term_string}"},"query-input":"required name=search_term_string"}],"inLanguage":"fr-FR"},{"@type":"Organization","@id":"https:\/\/www.alusolar.com.tn\/ar\/#organization","name":"Alu Solar Tunisie","url":"https:\/\/www.alusolar.com.tn\/ar\/","logo":{"@type":"ImageObject","inLanguage":"fr-FR","@id":"https:\/\/www.alusolar.com.tn\/ar\/#\/schema\/logo\/image\/","url":"https:\/\/www.alusolar.com.tn\/wp-content\/uploads\/2023\/12\/solar-svvg-01.svg","contentUrl":"https:\/\/www.alusolar.com.tn\/wp-content\/uploads\/2023\/12\/solar-svvg-01.svg","width":232,"height":124,"caption":"Alu Solar Tunisie"},"image":{"@id":"https:\/\/www.alusolar.com.tn\/ar\/#\/schema\/logo\/image\/"}}]}},"_links":{"self":[{"href":"https:\/\/www.alusolar.com.tn\/fr\/wp-json\/wp\/v2\/portfolio\/1644","targetHints":{"allow":["GET"]}}],"collection":[{"href":"https:\/\/www.alusolar.com.tn\/fr\/wp-json\/wp\/v2\/portfolio"}],"about":[{"href":"https:\/\/www.alusolar.com.tn\/fr\/wp-json\/wp\/v2\/types\/portfolio"}],"version-history":[{"count":23,"href":"https:\/\/www.alusolar.com.tn\/fr\/wp-json\/wp\/v2\/portfolio\/1644\/revisions"}],"predecessor-version":[{"id":7311,"href":"https:\/\/www.alusolar.com.tn\/fr\/wp-json\/wp\/v2\/portfolio\/1644\/revisions\/7311"}],"wp:featuredmedia":[{"embeddable":true,"href":"https:\/\/www.alusolar.com.tn\/fr\/wp-json\/wp\/v2\/media\/1646"}],"wp:attachment":[{"href":"https:\/\/www.alusolar.com.tn\/fr\/wp-json\/wp\/v2\/media?parent=1644"}],"wp:term":[{"taxonomy":"portfolio-cat","embeddable":true,"href":"https:\/\/www.alusolar.com.tn\/fr\/wp-json\/wp\/v2\/portfolio-cat?post=1644"},{"taxonomy":"portfolio-tag","embeddable":true,"href":"https:\/\/www.alusolar.com.tn\/fr\/wp-json\/wp\/v2\/portfolio-tag?post=1644"},{"taxonomy":"portfolio-filter","embeddable":true,"href":"https:\/\/www.alusolar.com.tn\/fr\/wp-json\/wp\/v2\/portfolio-filter?post=1644"}],"curies":[{"name":"wp","href":"https:\/\/api.w.org\/{rel}","templated":true}]}}