{"id":5989,"date":"2025-04-29T11:08:06","date_gmt":"2025-04-29T09:08:06","guid":{"rendered":"https:\/\/www.alusolar.com.tn\/?post_type=portfolio&#038;p=5989"},"modified":"2025-07-04T12:45:45","modified_gmt":"2025-07-04T10:45:45","slug":"abris-de-terrasse","status":"publish","type":"portfolio","link":"https:\/\/www.alusolar.com.tn\/fr\/portfolio\/abris-de-terrasse\/","title":{"rendered":"Abris de terrasse"},"content":{"rendered":"\t\t<div data-elementor-type=\"wp-post\" data-elementor-id=\"5989\" class=\"elementor elementor-5989\">\n\t\t\t\t\t\t\t\t\t<section class=\"elementor-section elementor-top-section elementor-element elementor-element-88b46f3 elementor-section-full_width elementor-section-height-default elementor-section-height-default wpr-particle-no wpr-jarallax-no wpr-parallax-no wpr-sticky-section-no\" data-id=\"88b46f3\" data-element_type=\"section\">\n\t\t\t\t\t\t<div class=\"elementor-container elementor-column-gap-no\">\n\t\t\t\t\t<div class=\"aux-parallax-section elementor-column elementor-col-100 elementor-top-column elementor-element elementor-element-4a6d536\" data-id=\"4a6d536\" data-element_type=\"column\">\n\t\t\t<div class=\"elementor-widget-wrap elementor-element-populated\">\n\t\t\t\t\t\t\t\t<div class=\"elementor-element elementor-element-a7db7ac aux-shpe-type-rectangle elementor-widget__width-auto aux-appear-watch-animation aux-fade-in-right-2 elementor-widget elementor-widget-aux_simple_shape\" data-id=\"a7db7ac\" data-element_type=\"widget\" data-widget_type=\"aux_simple_shape.default\">\n\t\t\t\t<div class=\"elementor-widget-container\">\n\t\t\t    <div class=\"aux-widget-container aux-simple-shape-container\">\n        <div class=\"aux-widget-container-inner\">\n            <div class=\"aux-the-shape\"><\/div>\n        <\/div>\n    <\/div>\n    \t\t<\/div>\n\t\t\t\t<\/div>\n\t\t\t\t<div class=\"elementor-element elementor-element-7bb5b92 aux-shpe-type-rectangle elementor-widget__width-auto aux-appear-watch-animation aux-fade-in-left-2 elementor-widget elementor-widget-aux_simple_shape\" data-id=\"7bb5b92\" data-element_type=\"widget\" data-widget_type=\"aux_simple_shape.default\">\n\t\t\t\t<div class=\"elementor-widget-container\">\n\t\t\t    <div class=\"aux-widget-container aux-simple-shape-container\">\n        <div class=\"aux-widget-container-inner\">\n            <div class=\"aux-the-shape\"><\/div>\n        <\/div>\n    <\/div>\n    \t\t<\/div>\n\t\t\t\t<\/div>\n\t\t\t\t<section class=\"elementor-section elementor-inner-section elementor-element elementor-element-976d689 elementor-section-content-middle elementor-reverse-mobile elementor-section-boxed elementor-section-height-default elementor-section-height-default wpr-particle-no wpr-jarallax-no wpr-parallax-no wpr-sticky-section-no\" data-id=\"976d689\" data-element_type=\"section\">\n\t\t\t\t\t\t<div class=\"elementor-container elementor-column-gap-no\">\n\t\t\t\t\t<div class=\"aux-parallax-section elementor-column elementor-col-50 elementor-inner-column elementor-element elementor-element-7c28152\" data-id=\"7c28152\" data-element_type=\"column\">\n\t\t\t<div class=\"elementor-widget-wrap elementor-element-populated\">\n\t\t\t\t\t\t\t\t<div class=\"elementor-element elementor-element-3499bfb aux-appear-watch-animation aux-fade-in-up-1 elementor-widget elementor-widget-aux_modern_heading\" data-id=\"3499bfb\" data-element_type=\"widget\" data-widget_type=\"aux_modern_heading.default\">\n\t\t\t\t<div class=\"elementor-widget-container\">\n\t\t\t<section class=\"aux-widget-modern-heading\">\n            <div class=\"aux-widget-inner\"><h5 class=\"aux-modern-heading-primary\">Produit<\/h5><h3 class=\"aux-modern-heading-secondary\"><span class=\"aux-head-before\">Abris <\/span><span class=\"aux-head-highlight\">de terrasse<\/span><\/h3><div class=\"aux-modern-heading-divider\"><\/div><div class=\"aux-modern-heading-description\"><p style=\"text-align: justify\">Pour couvrir votre terrasse, nous vous offrons un abri de terrasse\/jardin de meilleure qualit\u00e9 et design.<br \/>Cet abri de terrasse peut \u00eatre install\u00e9 dans votre maison ou votre espace bureautique pour vous donner un espace ext\u00e9rieur prot\u00e9g\u00e9.<\/p><\/div><\/div>\n        <\/section>\t\t<\/div>\n\t\t\t\t<\/div>\n\t\t\t\t<div class=\"elementor-element elementor-element-126a8eb elementor-widget elementor-widget-heading\" data-id=\"126a8eb\" data-element_type=\"widget\" data-widget_type=\"heading.default\">\n\t\t\t\t<div class=\"elementor-widget-container\">\n\t\t\t<h4 class=\"elementor-heading-title elementor-size-default\">Fiche Technique <\/h4>\t\t<\/div>\n\t\t\t\t<\/div>\n\t\t\t\t<div class=\"elementor-element elementor-element-f35b99a elementor-widget elementor-widget-text-editor\" data-id=\"f35b99a\" data-element_type=\"widget\" data-widget_type=\"text-editor.default\">\n\t\t\t\t<div class=\"elementor-widget-container\">\n\t\t\t\t\t\t\t<table width=\"567\">\n  <tbody>\n    <tr>\n      <td width=\"264\">Disponibilit\u00e9<\/td>\n      <td width=\"303\">\u25cf<\/td>\n    <\/tr>\n    <tr>\n      <td>Protection solaire<\/td>\n      <td>\u25cf<\/td>\n    <\/tr>\n    <tr>\n      <td>Evacuation des eaux<\/td>\n      <td>\u25cf<\/td>\n    <\/tr>\n    <tr>\n      <td>Couleur<\/td>\n      <td>Au choix<\/td>\n    <\/tr>\n    <tr>\n      <td>Mati\u00e8re de structure<\/td>\n      <td>Aluminium-M\u00e9tal\u2026<\/td>\n    <\/tr>\n    <tr>\n      <td>Mati\u00e8re de toiture<\/td>\n      <td>Au choix<\/td>\n    <\/tr>\n    <tr>\n      <td>Resistance chaud-froid<\/td>\n      <td>\u25cf<\/td>\n    <\/tr>\n    <tr>\n      <td>Resistance \u00e0 l\u2019humidit\u00e9<\/td>\n      <td>\u25cf<\/td>\n    <\/tr>\n    <tr>\n      <td>Etanch\u00e9it\u00e9<\/td>\n      <td>Selon mod\u00e8le<\/td>\n    <\/tr>\n    <tr>\n      <td>Garantie<\/td>\n      <td>\u25cf<\/td>\n    <\/tr>\n  <\/tbody>\n<\/table>\n\t\t\t\t\t\t<\/div>\n\t\t\t\t<\/div>\n\t\t\t\t<div class=\"elementor-element elementor-element-27a1818 elementor-widget elementor-widget-text-editor\" data-id=\"27a1818\" data-element_type=\"widget\" data-widget_type=\"text-editor.default\">\n\t\t\t\t<div class=\"elementor-widget-container\">\n\t\t\t\t\t\t\t\t\t\t\t\t\t<\/div>\n\t\t\t\t<\/div>\n\t\t\t\t\t<\/div>\n\t\t<\/div>\n\t\t\t\t<div class=\"aux-parallax-section elementor-column elementor-col-50 elementor-inner-column elementor-element elementor-element-44bdcb2\" data-id=\"44bdcb2\" data-element_type=\"column\">\n\t\t\t<div class=\"elementor-widget-wrap elementor-element-populated\">\n\t\t\t\t\t\t\t\t<div class=\"elementor-element elementor-element-bd0691b aux-appear-watch-animation aux-mask-from-left elementor-widget elementor-widget-aux_image\" data-id=\"bd0691b\" data-element_type=\"widget\" data-widget_type=\"aux_image.default\">\n\t\t\t\t<div class=\"elementor-widget-container\">\n\t\t\t<section class=\"widget-container aux-widget-image aux-alignnone aux-parent-au41e71ffb\">\n    <div class=\"aux-media-hint-frame \">\n        <div class=\"aux-media-image \" >\n        \n            \n\n            \n            <img fetchpriority=\"high\" decoding=\"async\" width=\"600\" height=\"800\" src=\"https:\/\/www.alusolar.com.tn\/wp-content\/uploads\/2025\/04\/Abris-de-Terrasse-7-min-1-600x800.jpg\" class=\"aux-attachment aux-featured-image aux-attachment-id-7079\" alt=\"Abris-de-Terrasse-7-min\" srcset=\"https:\/\/www.alusolar.com.tn\/wp-content\/uploads\/2025\/04\/Abris-de-Terrasse-7-min-1-150x200.jpg 150w,https:\/\/www.alusolar.com.tn\/wp-content\/uploads\/2025\/04\/Abris-de-Terrasse-7-min-1-300x400.jpg 300w,https:\/\/www.alusolar.com.tn\/wp-content\/uploads\/2025\/04\/Abris-de-Terrasse-7-min-1-768x1024.jpg 768w,https:\/\/www.alusolar.com.tn\/wp-content\/uploads\/2025\/04\/Abris-de-Terrasse-7-min-1-1024x1365.jpg 1024w,https:\/\/www.alusolar.com.tn\/wp-content\/uploads\/2025\/04\/Abris-de-Terrasse-7-min-1-600x800.jpg 600w\" data-ratio=\"0.75\" data-original-w=\"1200\" sizes=\"(max-width:479px) 480px,(max-width:767px) 768px,(max-width:1023px) 1024px,600px\" \/>            \n                <\/div>\n    <\/div>\n\n<\/section><!-- widget-container -->\t\t<\/div>\n\t\t\t\t<\/div>\n\t\t\t\t\t<\/div>\n\t\t<\/div>\n\t\t\t\t\t\t\t<\/div>\n\t\t<\/section>\n\t\t\t\t\t<\/div>\n\t\t<\/div>\n\t\t\t\t\t\t\t<\/div>\n\t\t<\/section>\n\t\t\t\t<section class=\"elementor-section elementor-top-section elementor-element elementor-element-4f56122 elementor-section-boxed elementor-section-height-default elementor-section-height-default wpr-particle-no wpr-jarallax-no wpr-parallax-no wpr-sticky-section-no\" data-id=\"4f56122\" data-element_type=\"section\">\n\t\t\t\t\t\t<div class=\"elementor-container elementor-column-gap-default\">\n\t\t\t\t\t<div class=\"aux-parallax-section elementor-column elementor-col-100 elementor-top-column elementor-element elementor-element-8fa5584\" data-id=\"8fa5584\" data-element_type=\"column\">\n\t\t\t<div class=\"elementor-widget-wrap elementor-element-populated\">\n\t\t\t\t\t\t\t\t<div class=\"elementor-element elementor-element-c5313e0 gallery-spacing-custom elementor-widget__width-initial elementor-widget elementor-widget-image-gallery\" data-id=\"c5313e0\" data-element_type=\"widget\" data-widget_type=\"image-gallery.default\">\n\t\t\t\t<div class=\"elementor-widget-container\">\n\t\t\t\t\t<div class=\"elementor-image-gallery\">\n\t\t\t<div id='gallery-1' class='gallery galleryid-5989 gallery-columns-3 gallery-size-medium_large'><figure class='gallery-item'>\n\t\t\t<div class='gallery-icon portrait'>\n\t\t\t\t<a data-elementor-open-lightbox=\"yes\" data-elementor-lightbox-slideshow=\"c5313e0\" data-elementor-lightbox-title=\"Abris-de-Terrasse-1-min\" data-e-action-hash=\"#elementor-action%3Aaction%3Dlightbox%26settings%3DeyJpZCI6NjAwNywidXJsIjoiaHR0cHM6XC9cL3d3dy5hbHVzb2xhci5jb20udG5cL3dwLWNvbnRlbnRcL3VwbG9hZHNcLzIwMjVcLzA0XC9BYnJpcy1kZS1UZXJyYXNzZS0xLW1pbi5qcGciLCJzbGlkZXNob3ciOiJjNTMxM2UwIn0%3D\" href='https:\/\/www.alusolar.com.tn\/wp-content\/uploads\/2025\/04\/Abris-de-Terrasse-1-min.jpg'><img decoding=\"async\" width=\"600\" height=\"768\" src=\"https:\/\/www.alusolar.com.tn\/wp-content\/uploads\/2025\/04\/Abris-de-Terrasse-1-min-600x768.jpg\" class=\"attachment-medium_large size-medium_large\" alt=\"\" \/><\/a>\n\t\t\t<\/div><\/figure><figure class='gallery-item'>\n\t\t\t<div class='gallery-icon portrait'>\n\t\t\t\t<a data-elementor-open-lightbox=\"yes\" data-elementor-lightbox-slideshow=\"c5313e0\" data-elementor-lightbox-title=\"Abris-de-Terrasse-2-min\" data-e-action-hash=\"#elementor-action%3Aaction%3Dlightbox%26settings%3DeyJpZCI6NjAxMCwidXJsIjoiaHR0cHM6XC9cL3d3dy5hbHVzb2xhci5jb20udG5cL3dwLWNvbnRlbnRcL3VwbG9hZHNcLzIwMjVcLzA0XC9BYnJpcy1kZS1UZXJyYXNzZS0yLW1pbi5qcGciLCJzbGlkZXNob3ciOiJjNTMxM2UwIn0%3D\" href='https:\/\/www.alusolar.com.tn\/wp-content\/uploads\/2025\/04\/Abris-de-Terrasse-2-min.jpg'><img decoding=\"async\" width=\"600\" height=\"768\" src=\"https:\/\/www.alusolar.com.tn\/wp-content\/uploads\/2025\/04\/Abris-de-Terrasse-2-min-600x768.jpg\" class=\"attachment-medium_large size-medium_large\" alt=\"\" \/><\/a>\n\t\t\t<\/div><\/figure><figure class='gallery-item'>\n\t\t\t<div class='gallery-icon portrait'>\n\t\t\t\t<a data-elementor-open-lightbox=\"yes\" data-elementor-lightbox-slideshow=\"c5313e0\" data-elementor-lightbox-title=\"Abris-de-Terrasse-3-min\" data-e-action-hash=\"#elementor-action%3Aaction%3Dlightbox%26settings%3DeyJpZCI6NjAxMywidXJsIjoiaHR0cHM6XC9cL3d3dy5hbHVzb2xhci5jb20udG5cL3dwLWNvbnRlbnRcL3VwbG9hZHNcLzIwMjVcLzA0XC9BYnJpcy1kZS1UZXJyYXNzZS0zLW1pbi5qcGciLCJzbGlkZXNob3ciOiJjNTMxM2UwIn0%3D\" href='https:\/\/www.alusolar.com.tn\/wp-content\/uploads\/2025\/04\/Abris-de-Terrasse-3-min.jpg'><img loading=\"lazy\" decoding=\"async\" width=\"600\" height=\"768\" src=\"https:\/\/www.alusolar.com.tn\/wp-content\/uploads\/2025\/04\/Abris-de-Terrasse-3-min-600x768.jpg\" class=\"attachment-medium_large size-medium_large\" alt=\"\" \/><\/a>\n\t\t\t<\/div><\/figure><figure class='gallery-item'>\n\t\t\t<div class='gallery-icon portrait'>\n\t\t\t\t<a data-elementor-open-lightbox=\"yes\" data-elementor-lightbox-slideshow=\"c5313e0\" data-elementor-lightbox-title=\"Abris-de-Terrasse-5-min\" data-e-action-hash=\"#elementor-action%3Aaction%3Dlightbox%26settings%3DeyJpZCI6NjAxNiwidXJsIjoiaHR0cHM6XC9cL3d3dy5hbHVzb2xhci5jb20udG5cL3dwLWNvbnRlbnRcL3VwbG9hZHNcLzIwMjVcLzA0XC9BYnJpcy1kZS1UZXJyYXNzZS01LW1pbi5qcGciLCJzbGlkZXNob3ciOiJjNTMxM2UwIn0%3D\" href='https:\/\/www.alusolar.com.tn\/wp-content\/uploads\/2025\/04\/Abris-de-Terrasse-5-min.jpg'><img loading=\"lazy\" decoding=\"async\" width=\"600\" height=\"768\" src=\"https:\/\/www.alusolar.com.tn\/wp-content\/uploads\/2025\/04\/Abris-de-Terrasse-5-min-600x768.jpg\" class=\"attachment-medium_large size-medium_large\" alt=\"\" \/><\/a>\n\t\t\t<\/div><\/figure><figure class='gallery-item'>\n\t\t\t<div class='gallery-icon portrait'>\n\t\t\t\t<a data-elementor-open-lightbox=\"yes\" data-elementor-lightbox-slideshow=\"c5313e0\" data-elementor-lightbox-title=\"Abris-de-Terrasse-6-min\" data-e-action-hash=\"#elementor-action%3Aaction%3Dlightbox%26settings%3DeyJpZCI6NjAxOSwidXJsIjoiaHR0cHM6XC9cL3d3dy5hbHVzb2xhci5jb20udG5cL3dwLWNvbnRlbnRcL3VwbG9hZHNcLzIwMjVcLzA0XC9BYnJpcy1kZS1UZXJyYXNzZS02LW1pbi5qcGciLCJzbGlkZXNob3ciOiJjNTMxM2UwIn0%3D\" href='https:\/\/www.alusolar.com.tn\/wp-content\/uploads\/2025\/04\/Abris-de-Terrasse-6-min.jpg'><img loading=\"lazy\" decoding=\"async\" width=\"600\" height=\"768\" src=\"https:\/\/www.alusolar.com.tn\/wp-content\/uploads\/2025\/04\/Abris-de-Terrasse-6-min-600x768.jpg\" class=\"attachment-medium_large size-medium_large\" alt=\"\" \/><\/a>\n\t\t\t<\/div><\/figure><figure class='gallery-item'>\n\t\t\t<div class='gallery-icon portrait'>\n\t\t\t\t<a data-elementor-open-lightbox=\"yes\" data-elementor-lightbox-slideshow=\"c5313e0\" data-elementor-lightbox-title=\"Abris-de-Terrasse---8-min\" data-e-action-hash=\"#elementor-action%3Aaction%3Dlightbox%26settings%3DeyJpZCI6NjAyNSwidXJsIjoiaHR0cHM6XC9cL3d3dy5hbHVzb2xhci5jb20udG5cL3dwLWNvbnRlbnRcL3VwbG9hZHNcLzIwMjVcLzA0XC9BYnJpcy1kZS1UZXJyYXNzZS04LW1pbi5qcGciLCJzbGlkZXNob3ciOiJjNTMxM2UwIn0%3D\" href='https:\/\/www.alusolar.com.tn\/wp-content\/uploads\/2025\/04\/Abris-de-Terrasse-8-min.jpg'><img loading=\"lazy\" decoding=\"async\" width=\"600\" height=\"768\" src=\"https:\/\/www.alusolar.com.tn\/wp-content\/uploads\/2025\/04\/Abris-de-Terrasse-8-min-600x768.jpg\" class=\"attachment-medium_large size-medium_large\" alt=\"\" \/><\/a>\n\t\t\t<\/div><\/figure><figure class='gallery-item'>\n\t\t\t<div class='gallery-icon portrait'>\n\t\t\t\t<a data-elementor-open-lightbox=\"yes\" data-elementor-lightbox-slideshow=\"c5313e0\" data-elementor-lightbox-title=\"Abris-de-Terrasse---9-min\" data-e-action-hash=\"#elementor-action%3Aaction%3Dlightbox%26settings%3DeyJpZCI6NjAyOCwidXJsIjoiaHR0cHM6XC9cL3d3dy5hbHVzb2xhci5jb20udG5cL3dwLWNvbnRlbnRcL3VwbG9hZHNcLzIwMjVcLzA0XC9BYnJpcy1kZS1UZXJyYXNzZS05LW1pbi5qcGciLCJzbGlkZXNob3ciOiJjNTMxM2UwIn0%3D\" href='https:\/\/www.alusolar.com.tn\/wp-content\/uploads\/2025\/04\/Abris-de-Terrasse-9-min.jpg'><img loading=\"lazy\" decoding=\"async\" width=\"600\" height=\"768\" src=\"https:\/\/www.alusolar.com.tn\/wp-content\/uploads\/2025\/04\/Abris-de-Terrasse-9-min-600x768.jpg\" class=\"attachment-medium_large size-medium_large\" alt=\"\" \/><\/a>\n\t\t\t<\/div><\/figure><figure class='gallery-item'>\n\t\t\t<div class='gallery-icon portrait'>\n\t\t\t\t<a data-elementor-open-lightbox=\"yes\" data-elementor-lightbox-slideshow=\"c5313e0\" data-elementor-lightbox-title=\"Abris-de-Terrasse---10-min\" data-e-action-hash=\"#elementor-action%3Aaction%3Dlightbox%26settings%3DeyJpZCI6NjAzMSwidXJsIjoiaHR0cHM6XC9cL3d3dy5hbHVzb2xhci5jb20udG5cL3dwLWNvbnRlbnRcL3VwbG9hZHNcLzIwMjVcLzA0XC9BYnJpcy1kZS1UZXJyYXNzZS0xMC1taW4uanBnIiwic2xpZGVzaG93IjoiYzUzMTNlMCJ9\" href='https:\/\/www.alusolar.com.tn\/wp-content\/uploads\/2025\/04\/Abris-de-Terrasse-10-min.jpg'><img loading=\"lazy\" decoding=\"async\" width=\"600\" height=\"768\" src=\"https:\/\/www.alusolar.com.tn\/wp-content\/uploads\/2025\/04\/Abris-de-Terrasse-10-min-600x768.jpg\" class=\"attachment-medium_large size-medium_large\" alt=\"\" \/><\/a>\n\t\t\t<\/div><\/figure><figure class='gallery-item'>\n\t\t\t<div class='gallery-icon portrait'>\n\t\t\t\t<a data-elementor-open-lightbox=\"yes\" data-elementor-lightbox-slideshow=\"c5313e0\" data-elementor-lightbox-title=\"Abris-de-Terrasse---12-min\" data-e-action-hash=\"#elementor-action%3Aaction%3Dlightbox%26settings%3DeyJpZCI6NjAzNCwidXJsIjoiaHR0cHM6XC9cL3d3dy5hbHVzb2xhci5jb20udG5cL3dwLWNvbnRlbnRcL3VwbG9hZHNcLzIwMjVcLzA0XC9BYnJpcy1kZS1UZXJyYXNzZS0xMi1taW4uanBnIiwic2xpZGVzaG93IjoiYzUzMTNlMCJ9\" href='https:\/\/www.alusolar.com.tn\/wp-content\/uploads\/2025\/04\/Abris-de-Terrasse-12-min.jpg'><img loading=\"lazy\" decoding=\"async\" width=\"600\" height=\"768\" src=\"https:\/\/www.alusolar.com.tn\/wp-content\/uploads\/2025\/04\/Abris-de-Terrasse-12-min-600x768.jpg\" class=\"attachment-medium_large size-medium_large\" alt=\"\" \/><\/a>\n\t\t\t<\/div><\/figure><figure class='gallery-item'>\n\t\t\t<div class='gallery-icon portrait'>\n\t\t\t\t<a data-elementor-open-lightbox=\"yes\" data-elementor-lightbox-slideshow=\"c5313e0\" data-elementor-lightbox-title=\"Abris-de-Terrasse---13-min\" data-e-action-hash=\"#elementor-action%3Aaction%3Dlightbox%26settings%3DeyJpZCI6NjAzNywidXJsIjoiaHR0cHM6XC9cL3d3dy5hbHVzb2xhci5jb20udG5cL3dwLWNvbnRlbnRcL3VwbG9hZHNcLzIwMjVcLzA0XC9BYnJpcy1kZS1UZXJyYXNzZS0xMy1taW4uanBnIiwic2xpZGVzaG93IjoiYzUzMTNlMCJ9\" href='https:\/\/www.alusolar.com.tn\/wp-content\/uploads\/2025\/04\/Abris-de-Terrasse-13-min.jpg'><img loading=\"lazy\" decoding=\"async\" width=\"600\" height=\"768\" src=\"https:\/\/www.alusolar.com.tn\/wp-content\/uploads\/2025\/04\/Abris-de-Terrasse-13-min-600x768.jpg\" class=\"attachment-medium_large size-medium_large\" alt=\"\" \/><\/a>\n\t\t\t<\/div><\/figure><figure class='gallery-item'>\n\t\t\t<div class='gallery-icon portrait'>\n\t\t\t\t<a data-elementor-open-lightbox=\"yes\" data-elementor-lightbox-slideshow=\"c5313e0\" data-elementor-lightbox-title=\"Abris-de-Terrasse---14-min\" data-e-action-hash=\"#elementor-action%3Aaction%3Dlightbox%26settings%3DeyJpZCI6NjA0MCwidXJsIjoiaHR0cHM6XC9cL3d3dy5hbHVzb2xhci5jb20udG5cL3dwLWNvbnRlbnRcL3VwbG9hZHNcLzIwMjVcLzA0XC9BYnJpcy1kZS1UZXJyYXNzZS0xNC1taW4uanBnIiwic2xpZGVzaG93IjoiYzUzMTNlMCJ9\" href='https:\/\/www.alusolar.com.tn\/wp-content\/uploads\/2025\/04\/Abris-de-Terrasse-14-min.jpg'><img loading=\"lazy\" decoding=\"async\" width=\"600\" height=\"768\" src=\"https:\/\/www.alusolar.com.tn\/wp-content\/uploads\/2025\/04\/Abris-de-Terrasse-14-min-600x768.jpg\" class=\"attachment-medium_large size-medium_large\" alt=\"\" \/><\/a>\n\t\t\t<\/div><\/figure><figure class='gallery-item'>\n\t\t\t<div class='gallery-icon portrait'>\n\t\t\t\t<a data-elementor-open-lightbox=\"yes\" data-elementor-lightbox-slideshow=\"c5313e0\" data-elementor-lightbox-title=\"Abris-de-Terrasse---15-min\" data-e-action-hash=\"#elementor-action%3Aaction%3Dlightbox%26settings%3DeyJpZCI6NjA0MywidXJsIjoiaHR0cHM6XC9cL3d3dy5hbHVzb2xhci5jb20udG5cL3dwLWNvbnRlbnRcL3VwbG9hZHNcLzIwMjVcLzA0XC9BYnJpcy1kZS1UZXJyYXNzZS0xNS1taW4uanBnIiwic2xpZGVzaG93IjoiYzUzMTNlMCJ9\" href='https:\/\/www.alusolar.com.tn\/wp-content\/uploads\/2025\/04\/Abris-de-Terrasse-15-min.jpg'><img loading=\"lazy\" decoding=\"async\" width=\"600\" height=\"768\" src=\"https:\/\/www.alusolar.com.tn\/wp-content\/uploads\/2025\/04\/Abris-de-Terrasse-15-min-600x768.jpg\" class=\"attachment-medium_large size-medium_large\" alt=\"\" \/><\/a>\n\t\t\t<\/div><\/figure><figure class='gallery-item'>\n\t\t\t<div class='gallery-icon portrait'>\n\t\t\t\t<a data-elementor-open-lightbox=\"yes\" data-elementor-lightbox-slideshow=\"c5313e0\" data-elementor-lightbox-title=\"Abris-de-Terrasse---16-min\" data-e-action-hash=\"#elementor-action%3Aaction%3Dlightbox%26settings%3DeyJpZCI6NTk5NSwidXJsIjoiaHR0cHM6XC9cL3d3dy5hbHVzb2xhci5jb20udG5cL3dwLWNvbnRlbnRcL3VwbG9hZHNcLzIwMjVcLzA0XC9BYnJpcy1kZS1UZXJyYXNzZS0xNi1taW4uanBnIiwic2xpZGVzaG93IjoiYzUzMTNlMCJ9\" href='https:\/\/www.alusolar.com.tn\/wp-content\/uploads\/2025\/04\/Abris-de-Terrasse-16-min.jpg'><img loading=\"lazy\" decoding=\"async\" width=\"600\" height=\"768\" src=\"https:\/\/www.alusolar.com.tn\/wp-content\/uploads\/2025\/04\/Abris-de-Terrasse-16-min-600x768.jpg\" class=\"attachment-medium_large size-medium_large\" alt=\"\" \/><\/a>\n\t\t\t<\/div><\/figure><figure class='gallery-item'>\n\t\t\t<div class='gallery-icon portrait'>\n\t\t\t\t<a data-elementor-open-lightbox=\"yes\" data-elementor-lightbox-slideshow=\"c5313e0\" data-elementor-lightbox-title=\"Abris-de-Terrasse---17-min\" data-e-action-hash=\"#elementor-action%3Aaction%3Dlightbox%26settings%3DeyJpZCI6NTk5OCwidXJsIjoiaHR0cHM6XC9cL3d3dy5hbHVzb2xhci5jb20udG5cL3dwLWNvbnRlbnRcL3VwbG9hZHNcLzIwMjVcLzA0XC9BYnJpcy1kZS1UZXJyYXNzZS0xNy1taW4uanBnIiwic2xpZGVzaG93IjoiYzUzMTNlMCJ9\" href='https:\/\/www.alusolar.com.tn\/wp-content\/uploads\/2025\/04\/Abris-de-Terrasse-17-min.jpg'><img loading=\"lazy\" decoding=\"async\" width=\"600\" height=\"768\" src=\"https:\/\/www.alusolar.com.tn\/wp-content\/uploads\/2025\/04\/Abris-de-Terrasse-17-min-600x768.jpg\" class=\"attachment-medium_large size-medium_large\" alt=\"\" \/><\/a>\n\t\t\t<\/div><\/figure><figure class='gallery-item'>\n\t\t\t<div class='gallery-icon portrait'>\n\t\t\t\t<a data-elementor-open-lightbox=\"yes\" data-elementor-lightbox-slideshow=\"c5313e0\" data-elementor-lightbox-title=\"Abris-de-Terrasse---18-min\" data-e-action-hash=\"#elementor-action%3Aaction%3Dlightbox%26settings%3DeyJpZCI6NjAwMSwidXJsIjoiaHR0cHM6XC9cL3d3dy5hbHVzb2xhci5jb20udG5cL3dwLWNvbnRlbnRcL3VwbG9hZHNcLzIwMjVcLzA0XC9BYnJpcy1kZS1UZXJyYXNzZS0xOC1taW4uanBnIiwic2xpZGVzaG93IjoiYzUzMTNlMCJ9\" href='https:\/\/www.alusolar.com.tn\/wp-content\/uploads\/2025\/04\/Abris-de-Terrasse-18-min.jpg'><img loading=\"lazy\" decoding=\"async\" width=\"600\" height=\"768\" src=\"https:\/\/www.alusolar.com.tn\/wp-content\/uploads\/2025\/04\/Abris-de-Terrasse-18-min-600x768.jpg\" class=\"attachment-medium_large size-medium_large\" alt=\"\" \/><\/a>\n\t\t\t<\/div><\/figure><figure class='gallery-item'>\n\t\t\t<div class='gallery-icon portrait'>\n\t\t\t\t<a data-elementor-open-lightbox=\"yes\" data-elementor-lightbox-slideshow=\"c5313e0\" data-elementor-lightbox-title=\"Abris-de-Terrasse---19-min\" data-e-action-hash=\"#elementor-action%3Aaction%3Dlightbox%26settings%3DeyJpZCI6NjAwNCwidXJsIjoiaHR0cHM6XC9cL3d3dy5hbHVzb2xhci5jb20udG5cL3dwLWNvbnRlbnRcL3VwbG9hZHNcLzIwMjVcLzA0XC9BYnJpcy1kZS1UZXJyYXNzZS0xOS1taW4uanBnIiwic2xpZGVzaG93IjoiYzUzMTNlMCJ9\" href='https:\/\/www.alusolar.com.tn\/wp-content\/uploads\/2025\/04\/Abris-de-Terrasse-19-min.jpg'><img loading=\"lazy\" decoding=\"async\" width=\"600\" height=\"768\" src=\"https:\/\/www.alusolar.com.tn\/wp-content\/uploads\/2025\/04\/Abris-de-Terrasse-19-min-600x768.jpg\" class=\"attachment-medium_large size-medium_large\" alt=\"\" \/><\/a>\n\t\t\t<\/div><\/figure>\n\t\t<\/div>\n\t\t<\/div>\n\t\t\t\t<\/div>\n\t\t\t\t<\/div>\n\t\t\t\t\t<\/div>\n\t\t<\/div>\n\t\t\t\t\t\t\t<\/div>\n\t\t<\/section>\n\t\t\t\t\t\t\t<\/div>\n\t\t","protected":false},"excerpt":{"rendered":"<p>Produit Abris de terrasse Pour couvrir votre terrasse, nous vous offrons un abri de terrasse\/jardin de meilleure qualit\u00e9 et design.Cet abri de terrasse peut \u00eatre install\u00e9 dans votre maison ou votre espace bureautique pour vous donner un espace ext\u00e9rieur prot\u00e9g\u00e9. Fiche Technique Disponibilit\u00e9 \u25cf Protection solaire \u25cf Evacuation des eaux \u25cf Couleur Au choix Mati\u00e8re [&hellip;]<\/p>\n","protected":false},"featured_media":5991,"menu_order":0,"template":"elementor_header_footer","meta":{"footnotes":""},"portfolio-cat":[32],"portfolio-tag":[76],"portfolio-filter":[6],"class_list":["post-5989","portfolio","type-portfolio","status-publish","has-post-thumbnail","hentry","portfolio-cat-structure-exterieure","portfolio-tag-uncategorized-fr","portfolio-filter-uncategorized"],"yoast_head":"<!-- This site is optimized with the Yoast SEO plugin v21.9.1 - https:\/\/yoast.com\/wordpress\/plugins\/seo\/ -->\n<title>Abris de terrasse | Alu Solar Tunisie<\/title>\n<meta name=\"description\" content=\"ProduitAbris de terrassePour couvrir votre terrasse, nous vous offrons un abri de terrasse\/jardin de meilleure qualit\u00e9 et design.Cet abri de terrasse peut\" \/>\n<meta name=\"robots\" content=\"index, follow, max-snippet:-1, max-image-preview:large, max-video-preview:-1\" \/>\n<link rel=\"canonical\" href=\"https:\/\/www.alusolar.com.tn\/fr\/portfolio\/terrace-shelter\/\" \/>\n<meta property=\"og:locale\" content=\"fr_FR\" \/>\n<meta property=\"og:type\" content=\"article\" \/>\n<meta property=\"og:title\" content=\"Abris de terrasse | Alu Solar Tunisie\" \/>\n<meta property=\"og:description\" content=\"ProduitAbris de terrassePour couvrir votre terrasse, nous vous offrons un abri de terrasse\/jardin de meilleure qualit\u00e9 et design.Cet abri de terrasse peut\" \/>\n<meta property=\"og:url\" content=\"https:\/\/www.alusolar.com.tn\/portfolio\/terrace-shelter\/\" \/>\n<meta property=\"og:site_name\" content=\"Alu Solar Tunisie\" \/>\n<meta property=\"article:modified_time\" content=\"2025-07-04T10:45:45+00:00\" \/>\n<meta property=\"og:image\" content=\"https:\/\/www.alusolar.com.tn\/wp-content\/uploads\/2025\/04\/Abris-de-Terrasse-4-min.jpg\" \/>\n\t<meta property=\"og:image:width\" content=\"600\" \/>\n\t<meta property=\"og:image:height\" content=\"800\" \/>\n\t<meta property=\"og:image:type\" content=\"image\/jpeg\" \/>\n<meta name=\"twitter:card\" content=\"summary_large_image\" \/>\n<meta name=\"twitter:label1\" content=\"Dur\u00e9e de lecture estim\u00e9e\" \/>\n\t<meta name=\"twitter:data1\" content=\"4 minutes\" \/>\n<script type=\"application\/ld+json\" class=\"yoast-schema-graph\">{\"@context\":\"https:\/\/schema.org\",\"@graph\":[{\"@type\":\"WebPage\",\"@id\":\"https:\/\/www.alusolar.com.tn\/portfolio\/terrace-shelter\/\",\"url\":\"https:\/\/www.alusolar.com.tn\/portfolio\/terrace-shelter\/\",\"name\":\"Abris de terrasse | Alu Solar Tunisie\",\"isPartOf\":{\"@id\":\"https:\/\/www.alusolar.com.tn\/ar\/#website\"},\"datePublished\":\"2025-04-29T09:08:06+00:00\",\"dateModified\":\"2025-07-04T10:45:45+00:00\",\"description\":\"ProduitAbris de terrassePour couvrir votre terrasse, nous vous offrons un abri de terrasse\/jardin de meilleure qualit\u00e9 et design.Cet abri de terrasse peut\",\"breadcrumb\":{\"@id\":\"https:\/\/www.alusolar.com.tn\/portfolio\/terrace-shelter\/#breadcrumb\"},\"inLanguage\":\"fr-FR\",\"potentialAction\":[{\"@type\":\"ReadAction\",\"target\":[\"https:\/\/www.alusolar.com.tn\/portfolio\/terrace-shelter\/\"]}]},{\"@type\":\"BreadcrumbList\",\"@id\":\"https:\/\/www.alusolar.com.tn\/portfolio\/terrace-shelter\/#breadcrumb\",\"itemListElement\":[{\"@type\":\"ListItem\",\"position\":1,\"name\":\"Accueil\",\"item\":\"https:\/\/www.alusolar.com.tn\/\"},{\"@type\":\"ListItem\",\"position\":2,\"name\":\"Portfolios\",\"item\":\"https:\/\/www.alusolar.com.tn\/portfolio\/all\/\"},{\"@type\":\"ListItem\",\"position\":3,\"name\":\"Abris de terrasse\"}]},{\"@type\":\"WebSite\",\"@id\":\"https:\/\/www.alusolar.com.tn\/ar\/#website\",\"url\":\"https:\/\/www.alusolar.com.tn\/ar\/\",\"name\":\"Alu Solar Tunisie\",\"description\":\"Cr\u00e9ateur de luxe\",\"publisher\":{\"@id\":\"https:\/\/www.alusolar.com.tn\/ar\/#organization\"},\"potentialAction\":[{\"@type\":\"SearchAction\",\"target\":{\"@type\":\"EntryPoint\",\"urlTemplate\":\"https:\/\/www.alusolar.com.tn\/ar\/?s={search_term_string}\"},\"query-input\":\"required name=search_term_string\"}],\"inLanguage\":\"fr-FR\"},{\"@type\":\"Organization\",\"@id\":\"https:\/\/www.alusolar.com.tn\/ar\/#organization\",\"name\":\"Alu Solar Tunisie\",\"url\":\"https:\/\/www.alusolar.com.tn\/ar\/\",\"logo\":{\"@type\":\"ImageObject\",\"inLanguage\":\"fr-FR\",\"@id\":\"https:\/\/www.alusolar.com.tn\/ar\/#\/schema\/logo\/image\/\",\"url\":\"https:\/\/www.alusolar.com.tn\/wp-content\/uploads\/2023\/12\/solar-svvg-01.svg\",\"contentUrl\":\"https:\/\/www.alusolar.com.tn\/wp-content\/uploads\/2023\/12\/solar-svvg-01.svg\",\"width\":232,\"height\":124,\"caption\":\"Alu Solar Tunisie\"},\"image\":{\"@id\":\"https:\/\/www.alusolar.com.tn\/ar\/#\/schema\/logo\/image\/\"}}]}<\/script>\n<!-- \/ Yoast SEO plugin. -->","yoast_head_json":{"title":"Abris de terrasse | Alu Solar Tunisie","description":"ProduitAbris de terrassePour couvrir votre terrasse, nous vous offrons un abri de terrasse\/jardin de meilleure qualit\u00e9 et design.Cet abri de terrasse peut","robots":{"index":"index","follow":"follow","max-snippet":"max-snippet:-1","max-image-preview":"max-image-preview:large","max-video-preview":"max-video-preview:-1"},"canonical":"https:\/\/www.alusolar.com.tn\/fr\/portfolio\/terrace-shelter\/","og_locale":"fr_FR","og_type":"article","og_title":"Abris de terrasse | Alu Solar Tunisie","og_description":"ProduitAbris de terrassePour couvrir votre terrasse, nous vous offrons un abri de terrasse\/jardin de meilleure qualit\u00e9 et design.Cet abri de terrasse peut","og_url":"https:\/\/www.alusolar.com.tn\/portfolio\/terrace-shelter\/","og_site_name":"Alu Solar Tunisie","article_modified_time":"2025-07-04T10:45:45+00:00","og_image":[{"width":600,"height":800,"url":"https:\/\/www.alusolar.com.tn\/wp-content\/uploads\/2025\/04\/Abris-de-Terrasse-4-min.jpg","type":"image\/jpeg"}],"twitter_card":"summary_large_image","twitter_misc":{"Dur\u00e9e de lecture estim\u00e9e":"4 minutes"},"schema":{"@context":"https:\/\/schema.org","@graph":[{"@type":"WebPage","@id":"https:\/\/www.alusolar.com.tn\/portfolio\/terrace-shelter\/","url":"https:\/\/www.alusolar.com.tn\/portfolio\/terrace-shelter\/","name":"Abris de terrasse | Alu Solar Tunisie","isPartOf":{"@id":"https:\/\/www.alusolar.com.tn\/ar\/#website"},"datePublished":"2025-04-29T09:08:06+00:00","dateModified":"2025-07-04T10:45:45+00:00","description":"ProduitAbris de terrassePour couvrir votre terrasse, nous vous offrons un abri de terrasse\/jardin de meilleure qualit\u00e9 et design.Cet abri de terrasse peut","breadcrumb":{"@id":"https:\/\/www.alusolar.com.tn\/portfolio\/terrace-shelter\/#breadcrumb"},"inLanguage":"fr-FR","potentialAction":[{"@type":"ReadAction","target":["https:\/\/www.alusolar.com.tn\/portfolio\/terrace-shelter\/"]}]},{"@type":"BreadcrumbList","@id":"https:\/\/www.alusolar.com.tn\/portfolio\/terrace-shelter\/#breadcrumb","itemListElement":[{"@type":"ListItem","position":1,"name":"Accueil","item":"https:\/\/www.alusolar.com.tn\/"},{"@type":"ListItem","position":2,"name":"Portfolios","item":"https:\/\/www.alusolar.com.tn\/portfolio\/all\/"},{"@type":"ListItem","position":3,"name":"Abris de terrasse"}]},{"@type":"WebSite","@id":"https:\/\/www.alusolar.com.tn\/ar\/#website","url":"https:\/\/www.alusolar.com.tn\/ar\/","name":"Alu Solar Tunisie","description":"Cr\u00e9ateur de luxe","publisher":{"@id":"https:\/\/www.alusolar.com.tn\/ar\/#organization"},"potentialAction":[{"@type":"SearchAction","target":{"@type":"EntryPoint","urlTemplate":"https:\/\/www.alusolar.com.tn\/ar\/?s={search_term_string}"},"query-input":"required name=search_term_string"}],"inLanguage":"fr-FR"},{"@type":"Organization","@id":"https:\/\/www.alusolar.com.tn\/ar\/#organization","name":"Alu Solar Tunisie","url":"https:\/\/www.alusolar.com.tn\/ar\/","logo":{"@type":"ImageObject","inLanguage":"fr-FR","@id":"https:\/\/www.alusolar.com.tn\/ar\/#\/schema\/logo\/image\/","url":"https:\/\/www.alusolar.com.tn\/wp-content\/uploads\/2023\/12\/solar-svvg-01.svg","contentUrl":"https:\/\/www.alusolar.com.tn\/wp-content\/uploads\/2023\/12\/solar-svvg-01.svg","width":232,"height":124,"caption":"Alu Solar Tunisie"},"image":{"@id":"https:\/\/www.alusolar.com.tn\/ar\/#\/schema\/logo\/image\/"}}]}},"_links":{"self":[{"href":"https:\/\/www.alusolar.com.tn\/fr\/wp-json\/wp\/v2\/portfolio\/5989","targetHints":{"allow":["GET"]}}],"collection":[{"href":"https:\/\/www.alusolar.com.tn\/fr\/wp-json\/wp\/v2\/portfolio"}],"about":[{"href":"https:\/\/www.alusolar.com.tn\/fr\/wp-json\/wp\/v2\/types\/portfolio"}],"version-history":[{"count":20,"href":"https:\/\/www.alusolar.com.tn\/fr\/wp-json\/wp\/v2\/portfolio\/5989\/revisions"}],"predecessor-version":[{"id":8394,"href":"https:\/\/www.alusolar.com.tn\/fr\/wp-json\/wp\/v2\/portfolio\/5989\/revisions\/8394"}],"wp:featuredmedia":[{"embeddable":true,"href":"https:\/\/www.alusolar.com.tn\/fr\/wp-json\/wp\/v2\/media\/5991"}],"wp:attachment":[{"href":"https:\/\/www.alusolar.com.tn\/fr\/wp-json\/wp\/v2\/media?parent=5989"}],"wp:term":[{"taxonomy":"portfolio-cat","embeddable":true,"href":"https:\/\/www.alusolar.com.tn\/fr\/wp-json\/wp\/v2\/portfolio-cat?post=5989"},{"taxonomy":"portfolio-tag","embeddable":true,"href":"https:\/\/www.alusolar.com.tn\/fr\/wp-json\/wp\/v2\/portfolio-tag?post=5989"},{"taxonomy":"portfolio-filter","embeddable":true,"href":"https:\/\/www.alusolar.com.tn\/fr\/wp-json\/wp\/v2\/portfolio-filter?post=5989"}],"curies":[{"name":"wp","href":"https:\/\/api.w.org\/{rel}","templated":true}]}}