{"id":6091,"date":"2025-04-29T13:54:51","date_gmt":"2025-04-29T11:54:51","guid":{"rendered":"https:\/\/www.alusolar.com.tn\/?post_type=portfolio&#038;p=6091"},"modified":"2025-06-04T15:49:36","modified_gmt":"2025-06-04T13:49:36","slug":"conteneurs-prefabriques","status":"publish","type":"portfolio","link":"https:\/\/www.alusolar.com.tn\/fr\/portfolio\/conteneurs-prefabriques\/","title":{"rendered":"Conteneurs pr\u00e9fabriqu\u00e9s"},"content":{"rendered":"\t\t<div data-elementor-type=\"wp-post\" data-elementor-id=\"6091\" class=\"elementor elementor-6091\">\n\t\t\t\t\t\t\t\t\t<section class=\"elementor-section elementor-top-section elementor-element elementor-element-d7acd00 elementor-section-full_width elementor-section-height-default elementor-section-height-default wpr-particle-no wpr-jarallax-no wpr-parallax-no wpr-sticky-section-no\" data-id=\"d7acd00\" data-element_type=\"section\">\n\t\t\t\t\t\t<div class=\"elementor-container elementor-column-gap-no\">\n\t\t\t\t\t<div class=\"aux-parallax-section elementor-column elementor-col-100 elementor-top-column elementor-element elementor-element-e37d8da\" data-id=\"e37d8da\" data-element_type=\"column\">\n\t\t\t<div class=\"elementor-widget-wrap elementor-element-populated\">\n\t\t\t\t\t\t\t\t<div class=\"elementor-element elementor-element-5bfedad aux-shpe-type-rectangle elementor-widget__width-auto aux-appear-watch-animation aux-fade-in-right-2 elementor-widget elementor-widget-aux_simple_shape\" data-id=\"5bfedad\" data-element_type=\"widget\" data-widget_type=\"aux_simple_shape.default\">\n\t\t\t\t<div class=\"elementor-widget-container\">\n\t\t\t    <div class=\"aux-widget-container aux-simple-shape-container\">\n        <div class=\"aux-widget-container-inner\">\n            <div class=\"aux-the-shape\"><\/div>\n        <\/div>\n    <\/div>\n    \t\t<\/div>\n\t\t\t\t<\/div>\n\t\t\t\t<div class=\"elementor-element elementor-element-7486219 aux-shpe-type-rectangle elementor-widget__width-auto aux-appear-watch-animation aux-fade-in-left-2 elementor-widget elementor-widget-aux_simple_shape\" data-id=\"7486219\" data-element_type=\"widget\" data-widget_type=\"aux_simple_shape.default\">\n\t\t\t\t<div class=\"elementor-widget-container\">\n\t\t\t    <div class=\"aux-widget-container aux-simple-shape-container\">\n        <div class=\"aux-widget-container-inner\">\n            <div class=\"aux-the-shape\"><\/div>\n        <\/div>\n    <\/div>\n    \t\t<\/div>\n\t\t\t\t<\/div>\n\t\t\t\t<section class=\"elementor-section elementor-inner-section elementor-element elementor-element-69d5268 elementor-section-content-middle elementor-reverse-mobile elementor-section-boxed elementor-section-height-default elementor-section-height-default wpr-particle-no wpr-jarallax-no wpr-parallax-no wpr-sticky-section-no\" data-id=\"69d5268\" data-element_type=\"section\">\n\t\t\t\t\t\t<div class=\"elementor-container elementor-column-gap-no\">\n\t\t\t\t\t<div class=\"aux-parallax-section elementor-column elementor-col-50 elementor-inner-column elementor-element elementor-element-34b3961\" data-id=\"34b3961\" data-element_type=\"column\">\n\t\t\t<div class=\"elementor-widget-wrap elementor-element-populated\">\n\t\t\t\t\t\t\t\t<div class=\"elementor-element elementor-element-8dfa167 aux-appear-watch-animation aux-fade-in-up-1 elementor-widget elementor-widget-aux_modern_heading\" data-id=\"8dfa167\" data-element_type=\"widget\" data-widget_type=\"aux_modern_heading.default\">\n\t\t\t\t<div class=\"elementor-widget-container\">\n\t\t\t<section class=\"aux-widget-modern-heading\">\n            <div class=\"aux-widget-inner\"><h5 class=\"aux-modern-heading-primary\">Produit<\/h5><h3 class=\"aux-modern-heading-secondary\"><span class=\"aux-head-before\">Conteneurs <\/span><span class=\"aux-head-highlight\">pr\u00e9fabriqu\u00e9s<\/span><\/h3><div class=\"aux-modern-heading-divider\"><\/div><div class=\"aux-modern-heading-description\"><p>Les conteneurs pr\u00e9fabriqu\u00e9s constituent une solution efficace pour avoir une structure habitable et modulaire.<br \/>Ils sont con\u00e7us pour plusieurs fonctions : habitation, bureautique, sanitaires, stockage, chantiers\u2026<br \/>Les conteneurs pr\u00e9fabriqu\u00e9s sont amovibles, modulaires, \u00e9conomiques et \u00e9cologiques.<\/p><\/div><\/div>\n        <\/section>\t\t<\/div>\n\t\t\t\t<\/div>\n\t\t\t\t<div class=\"elementor-element elementor-element-ac95822 elementor-widget elementor-widget-heading\" data-id=\"ac95822\" data-element_type=\"widget\" data-widget_type=\"heading.default\">\n\t\t\t\t<div class=\"elementor-widget-container\">\n\t\t\t<h4 class=\"elementor-heading-title elementor-size-default\">Fiche Technique <\/h4>\t\t<\/div>\n\t\t\t\t<\/div>\n\t\t\t\t<div class=\"elementor-element elementor-element-530f4ce elementor-widget elementor-widget-text-editor\" data-id=\"530f4ce\" data-element_type=\"widget\" data-widget_type=\"text-editor.default\">\n\t\t\t\t<div class=\"elementor-widget-container\">\n\t\t\t\t\t\t\t<table width=\"567\"><tbody><tr><td width=\"264\">Disponibilit\u00e9<\/td><td width=\"303\">\u25cf<\/td><\/tr><tr><td>Protection solaire<\/td><td>\u25cf<\/td><\/tr><tr><td>Couleur<\/td><td>Au choix<\/td><\/tr><tr><td>Resistance chaud-froid<\/td><td>\u25cf<\/td><\/tr><tr><td>Resistance \u00e0 l\u2019humidit\u00e9<\/td><td>\u25cf<\/td><\/tr><tr><td>Etanch\u00e9it\u00e9<\/td><td>\u25cf<\/td><\/tr><tr><td>Inclinaison de la toiture<\/td><td>Au choix<\/td><\/tr><tr><td>Mati\u00e8re de la structure<\/td><td>M\u00e9tal<\/td><\/tr><tr><td>Mati\u00e8re de la toiture<\/td><td>M\u00e9tal + Panneau sandwich<\/td><\/tr><tr><td>Garantie<\/td><td>\u25cf<\/td><\/tr><\/tbody><\/table>\t\t\t\t\t\t<\/div>\n\t\t\t\t<\/div>\n\t\t\t\t<div class=\"elementor-element elementor-element-13e58bd elementor-widget elementor-widget-text-editor\" data-id=\"13e58bd\" data-element_type=\"widget\" data-widget_type=\"text-editor.default\">\n\t\t\t\t<div class=\"elementor-widget-container\">\n\t\t\t\t\t\t\t\t\t\t\t\t\t<\/div>\n\t\t\t\t<\/div>\n\t\t\t\t\t<\/div>\n\t\t<\/div>\n\t\t\t\t<div class=\"aux-parallax-section elementor-column elementor-col-50 elementor-inner-column elementor-element elementor-element-9862f7b\" data-id=\"9862f7b\" data-element_type=\"column\">\n\t\t\t<div class=\"elementor-widget-wrap elementor-element-populated\">\n\t\t\t\t\t\t\t\t<div class=\"elementor-element elementor-element-a2ba6e5 aux-appear-watch-animation aux-mask-from-left elementor-widget elementor-widget-aux_image\" data-id=\"a2ba6e5\" data-element_type=\"widget\" data-widget_type=\"aux_image.default\">\n\t\t\t\t<div class=\"elementor-widget-container\">\n\t\t\t<section class=\"widget-container aux-widget-image aux-alignnone aux-parent-au19330f8e\">\n    <div class=\"aux-media-hint-frame \">\n        <div class=\"aux-media-image \" >\n        \n            \n\n            \n            <img fetchpriority=\"high\" decoding=\"async\" width=\"600\" height=\"800\" src=\"https:\/\/www.alusolar.com.tn\/wp-content\/uploads\/2025\/04\/Conteneur-Prefabrique-4-min-600x800.jpg\" class=\"aux-attachment aux-featured-image aux-attachment-id-6092\" alt=\"Conteneur-Pr\u00e9fabriqu\u00e9-4-min\" srcset=\"https:\/\/www.alusolar.com.tn\/wp-content\/uploads\/2025\/04\/Conteneur-Prefabrique-4-min-150x200.jpg 150w,https:\/\/www.alusolar.com.tn\/wp-content\/uploads\/2025\/04\/Conteneur-Prefabrique-4-min-300x400.jpg 300w,https:\/\/www.alusolar.com.tn\/wp-content\/uploads\/2025\/04\/Conteneur-Prefabrique-4-min-600x800.jpg 600w\" data-ratio=\"0.75\" data-original-w=\"600\" sizes=\"(max-width:479px) 480px,(max-width:767px) 768px,(max-width:1023px) 1024px,600px\" \/>            \n                <\/div>\n    <\/div>\n\n<\/section><!-- widget-container -->\t\t<\/div>\n\t\t\t\t<\/div>\n\t\t\t\t\t<\/div>\n\t\t<\/div>\n\t\t\t\t\t\t\t<\/div>\n\t\t<\/section>\n\t\t\t\t\t<\/div>\n\t\t<\/div>\n\t\t\t\t\t\t\t<\/div>\n\t\t<\/section>\n\t\t\t\t<section class=\"elementor-section elementor-top-section elementor-element elementor-element-c1ca0d1 elementor-section-boxed elementor-section-height-default elementor-section-height-default wpr-particle-no wpr-jarallax-no wpr-parallax-no wpr-sticky-section-no\" data-id=\"c1ca0d1\" data-element_type=\"section\">\n\t\t\t\t\t\t<div class=\"elementor-container elementor-column-gap-default\">\n\t\t\t\t\t<div class=\"aux-parallax-section elementor-column elementor-col-100 elementor-top-column elementor-element elementor-element-ae04510\" data-id=\"ae04510\" data-element_type=\"column\">\n\t\t\t<div class=\"elementor-widget-wrap elementor-element-populated\">\n\t\t\t\t\t\t\t\t<div class=\"elementor-element elementor-element-5ebf5a6 gallery-spacing-custom elementor-widget__width-initial elementor-widget elementor-widget-image-gallery\" data-id=\"5ebf5a6\" data-element_type=\"widget\" data-widget_type=\"image-gallery.default\">\n\t\t\t\t<div class=\"elementor-widget-container\">\n\t\t\t\t\t<div class=\"elementor-image-gallery\">\n\t\t\t<div id='gallery-1' class='gallery galleryid-6091 gallery-columns-3 gallery-size-medium_large'><figure class='gallery-item'>\n\t\t\t<div class='gallery-icon portrait'>\n\t\t\t\t<a data-elementor-open-lightbox=\"yes\" data-elementor-lightbox-slideshow=\"5ebf5a6\" data-elementor-lightbox-title=\"Conteneur-Pr\u00e9fabriqu\u00e9-1--min\" data-e-action-hash=\"#elementor-action%3Aaction%3Dlightbox%26settings%3DeyJpZCI6NjE0NywidXJsIjoiaHR0cHM6XC9cL3d3dy5hbHVzb2xhci5jb20udG5cL3dwLWNvbnRlbnRcL3VwbG9hZHNcLzIwMjVcLzA0XC9Db250ZW5ldXItUHJlZmFicmlxdWUtMS1taW4uanBnIiwic2xpZGVzaG93IjoiNWViZjVhNiJ9\" href='https:\/\/www.alusolar.com.tn\/wp-content\/uploads\/2025\/04\/Conteneur-Prefabrique-1-min.jpg'><img decoding=\"async\" width=\"600\" height=\"768\" src=\"https:\/\/www.alusolar.com.tn\/wp-content\/uploads\/2025\/04\/Conteneur-Prefabrique-1-min-600x768.jpg\" class=\"attachment-medium_large size-medium_large\" alt=\"\" \/><\/a>\n\t\t\t<\/div><\/figure><figure class='gallery-item'>\n\t\t\t<div class='gallery-icon portrait'>\n\t\t\t\t<a data-elementor-open-lightbox=\"yes\" data-elementor-lightbox-slideshow=\"5ebf5a6\" data-elementor-lightbox-title=\"Conteneur-Pr\u00e9fabriqu\u00e9-3-min\" data-e-action-hash=\"#elementor-action%3Aaction%3Dlightbox%26settings%3DeyJpZCI6NjE1MywidXJsIjoiaHR0cHM6XC9cL3d3dy5hbHVzb2xhci5jb20udG5cL3dwLWNvbnRlbnRcL3VwbG9hZHNcLzIwMjVcLzA0XC9Db250ZW5ldXItUHJlZmFicmlxdWUtMy1taW4uanBnIiwic2xpZGVzaG93IjoiNWViZjVhNiJ9\" href='https:\/\/www.alusolar.com.tn\/wp-content\/uploads\/2025\/04\/Conteneur-Prefabrique-3-min.jpg'><img decoding=\"async\" width=\"600\" height=\"768\" src=\"https:\/\/www.alusolar.com.tn\/wp-content\/uploads\/2025\/04\/Conteneur-Prefabrique-3-min-600x768.jpg\" class=\"attachment-medium_large size-medium_large\" alt=\"\" \/><\/a>\n\t\t\t<\/div><\/figure><figure class='gallery-item'>\n\t\t\t<div class='gallery-icon portrait'>\n\t\t\t\t<a data-elementor-open-lightbox=\"yes\" data-elementor-lightbox-slideshow=\"5ebf5a6\" data-elementor-lightbox-title=\"Conteneur-Pr\u00e9fabriqu\u00e9-5-min\" data-e-action-hash=\"#elementor-action%3Aaction%3Dlightbox%26settings%3DeyJpZCI6NjE1NiwidXJsIjoiaHR0cHM6XC9cL3d3dy5hbHVzb2xhci5jb20udG5cL3dwLWNvbnRlbnRcL3VwbG9hZHNcLzIwMjVcLzA0XC9Db250ZW5ldXItUHJlZmFicmlxdWUtNS1taW4tMS5qcGciLCJzbGlkZXNob3ciOiI1ZWJmNWE2In0%3D\" href='https:\/\/www.alusolar.com.tn\/wp-content\/uploads\/2025\/04\/Conteneur-Prefabrique-5-min-1.jpg'><img loading=\"lazy\" decoding=\"async\" width=\"600\" height=\"768\" src=\"https:\/\/www.alusolar.com.tn\/wp-content\/uploads\/2025\/04\/Conteneur-Prefabrique-5-min-1-600x768.jpg\" class=\"attachment-medium_large size-medium_large\" alt=\"\" \/><\/a>\n\t\t\t<\/div><\/figure><figure class='gallery-item'>\n\t\t\t<div class='gallery-icon portrait'>\n\t\t\t\t<a data-elementor-open-lightbox=\"yes\" data-elementor-lightbox-slideshow=\"5ebf5a6\" data-elementor-lightbox-title=\"Pergola-en-Bois-8-min\" data-e-action-hash=\"#elementor-action%3Aaction%3Dlightbox%26settings%3DeyJpZCI6NjE0MSwidXJsIjoiaHR0cHM6XC9cL3d3dy5hbHVzb2xhci5jb20udG5cL3dwLWNvbnRlbnRcL3VwbG9hZHNcLzIwMjVcLzA0XC9QZXJnb2xhLWVuLUJvaXMtOC1taW4tMS5qcGciLCJzbGlkZXNob3ciOiI1ZWJmNWE2In0%3D\" href='https:\/\/www.alusolar.com.tn\/wp-content\/uploads\/2025\/04\/Pergola-en-Bois-8-min-1.jpg'><img loading=\"lazy\" decoding=\"async\" width=\"600\" height=\"768\" src=\"https:\/\/www.alusolar.com.tn\/wp-content\/uploads\/2025\/04\/Pergola-en-Bois-8-min-1-600x768.jpg\" class=\"attachment-medium_large size-medium_large\" alt=\"\" \/><\/a>\n\t\t\t<\/div><\/figure><figure class='gallery-item'>\n\t\t\t<div class='gallery-icon portrait'>\n\t\t\t\t<a data-elementor-open-lightbox=\"yes\" data-elementor-lightbox-slideshow=\"5ebf5a6\" data-elementor-lightbox-title=\"Conteneur-Pr\u00e9fabriqu\u00e9-10-min\" data-e-action-hash=\"#elementor-action%3Aaction%3Dlightbox%26settings%3DeyJpZCI6NjE3NywidXJsIjoiaHR0cHM6XC9cL3d3dy5hbHVzb2xhci5jb20udG5cL3dwLWNvbnRlbnRcL3VwbG9hZHNcLzIwMjVcLzA0XC9Db250ZW5ldXItUHJlZmFicmlxdWUtMTAtbWluLTMuanBnIiwic2xpZGVzaG93IjoiNWViZjVhNiJ9\" href='https:\/\/www.alusolar.com.tn\/wp-content\/uploads\/2025\/04\/Conteneur-Prefabrique-10-min-3.jpg'><img loading=\"lazy\" decoding=\"async\" width=\"600\" height=\"768\" src=\"https:\/\/www.alusolar.com.tn\/wp-content\/uploads\/2025\/04\/Conteneur-Prefabrique-10-min-3-600x768.jpg\" class=\"attachment-medium_large size-medium_large\" alt=\"\" \/><\/a>\n\t\t\t<\/div><\/figure><figure class='gallery-item'>\n\t\t\t<div class='gallery-icon portrait'>\n\t\t\t\t<a data-elementor-open-lightbox=\"yes\" data-elementor-lightbox-slideshow=\"5ebf5a6\" data-elementor-lightbox-title=\"Conteneur-Pr\u00e9fabriqu\u00e9-8-min\" data-e-action-hash=\"#elementor-action%3Aaction%3Dlightbox%26settings%3DeyJpZCI6NjE2NSwidXJsIjoiaHR0cHM6XC9cL3d3dy5hbHVzb2xhci5jb20udG5cL3dwLWNvbnRlbnRcL3VwbG9hZHNcLzIwMjVcLzA0XC9Db250ZW5ldXItUHJlZmFicmlxdWUtOC1taW4tMS5qcGciLCJzbGlkZXNob3ciOiI1ZWJmNWE2In0%3D\" href='https:\/\/www.alusolar.com.tn\/wp-content\/uploads\/2025\/04\/Conteneur-Prefabrique-8-min-1.jpg'><img loading=\"lazy\" decoding=\"async\" width=\"600\" height=\"768\" src=\"https:\/\/www.alusolar.com.tn\/wp-content\/uploads\/2025\/04\/Conteneur-Prefabrique-8-min-1-600x768.jpg\" class=\"attachment-medium_large size-medium_large\" alt=\"\" \/><\/a>\n\t\t\t<\/div><\/figure><figure class='gallery-item'>\n\t\t\t<div class='gallery-icon portrait'>\n\t\t\t\t<a data-elementor-open-lightbox=\"yes\" data-elementor-lightbox-slideshow=\"5ebf5a6\" data-elementor-lightbox-title=\"Conteneur-Pr\u00e9fabriqu\u00e9-2-min\" data-e-action-hash=\"#elementor-action%3Aaction%3Dlightbox%26settings%3DeyJpZCI6NjE1MCwidXJsIjoiaHR0cHM6XC9cL3d3dy5hbHVzb2xhci5jb20udG5cL3dwLWNvbnRlbnRcL3VwbG9hZHNcLzIwMjVcLzA0XC9Db250ZW5ldXItUHJlZmFicmlxdWUtMi1taW4uanBnIiwic2xpZGVzaG93IjoiNWViZjVhNiJ9\" href='https:\/\/www.alusolar.com.tn\/wp-content\/uploads\/2025\/04\/Conteneur-Prefabrique-2-min.jpg'><img loading=\"lazy\" decoding=\"async\" width=\"600\" height=\"768\" src=\"https:\/\/www.alusolar.com.tn\/wp-content\/uploads\/2025\/04\/Conteneur-Prefabrique-2-min-600x768.jpg\" class=\"attachment-medium_large size-medium_large\" alt=\"\" \/><\/a>\n\t\t\t<\/div><\/figure><figure class='gallery-item'>\n\t\t\t<div class='gallery-icon portrait'>\n\t\t\t\t<a data-elementor-open-lightbox=\"yes\" data-elementor-lightbox-slideshow=\"5ebf5a6\" data-elementor-lightbox-title=\"Conteneur-prefabriqu\u00e9---33-min\" data-e-action-hash=\"#elementor-action%3Aaction%3Dlightbox%26settings%3DeyJpZCI6NjEzOCwidXJsIjoiaHR0cHM6XC9cL3d3dy5hbHVzb2xhci5jb20udG5cL3dwLWNvbnRlbnRcL3VwbG9hZHNcLzIwMjVcLzA0XC9Db250ZW5ldXItcHJlZmFicmlxdWUtMzMtbWluLmpwZyIsInNsaWRlc2hvdyI6IjVlYmY1YTYifQ%3D%3D\" href='https:\/\/www.alusolar.com.tn\/wp-content\/uploads\/2025\/04\/Conteneur-prefabrique-33-min.jpg'><img loading=\"lazy\" decoding=\"async\" width=\"600\" height=\"768\" src=\"https:\/\/www.alusolar.com.tn\/wp-content\/uploads\/2025\/04\/Conteneur-prefabrique-33-min-600x768.jpg\" class=\"attachment-medium_large size-medium_large\" alt=\"\" \/><\/a>\n\t\t\t<\/div><\/figure><figure class='gallery-item'>\n\t\t\t<div class='gallery-icon portrait'>\n\t\t\t\t<a data-elementor-open-lightbox=\"yes\" data-elementor-lightbox-slideshow=\"5ebf5a6\" data-elementor-lightbox-title=\"1Conteneur-prefabriqu\u00e9---18-min\" data-e-action-hash=\"#elementor-action%3Aaction%3Dlightbox%26settings%3DeyJpZCI6NjE0NCwidXJsIjoiaHR0cHM6XC9cL3d3dy5hbHVzb2xhci5jb20udG5cL3dwLWNvbnRlbnRcL3VwbG9hZHNcLzIwMjVcLzA0XC8xQ29udGVuZXVyLXByZWZhYnJpcXVlLTE4LW1pbi5qcGciLCJzbGlkZXNob3ciOiI1ZWJmNWE2In0%3D\" href='https:\/\/www.alusolar.com.tn\/wp-content\/uploads\/2025\/04\/1Conteneur-prefabrique-18-min.jpg'><img loading=\"lazy\" decoding=\"async\" width=\"600\" height=\"768\" src=\"https:\/\/www.alusolar.com.tn\/wp-content\/uploads\/2025\/04\/1Conteneur-prefabrique-18-min-600x768.jpg\" class=\"attachment-medium_large size-medium_large\" alt=\"\" \/><\/a>\n\t\t\t<\/div><\/figure><figure class='gallery-item'>\n\t\t\t<div class='gallery-icon portrait'>\n\t\t\t\t<a data-elementor-open-lightbox=\"yes\" data-elementor-lightbox-slideshow=\"5ebf5a6\" data-elementor-lightbox-title=\"Conteneur-Pr\u00e9fabriqu\u00e9-6-min\" data-e-action-hash=\"#elementor-action%3Aaction%3Dlightbox%26settings%3DeyJpZCI6NjE1OSwidXJsIjoiaHR0cHM6XC9cL3d3dy5hbHVzb2xhci5jb20udG5cL3dwLWNvbnRlbnRcL3VwbG9hZHNcLzIwMjVcLzA0XC9Db250ZW5ldXItUHJlZmFicmlxdWUtNi1taW4tMS5qcGciLCJzbGlkZXNob3ciOiI1ZWJmNWE2In0%3D\" href='https:\/\/www.alusolar.com.tn\/wp-content\/uploads\/2025\/04\/Conteneur-Prefabrique-6-min-1.jpg'><img loading=\"lazy\" decoding=\"async\" width=\"600\" height=\"768\" src=\"https:\/\/www.alusolar.com.tn\/wp-content\/uploads\/2025\/04\/Conteneur-Prefabrique-6-min-1-600x768.jpg\" class=\"attachment-medium_large size-medium_large\" alt=\"\" \/><\/a>\n\t\t\t<\/div><\/figure><figure class='gallery-item'>\n\t\t\t<div class='gallery-icon portrait'>\n\t\t\t\t<a data-elementor-open-lightbox=\"yes\" data-elementor-lightbox-slideshow=\"5ebf5a6\" data-elementor-lightbox-title=\"Conteneur-Pr\u00e9fabriqu\u00e9-7-min\" data-e-action-hash=\"#elementor-action%3Aaction%3Dlightbox%26settings%3DeyJpZCI6NjE2MiwidXJsIjoiaHR0cHM6XC9cL3d3dy5hbHVzb2xhci5jb20udG5cL3dwLWNvbnRlbnRcL3VwbG9hZHNcLzIwMjVcLzA0XC9Db250ZW5ldXItUHJlZmFicmlxdWUtNy1taW4tMS5qcGciLCJzbGlkZXNob3ciOiI1ZWJmNWE2In0%3D\" href='https:\/\/www.alusolar.com.tn\/wp-content\/uploads\/2025\/04\/Conteneur-Prefabrique-7-min-1.jpg'><img loading=\"lazy\" decoding=\"async\" width=\"600\" height=\"768\" src=\"https:\/\/www.alusolar.com.tn\/wp-content\/uploads\/2025\/04\/Conteneur-Prefabrique-7-min-1-600x768.jpg\" class=\"attachment-medium_large size-medium_large\" alt=\"\" \/><\/a>\n\t\t\t<\/div><\/figure><figure class='gallery-item'>\n\t\t\t<div class='gallery-icon portrait'>\n\t\t\t\t<a data-elementor-open-lightbox=\"yes\" data-elementor-lightbox-slideshow=\"5ebf5a6\" data-elementor-lightbox-title=\"Conteneur-prefabriqu\u00e9---9-min\" data-e-action-hash=\"#elementor-action%3Aaction%3Dlightbox%26settings%3DeyJpZCI6NjE2OCwidXJsIjoiaHR0cHM6XC9cL3d3dy5hbHVzb2xhci5jb20udG5cL3dwLWNvbnRlbnRcL3VwbG9hZHNcLzIwMjVcLzA0XC9Db250ZW5ldXItcHJlZmFicmlxdWUtOS1taW4tMi5qcGciLCJzbGlkZXNob3ciOiI1ZWJmNWE2In0%3D\" href='https:\/\/www.alusolar.com.tn\/wp-content\/uploads\/2025\/04\/Conteneur-prefabrique-9-min-2.jpg'><img loading=\"lazy\" decoding=\"async\" width=\"600\" height=\"768\" src=\"https:\/\/www.alusolar.com.tn\/wp-content\/uploads\/2025\/04\/Conteneur-prefabrique-9-min-2-600x768.jpg\" class=\"attachment-medium_large size-medium_large\" alt=\"\" \/><\/a>\n\t\t\t<\/div><\/figure><figure class='gallery-item'>\n\t\t\t<div class='gallery-icon portrait'>\n\t\t\t\t<a data-elementor-open-lightbox=\"yes\" data-elementor-lightbox-slideshow=\"5ebf5a6\" data-elementor-lightbox-title=\"Conteneur-Pr\u00e9fabriqu\u00e9-9-min\" data-e-action-hash=\"#elementor-action%3Aaction%3Dlightbox%26settings%3DeyJpZCI6NjE3MSwidXJsIjoiaHR0cHM6XC9cL3d3dy5hbHVzb2xhci5jb20udG5cL3dwLWNvbnRlbnRcL3VwbG9hZHNcLzIwMjVcLzA0XC9Db250ZW5ldXItUHJlZmFicmlxdWUtOS1taW4tMy5qcGciLCJzbGlkZXNob3ciOiI1ZWJmNWE2In0%3D\" href='https:\/\/www.alusolar.com.tn\/wp-content\/uploads\/2025\/04\/Conteneur-Prefabrique-9-min-3.jpg'><img loading=\"lazy\" decoding=\"async\" width=\"600\" height=\"768\" src=\"https:\/\/www.alusolar.com.tn\/wp-content\/uploads\/2025\/04\/Conteneur-Prefabrique-9-min-3-600x768.jpg\" class=\"attachment-medium_large size-medium_large\" alt=\"\" \/><\/a>\n\t\t\t<\/div><\/figure><figure class='gallery-item'>\n\t\t\t<div class='gallery-icon portrait'>\n\t\t\t\t<a data-elementor-open-lightbox=\"yes\" data-elementor-lightbox-slideshow=\"5ebf5a6\" data-elementor-lightbox-title=\"Conteneur-prefabriqu\u00e9---10-min\" data-e-action-hash=\"#elementor-action%3Aaction%3Dlightbox%26settings%3DeyJpZCI6NjE3NCwidXJsIjoiaHR0cHM6XC9cL3d3dy5hbHVzb2xhci5jb20udG5cL3dwLWNvbnRlbnRcL3VwbG9hZHNcLzIwMjVcLzA0XC9Db250ZW5ldXItcHJlZmFicmlxdWUtMTAtbWluLTIuanBnIiwic2xpZGVzaG93IjoiNWViZjVhNiJ9\" href='https:\/\/www.alusolar.com.tn\/wp-content\/uploads\/2025\/04\/Conteneur-prefabrique-10-min-2.jpg'><img loading=\"lazy\" decoding=\"async\" width=\"600\" height=\"768\" src=\"https:\/\/www.alusolar.com.tn\/wp-content\/uploads\/2025\/04\/Conteneur-prefabrique-10-min-2-600x768.jpg\" class=\"attachment-medium_large size-medium_large\" alt=\"\" \/><\/a>\n\t\t\t<\/div><\/figure><figure class='gallery-item'>\n\t\t\t<div class='gallery-icon portrait'>\n\t\t\t\t<a data-elementor-open-lightbox=\"yes\" data-elementor-lightbox-slideshow=\"5ebf5a6\" data-elementor-lightbox-title=\"Conteneur-prefabriqu\u00e9---11-min\" data-e-action-hash=\"#elementor-action%3Aaction%3Dlightbox%26settings%3DeyJpZCI6NjE4MCwidXJsIjoiaHR0cHM6XC9cL3d3dy5hbHVzb2xhci5jb20udG5cL3dwLWNvbnRlbnRcL3VwbG9hZHNcLzIwMjVcLzA0XC9Db250ZW5ldXItcHJlZmFicmlxdWUtMTEtbWluLTIuanBnIiwic2xpZGVzaG93IjoiNWViZjVhNiJ9\" href='https:\/\/www.alusolar.com.tn\/wp-content\/uploads\/2025\/04\/Conteneur-prefabrique-11-min-2.jpg'><img loading=\"lazy\" decoding=\"async\" width=\"600\" height=\"768\" src=\"https:\/\/www.alusolar.com.tn\/wp-content\/uploads\/2025\/04\/Conteneur-prefabrique-11-min-2-600x768.jpg\" class=\"attachment-medium_large size-medium_large\" alt=\"\" \/><\/a>\n\t\t\t<\/div><\/figure><figure class='gallery-item'>\n\t\t\t<div class='gallery-icon portrait'>\n\t\t\t\t<a data-elementor-open-lightbox=\"yes\" data-elementor-lightbox-slideshow=\"5ebf5a6\" data-elementor-lightbox-title=\"Conteneur-Pr\u00e9fabriqu\u00e9-11-min\" data-e-action-hash=\"#elementor-action%3Aaction%3Dlightbox%26settings%3DeyJpZCI6NjE4MywidXJsIjoiaHR0cHM6XC9cL3d3dy5hbHVzb2xhci5jb20udG5cL3dwLWNvbnRlbnRcL3VwbG9hZHNcLzIwMjVcLzA0XC9Db250ZW5ldXItUHJlZmFicmlxdWUtMTEtbWluLTMuanBnIiwic2xpZGVzaG93IjoiNWViZjVhNiJ9\" href='https:\/\/www.alusolar.com.tn\/wp-content\/uploads\/2025\/04\/Conteneur-Prefabrique-11-min-3.jpg'><img loading=\"lazy\" decoding=\"async\" width=\"600\" height=\"768\" src=\"https:\/\/www.alusolar.com.tn\/wp-content\/uploads\/2025\/04\/Conteneur-Prefabrique-11-min-3-600x768.jpg\" class=\"attachment-medium_large size-medium_large\" alt=\"\" \/><\/a>\n\t\t\t<\/div><\/figure><figure class='gallery-item'>\n\t\t\t<div class='gallery-icon portrait'>\n\t\t\t\t<a data-elementor-open-lightbox=\"yes\" data-elementor-lightbox-slideshow=\"5ebf5a6\" data-elementor-lightbox-title=\"Conteneur-prefabriqu\u00e9---12-min\" data-e-action-hash=\"#elementor-action%3Aaction%3Dlightbox%26settings%3DeyJpZCI6NjE4NiwidXJsIjoiaHR0cHM6XC9cL3d3dy5hbHVzb2xhci5jb20udG5cL3dwLWNvbnRlbnRcL3VwbG9hZHNcLzIwMjVcLzA0XC9Db250ZW5ldXItcHJlZmFicmlxdWUtMTItbWluLTEuanBnIiwic2xpZGVzaG93IjoiNWViZjVhNiJ9\" href='https:\/\/www.alusolar.com.tn\/wp-content\/uploads\/2025\/04\/Conteneur-prefabrique-12-min-1.jpg'><img loading=\"lazy\" decoding=\"async\" width=\"600\" height=\"768\" src=\"https:\/\/www.alusolar.com.tn\/wp-content\/uploads\/2025\/04\/Conteneur-prefabrique-12-min-1-600x768.jpg\" class=\"attachment-medium_large size-medium_large\" alt=\"\" \/><\/a>\n\t\t\t<\/div><\/figure><figure class='gallery-item'>\n\t\t\t<div class='gallery-icon portrait'>\n\t\t\t\t<a data-elementor-open-lightbox=\"yes\" data-elementor-lightbox-slideshow=\"5ebf5a6\" data-elementor-lightbox-title=\"Conteneur-prefabriqu\u00e9---13-min\" data-e-action-hash=\"#elementor-action%3Aaction%3Dlightbox%26settings%3DeyJpZCI6NjE4OSwidXJsIjoiaHR0cHM6XC9cL3d3dy5hbHVzb2xhci5jb20udG5cL3dwLWNvbnRlbnRcL3VwbG9hZHNcLzIwMjVcLzA0XC9Db250ZW5ldXItcHJlZmFicmlxdWUtMTMtbWluLTEuanBnIiwic2xpZGVzaG93IjoiNWViZjVhNiJ9\" href='https:\/\/www.alusolar.com.tn\/wp-content\/uploads\/2025\/04\/Conteneur-prefabrique-13-min-1.jpg'><img loading=\"lazy\" decoding=\"async\" width=\"600\" height=\"768\" src=\"https:\/\/www.alusolar.com.tn\/wp-content\/uploads\/2025\/04\/Conteneur-prefabrique-13-min-1-600x768.jpg\" class=\"attachment-medium_large size-medium_large\" alt=\"\" \/><\/a>\n\t\t\t<\/div><\/figure><figure class='gallery-item'>\n\t\t\t<div class='gallery-icon portrait'>\n\t\t\t\t<a data-elementor-open-lightbox=\"yes\" data-elementor-lightbox-slideshow=\"5ebf5a6\" data-elementor-lightbox-title=\"Conteneur-prefabriqu\u00e9---14-min\" data-e-action-hash=\"#elementor-action%3Aaction%3Dlightbox%26settings%3DeyJpZCI6NjE5MiwidXJsIjoiaHR0cHM6XC9cL3d3dy5hbHVzb2xhci5jb20udG5cL3dwLWNvbnRlbnRcL3VwbG9hZHNcLzIwMjVcLzA0XC9Db250ZW5ldXItcHJlZmFicmlxdWUtMTQtbWluLTEuanBnIiwic2xpZGVzaG93IjoiNWViZjVhNiJ9\" href='https:\/\/www.alusolar.com.tn\/wp-content\/uploads\/2025\/04\/Conteneur-prefabrique-14-min-1.jpg'><img loading=\"lazy\" decoding=\"async\" width=\"600\" height=\"768\" src=\"https:\/\/www.alusolar.com.tn\/wp-content\/uploads\/2025\/04\/Conteneur-prefabrique-14-min-1-600x768.jpg\" class=\"attachment-medium_large size-medium_large\" alt=\"\" \/><\/a>\n\t\t\t<\/div><\/figure><figure class='gallery-item'>\n\t\t\t<div class='gallery-icon portrait'>\n\t\t\t\t<a data-elementor-open-lightbox=\"yes\" data-elementor-lightbox-slideshow=\"5ebf5a6\" data-elementor-lightbox-title=\"Conteneur-prefabriqu\u00e9---16-min\" data-e-action-hash=\"#elementor-action%3Aaction%3Dlightbox%26settings%3DeyJpZCI6NjE5NSwidXJsIjoiaHR0cHM6XC9cL3d3dy5hbHVzb2xhci5jb20udG5cL3dwLWNvbnRlbnRcL3VwbG9hZHNcLzIwMjVcLzA0XC9Db250ZW5ldXItcHJlZmFicmlxdWUtMTYtbWluLmpwZyIsInNsaWRlc2hvdyI6IjVlYmY1YTYifQ%3D%3D\" href='https:\/\/www.alusolar.com.tn\/wp-content\/uploads\/2025\/04\/Conteneur-prefabrique-16-min.jpg'><img loading=\"lazy\" decoding=\"async\" width=\"600\" height=\"768\" src=\"https:\/\/www.alusolar.com.tn\/wp-content\/uploads\/2025\/04\/Conteneur-prefabrique-16-min-600x768.jpg\" class=\"attachment-medium_large size-medium_large\" alt=\"\" \/><\/a>\n\t\t\t<\/div><\/figure><figure class='gallery-item'>\n\t\t\t<div class='gallery-icon portrait'>\n\t\t\t\t<a data-elementor-open-lightbox=\"yes\" data-elementor-lightbox-slideshow=\"5ebf5a6\" data-elementor-lightbox-title=\"Conteneur-prefabriqu\u00e9---17-min\" data-e-action-hash=\"#elementor-action%3Aaction%3Dlightbox%26settings%3DeyJpZCI6NjE5OCwidXJsIjoiaHR0cHM6XC9cL3d3dy5hbHVzb2xhci5jb20udG5cL3dwLWNvbnRlbnRcL3VwbG9hZHNcLzIwMjVcLzA0XC9Db250ZW5ldXItcHJlZmFicmlxdWUtMTctbWluLmpwZyIsInNsaWRlc2hvdyI6IjVlYmY1YTYifQ%3D%3D\" href='https:\/\/www.alusolar.com.tn\/wp-content\/uploads\/2025\/04\/Conteneur-prefabrique-17-min.jpg'><img loading=\"lazy\" decoding=\"async\" width=\"600\" height=\"768\" src=\"https:\/\/www.alusolar.com.tn\/wp-content\/uploads\/2025\/04\/Conteneur-prefabrique-17-min-600x768.jpg\" class=\"attachment-medium_large size-medium_large\" alt=\"\" \/><\/a>\n\t\t\t<\/div><\/figure><figure class='gallery-item'>\n\t\t\t<div class='gallery-icon portrait'>\n\t\t\t\t<a data-elementor-open-lightbox=\"yes\" data-elementor-lightbox-slideshow=\"5ebf5a6\" data-elementor-lightbox-title=\"Conteneur-prefabriqu\u00e9---18-min\" data-e-action-hash=\"#elementor-action%3Aaction%3Dlightbox%26settings%3DeyJpZCI6NjIwMSwidXJsIjoiaHR0cHM6XC9cL3d3dy5hbHVzb2xhci5jb20udG5cL3dwLWNvbnRlbnRcL3VwbG9hZHNcLzIwMjVcLzA0XC9Db250ZW5ldXItcHJlZmFicmlxdWUtMTgtbWluLmpwZyIsInNsaWRlc2hvdyI6IjVlYmY1YTYifQ%3D%3D\" href='https:\/\/www.alusolar.com.tn\/wp-content\/uploads\/2025\/04\/Conteneur-prefabrique-18-min.jpg'><img loading=\"lazy\" decoding=\"async\" width=\"600\" height=\"768\" src=\"https:\/\/www.alusolar.com.tn\/wp-content\/uploads\/2025\/04\/Conteneur-prefabrique-18-min-600x768.jpg\" class=\"attachment-medium_large size-medium_large\" alt=\"\" \/><\/a>\n\t\t\t<\/div><\/figure><figure class='gallery-item'>\n\t\t\t<div class='gallery-icon portrait'>\n\t\t\t\t<a data-elementor-open-lightbox=\"yes\" data-elementor-lightbox-slideshow=\"5ebf5a6\" data-elementor-lightbox-title=\"Conteneur-prefabriqu\u00e9---19-min\" data-e-action-hash=\"#elementor-action%3Aaction%3Dlightbox%26settings%3DeyJpZCI6NjIwNCwidXJsIjoiaHR0cHM6XC9cL3d3dy5hbHVzb2xhci5jb20udG5cL3dwLWNvbnRlbnRcL3VwbG9hZHNcLzIwMjVcLzA0XC9Db250ZW5ldXItcHJlZmFicmlxdWUtMTktbWluLmpwZyIsInNsaWRlc2hvdyI6IjVlYmY1YTYifQ%3D%3D\" href='https:\/\/www.alusolar.com.tn\/wp-content\/uploads\/2025\/04\/Conteneur-prefabrique-19-min.jpg'><img loading=\"lazy\" decoding=\"async\" width=\"600\" height=\"768\" src=\"https:\/\/www.alusolar.com.tn\/wp-content\/uploads\/2025\/04\/Conteneur-prefabrique-19-min-600x768.jpg\" class=\"attachment-medium_large size-medium_large\" alt=\"\" \/><\/a>\n\t\t\t<\/div><\/figure><figure class='gallery-item'>\n\t\t\t<div class='gallery-icon portrait'>\n\t\t\t\t<a data-elementor-open-lightbox=\"yes\" data-elementor-lightbox-slideshow=\"5ebf5a6\" data-elementor-lightbox-title=\"Conteneur-prefabriqu\u00e9---20-min\" data-e-action-hash=\"#elementor-action%3Aaction%3Dlightbox%26settings%3DeyJpZCI6NjIwNywidXJsIjoiaHR0cHM6XC9cL3d3dy5hbHVzb2xhci5jb20udG5cL3dwLWNvbnRlbnRcL3VwbG9hZHNcLzIwMjVcLzA0XC9Db250ZW5ldXItcHJlZmFicmlxdWUtMjAtbWluLmpwZyIsInNsaWRlc2hvdyI6IjVlYmY1YTYifQ%3D%3D\" href='https:\/\/www.alusolar.com.tn\/wp-content\/uploads\/2025\/04\/Conteneur-prefabrique-20-min.jpg'><img loading=\"lazy\" decoding=\"async\" width=\"600\" height=\"768\" src=\"https:\/\/www.alusolar.com.tn\/wp-content\/uploads\/2025\/04\/Conteneur-prefabrique-20-min-600x768.jpg\" class=\"attachment-medium_large size-medium_large\" alt=\"\" \/><\/a>\n\t\t\t<\/div><\/figure><figure class='gallery-item'>\n\t\t\t<div class='gallery-icon portrait'>\n\t\t\t\t<a data-elementor-open-lightbox=\"yes\" data-elementor-lightbox-slideshow=\"5ebf5a6\" data-elementor-lightbox-title=\"Conteneur-prefabriqu\u00e9---21-min\" data-e-action-hash=\"#elementor-action%3Aaction%3Dlightbox%26settings%3DeyJpZCI6NjIxMCwidXJsIjoiaHR0cHM6XC9cL3d3dy5hbHVzb2xhci5jb20udG5cL3dwLWNvbnRlbnRcL3VwbG9hZHNcLzIwMjVcLzA0XC9Db250ZW5ldXItcHJlZmFicmlxdWUtMjEtbWluLmpwZyIsInNsaWRlc2hvdyI6IjVlYmY1YTYifQ%3D%3D\" href='https:\/\/www.alusolar.com.tn\/wp-content\/uploads\/2025\/04\/Conteneur-prefabrique-21-min.jpg'><img loading=\"lazy\" decoding=\"async\" width=\"600\" height=\"768\" src=\"https:\/\/www.alusolar.com.tn\/wp-content\/uploads\/2025\/04\/Conteneur-prefabrique-21-min-600x768.jpg\" class=\"attachment-medium_large size-medium_large\" alt=\"\" \/><\/a>\n\t\t\t<\/div><\/figure><figure class='gallery-item'>\n\t\t\t<div class='gallery-icon portrait'>\n\t\t\t\t<a data-elementor-open-lightbox=\"yes\" data-elementor-lightbox-slideshow=\"5ebf5a6\" data-elementor-lightbox-title=\"Conteneur-prefabriqu\u00e9---22-min\" data-e-action-hash=\"#elementor-action%3Aaction%3Dlightbox%26settings%3DeyJpZCI6NjIxMywidXJsIjoiaHR0cHM6XC9cL3d3dy5hbHVzb2xhci5jb20udG5cL3dwLWNvbnRlbnRcL3VwbG9hZHNcLzIwMjVcLzA0XC9Db250ZW5ldXItcHJlZmFicmlxdWUtMjItbWluLmpwZyIsInNsaWRlc2hvdyI6IjVlYmY1YTYifQ%3D%3D\" href='https:\/\/www.alusolar.com.tn\/wp-content\/uploads\/2025\/04\/Conteneur-prefabrique-22-min.jpg'><img loading=\"lazy\" decoding=\"async\" width=\"600\" height=\"768\" src=\"https:\/\/www.alusolar.com.tn\/wp-content\/uploads\/2025\/04\/Conteneur-prefabrique-22-min-600x768.jpg\" class=\"attachment-medium_large size-medium_large\" alt=\"\" \/><\/a>\n\t\t\t<\/div><\/figure><figure class='gallery-item'>\n\t\t\t<div class='gallery-icon portrait'>\n\t\t\t\t<a data-elementor-open-lightbox=\"yes\" data-elementor-lightbox-slideshow=\"5ebf5a6\" data-elementor-lightbox-title=\"Conteneur-prefabriqu\u00e9---23-min\" data-e-action-hash=\"#elementor-action%3Aaction%3Dlightbox%26settings%3DeyJpZCI6NjIxNiwidXJsIjoiaHR0cHM6XC9cL3d3dy5hbHVzb2xhci5jb20udG5cL3dwLWNvbnRlbnRcL3VwbG9hZHNcLzIwMjVcLzA0XC9Db250ZW5ldXItcHJlZmFicmlxdWUtMjMtbWluLmpwZyIsInNsaWRlc2hvdyI6IjVlYmY1YTYifQ%3D%3D\" href='https:\/\/www.alusolar.com.tn\/wp-content\/uploads\/2025\/04\/Conteneur-prefabrique-23-min.jpg'><img loading=\"lazy\" decoding=\"async\" width=\"600\" height=\"768\" src=\"https:\/\/www.alusolar.com.tn\/wp-content\/uploads\/2025\/04\/Conteneur-prefabrique-23-min-600x768.jpg\" class=\"attachment-medium_large size-medium_large\" alt=\"\" \/><\/a>\n\t\t\t<\/div><\/figure><figure class='gallery-item'>\n\t\t\t<div class='gallery-icon portrait'>\n\t\t\t\t<a data-elementor-open-lightbox=\"yes\" data-elementor-lightbox-slideshow=\"5ebf5a6\" data-elementor-lightbox-title=\"Conteneur-prefabriqu\u00e9---25-min\" data-e-action-hash=\"#elementor-action%3Aaction%3Dlightbox%26settings%3DeyJpZCI6NjIxOSwidXJsIjoiaHR0cHM6XC9cL3d3dy5hbHVzb2xhci5jb20udG5cL3dwLWNvbnRlbnRcL3VwbG9hZHNcLzIwMjVcLzA0XC9Db250ZW5ldXItcHJlZmFicmlxdWUtMjUtbWluLmpwZyIsInNsaWRlc2hvdyI6IjVlYmY1YTYifQ%3D%3D\" href='https:\/\/www.alusolar.com.tn\/wp-content\/uploads\/2025\/04\/Conteneur-prefabrique-25-min.jpg'><img loading=\"lazy\" decoding=\"async\" width=\"600\" height=\"768\" src=\"https:\/\/www.alusolar.com.tn\/wp-content\/uploads\/2025\/04\/Conteneur-prefabrique-25-min-600x768.jpg\" class=\"attachment-medium_large size-medium_large\" alt=\"\" \/><\/a>\n\t\t\t<\/div><\/figure><figure class='gallery-item'>\n\t\t\t<div class='gallery-icon portrait'>\n\t\t\t\t<a data-elementor-open-lightbox=\"yes\" data-elementor-lightbox-slideshow=\"5ebf5a6\" data-elementor-lightbox-title=\"Conteneur-prefabriqu\u00e9---26-min\" data-e-action-hash=\"#elementor-action%3Aaction%3Dlightbox%26settings%3DeyJpZCI6NjIyMiwidXJsIjoiaHR0cHM6XC9cL3d3dy5hbHVzb2xhci5jb20udG5cL3dwLWNvbnRlbnRcL3VwbG9hZHNcLzIwMjVcLzA0XC9Db250ZW5ldXItcHJlZmFicmlxdWUtMjYtbWluLmpwZyIsInNsaWRlc2hvdyI6IjVlYmY1YTYifQ%3D%3D\" href='https:\/\/www.alusolar.com.tn\/wp-content\/uploads\/2025\/04\/Conteneur-prefabrique-26-min.jpg'><img loading=\"lazy\" decoding=\"async\" width=\"600\" height=\"768\" src=\"https:\/\/www.alusolar.com.tn\/wp-content\/uploads\/2025\/04\/Conteneur-prefabrique-26-min-600x768.jpg\" class=\"attachment-medium_large size-medium_large\" alt=\"\" \/><\/a>\n\t\t\t<\/div><\/figure><figure class='gallery-item'>\n\t\t\t<div class='gallery-icon portrait'>\n\t\t\t\t<a data-elementor-open-lightbox=\"yes\" data-elementor-lightbox-slideshow=\"5ebf5a6\" data-elementor-lightbox-title=\"Conteneur-prefabriqu\u00e9---27-min\" data-e-action-hash=\"#elementor-action%3Aaction%3Dlightbox%26settings%3DeyJpZCI6NjIyNSwidXJsIjoiaHR0cHM6XC9cL3d3dy5hbHVzb2xhci5jb20udG5cL3dwLWNvbnRlbnRcL3VwbG9hZHNcLzIwMjVcLzA0XC9Db250ZW5ldXItcHJlZmFicmlxdWUtMjctbWluLmpwZyIsInNsaWRlc2hvdyI6IjVlYmY1YTYifQ%3D%3D\" href='https:\/\/www.alusolar.com.tn\/wp-content\/uploads\/2025\/04\/Conteneur-prefabrique-27-min.jpg'><img loading=\"lazy\" decoding=\"async\" width=\"600\" height=\"768\" src=\"https:\/\/www.alusolar.com.tn\/wp-content\/uploads\/2025\/04\/Conteneur-prefabrique-27-min-600x768.jpg\" class=\"attachment-medium_large size-medium_large\" alt=\"\" \/><\/a>\n\t\t\t<\/div><\/figure><figure class='gallery-item'>\n\t\t\t<div class='gallery-icon portrait'>\n\t\t\t\t<a data-elementor-open-lightbox=\"yes\" data-elementor-lightbox-slideshow=\"5ebf5a6\" data-elementor-lightbox-title=\"Conteneur-prefabriqu\u00e9---28-min\" data-e-action-hash=\"#elementor-action%3Aaction%3Dlightbox%26settings%3DeyJpZCI6NjIyOCwidXJsIjoiaHR0cHM6XC9cL3d3dy5hbHVzb2xhci5jb20udG5cL3dwLWNvbnRlbnRcL3VwbG9hZHNcLzIwMjVcLzA0XC9Db250ZW5ldXItcHJlZmFicmlxdWUtMjgtbWluLmpwZyIsInNsaWRlc2hvdyI6IjVlYmY1YTYifQ%3D%3D\" href='https:\/\/www.alusolar.com.tn\/wp-content\/uploads\/2025\/04\/Conteneur-prefabrique-28-min.jpg'><img loading=\"lazy\" decoding=\"async\" width=\"600\" height=\"768\" src=\"https:\/\/www.alusolar.com.tn\/wp-content\/uploads\/2025\/04\/Conteneur-prefabrique-28-min-600x768.jpg\" class=\"attachment-medium_large size-medium_large\" alt=\"\" \/><\/a>\n\t\t\t<\/div><\/figure><figure class='gallery-item'>\n\t\t\t<div class='gallery-icon portrait'>\n\t\t\t\t<a data-elementor-open-lightbox=\"yes\" data-elementor-lightbox-slideshow=\"5ebf5a6\" data-elementor-lightbox-title=\"Conteneur-prefabriqu\u00e9---29-min\" data-e-action-hash=\"#elementor-action%3Aaction%3Dlightbox%26settings%3DeyJpZCI6NjIzMSwidXJsIjoiaHR0cHM6XC9cL3d3dy5hbHVzb2xhci5jb20udG5cL3dwLWNvbnRlbnRcL3VwbG9hZHNcLzIwMjVcLzA0XC9Db250ZW5ldXItcHJlZmFicmlxdWUtMjktbWluLmpwZyIsInNsaWRlc2hvdyI6IjVlYmY1YTYifQ%3D%3D\" href='https:\/\/www.alusolar.com.tn\/wp-content\/uploads\/2025\/04\/Conteneur-prefabrique-29-min.jpg'><img loading=\"lazy\" decoding=\"async\" width=\"600\" height=\"768\" src=\"https:\/\/www.alusolar.com.tn\/wp-content\/uploads\/2025\/04\/Conteneur-prefabrique-29-min-600x768.jpg\" class=\"attachment-medium_large size-medium_large\" alt=\"\" \/><\/a>\n\t\t\t<\/div><\/figure><figure class='gallery-item'>\n\t\t\t<div class='gallery-icon portrait'>\n\t\t\t\t<a data-elementor-open-lightbox=\"yes\" data-elementor-lightbox-slideshow=\"5ebf5a6\" data-elementor-lightbox-title=\"Conteneur-prefabriqu\u00e9---30-min\" data-e-action-hash=\"#elementor-action%3Aaction%3Dlightbox%26settings%3DeyJpZCI6NjIzNCwidXJsIjoiaHR0cHM6XC9cL3d3dy5hbHVzb2xhci5jb20udG5cL3dwLWNvbnRlbnRcL3VwbG9hZHNcLzIwMjVcLzA0XC9Db250ZW5ldXItcHJlZmFicmlxdWUtMzAtbWluLmpwZyIsInNsaWRlc2hvdyI6IjVlYmY1YTYifQ%3D%3D\" href='https:\/\/www.alusolar.com.tn\/wp-content\/uploads\/2025\/04\/Conteneur-prefabrique-30-min.jpg'><img loading=\"lazy\" decoding=\"async\" width=\"600\" height=\"768\" src=\"https:\/\/www.alusolar.com.tn\/wp-content\/uploads\/2025\/04\/Conteneur-prefabrique-30-min-600x768.jpg\" class=\"attachment-medium_large size-medium_large\" alt=\"\" \/><\/a>\n\t\t\t<\/div><\/figure><figure class='gallery-item'>\n\t\t\t<div class='gallery-icon portrait'>\n\t\t\t\t<a data-elementor-open-lightbox=\"yes\" data-elementor-lightbox-slideshow=\"5ebf5a6\" data-elementor-lightbox-title=\"Conteneur-prefabriqu\u00e9---31-min\" data-e-action-hash=\"#elementor-action%3Aaction%3Dlightbox%26settings%3DeyJpZCI6NjIzNywidXJsIjoiaHR0cHM6XC9cL3d3dy5hbHVzb2xhci5jb20udG5cL3dwLWNvbnRlbnRcL3VwbG9hZHNcLzIwMjVcLzA0XC9Db250ZW5ldXItcHJlZmFicmlxdWUtMzEtbWluLmpwZyIsInNsaWRlc2hvdyI6IjVlYmY1YTYifQ%3D%3D\" href='https:\/\/www.alusolar.com.tn\/wp-content\/uploads\/2025\/04\/Conteneur-prefabrique-31-min.jpg'><img loading=\"lazy\" decoding=\"async\" width=\"600\" height=\"768\" src=\"https:\/\/www.alusolar.com.tn\/wp-content\/uploads\/2025\/04\/Conteneur-prefabrique-31-min-600x768.jpg\" class=\"attachment-medium_large size-medium_large\" alt=\"\" \/><\/a>\n\t\t\t<\/div><\/figure><figure class='gallery-item'>\n\t\t\t<div class='gallery-icon portrait'>\n\t\t\t\t<a data-elementor-open-lightbox=\"yes\" data-elementor-lightbox-slideshow=\"5ebf5a6\" data-elementor-lightbox-title=\"Conteneur-prefabriqu\u00e9---32-min\" data-e-action-hash=\"#elementor-action%3Aaction%3Dlightbox%26settings%3DeyJpZCI6NjI0MCwidXJsIjoiaHR0cHM6XC9cL3d3dy5hbHVzb2xhci5jb20udG5cL3dwLWNvbnRlbnRcL3VwbG9hZHNcLzIwMjVcLzA0XC9Db250ZW5ldXItcHJlZmFicmlxdWUtMzItbWluLmpwZyIsInNsaWRlc2hvdyI6IjVlYmY1YTYifQ%3D%3D\" href='https:\/\/www.alusolar.com.tn\/wp-content\/uploads\/2025\/04\/Conteneur-prefabrique-32-min.jpg'><img loading=\"lazy\" decoding=\"async\" width=\"600\" height=\"768\" src=\"https:\/\/www.alusolar.com.tn\/wp-content\/uploads\/2025\/04\/Conteneur-prefabrique-32-min-600x768.jpg\" class=\"attachment-medium_large size-medium_large\" alt=\"\" \/><\/a>\n\t\t\t<\/div><\/figure>\n\t\t<\/div>\n\t\t<\/div>\n\t\t\t\t<\/div>\n\t\t\t\t<\/div>\n\t\t\t\t\t<\/div>\n\t\t<\/div>\n\t\t\t\t\t\t\t<\/div>\n\t\t<\/section>\n\t\t\t\t\t\t\t<\/div>\n\t\t","protected":false},"excerpt":{"rendered":"<p>Produit Conteneurs pr\u00e9fabriqu\u00e9s Les conteneurs pr\u00e9fabriqu\u00e9s constituent une solution efficace pour avoir une structure habitable et modulaire.Ils sont con\u00e7us pour plusieurs fonctions : habitation, bureautique, sanitaires, stockage, chantiers\u2026Les conteneurs pr\u00e9fabriqu\u00e9s sont amovibles, modulaires, \u00e9conomiques et \u00e9cologiques. Fiche Technique Disponibilit\u00e9 \u25cf Protection solaire \u25cf Couleur Au choix Resistance chaud-froid \u25cf Resistance \u00e0 l\u2019humidit\u00e9 \u25cf Etanch\u00e9it\u00e9 \u25cf [&hellip;]<\/p>\n","protected":false},"featured_media":6092,"menu_order":0,"template":"elementor_header_footer","meta":{"footnotes":""},"portfolio-cat":[77],"portfolio-tag":[76],"portfolio-filter":[6],"class_list":["post-6091","portfolio","type-portfolio","status-publish","has-post-thumbnail","hentry","portfolio-cat-structures-fixes","portfolio-tag-uncategorized-fr","portfolio-filter-uncategorized"],"yoast_head":"<!-- This site is optimized with the Yoast SEO plugin v21.9.1 - https:\/\/yoast.com\/wordpress\/plugins\/seo\/ -->\n<title>Conteneurs pr\u00e9fabriqu\u00e9s | Alu Solar Tunisie<\/title>\n<meta name=\"description\" content=\"ProduitConteneurs pr\u00e9fabriqu\u00e9sLes conteneurs pr\u00e9fabriqu\u00e9s constituent une solution efficace pour avoir une structure habitable et modulaire.Ils sont\" \/>\n<meta name=\"robots\" content=\"index, follow, max-snippet:-1, max-image-preview:large, max-video-preview:-1\" \/>\n<link rel=\"canonical\" href=\"https:\/\/www.alusolar.com.tn\/fr\/portfolio\/prefabricated-containers\/\" \/>\n<meta property=\"og:locale\" content=\"fr_FR\" \/>\n<meta property=\"og:type\" content=\"article\" \/>\n<meta property=\"og:title\" content=\"Conteneurs pr\u00e9fabriqu\u00e9s | Alu Solar Tunisie\" \/>\n<meta property=\"og:description\" content=\"ProduitConteneurs pr\u00e9fabriqu\u00e9sLes conteneurs pr\u00e9fabriqu\u00e9s constituent une solution efficace pour avoir une structure habitable et modulaire.Ils sont\" \/>\n<meta property=\"og:url\" content=\"https:\/\/www.alusolar.com.tn\/portfolio\/prefabricated-containers\/\" \/>\n<meta property=\"og:site_name\" content=\"Alu Solar Tunisie\" \/>\n<meta property=\"article:modified_time\" content=\"2025-06-04T13:49:36+00:00\" \/>\n<meta property=\"og:image\" content=\"https:\/\/www.alusolar.com.tn\/wp-content\/uploads\/2025\/04\/Conteneur-Prefabrique-4-min.jpg\" \/>\n\t<meta property=\"og:image:width\" content=\"600\" \/>\n\t<meta property=\"og:image:height\" content=\"800\" \/>\n\t<meta property=\"og:image:type\" content=\"image\/jpeg\" \/>\n<meta name=\"twitter:card\" content=\"summary_large_image\" \/>\n<meta name=\"twitter:label1\" content=\"Dur\u00e9e de lecture estim\u00e9e\" \/>\n\t<meta name=\"twitter:data1\" content=\"8 minutes\" \/>\n<script type=\"application\/ld+json\" class=\"yoast-schema-graph\">{\"@context\":\"https:\/\/schema.org\",\"@graph\":[{\"@type\":\"WebPage\",\"@id\":\"https:\/\/www.alusolar.com.tn\/portfolio\/prefabricated-containers\/\",\"url\":\"https:\/\/www.alusolar.com.tn\/portfolio\/prefabricated-containers\/\",\"name\":\"Conteneurs pr\u00e9fabriqu\u00e9s | Alu Solar Tunisie\",\"isPartOf\":{\"@id\":\"https:\/\/www.alusolar.com.tn\/ar\/#website\"},\"datePublished\":\"2025-04-29T11:54:51+00:00\",\"dateModified\":\"2025-06-04T13:49:36+00:00\",\"description\":\"ProduitConteneurs pr\u00e9fabriqu\u00e9sLes conteneurs pr\u00e9fabriqu\u00e9s constituent une solution efficace pour avoir une structure habitable et modulaire.Ils sont\",\"breadcrumb\":{\"@id\":\"https:\/\/www.alusolar.com.tn\/portfolio\/prefabricated-containers\/#breadcrumb\"},\"inLanguage\":\"fr-FR\",\"potentialAction\":[{\"@type\":\"ReadAction\",\"target\":[\"https:\/\/www.alusolar.com.tn\/portfolio\/prefabricated-containers\/\"]}]},{\"@type\":\"BreadcrumbList\",\"@id\":\"https:\/\/www.alusolar.com.tn\/portfolio\/prefabricated-containers\/#breadcrumb\",\"itemListElement\":[{\"@type\":\"ListItem\",\"position\":1,\"name\":\"Accueil\",\"item\":\"https:\/\/www.alusolar.com.tn\/\"},{\"@type\":\"ListItem\",\"position\":2,\"name\":\"Portfolios\",\"item\":\"https:\/\/www.alusolar.com.tn\/portfolio\/all\/\"},{\"@type\":\"ListItem\",\"position\":3,\"name\":\"Conteneurs pr\u00e9fabriqu\u00e9s\"}]},{\"@type\":\"WebSite\",\"@id\":\"https:\/\/www.alusolar.com.tn\/ar\/#website\",\"url\":\"https:\/\/www.alusolar.com.tn\/ar\/\",\"name\":\"Alu Solar Tunisie\",\"description\":\"Cr\u00e9ateur de luxe\",\"publisher\":{\"@id\":\"https:\/\/www.alusolar.com.tn\/ar\/#organization\"},\"potentialAction\":[{\"@type\":\"SearchAction\",\"target\":{\"@type\":\"EntryPoint\",\"urlTemplate\":\"https:\/\/www.alusolar.com.tn\/ar\/?s={search_term_string}\"},\"query-input\":\"required name=search_term_string\"}],\"inLanguage\":\"fr-FR\"},{\"@type\":\"Organization\",\"@id\":\"https:\/\/www.alusolar.com.tn\/ar\/#organization\",\"name\":\"Alu Solar Tunisie\",\"url\":\"https:\/\/www.alusolar.com.tn\/ar\/\",\"logo\":{\"@type\":\"ImageObject\",\"inLanguage\":\"fr-FR\",\"@id\":\"https:\/\/www.alusolar.com.tn\/ar\/#\/schema\/logo\/image\/\",\"url\":\"https:\/\/www.alusolar.com.tn\/wp-content\/uploads\/2023\/12\/solar-svvg-01.svg\",\"contentUrl\":\"https:\/\/www.alusolar.com.tn\/wp-content\/uploads\/2023\/12\/solar-svvg-01.svg\",\"width\":232,\"height\":124,\"caption\":\"Alu Solar Tunisie\"},\"image\":{\"@id\":\"https:\/\/www.alusolar.com.tn\/ar\/#\/schema\/logo\/image\/\"}}]}<\/script>\n<!-- \/ Yoast SEO plugin. -->","yoast_head_json":{"title":"Conteneurs pr\u00e9fabriqu\u00e9s | Alu Solar Tunisie","description":"ProduitConteneurs pr\u00e9fabriqu\u00e9sLes conteneurs pr\u00e9fabriqu\u00e9s constituent une solution efficace pour avoir une structure habitable et modulaire.Ils sont","robots":{"index":"index","follow":"follow","max-snippet":"max-snippet:-1","max-image-preview":"max-image-preview:large","max-video-preview":"max-video-preview:-1"},"canonical":"https:\/\/www.alusolar.com.tn\/fr\/portfolio\/prefabricated-containers\/","og_locale":"fr_FR","og_type":"article","og_title":"Conteneurs pr\u00e9fabriqu\u00e9s | Alu Solar Tunisie","og_description":"ProduitConteneurs pr\u00e9fabriqu\u00e9sLes conteneurs pr\u00e9fabriqu\u00e9s constituent une solution efficace pour avoir une structure habitable et modulaire.Ils sont","og_url":"https:\/\/www.alusolar.com.tn\/portfolio\/prefabricated-containers\/","og_site_name":"Alu Solar Tunisie","article_modified_time":"2025-06-04T13:49:36+00:00","og_image":[{"width":600,"height":800,"url":"https:\/\/www.alusolar.com.tn\/wp-content\/uploads\/2025\/04\/Conteneur-Prefabrique-4-min.jpg","type":"image\/jpeg"}],"twitter_card":"summary_large_image","twitter_misc":{"Dur\u00e9e de lecture estim\u00e9e":"8 minutes"},"schema":{"@context":"https:\/\/schema.org","@graph":[{"@type":"WebPage","@id":"https:\/\/www.alusolar.com.tn\/portfolio\/prefabricated-containers\/","url":"https:\/\/www.alusolar.com.tn\/portfolio\/prefabricated-containers\/","name":"Conteneurs pr\u00e9fabriqu\u00e9s | Alu Solar Tunisie","isPartOf":{"@id":"https:\/\/www.alusolar.com.tn\/ar\/#website"},"datePublished":"2025-04-29T11:54:51+00:00","dateModified":"2025-06-04T13:49:36+00:00","description":"ProduitConteneurs pr\u00e9fabriqu\u00e9sLes conteneurs pr\u00e9fabriqu\u00e9s constituent une solution efficace pour avoir une structure habitable et modulaire.Ils sont","breadcrumb":{"@id":"https:\/\/www.alusolar.com.tn\/portfolio\/prefabricated-containers\/#breadcrumb"},"inLanguage":"fr-FR","potentialAction":[{"@type":"ReadAction","target":["https:\/\/www.alusolar.com.tn\/portfolio\/prefabricated-containers\/"]}]},{"@type":"BreadcrumbList","@id":"https:\/\/www.alusolar.com.tn\/portfolio\/prefabricated-containers\/#breadcrumb","itemListElement":[{"@type":"ListItem","position":1,"name":"Accueil","item":"https:\/\/www.alusolar.com.tn\/"},{"@type":"ListItem","position":2,"name":"Portfolios","item":"https:\/\/www.alusolar.com.tn\/portfolio\/all\/"},{"@type":"ListItem","position":3,"name":"Conteneurs pr\u00e9fabriqu\u00e9s"}]},{"@type":"WebSite","@id":"https:\/\/www.alusolar.com.tn\/ar\/#website","url":"https:\/\/www.alusolar.com.tn\/ar\/","name":"Alu Solar Tunisie","description":"Cr\u00e9ateur de luxe","publisher":{"@id":"https:\/\/www.alusolar.com.tn\/ar\/#organization"},"potentialAction":[{"@type":"SearchAction","target":{"@type":"EntryPoint","urlTemplate":"https:\/\/www.alusolar.com.tn\/ar\/?s={search_term_string}"},"query-input":"required name=search_term_string"}],"inLanguage":"fr-FR"},{"@type":"Organization","@id":"https:\/\/www.alusolar.com.tn\/ar\/#organization","name":"Alu Solar Tunisie","url":"https:\/\/www.alusolar.com.tn\/ar\/","logo":{"@type":"ImageObject","inLanguage":"fr-FR","@id":"https:\/\/www.alusolar.com.tn\/ar\/#\/schema\/logo\/image\/","url":"https:\/\/www.alusolar.com.tn\/wp-content\/uploads\/2023\/12\/solar-svvg-01.svg","contentUrl":"https:\/\/www.alusolar.com.tn\/wp-content\/uploads\/2023\/12\/solar-svvg-01.svg","width":232,"height":124,"caption":"Alu Solar Tunisie"},"image":{"@id":"https:\/\/www.alusolar.com.tn\/ar\/#\/schema\/logo\/image\/"}}]}},"_links":{"self":[{"href":"https:\/\/www.alusolar.com.tn\/fr\/wp-json\/wp\/v2\/portfolio\/6091","targetHints":{"allow":["GET"]}}],"collection":[{"href":"https:\/\/www.alusolar.com.tn\/fr\/wp-json\/wp\/v2\/portfolio"}],"about":[{"href":"https:\/\/www.alusolar.com.tn\/fr\/wp-json\/wp\/v2\/types\/portfolio"}],"version-history":[{"count":20,"href":"https:\/\/www.alusolar.com.tn\/fr\/wp-json\/wp\/v2\/portfolio\/6091\/revisions"}],"predecessor-version":[{"id":7145,"href":"https:\/\/www.alusolar.com.tn\/fr\/wp-json\/wp\/v2\/portfolio\/6091\/revisions\/7145"}],"wp:featuredmedia":[{"embeddable":true,"href":"https:\/\/www.alusolar.com.tn\/fr\/wp-json\/wp\/v2\/media\/6092"}],"wp:attachment":[{"href":"https:\/\/www.alusolar.com.tn\/fr\/wp-json\/wp\/v2\/media?parent=6091"}],"wp:term":[{"taxonomy":"portfolio-cat","embeddable":true,"href":"https:\/\/www.alusolar.com.tn\/fr\/wp-json\/wp\/v2\/portfolio-cat?post=6091"},{"taxonomy":"portfolio-tag","embeddable":true,"href":"https:\/\/www.alusolar.com.tn\/fr\/wp-json\/wp\/v2\/portfolio-tag?post=6091"},{"taxonomy":"portfolio-filter","embeddable":true,"href":"https:\/\/www.alusolar.com.tn\/fr\/wp-json\/wp\/v2\/portfolio-filter?post=6091"}],"curies":[{"name":"wp","href":"https:\/\/api.w.org\/{rel}","templated":true}]}}