{"id":6335,"date":"2025-05-02T13:19:48","date_gmt":"2025-05-02T11:19:48","guid":{"rendered":"https:\/\/www.alusolar.com.tn\/?post_type=portfolio&#038;p=6335"},"modified":"2025-06-04T15:44:11","modified_gmt":"2025-06-04T13:44:11","slug":"auvent-en-verre","status":"publish","type":"portfolio","link":"https:\/\/www.alusolar.com.tn\/fr\/portfolio\/auvent-en-verre\/","title":{"rendered":"Auvent en verre"},"content":{"rendered":"\t\t<div data-elementor-type=\"wp-post\" data-elementor-id=\"6335\" class=\"elementor elementor-6335\">\n\t\t\t\t\t\t\t\t\t<section class=\"elementor-section elementor-top-section elementor-element elementor-element-d0dc449 elementor-section-full_width elementor-section-height-default elementor-section-height-default wpr-particle-no wpr-jarallax-no wpr-parallax-no wpr-sticky-section-no\" data-id=\"d0dc449\" data-element_type=\"section\">\n\t\t\t\t\t\t<div class=\"elementor-container elementor-column-gap-no\">\n\t\t\t\t\t<div class=\"aux-parallax-section elementor-column elementor-col-100 elementor-top-column elementor-element elementor-element-ed10e0f\" data-id=\"ed10e0f\" data-element_type=\"column\">\n\t\t\t<div class=\"elementor-widget-wrap elementor-element-populated\">\n\t\t\t\t\t\t\t\t<div class=\"elementor-element elementor-element-e0106fb aux-shpe-type-rectangle elementor-widget__width-auto aux-appear-watch-animation aux-fade-in-right-2 elementor-widget elementor-widget-aux_simple_shape\" data-id=\"e0106fb\" data-element_type=\"widget\" data-widget_type=\"aux_simple_shape.default\">\n\t\t\t\t<div class=\"elementor-widget-container\">\n\t\t\t    <div class=\"aux-widget-container aux-simple-shape-container\">\n        <div class=\"aux-widget-container-inner\">\n            <div class=\"aux-the-shape\"><\/div>\n        <\/div>\n    <\/div>\n    \t\t<\/div>\n\t\t\t\t<\/div>\n\t\t\t\t<div class=\"elementor-element elementor-element-d56acbb aux-shpe-type-rectangle elementor-widget__width-auto aux-appear-watch-animation aux-fade-in-left-2 elementor-widget elementor-widget-aux_simple_shape\" data-id=\"d56acbb\" data-element_type=\"widget\" data-widget_type=\"aux_simple_shape.default\">\n\t\t\t\t<div class=\"elementor-widget-container\">\n\t\t\t    <div class=\"aux-widget-container aux-simple-shape-container\">\n        <div class=\"aux-widget-container-inner\">\n            <div class=\"aux-the-shape\"><\/div>\n        <\/div>\n    <\/div>\n    \t\t<\/div>\n\t\t\t\t<\/div>\n\t\t\t\t<section class=\"elementor-section elementor-inner-section elementor-element elementor-element-04be906 elementor-section-content-middle elementor-reverse-mobile elementor-section-boxed elementor-section-height-default elementor-section-height-default wpr-particle-no wpr-jarallax-no wpr-parallax-no wpr-sticky-section-no\" data-id=\"04be906\" data-element_type=\"section\">\n\t\t\t\t\t\t<div class=\"elementor-container elementor-column-gap-no\">\n\t\t\t\t\t<div class=\"aux-parallax-section elementor-column elementor-col-50 elementor-inner-column elementor-element elementor-element-f7a861a\" data-id=\"f7a861a\" data-element_type=\"column\">\n\t\t\t<div class=\"elementor-widget-wrap elementor-element-populated\">\n\t\t\t\t\t\t\t\t<div class=\"elementor-element elementor-element-1667d8d aux-appear-watch-animation aux-fade-in-up-1 elementor-widget elementor-widget-aux_modern_heading\" data-id=\"1667d8d\" data-element_type=\"widget\" data-widget_type=\"aux_modern_heading.default\">\n\t\t\t\t<div class=\"elementor-widget-container\">\n\t\t\t<section class=\"aux-widget-modern-heading\">\n            <div class=\"aux-widget-inner\"><h5 class=\"aux-modern-heading-primary\">Produit<\/h5><h3 class=\"aux-modern-heading-secondary\"><span class=\"aux-head-before\">Auvent <\/span><span class=\"aux-head-highlight\">En verre <\/span><\/h3><div class=\"aux-modern-heading-divider\"><\/div><div class=\"aux-modern-heading-description\"><p>Un auvent en verre ou appel\u00e9 aussi abri en verre, est con\u00e7u avec un design moderne et chic.<br \/>Cet \u00e9l\u00e9ment peut \u00eatre install\u00e9 pour prot\u00e9ger vos portes ou vos fen\u00eatres contre la pluie et les rayons solaires.<\/p><p>\u00a0<\/p><\/div><\/div>\n        <\/section>\t\t<\/div>\n\t\t\t\t<\/div>\n\t\t\t\t<div class=\"elementor-element elementor-element-6d90171 elementor-widget elementor-widget-heading\" data-id=\"6d90171\" data-element_type=\"widget\" data-widget_type=\"heading.default\">\n\t\t\t\t<div class=\"elementor-widget-container\">\n\t\t\t<h4 class=\"elementor-heading-title elementor-size-default\">Fiche Technique <\/h4>\t\t<\/div>\n\t\t\t\t<\/div>\n\t\t\t\t<div class=\"elementor-element elementor-element-5eb2a04 elementor-widget elementor-widget-text-editor\" data-id=\"5eb2a04\" data-element_type=\"widget\" data-widget_type=\"text-editor.default\">\n\t\t\t\t<div class=\"elementor-widget-container\">\n\t\t\t\t\t\t\t<table width=\"567\"><tbody><tr><td width=\"264\">Disponibilit\u00e9<\/td><td width=\"303\">\u25cf<\/td><\/tr><tr><td>Protection solaire<\/td><td>\u25cf<\/td><\/tr><tr><td>Evacuation des eaux<\/td><td>\u25cf<\/td><\/tr><tr><td>Couleur<\/td><td>Au choix<\/td><\/tr><tr><td>Mati\u00e8re de structure<\/td><td>Aluminium &#8211; M\u00e9tal\u2026<\/td><\/tr><tr><td>Mati\u00e8re de toiture<\/td><td>Verre\u00a0feuillet\u00e9<\/td><\/tr><tr><td>Resistance chaud-froid<\/td><td>\u25cf<\/td><\/tr><tr><td>Resistance \u00e0 l\u2019humidit\u00e9<\/td><td>\u25cf<\/td><\/tr><tr><td>Etanch\u00e9it\u00e9<\/td><td>Selon mod\u00e8le<\/td><\/tr><tr><td>Verre securit<\/td><td>\u25cf<\/td><\/tr><tr><td>Garantie<\/td><td>\u25cf<\/td><\/tr><\/tbody><\/table>\t\t\t\t\t\t<\/div>\n\t\t\t\t<\/div>\n\t\t\t\t<div class=\"elementor-element elementor-element-b00dc30 elementor-widget elementor-widget-text-editor\" data-id=\"b00dc30\" data-element_type=\"widget\" data-widget_type=\"text-editor.default\">\n\t\t\t\t<div class=\"elementor-widget-container\">\n\t\t\t\t\t\t\t\t\t\t\t\t\t<\/div>\n\t\t\t\t<\/div>\n\t\t\t\t\t<\/div>\n\t\t<\/div>\n\t\t\t\t<div class=\"aux-parallax-section elementor-column elementor-col-50 elementor-inner-column elementor-element elementor-element-f2a21c3\" data-id=\"f2a21c3\" data-element_type=\"column\">\n\t\t\t<div class=\"elementor-widget-wrap elementor-element-populated\">\n\t\t\t\t\t\t\t\t<div class=\"elementor-element elementor-element-e7228d4 aux-appear-watch-animation aux-mask-from-left elementor-widget elementor-widget-aux_image\" data-id=\"e7228d4\" data-element_type=\"widget\" data-widget_type=\"aux_image.default\">\n\t\t\t\t<div class=\"elementor-widget-container\">\n\t\t\t<section class=\"widget-container aux-widget-image aux-alignnone aux-parent-au422298dc\">\n    <div class=\"aux-media-hint-frame \">\n        <div class=\"aux-media-image \" >\n        \n            \n\n            \n            <img fetchpriority=\"high\" decoding=\"async\" width=\"600\" height=\"800\" src=\"https:\/\/www.alusolar.com.tn\/wp-content\/uploads\/2025\/05\/Auvent-en-Verre-3-min-600x800.jpg\" class=\"aux-attachment aux-featured-image aux-attachment-id-6342\" alt=\"Auvent-en-Verre-3-min\" srcset=\"https:\/\/www.alusolar.com.tn\/wp-content\/uploads\/2025\/05\/Auvent-en-Verre-3-min-150x200.jpg 150w,https:\/\/www.alusolar.com.tn\/wp-content\/uploads\/2025\/05\/Auvent-en-Verre-3-min-300x400.jpg 300w,https:\/\/www.alusolar.com.tn\/wp-content\/uploads\/2025\/05\/Auvent-en-Verre-3-min-600x800.jpg 600w\" data-ratio=\"0.75\" data-original-w=\"600\" sizes=\"(max-width:479px) 480px,(max-width:767px) 768px,(max-width:1023px) 1024px,600px\" \/>            \n                <\/div>\n    <\/div>\n\n<\/section><!-- widget-container -->\t\t<\/div>\n\t\t\t\t<\/div>\n\t\t\t\t\t<\/div>\n\t\t<\/div>\n\t\t\t\t\t\t\t<\/div>\n\t\t<\/section>\n\t\t\t\t\t<\/div>\n\t\t<\/div>\n\t\t\t\t\t\t\t<\/div>\n\t\t<\/section>\n\t\t\t\t<section class=\"elementor-section elementor-top-section elementor-element elementor-element-9e71bb4 elementor-section-boxed elementor-section-height-default elementor-section-height-default wpr-particle-no wpr-jarallax-no wpr-parallax-no wpr-sticky-section-no\" data-id=\"9e71bb4\" data-element_type=\"section\">\n\t\t\t\t\t\t<div class=\"elementor-container elementor-column-gap-default\">\n\t\t\t\t\t<div class=\"aux-parallax-section elementor-column elementor-col-100 elementor-top-column elementor-element elementor-element-b4f671e\" data-id=\"b4f671e\" data-element_type=\"column\">\n\t\t\t<div class=\"elementor-widget-wrap elementor-element-populated\">\n\t\t\t\t\t\t\t\t<div class=\"elementor-element elementor-element-f06563b gallery-spacing-custom elementor-widget__width-initial elementor-widget elementor-widget-image-gallery\" data-id=\"f06563b\" data-element_type=\"widget\" data-widget_type=\"image-gallery.default\">\n\t\t\t\t<div class=\"elementor-widget-container\">\n\t\t\t\t\t<div class=\"elementor-image-gallery\">\n\t\t\t<div id='gallery-1' class='gallery galleryid-6335 gallery-columns-3 gallery-size-medium_large'><figure class='gallery-item'>\n\t\t\t<div class='gallery-icon portrait'>\n\t\t\t\t<a data-elementor-open-lightbox=\"yes\" data-elementor-lightbox-slideshow=\"f06563b\" data-elementor-lightbox-title=\"Auvent-en-Verre-1-min\" data-e-action-hash=\"#elementor-action%3Aaction%3Dlightbox%26settings%3DeyJpZCI6NjM0OCwidXJsIjoiaHR0cHM6XC9cL3d3dy5hbHVzb2xhci5jb20udG5cL3dwLWNvbnRlbnRcL3VwbG9hZHNcLzIwMjVcLzA1XC9BdXZlbnQtZW4tVmVycmUtMS1taW4uanBnIiwic2xpZGVzaG93IjoiZjA2NTYzYiJ9\" href='https:\/\/www.alusolar.com.tn\/wp-content\/uploads\/2025\/05\/Auvent-en-Verre-1-min.jpg'><img decoding=\"async\" width=\"600\" height=\"768\" src=\"https:\/\/www.alusolar.com.tn\/wp-content\/uploads\/2025\/05\/Auvent-en-Verre-1-min-600x768.jpg\" class=\"attachment-medium_large size-medium_large\" alt=\"\" \/><\/a>\n\t\t\t<\/div><\/figure><figure class='gallery-item'>\n\t\t\t<div class='gallery-icon portrait'>\n\t\t\t\t<a data-elementor-open-lightbox=\"yes\" data-elementor-lightbox-slideshow=\"f06563b\" data-elementor-lightbox-title=\"Auvent-en-Verre-2-min\" data-e-action-hash=\"#elementor-action%3Aaction%3Dlightbox%26settings%3DeyJpZCI6NjM0NSwidXJsIjoiaHR0cHM6XC9cL3d3dy5hbHVzb2xhci5jb20udG5cL3dwLWNvbnRlbnRcL3VwbG9hZHNcLzIwMjVcLzA1XC9BdXZlbnQtZW4tVmVycmUtMi1taW4uanBnIiwic2xpZGVzaG93IjoiZjA2NTYzYiJ9\" href='https:\/\/www.alusolar.com.tn\/wp-content\/uploads\/2025\/05\/Auvent-en-Verre-2-min.jpg'><img decoding=\"async\" width=\"600\" height=\"768\" src=\"https:\/\/www.alusolar.com.tn\/wp-content\/uploads\/2025\/05\/Auvent-en-Verre-2-min-600x768.jpg\" class=\"attachment-medium_large size-medium_large\" alt=\"\" \/><\/a>\n\t\t\t<\/div><\/figure><figure class='gallery-item'>\n\t\t\t<div class='gallery-icon portrait'>\n\t\t\t\t<a data-elementor-open-lightbox=\"yes\" data-elementor-lightbox-slideshow=\"f06563b\" data-elementor-lightbox-title=\"Auvent-en-Verre-3-min\" data-e-action-hash=\"#elementor-action%3Aaction%3Dlightbox%26settings%3DeyJpZCI6NjM0MiwidXJsIjoiaHR0cHM6XC9cL3d3dy5hbHVzb2xhci5jb20udG5cL3dwLWNvbnRlbnRcL3VwbG9hZHNcLzIwMjVcLzA1XC9BdXZlbnQtZW4tVmVycmUtMy1taW4uanBnIiwic2xpZGVzaG93IjoiZjA2NTYzYiJ9\" href='https:\/\/www.alusolar.com.tn\/wp-content\/uploads\/2025\/05\/Auvent-en-Verre-3-min.jpg'><img loading=\"lazy\" decoding=\"async\" width=\"600\" height=\"768\" src=\"https:\/\/www.alusolar.com.tn\/wp-content\/uploads\/2025\/05\/Auvent-en-Verre-3-min-600x768.jpg\" class=\"attachment-medium_large size-medium_large\" alt=\"\" \/><\/a>\n\t\t\t<\/div><\/figure><figure class='gallery-item'>\n\t\t\t<div class='gallery-icon portrait'>\n\t\t\t\t<a data-elementor-open-lightbox=\"yes\" data-elementor-lightbox-slideshow=\"f06563b\" data-elementor-lightbox-title=\"Auvent-en-Verre-4-min\" data-e-action-hash=\"#elementor-action%3Aaction%3Dlightbox%26settings%3DeyJpZCI6NjMzOSwidXJsIjoiaHR0cHM6XC9cL3d3dy5hbHVzb2xhci5jb20udG5cL3dwLWNvbnRlbnRcL3VwbG9hZHNcLzIwMjVcLzA1XC9BdXZlbnQtZW4tVmVycmUtNC1taW4uanBnIiwic2xpZGVzaG93IjoiZjA2NTYzYiJ9\" href='https:\/\/www.alusolar.com.tn\/wp-content\/uploads\/2025\/05\/Auvent-en-Verre-4-min.jpg'><img loading=\"lazy\" decoding=\"async\" width=\"600\" height=\"768\" src=\"https:\/\/www.alusolar.com.tn\/wp-content\/uploads\/2025\/05\/Auvent-en-Verre-4-min-600x768.jpg\" class=\"attachment-medium_large size-medium_large\" alt=\"\" \/><\/a>\n\t\t\t<\/div><\/figure><figure class='gallery-item'>\n\t\t\t<div class='gallery-icon portrait'>\n\t\t\t\t<a data-elementor-open-lightbox=\"yes\" data-elementor-lightbox-slideshow=\"f06563b\" data-elementor-lightbox-title=\"Auvent-en-Verre-5-min\" data-e-action-hash=\"#elementor-action%3Aaction%3Dlightbox%26settings%3DeyJpZCI6NjMzNiwidXJsIjoiaHR0cHM6XC9cL3d3dy5hbHVzb2xhci5jb20udG5cL3dwLWNvbnRlbnRcL3VwbG9hZHNcLzIwMjVcLzA1XC9BdXZlbnQtZW4tVmVycmUtNS1taW4uanBnIiwic2xpZGVzaG93IjoiZjA2NTYzYiJ9\" href='https:\/\/www.alusolar.com.tn\/wp-content\/uploads\/2025\/05\/Auvent-en-Verre-5-min.jpg'><img loading=\"lazy\" decoding=\"async\" width=\"600\" height=\"768\" src=\"https:\/\/www.alusolar.com.tn\/wp-content\/uploads\/2025\/05\/Auvent-en-Verre-5-min-600x768.jpg\" class=\"attachment-medium_large size-medium_large\" alt=\"\" \/><\/a>\n\t\t\t<\/div><\/figure>\n\t\t<\/div>\n\t\t<\/div>\n\t\t\t\t<\/div>\n\t\t\t\t<\/div>\n\t\t\t\t\t<\/div>\n\t\t<\/div>\n\t\t\t\t\t\t\t<\/div>\n\t\t<\/section>\n\t\t\t\t\t\t\t<\/div>\n\t\t","protected":false},"excerpt":{"rendered":"<p>Produit Auvent En verre Un auvent en verre ou appel\u00e9 aussi abri en verre, est con\u00e7u avec un design moderne et chic.Cet \u00e9l\u00e9ment peut \u00eatre install\u00e9 pour prot\u00e9ger vos portes ou vos fen\u00eatres contre la pluie et les rayons solaires. \u00a0 Fiche Technique Disponibilit\u00e9 \u25cf Protection solaire \u25cf Evacuation des eaux \u25cf Couleur Au choix [&hellip;]<\/p>\n","protected":false},"featured_media":6348,"menu_order":0,"template":"elementor_header_footer","meta":{"footnotes":""},"portfolio-cat":[32],"portfolio-tag":[5],"portfolio-filter":[6],"class_list":["post-6335","portfolio","type-portfolio","status-publish","has-post-thumbnail","hentry","portfolio-cat-structure-exterieure","portfolio-tag-uncategorized","portfolio-filter-uncategorized"],"yoast_head":"<!-- This site is optimized with the Yoast SEO plugin v21.9.1 - https:\/\/yoast.com\/wordpress\/plugins\/seo\/ -->\n<title>Auvent en verre | Alu Solar Tunisie<\/title>\n<meta name=\"description\" content=\"ProduitAuvent En verre Un auvent en verre ou appel\u00e9 aussi abri en verre, est con\u00e7u avec un design moderne et chic.Cet \u00e9l\u00e9ment peut \u00eatre install\u00e9 pour\" \/>\n<meta name=\"robots\" content=\"index, follow, max-snippet:-1, max-image-preview:large, max-video-preview:-1\" \/>\n<link rel=\"canonical\" href=\"https:\/\/www.alusolar.com.tn\/fr\/portfolio\/auvent-en-verre\/\" \/>\n<meta property=\"og:locale\" content=\"fr_FR\" \/>\n<meta property=\"og:type\" content=\"article\" \/>\n<meta property=\"og:title\" content=\"Auvent en verre | Alu Solar Tunisie\" \/>\n<meta property=\"og:description\" content=\"ProduitAuvent En verre Un auvent en verre ou appel\u00e9 aussi abri en verre, est con\u00e7u avec un design moderne et chic.Cet \u00e9l\u00e9ment peut \u00eatre install\u00e9 pour\" \/>\n<meta property=\"og:url\" content=\"https:\/\/www.alusolar.com.tn\/fr\/portfolio\/auvent-en-verre\/\" \/>\n<meta property=\"og:site_name\" content=\"Alu Solar Tunisie\" \/>\n<meta property=\"article:modified_time\" content=\"2025-06-04T13:44:11+00:00\" \/>\n<meta property=\"og:image\" content=\"https:\/\/www.alusolar.com.tn\/wp-content\/uploads\/2025\/05\/Auvent-en-Verre-1-min.jpg\" \/>\n\t<meta property=\"og:image:width\" content=\"600\" \/>\n\t<meta property=\"og:image:height\" content=\"800\" \/>\n\t<meta property=\"og:image:type\" content=\"image\/jpeg\" \/>\n<meta name=\"twitter:card\" content=\"summary_large_image\" \/>\n<meta name=\"twitter:label1\" content=\"Dur\u00e9e de lecture estim\u00e9e\" \/>\n\t<meta name=\"twitter:data1\" content=\"2 minutes\" \/>\n<script type=\"application\/ld+json\" class=\"yoast-schema-graph\">{\"@context\":\"https:\/\/schema.org\",\"@graph\":[{\"@type\":\"WebPage\",\"@id\":\"https:\/\/www.alusolar.com.tn\/fr\/portfolio\/auvent-en-verre\/\",\"url\":\"https:\/\/www.alusolar.com.tn\/fr\/portfolio\/auvent-en-verre\/\",\"name\":\"Auvent en verre | Alu Solar Tunisie\",\"isPartOf\":{\"@id\":\"https:\/\/www.alusolar.com.tn\/ar\/#website\"},\"datePublished\":\"2025-05-02T11:19:48+00:00\",\"dateModified\":\"2025-06-04T13:44:11+00:00\",\"description\":\"ProduitAuvent En verre Un auvent en verre ou appel\u00e9 aussi abri en verre, est con\u00e7u avec un design moderne et chic.Cet \u00e9l\u00e9ment peut \u00eatre install\u00e9 pour\",\"breadcrumb\":{\"@id\":\"https:\/\/www.alusolar.com.tn\/fr\/portfolio\/auvent-en-verre\/#breadcrumb\"},\"inLanguage\":\"fr-FR\",\"potentialAction\":[{\"@type\":\"ReadAction\",\"target\":[\"https:\/\/www.alusolar.com.tn\/fr\/portfolio\/auvent-en-verre\/\"]}]},{\"@type\":\"BreadcrumbList\",\"@id\":\"https:\/\/www.alusolar.com.tn\/fr\/portfolio\/auvent-en-verre\/#breadcrumb\",\"itemListElement\":[{\"@type\":\"ListItem\",\"position\":1,\"name\":\"Accueil\",\"item\":\"https:\/\/www.alusolar.com.tn\/\"},{\"@type\":\"ListItem\",\"position\":2,\"name\":\"Portfolios\",\"item\":\"https:\/\/www.alusolar.com.tn\/portfolio\/all\/\"},{\"@type\":\"ListItem\",\"position\":3,\"name\":\"Auvent en verre\"}]},{\"@type\":\"WebSite\",\"@id\":\"https:\/\/www.alusolar.com.tn\/ar\/#website\",\"url\":\"https:\/\/www.alusolar.com.tn\/ar\/\",\"name\":\"Alu Solar Tunisie\",\"description\":\"Cr\u00e9ateur de luxe\",\"publisher\":{\"@id\":\"https:\/\/www.alusolar.com.tn\/ar\/#organization\"},\"potentialAction\":[{\"@type\":\"SearchAction\",\"target\":{\"@type\":\"EntryPoint\",\"urlTemplate\":\"https:\/\/www.alusolar.com.tn\/ar\/?s={search_term_string}\"},\"query-input\":\"required name=search_term_string\"}],\"inLanguage\":\"fr-FR\"},{\"@type\":\"Organization\",\"@id\":\"https:\/\/www.alusolar.com.tn\/ar\/#organization\",\"name\":\"Alu Solar Tunisie\",\"url\":\"https:\/\/www.alusolar.com.tn\/ar\/\",\"logo\":{\"@type\":\"ImageObject\",\"inLanguage\":\"fr-FR\",\"@id\":\"https:\/\/www.alusolar.com.tn\/ar\/#\/schema\/logo\/image\/\",\"url\":\"https:\/\/www.alusolar.com.tn\/wp-content\/uploads\/2023\/12\/solar-svvg-01.svg\",\"contentUrl\":\"https:\/\/www.alusolar.com.tn\/wp-content\/uploads\/2023\/12\/solar-svvg-01.svg\",\"width\":232,\"height\":124,\"caption\":\"Alu Solar Tunisie\"},\"image\":{\"@id\":\"https:\/\/www.alusolar.com.tn\/ar\/#\/schema\/logo\/image\/\"}}]}<\/script>\n<!-- \/ Yoast SEO plugin. -->","yoast_head_json":{"title":"Auvent en verre | Alu Solar Tunisie","description":"ProduitAuvent En verre Un auvent en verre ou appel\u00e9 aussi abri en verre, est con\u00e7u avec un design moderne et chic.Cet \u00e9l\u00e9ment peut \u00eatre install\u00e9 pour","robots":{"index":"index","follow":"follow","max-snippet":"max-snippet:-1","max-image-preview":"max-image-preview:large","max-video-preview":"max-video-preview:-1"},"canonical":"https:\/\/www.alusolar.com.tn\/fr\/portfolio\/auvent-en-verre\/","og_locale":"fr_FR","og_type":"article","og_title":"Auvent en verre | Alu Solar Tunisie","og_description":"ProduitAuvent En verre Un auvent en verre ou appel\u00e9 aussi abri en verre, est con\u00e7u avec un design moderne et chic.Cet \u00e9l\u00e9ment peut \u00eatre install\u00e9 pour","og_url":"https:\/\/www.alusolar.com.tn\/fr\/portfolio\/auvent-en-verre\/","og_site_name":"Alu Solar Tunisie","article_modified_time":"2025-06-04T13:44:11+00:00","og_image":[{"width":600,"height":800,"url":"https:\/\/www.alusolar.com.tn\/wp-content\/uploads\/2025\/05\/Auvent-en-Verre-1-min.jpg","type":"image\/jpeg"}],"twitter_card":"summary_large_image","twitter_misc":{"Dur\u00e9e de lecture estim\u00e9e":"2 minutes"},"schema":{"@context":"https:\/\/schema.org","@graph":[{"@type":"WebPage","@id":"https:\/\/www.alusolar.com.tn\/fr\/portfolio\/auvent-en-verre\/","url":"https:\/\/www.alusolar.com.tn\/fr\/portfolio\/auvent-en-verre\/","name":"Auvent en verre | Alu Solar Tunisie","isPartOf":{"@id":"https:\/\/www.alusolar.com.tn\/ar\/#website"},"datePublished":"2025-05-02T11:19:48+00:00","dateModified":"2025-06-04T13:44:11+00:00","description":"ProduitAuvent En verre Un auvent en verre ou appel\u00e9 aussi abri en verre, est con\u00e7u avec un design moderne et chic.Cet \u00e9l\u00e9ment peut \u00eatre install\u00e9 pour","breadcrumb":{"@id":"https:\/\/www.alusolar.com.tn\/fr\/portfolio\/auvent-en-verre\/#breadcrumb"},"inLanguage":"fr-FR","potentialAction":[{"@type":"ReadAction","target":["https:\/\/www.alusolar.com.tn\/fr\/portfolio\/auvent-en-verre\/"]}]},{"@type":"BreadcrumbList","@id":"https:\/\/www.alusolar.com.tn\/fr\/portfolio\/auvent-en-verre\/#breadcrumb","itemListElement":[{"@type":"ListItem","position":1,"name":"Accueil","item":"https:\/\/www.alusolar.com.tn\/"},{"@type":"ListItem","position":2,"name":"Portfolios","item":"https:\/\/www.alusolar.com.tn\/portfolio\/all\/"},{"@type":"ListItem","position":3,"name":"Auvent en verre"}]},{"@type":"WebSite","@id":"https:\/\/www.alusolar.com.tn\/ar\/#website","url":"https:\/\/www.alusolar.com.tn\/ar\/","name":"Alu Solar Tunisie","description":"Cr\u00e9ateur de luxe","publisher":{"@id":"https:\/\/www.alusolar.com.tn\/ar\/#organization"},"potentialAction":[{"@type":"SearchAction","target":{"@type":"EntryPoint","urlTemplate":"https:\/\/www.alusolar.com.tn\/ar\/?s={search_term_string}"},"query-input":"required name=search_term_string"}],"inLanguage":"fr-FR"},{"@type":"Organization","@id":"https:\/\/www.alusolar.com.tn\/ar\/#organization","name":"Alu Solar Tunisie","url":"https:\/\/www.alusolar.com.tn\/ar\/","logo":{"@type":"ImageObject","inLanguage":"fr-FR","@id":"https:\/\/www.alusolar.com.tn\/ar\/#\/schema\/logo\/image\/","url":"https:\/\/www.alusolar.com.tn\/wp-content\/uploads\/2023\/12\/solar-svvg-01.svg","contentUrl":"https:\/\/www.alusolar.com.tn\/wp-content\/uploads\/2023\/12\/solar-svvg-01.svg","width":232,"height":124,"caption":"Alu Solar Tunisie"},"image":{"@id":"https:\/\/www.alusolar.com.tn\/ar\/#\/schema\/logo\/image\/"}}]}},"_links":{"self":[{"href":"https:\/\/www.alusolar.com.tn\/fr\/wp-json\/wp\/v2\/portfolio\/6335","targetHints":{"allow":["GET"]}}],"collection":[{"href":"https:\/\/www.alusolar.com.tn\/fr\/wp-json\/wp\/v2\/portfolio"}],"about":[{"href":"https:\/\/www.alusolar.com.tn\/fr\/wp-json\/wp\/v2\/types\/portfolio"}],"version-history":[{"count":11,"href":"https:\/\/www.alusolar.com.tn\/fr\/wp-json\/wp\/v2\/portfolio\/6335\/revisions"}],"predecessor-version":[{"id":7137,"href":"https:\/\/www.alusolar.com.tn\/fr\/wp-json\/wp\/v2\/portfolio\/6335\/revisions\/7137"}],"wp:featuredmedia":[{"embeddable":true,"href":"https:\/\/www.alusolar.com.tn\/fr\/wp-json\/wp\/v2\/media\/6348"}],"wp:attachment":[{"href":"https:\/\/www.alusolar.com.tn\/fr\/wp-json\/wp\/v2\/media?parent=6335"}],"wp:term":[{"taxonomy":"portfolio-cat","embeddable":true,"href":"https:\/\/www.alusolar.com.tn\/fr\/wp-json\/wp\/v2\/portfolio-cat?post=6335"},{"taxonomy":"portfolio-tag","embeddable":true,"href":"https:\/\/www.alusolar.com.tn\/fr\/wp-json\/wp\/v2\/portfolio-tag?post=6335"},{"taxonomy":"portfolio-filter","embeddable":true,"href":"https:\/\/www.alusolar.com.tn\/fr\/wp-json\/wp\/v2\/portfolio-filter?post=6335"}],"curies":[{"name":"wp","href":"https:\/\/api.w.org\/{rel}","templated":true}]}}